{"id":8393,"date":"2024-03-08T09:21:33","date_gmt":"2024-03-08T13:21:33","guid":{"rendered":"https:\/\/preh.uprrp.edu\/?page_id=8393"},"modified":"2024-06-04T15:44:44","modified_gmt":"2024-06-04T19:44:44","slug":"ano-de-aprobacion-2023","status":"publish","type":"page","link":"https:\/\/academicos.uprrp.edu\/preh\/nuestros-estudiantes\/tesina-proyectos\/ano-de-aprobacion-2023\/","title":{"rendered":"A\u00f1o de aprobaci\u00f3n 2023"},"content":{"rendered":"\t\t<div data-elementor-type=\"wp-page\" data-elementor-id=\"8393\" class=\"elementor elementor-8393\">\n\t\t\t\t<div class=\"elementor-element elementor-element-85028cb e-flex e-con-boxed e-con e-parent\" data-id=\"85028cb\" data-element_type=\"container\" data-e-type=\"container\">\n\t\t\t\t\t<div class=\"e-con-inner\">\n\t\t\t\t<div class=\"elementor-element elementor-element-baa1655 eael-table-align-center eael-dt-th-align-left elementor-widget elementor-widget-eael-data-table\" data-id=\"baa1655\" data-element_type=\"widget\" data-e-type=\"widget\" data-widget_type=\"eael-data-table.default\">\n\t\t\t\t<div class=\"elementor-widget-container\">\n\t\t\t\t\t\t\t<div class=\"eael-data-table-wrap\" data-table_id=\"baa1655\" id=\"eael-data-table-wrapper-baa1655\" data-custom_responsive=\"false\">\n\t\t\t<table class=\"tablesorter eael-data-table center\" id=\"eael-data-table-baa1655\">\n\t\t\t    <thead>\n\t\t\t        <tr class=\"table-header\">\n\t\t\t\t\t\t\t\t\t            <th class=\"\" id=\"\" colspan=\"\">\n\t\t\t\t\t\t\t\t\t\t\t\t\t\t<span class=\"data-table-header-text\">Nombre del estudiante<\/span><\/th>\n\t\t\t        \t\t\t\t            <th class=\"\" id=\"\" colspan=\"\">\n\t\t\t\t\t\t\t\t\t\t\t\t\t\t<span class=\"data-table-header-text\">Facultad<\/span><\/th>\n\t\t\t        \t\t\t\t            <th class=\"\" id=\"\" colspan=\"\">\n\t\t\t\t\t\t\t\t\t\t\t\t\t\t<span class=\"data-table-header-text\">T\u00edtulo de Tesina\/ Proyecto de Creaci\u00f3n<\/span><\/th>\n\t\t\t        \t\t\t\t        <\/tr>\n\t\t\t    <\/thead>\n\t\t\t  \t<tbody>\n\t\t\t\t\t\t\t\t\t\t\t<tr>\n\t\t\t\t\t\t\t\t\t\t\t\t\t\t\t\t   \t\t\t\t\t\t\t\t\t\t\t<td colspan=\"\" rowspan=\"\" class=\"\" id=\"\">\n\t\t\t\t\t\t\t\t\t\t\t\t<div class=\"td-content-wrapper\"><div class=\"td-content\">\n\t\t\t\t\t\t\t\t\t\t\t\t\tJuliana M. Acosta V\u00e9lez\t\t\t\t\t\t\t\t\t\t\t\t<\/div><\/div>\n\t\t\t\t\t\t\t\t\t\t\t<\/td>\n\t\t\t\t\t\t\t\t\t\t\t\t\t\t\t\t\t\t\t\t\t\t\t\t\t\t\t\t\t   \t\t\t\t\t\t\t\t\t\t\t<td colspan=\"\" rowspan=\"\" class=\"\" id=\"\">\n\t\t\t\t\t\t\t\t\t\t\t\t<div class=\"td-content-wrapper\"><div class=\"td-content\">\n\t\t\t\t\t\t\t\t\t\t\t\t\tHumanidades\t\t\t\t\t\t\t\t\t\t\t\t<\/div><\/div>\n\t\t\t\t\t\t\t\t\t\t\t<\/td>\n\t\t\t\t\t\t\t\t\t\t\t\t\t\t\t\t\t\t\t\t\t\t\t\t\t\t\t\t\t   \t\t\t\t\t\t\t\t\t\t\t<td colspan=\"\" rowspan=\"\" class=\"\" id=\"\">\n\t\t\t\t\t\t\t\t\t\t\t\t<div class=\"td-content-wrapper\"><div class=\"td-content\">\n\t\t\t\t\t\t\t\t\t\t\t\t\tProyecto novela gr\u00e1fica crossmedi\u00e1tica: Imago\t\t\t\t\t\t\t\t\t\t\t\t<\/div><\/div>\n\t\t\t\t\t\t\t\t\t\t\t<\/td>\n\t\t\t\t\t\t\t\t\t\t\t\t\t\t\t\t\t\t\t\t\t\t\t\t\t\t<\/tr>\n\t\t\t        \t\t\t\t\t\t<tr>\n\t\t\t\t\t\t\t\t\t\t\t\t\t\t\t\t   \t\t\t\t\t\t\t\t\t\t\t<td colspan=\"\" rowspan=\"\" class=\"\" id=\"\">\n\t\t\t\t\t\t\t\t\t\t\t\t<div class=\"td-content-wrapper\"><div class=\"td-content\">\n\t\t\t\t\t\t\t\t\t\t\t\t\tPaula Barreto Ortiz\t\t\t\t\t\t\t\t\t\t\t\t<\/div><\/div>\n\t\t\t\t\t\t\t\t\t\t\t<\/td>\n\t\t\t\t\t\t\t\t\t\t\t\t\t\t\t\t\t\t\t\t\t\t\t\t\t\t\t\t\t   \t\t\t\t\t\t\t\t\t\t\t<td colspan=\"\" rowspan=\"\" class=\"\" id=\"\">\n\t\t\t\t\t\t\t\t\t\t\t\t<div class=\"td-content-wrapper\"><div class=\"td-content\">\n\t\t\t\t\t\t\t\t\t\t\t\t\tCiencias Naturales\t\t\t\t\t\t\t\t\t\t\t\t<\/div><\/div>\n\t\t\t\t\t\t\t\t\t\t\t<\/td>\n\t\t\t\t\t\t\t\t\t\t\t\t\t\t\t\t\t\t\t\t\t\t\t\t\t\t\t\t\t   \t\t\t\t\t\t\t\t\t\t\t<td colspan=\"\" rowspan=\"\" class=\"\" id=\"\">\n\t\t\t\t\t\t\t\t\t\t\t\t<div class=\"td-content-wrapper\"><div class=\"td-content\">\n\t\t\t\t\t\t\t\t\t\t\t\t\tRole of the DNA Repair Genes, OGG1 and APN1, in the Maintenance of Mitochondrial Dynamics in Saccharomyces cerevisiae\t\t\t\t\t\t\t\t\t\t\t\t<\/div><\/div>\n\t\t\t\t\t\t\t\t\t\t\t<\/td>\n\t\t\t\t\t\t\t\t\t\t\t\t\t\t\t\t\t\t\t\t\t\t\t\t\t\t<\/tr>\n\t\t\t        \t\t\t\t\t\t<tr>\n\t\t\t\t\t\t\t\t\t\t\t\t\t\t\t\t   \t\t\t\t\t\t\t\t\t\t\t<td colspan=\"\" rowspan=\"\" class=\"\" id=\"\">\n\t\t\t\t\t\t\t\t\t\t\t\t<div class=\"td-content-wrapper\"><div class=\"td-content\">\n\t\t\t\t\t\t\t\t\t\t\t\t\tJulieann M. Col\u00f3n Sarriera\t\t\t\t\t\t\t\t\t\t\t\t<\/div><\/div>\n\t\t\t\t\t\t\t\t\t\t\t<\/td>\n\t\t\t\t\t\t\t\t\t\t\t\t\t\t\t\t\t\t\t\t\t\t\t\t\t\t\t\t\t   \t\t\t\t\t\t\t\t\t\t\t<td colspan=\"\" rowspan=\"\" class=\"\" id=\"\">\n\t\t\t\t\t\t\t\t\t\t\t\t<div class=\"td-content-wrapper\"><div class=\"td-content\">\n\t\t\t\t\t\t\t\t\t\t\t\t\tCiencias Naturales\t\t\t\t\t\t\t\t\t\t\t\t<\/div><\/div>\n\t\t\t\t\t\t\t\t\t\t\t<\/td>\n\t\t\t\t\t\t\t\t\t\t\t\t\t\t\t\t\t\t\t\t\t\t\t\t\t\t\t\t\t   \t\t\t\t\t\t\t\t\t\t\t<td colspan=\"\" rowspan=\"\" class=\"\" id=\"\">\n\t\t\t\t\t\t\t\t\t\t\t\t<div class=\"td-content-wrapper\"><div class=\"td-content\">\n\t\t\t\t\t\t\t\t\t\t\t\t\tChronic ethanol exposure during distinct developmental stages differentially affects adult behavior in Drosophila melanogaster\t\t\t\t\t\t\t\t\t\t\t\t<\/div><\/div>\n\t\t\t\t\t\t\t\t\t\t\t<\/td>\n\t\t\t\t\t\t\t\t\t\t\t\t\t\t\t\t\t\t\t\t\t\t\t\t\t\t<\/tr>\n\t\t\t        \t\t\t\t\t\t<tr>\n\t\t\t\t\t\t\t\t\t\t\t\t\t\t\t\t   \t\t\t\t\t\t\t\t\t\t\t<td colspan=\"\" rowspan=\"\" class=\"\" id=\"\">\n\t\t\t\t\t\t\t\t\t\t\t\t<div class=\"td-content-wrapper\"><div class=\"td-content\">\n\t\t\t\t\t\t\t\t\t\t\t\t\tSophia Col\u00f3n Serrano\t\t\t\t\t\t\t\t\t\t\t\t<\/div><\/div>\n\t\t\t\t\t\t\t\t\t\t\t<\/td>\n\t\t\t\t\t\t\t\t\t\t\t\t\t\t\t\t\t\t\t\t\t\t\t\t\t\t\t\t\t   \t\t\t\t\t\t\t\t\t\t\t<td colspan=\"\" rowspan=\"\" class=\"\" id=\"\">\n\t\t\t\t\t\t\t\t\t\t\t\t<div class=\"td-content-wrapper\"><div class=\"td-content\">\n\t\t\t\t\t\t\t\t\t\t\t\t\tCiencias Naturales\t\t\t\t\t\t\t\t\t\t\t\t<\/div><\/div>\n\t\t\t\t\t\t\t\t\t\t\t<\/td>\n\t\t\t\t\t\t\t\t\t\t\t\t\t\t\t\t\t\t\t\t\t\t\t\t\t\t\t\t\t   \t\t\t\t\t\t\t\t\t\t\t<td colspan=\"\" rowspan=\"\" class=\"\" id=\"\">\n\t\t\t\t\t\t\t\t\t\t\t\t<div class=\"td-content-wrapper\"><div class=\"td-content\">\n\t\t\t\t\t\t\t\t\t\t\t\t\tMetabolic profile of the microbial composition of the gut and feces of the tropical root weevil Diaprepes abbreviatus\t\t\t\t\t\t\t\t\t\t\t\t<\/div><\/div>\n\t\t\t\t\t\t\t\t\t\t\t<\/td>\n\t\t\t\t\t\t\t\t\t\t\t\t\t\t\t\t\t\t\t\t\t\t\t\t\t\t<\/tr>\n\t\t\t        \t\t\t\t\t\t<tr>\n\t\t\t\t\t\t\t\t\t\t\t\t\t\t\t\t   \t\t\t\t\t\t\t\t\t\t\t<td colspan=\"\" rowspan=\"\" class=\"\" id=\"\">\n\t\t\t\t\t\t\t\t\t\t\t\t<div class=\"td-content-wrapper\"><div class=\"td-content\">\n\t\t\t\t\t\t\t\t\t\t\t\t\tRoc\u00edo de las V. Col\u00f3n Trelles\t\t\t\t\t\t\t\t\t\t\t\t<\/div><\/div>\n\t\t\t\t\t\t\t\t\t\t\t<\/td>\n\t\t\t\t\t\t\t\t\t\t\t\t\t\t\t\t\t\t\t\t\t\t\t\t\t\t\t\t\t   \t\t\t\t\t\t\t\t\t\t\t<td colspan=\"\" rowspan=\"\" class=\"\" id=\"\">\n\t\t\t\t\t\t\t\t\t\t\t\t<div class=\"td-content-wrapper\"><div class=\"td-content\">\n\t\t\t\t\t\t\t\t\t\t\t\t\tCiencias Naturales\t\t\t\t\t\t\t\t\t\t\t\t<\/div><\/div>\n\t\t\t\t\t\t\t\t\t\t\t<\/td>\n\t\t\t\t\t\t\t\t\t\t\t\t\t\t\t\t\t\t\t\t\t\t\t\t\t\t\t\t\t   \t\t\t\t\t\t\t\t\t\t\t<td colspan=\"\" rowspan=\"\" class=\"\" id=\"\">\n\t\t\t\t\t\t\t\t\t\t\t\t<div class=\"td-content-wrapper\">\n\t\t\t\t\t\t\t\t\t\t\t\t\t<a href=\"https:\/\/academicos.uprrp.edu\/preh\/wp-content\/uploads\/sites\/6\/2024\/06\/Tesis-final-Rocio-Colon-Trelles.pdf\" target=\"_blank\">Relationship Between Indicators of Postpartum Depression and Risk of Obesity in Puerto Rican Infants Enrolled in Special Supplemental Nutrition Program for Women, Infants, and Children (WIC)<\/a>\n\t\t\t\t\t\t\t\t\t\t\t\t<\/div>\n\t\t\t\t\t\t\t\t\t\t\t<\/td>\n\n\t\t\t\t\t\t\t\t\t\t\t\t\t\t\t\t\t\t\t\t\t\t\t\t\t\t<\/tr>\n\t\t\t        \t\t\t\t\t\t<tr>\n\t\t\t\t\t\t\t\t\t\t\t\t\t\t\t\t   \t\t\t\t\t\t\t\t\t\t\t<td colspan=\"\" rowspan=\"\" class=\"\" id=\"\">\n\t\t\t\t\t\t\t\t\t\t\t\t<div class=\"td-content-wrapper\"><div class=\"td-content\">\n\t\t\t\t\t\t\t\t\t\t\t\t\tAriana B. De Jes\u00fas Pag\u00e1n\t\t\t\t\t\t\t\t\t\t\t\t<\/div><\/div>\n\t\t\t\t\t\t\t\t\t\t\t<\/td>\n\t\t\t\t\t\t\t\t\t\t\t\t\t\t\t\t\t\t\t\t\t\t\t\t\t\t\t\t\t   \t\t\t\t\t\t\t\t\t\t\t<td colspan=\"\" rowspan=\"\" class=\"\" id=\"\">\n\t\t\t\t\t\t\t\t\t\t\t\t<div class=\"td-content-wrapper\"><div class=\"td-content\">\n\t\t\t\t\t\t\t\t\t\t\t\t\tHumanidades\t\t\t\t\t\t\t\t\t\t\t\t<\/div><\/div>\n\t\t\t\t\t\t\t\t\t\t\t<\/td>\n\t\t\t\t\t\t\t\t\t\t\t\t\t\t\t\t\t\t\t\t\t\t\t\t\t\t\t\t\t   \t\t\t\t\t\t\t\t\t\t\t<td colspan=\"\" rowspan=\"\" class=\"\" id=\"\">\n\t\t\t\t\t\t\t\t\t\t\t\t<div class=\"td-content-wrapper\"><div class=\"td-content\">\n\t\t\t\t\t\t\t\t\t\t\t\t\tAn Ecofeminist Analysis of the Novels of Thomas Hardy\t\t\t\t\t\t\t\t\t\t\t\t<\/div><\/div>\n\t\t\t\t\t\t\t\t\t\t\t<\/td>\n\t\t\t\t\t\t\t\t\t\t\t\t\t\t\t\t\t\t\t\t\t\t\t\t\t\t<\/tr>\n\t\t\t        \t\t\t\t\t\t<tr>\n\t\t\t\t\t\t\t\t\t\t\t\t\t\t\t\t   \t\t\t\t\t\t\t\t\t\t\t<td colspan=\"\" rowspan=\"\" class=\"\" id=\"\">\n\t\t\t\t\t\t\t\t\t\t\t\t<div class=\"td-content-wrapper\"><div class=\"td-content\">\n\t\t\t\t\t\t\t\t\t\t\t\t\tSebasti\u00e1n Morales Tirado\t\t\t\t\t\t\t\t\t\t\t\t<\/div><\/div>\n\t\t\t\t\t\t\t\t\t\t\t<\/td>\n\t\t\t\t\t\t\t\t\t\t\t\t\t\t\t\t\t\t\t\t\t\t\t\t\t\t\t\t\t   \t\t\t\t\t\t\t\t\t\t\t<td colspan=\"\" rowspan=\"\" class=\"\" id=\"\">\n\t\t\t\t\t\t\t\t\t\t\t\t<div class=\"td-content-wrapper\"><div class=\"td-content\">\n\t\t\t\t\t\t\t\t\t\t\t\t\tCiencias Sociales\t\t\t\t\t\t\t\t\t\t\t\t<\/div><\/div>\n\t\t\t\t\t\t\t\t\t\t\t<\/td>\n\t\t\t\t\t\t\t\t\t\t\t\t\t\t\t\t\t\t\t\t\t\t\t\t\t\t\t\t\t   \t\t\t\t\t\t\t\t\t\t\t<td colspan=\"\" rowspan=\"\" class=\"\" id=\"\">\n\t\t\t\t\t\t\t\t\t\t\t\t<div class=\"td-content-wrapper\">\n\t\t\t\t\t\t\t\t\t\t\t\t\t<a href=\"https:\/\/academicos.uprrp.edu\/preh\/wp-content\/uploads\/sites\/6\/2024\/06\/Tesina-Final-Sebastian-Morales.pdf\" target=\"_blank\">Substate nationalism and static autonomies: why secessionism prevails in Catalonia but not in Puerto Rico<\/a>\n\t\t\t\t\t\t\t\t\t\t\t\t<\/div>\n\t\t\t\t\t\t\t\t\t\t\t<\/td>\n\n\t\t\t\t\t\t\t\t\t\t\t\t\t\t\t\t\t\t\t\t\t\t\t\t\t\t<\/tr>\n\t\t\t        \t\t\t\t\t\t<tr>\n\t\t\t\t\t\t\t\t\t\t\t\t\t\t\t\t   \t\t\t\t\t\t\t\t\t\t\t<td colspan=\"\" rowspan=\"\" class=\"\" id=\"\">\n\t\t\t\t\t\t\t\t\t\t\t\t<div class=\"td-content-wrapper\"><div class=\"td-content\">\n\t\t\t\t\t\t\t\t\t\t\t\t\tMarielena Negr\u00f3n Rivera\t\t\t\t\t\t\t\t\t\t\t\t<\/div><\/div>\n\t\t\t\t\t\t\t\t\t\t\t<\/td>\n\t\t\t\t\t\t\t\t\t\t\t\t\t\t\t\t\t\t\t\t\t\t\t\t\t\t\t\t\t   \t\t\t\t\t\t\t\t\t\t\t<td colspan=\"\" rowspan=\"\" class=\"\" id=\"\">\n\t\t\t\t\t\t\t\t\t\t\t\t<div class=\"td-content-wrapper\"><div class=\"td-content\">\n\t\t\t\t\t\t\t\t\t\t\t\t\tCiencias Sociales\t\t\t\t\t\t\t\t\t\t\t\t<\/div><\/div>\n\t\t\t\t\t\t\t\t\t\t\t<\/td>\n\t\t\t\t\t\t\t\t\t\t\t\t\t\t\t\t\t\t\t\t\t\t\t\t\t\t\t\t\t   \t\t\t\t\t\t\t\t\t\t\t<td colspan=\"\" rowspan=\"\" class=\"\" id=\"\">\n\t\t\t\t\t\t\t\t\t\t\t\t<div class=\"td-content-wrapper\">\n\t\t\t\t\t\t\t\t\t\t\t\t\t<a href=\"https:\/\/academicos.uprrp.edu\/preh\/wp-content\/uploads\/sites\/6\/2024\/06\/Tesina-final-Marielena-Negron.pdf\" target=\"_blank\">Pol\u00edtica en materia de drogas en Puerto Rico: Lo que fue, es y podr\u00eda ser<\/a>\n\t\t\t\t\t\t\t\t\t\t\t\t<\/div>\n\t\t\t\t\t\t\t\t\t\t\t<\/td>\n\n\t\t\t\t\t\t\t\t\t\t\t\t\t\t\t\t\t\t\t\t\t\t\t\t\t\t<\/tr>\n\t\t\t        \t\t\t\t\t\t<tr>\n\t\t\t\t\t\t\t\t\t\t\t\t\t\t\t\t   \t\t\t\t\t\t\t\t\t\t\t<td colspan=\"\" rowspan=\"\" class=\"\" id=\"\">\n\t\t\t\t\t\t\t\t\t\t\t\t<div class=\"td-content-wrapper\"><div class=\"td-content\">\n\t\t\t\t\t\t\t\t\t\t\t\t\tYainelis Rosa V\u00e9lez\t\t\t\t\t\t\t\t\t\t\t\t<\/div><\/div>\n\t\t\t\t\t\t\t\t\t\t\t<\/td>\n\t\t\t\t\t\t\t\t\t\t\t\t\t\t\t\t\t\t\t\t\t\t\t\t\t\t\t\t\t   \t\t\t\t\t\t\t\t\t\t\t<td colspan=\"\" rowspan=\"\" class=\"\" id=\"\">\n\t\t\t\t\t\t\t\t\t\t\t\t<div class=\"td-content-wrapper\"><div class=\"td-content\">\n\t\t\t\t\t\t\t\t\t\t\t\t\tHumanidades\t\t\t\t\t\t\t\t\t\t\t\t<\/div><\/div>\n\t\t\t\t\t\t\t\t\t\t\t<\/td>\n\t\t\t\t\t\t\t\t\t\t\t\t\t\t\t\t\t\t\t\t\t\t\t\t\t\t\t\t\t   \t\t\t\t\t\t\t\t\t\t\t<td colspan=\"\" rowspan=\"\" class=\"\" id=\"\">\n\t\t\t\t\t\t\t\t\t\t\t\t<div class=\"td-content-wrapper\">\n\t\t\t\t\t\t\t\t\t\t\t\t\t<a href=\"https:\/\/academicos.uprrp.edu\/preh\/wp-content\/uploads\/sites\/6\/2024\/06\/Tesina-Final-Yainelis-Rosa-Velez-1.pdf\" target=\"_blank\">Factores que afectan el aprendizaje del alem\u00e1n como lengua extranjera en los estudiantes de la Universidad de Puerto Rico, Recinto de R\u00edo Piedras<\/a>\n\t\t\t\t\t\t\t\t\t\t\t\t<\/div>\n\t\t\t\t\t\t\t\t\t\t\t<\/td>\n\n\t\t\t\t\t\t\t\t\t\t\t\t\t\t\t\t\t\t\t\t\t\t\t\t\t\t<\/tr>\n\t\t\t        \t\t\t\t\t\t<tr>\n\t\t\t\t\t\t\t\t\t\t\t\t\t\t\t\t   \t\t\t\t\t\t\t\t\t\t\t<td colspan=\"\" rowspan=\"\" class=\"\" id=\"\">\n\t\t\t\t\t\t\t\t\t\t\t\t<div class=\"td-content-wrapper\"><div class=\"td-content\">\n\t\t\t\t\t\t\t\t\t\t\t\t\tCristina Torija Garc\u00eda\t\t\t\t\t\t\t\t\t\t\t\t\t<\/div><\/div>\n\t\t\t\t\t\t\t\t\t\t\t<\/td>\n\t\t\t\t\t\t\t\t\t\t\t\t\t\t\t\t\t\t\t\t\t\t\t\t\t\t\t\t\t   \t\t\t\t\t\t\t\t\t\t\t<td colspan=\"\" rowspan=\"\" class=\"\" id=\"\">\n\t\t\t\t\t\t\t\t\t\t\t\t<div class=\"td-content-wrapper\"><div class=\"td-content\">\n\t\t\t\t\t\t\t\t\t\t\t\t\tCiencias Sociales\t\t\t\t\t\t\t\t\t\t\t\t<\/div><\/div>\n\t\t\t\t\t\t\t\t\t\t\t<\/td>\n\t\t\t\t\t\t\t\t\t\t\t\t\t\t\t\t\t\t\t\t\t\t\t\t\t\t\t\t\t   \t\t\t\t\t\t\t\t\t\t\t<td colspan=\"\" rowspan=\"\" class=\"\" id=\"\">\n\t\t\t\t\t\t\t\t\t\t\t\t<div class=\"td-content-wrapper\">\n\t\t\t\t\t\t\t\t\t\t\t\t\t<a href=\"https:\/\/academicos.uprrp.edu\/preh\/wp-content\/uploads\/sites\/6\/2024\/06\/Tesina-final-Cristina-Torija.pdf\" target=\"_blank\">\u00bfAmigo o enemigo? El rol de organizaciones regionales en las ambiciones hegem\u00f3nicas de China y Rusia<\/a>\n\t\t\t\t\t\t\t\t\t\t\t\t<\/div>\n\t\t\t\t\t\t\t\t\t\t\t<\/td>\n\n\t\t\t\t\t\t\t\t\t\t\t\t\t\t\t\t\t\t\t\t\t\t\t\t\t\t<\/tr>\n\t\t\t        \t\t\t\t\t\t<tr>\n\t\t\t\t\t\t\t\t\t\t\t\t\t\t\t\t   \t\t\t\t\t\t\t\t\t\t\t<td colspan=\"\" rowspan=\"\" class=\"\" id=\"\">\n\t\t\t\t\t\t\t\t\t\t\t\t<div class=\"td-content-wrapper\"><div class=\"td-content\">\n\t\t\t\t\t\t\t\t\t\t\t\t\tKristie M. Torres Montero\t\t\t\t\t\t\t\t\t\t\t\t<\/div><\/div>\n\t\t\t\t\t\t\t\t\t\t\t<\/td>\n\t\t\t\t\t\t\t\t\t\t\t\t\t\t\t\t\t\t\t\t\t\t\t\t\t\t\t\t\t   \t\t\t\t\t\t\t\t\t\t\t<td colspan=\"\" rowspan=\"\" class=\"\" id=\"\">\n\t\t\t\t\t\t\t\t\t\t\t\t<div class=\"td-content-wrapper\"><div class=\"td-content\">\n\t\t\t\t\t\t\t\t\t\t\t\t\tCiencias Naturales\t\t\t\t\t\t\t\t\t\t\t\t<\/div><\/div>\n\t\t\t\t\t\t\t\t\t\t\t<\/td>\n\t\t\t\t\t\t\t\t\t\t\t\t\t\t\t\t\t\t\t\t\t\t\t\t\t\t\t\t\t   \t\t\t\t\t\t\t\t\t\t\t<td colspan=\"\" rowspan=\"\" class=\"\" id=\"\">\n\t\t\t\t\t\t\t\t\t\t\t\t<div class=\"td-content-wrapper\"><div class=\"td-content\">\n\t\t\t\t\t\t\t\t\t\t\t\t\tThe interaction between the Endocannabinoid System and the Endovallinoid System on feeding and depression-like behavior in rats\t\t\t\t\t\t\t\t\t\t\t\t<\/div><\/div>\n\t\t\t\t\t\t\t\t\t\t\t<\/td>\n\t\t\t\t\t\t\t\t\t\t\t\t\t\t\t\t\t\t\t\t\t\t\t\t\t\t<\/tr>\n\t\t\t        \t\t\t\t\t\t<tr>\n\t\t\t\t\t\t\t\t\t\t\t\t\t\t\t\t   \t\t\t\t\t\t\t\t\t\t\t<td colspan=\"\" rowspan=\"\" class=\"\" id=\"\">\n\t\t\t\t\t\t\t\t\t\t\t\t<div class=\"td-content-wrapper\"><div class=\"td-content\">\n\t\t\t\t\t\t\t\t\t\t\t\t\tValeria Vidal Vega\t\t\t\t\t\t\t\t\t\t\t\t<\/div><\/div>\n\t\t\t\t\t\t\t\t\t\t\t<\/td>\n\t\t\t\t\t\t\t\t\t\t\t\t\t\t\t\t\t\t\t\t\t\t\t\t\t\t\t\t\t   \t\t\t\t\t\t\t\t\t\t\t<td colspan=\"\" rowspan=\"\" class=\"\" id=\"\">\n\t\t\t\t\t\t\t\t\t\t\t\t<div class=\"td-content-wrapper\"><div class=\"td-content\">\n\t\t\t\t\t\t\t\t\t\t\t\t\tCiencias Naturales\t\t\t\t\t\t\t\t\t\t\t\t<\/div><\/div>\n\t\t\t\t\t\t\t\t\t\t\t<\/td>\n\t\t\t\t\t\t\t\t\t\t\t\t\t\t\t\t\t\t\t\t\t\t\t\t\t\t\t\t\t   \t\t\t\t\t\t\t\t\t\t\t<td colspan=\"\" rowspan=\"\" class=\"\" id=\"\">\n\t\t\t\t\t\t\t\t\t\t\t\t<div class=\"td-content-wrapper\">\n\t\t\t\t\t\t\t\t\t\t\t\t\t<a href=\"https:\/\/academicos.uprrp.edu\/preh\/wp-content\/uploads\/sites\/6\/2024\/06\/Tesina-Final-Valeria-Vidal.pdf\" target=\"_blank\">Booster uptake of COVID-19 vaccines among people who self-reported hypertension, cardiovascular diseases, respiratory problems, or diabetes: Data from the community survey tool of the PR-CEAL<\/a>\n\t\t\t\t\t\t\t\t\t\t\t\t<\/div>\n\t\t\t\t\t\t\t\t\t\t\t<\/td>\n\n\t\t\t\t\t\t\t\t\t\t\t\t\t\t\t\t\t\t\t\t\t\t\t\t\t\t<\/tr>\n\t\t\t        \t\t\t\t\t\t<tr>\n\t\t\t\t\t\t\t\t\t\t\t\t\t\t\t\t   \t\t\t\t\t\t\t\t\t\t\t<td colspan=\"\" rowspan=\"\" class=\"\" id=\"\">\n\t\t\t\t\t\t\t\t\t\t\t\t<div class=\"td-content-wrapper\"><div class=\"td-content\">\n\t\t\t\t\t\t\t\t\t\t\t\t\tSergio S. Zahra Montana\t\t\t\t\t\t\t\t\t\t\t\t<\/div><\/div>\n\t\t\t\t\t\t\t\t\t\t\t<\/td>\n\t\t\t\t\t\t\t\t\t\t\t\t\t\t\t\t\t\t\t\t\t\t\t\t\t\t\t\t\t   \t\t\t\t\t\t\t\t\t\t\t<td colspan=\"\" rowspan=\"\" class=\"\" id=\"\">\n\t\t\t\t\t\t\t\t\t\t\t\t<div class=\"td-content-wrapper\"><div class=\"td-content\">\n\t\t\t\t\t\t\t\t\t\t\t\t\tAdministraci\u00f3n de Empresas\t\t\t\t\t\t\t\t\t\t\t\t<\/div><\/div>\n\t\t\t\t\t\t\t\t\t\t\t<\/td>\n\t\t\t\t\t\t\t\t\t\t\t\t\t\t\t\t\t\t\t\t\t\t\t\t\t\t\t\t\t   \t\t\t\t\t\t\t\t\t\t\t<td colspan=\"\" rowspan=\"\" class=\"\" id=\"\">\n\t\t\t\t\t\t\t\t\t\t\t\t<div class=\"td-content-wrapper\"><div class=\"td-content\">\n\t\t\t\t\t\t\t\t\t\t\t\t\tCorporate Finance Across Healthcare Verticals: M&amp;A and Restructuring\t\t\t\t\t\t\t\t\t\t\t\t<\/div><\/div>\n\t\t\t\t\t\t\t\t\t\t\t<\/td>\n\t\t\t\t\t\t\t\t\t\t\t\t\t\t\t\t\t\t\t\t\t\t\t\t\t\t<\/tr>\n\t\t\t        \t\t\t\t\t\t<tr>\n\t\t\t\t\t\t\t\t\t\t\t\t\t\t\t\t   \t\t\t\t\t\t\t\t\t\t\t<td colspan=\"\" rowspan=\"\" class=\"\" id=\"\">\n\t\t\t\t\t\t\t\t\t\t\t\t<div class=\"td-content-wrapper\"><div class=\"td-content\">\n\t\t\t\t\t\t\t\t\t\t\t\t\tCarolina\tP\u00e9rez M\u00e9ndez\t\t\t\t\t\t\t\t\t\t\t\t<\/div><\/div>\n\t\t\t\t\t\t\t\t\t\t\t<\/td>\n\t\t\t\t\t\t\t\t\t\t\t\t\t\t\t\t\t\t\t\t\t\t\t\t\t\t\t\t\t   \t\t\t\t\t\t\t\t\t\t\t<td colspan=\"\" rowspan=\"\" class=\"\" id=\"\">\n\t\t\t\t\t\t\t\t\t\t\t\t<div class=\"td-content-wrapper\"><div class=\"td-content\">\n\t\t\t\t\t\t\t\t\t\t\t\t\tArquitectura\t\t\t\t\t\t\t\t\t\t\t\t<\/div><\/div>\n\t\t\t\t\t\t\t\t\t\t\t<\/td>\n\t\t\t\t\t\t\t\t\t\t\t\t\t\t\t\t\t\t\t\t\t\t\t\t\t\t\t\t\t   \t\t\t\t\t\t\t\t\t\t\t<td colspan=\"\" rowspan=\"\" class=\"\" id=\"\">\n\t\t\t\t\t\t\t\t\t\t\t\t<div class=\"td-content-wrapper\"><div class=\"td-content\">\n\t\t\t\t\t\t\t\t\t\t\t\t\tViviendas de emergencias y manejo de aguas en zonas inundables de Puerto Rico \/ El caso de la Playa en A\u00f1asco\t\t\t\t\t\t\t\t\t\t\t\t<\/div><\/div>\n\t\t\t\t\t\t\t\t\t\t\t<\/td>\n\t\t\t\t\t\t\t\t\t\t\t\t\t\t\t\t\t\t\t\t\t\t\t\t\t\t<\/tr>\n\t\t\t        \t\t\t\t\t\t<tr>\n\t\t\t\t\t\t\t\t\t\t\t\t\t\t\t\t   \t\t\t\t\t\t\t\t\t\t\t<td colspan=\"\" rowspan=\"\" class=\"\" id=\"\">\n\t\t\t\t\t\t\t\t\t\t\t\t<div class=\"td-content-wrapper\"><div class=\"td-content\">\n\t\t\t\t\t\t\t\t\t\t\t\t\tSofia P\u00e9rez Su\u00e1rez\t\t\t\t\t\t\t\t\t\t\t\t\t<\/div><\/div>\n\t\t\t\t\t\t\t\t\t\t\t<\/td>\n\t\t\t\t\t\t\t\t\t\t\t\t\t\t\t\t\t\t\t\t\t\t\t\t\t\t\t\t\t   \t\t\t\t\t\t\t\t\t\t\t<td colspan=\"\" rowspan=\"\" class=\"\" id=\"\">\n\t\t\t\t\t\t\t\t\t\t\t\t<div class=\"td-content-wrapper\"><div class=\"td-content\">\n\t\t\t\t\t\t\t\t\t\t\t\t\tCiencias Sociales\t\t\t\t\t\t\t\t\t\t\t\t<\/div><\/div>\n\t\t\t\t\t\t\t\t\t\t\t<\/td>\n\t\t\t\t\t\t\t\t\t\t\t\t\t\t\t\t\t\t\t\t\t\t\t\t\t\t\t\t\t   \t\t\t\t\t\t\t\t\t\t\t<td colspan=\"\" rowspan=\"\" class=\"\" id=\"\">\n\t\t\t\t\t\t\t\t\t\t\t\t<div class=\"td-content-wrapper\">\n\t\t\t\t\t\t\t\t\t\t\t\t\t<a href=\"https:\/\/academicos.uprrp.edu\/preh\/wp-content\/uploads\/sites\/6\/2024\/06\/Tesina-final-Sofia-Perez-Suarez.pdf\" target=\"_blank\">La representaci\u00f3n de las periodistas puertorrique\u00f1as negras en los noticieros televisivos de la Isla<\/a>\n\t\t\t\t\t\t\t\t\t\t\t\t<\/div>\n\t\t\t\t\t\t\t\t\t\t\t<\/td>\n\n\t\t\t\t\t\t\t\t\t\t\t\t\t\t\t\t\t\t\t\t\t\t\t\t\t\t<\/tr>\n\t\t\t        \t\t\t\t\t\t<tr>\n\t\t\t\t\t\t\t\t\t\t\t\t\t\t\t\t   \t\t\t\t\t\t\t\t\t\t\t<td colspan=\"\" rowspan=\"\" class=\"\" id=\"\">\n\t\t\t\t\t\t\t\t\t\t\t\t<div class=\"td-content-wrapper\"><div class=\"td-content\">\n\t\t\t\t\t\t\t\t\t\t\t\t\tAna\tPagan\t\t\t\t\t\t\t\t\t\t\t\t<\/div><\/div>\n\t\t\t\t\t\t\t\t\t\t\t<\/td>\n\t\t\t\t\t\t\t\t\t\t\t\t\t\t\t\t\t\t\t\t\t\t\t\t\t\t\t\t\t   \t\t\t\t\t\t\t\t\t\t\t<td colspan=\"\" rowspan=\"\" class=\"\" id=\"\">\n\t\t\t\t\t\t\t\t\t\t\t\t<div class=\"td-content-wrapper\"><div class=\"td-content\">\n\t\t\t\t\t\t\t\t\t\t\t\t\tCiencias Naturales\t\t\t\t\t\t\t\t\t\t\t\t<\/div><\/div>\n\t\t\t\t\t\t\t\t\t\t\t<\/td>\n\t\t\t\t\t\t\t\t\t\t\t\t\t\t\t\t\t\t\t\t\t\t\t\t\t\t\t\t\t   \t\t\t\t\t\t\t\t\t\t\t<td colspan=\"\" rowspan=\"\" class=\"\" id=\"\">\n\t\t\t\t\t\t\t\t\t\t\t\t<div class=\"td-content-wrapper\"><div class=\"td-content\">\n\t\t\t\t\t\t\t\t\t\t\t\t\tContraceptive and Folic Acid Consumption before Pregnacy and the Risk of Oral Clefs in Puerto Rico\t\t\t\t\t\t\t\t\t\t\t\t<\/div><\/div>\n\t\t\t\t\t\t\t\t\t\t\t<\/td>\n\t\t\t\t\t\t\t\t\t\t\t\t\t\t\t\t\t\t\t\t\t\t\t\t\t\t<\/tr>\n\t\t\t        \t\t\t    <\/tbody>\n\t\t\t<\/table>\n\t\t<\/div>\n\t  \t\t\t\t\t<\/div>\n\t\t\t\t<\/div>\n\t\t\t\t\t<\/div>\n\t\t\t\t<\/div>\n\t\t\t\t<\/div>\n\t\t","protected":false},"excerpt":{"rendered":"<p>Nombre del estudiante Facultad T\u00edtulo de Tesina\/ Proyecto de Creaci\u00f3n Juliana M. Acosta V\u00e9lez Humanidades Proyecto novela gr\u00e1fica crossmedi\u00e1tica: Imago Paula Barreto Ortiz Ciencias Naturales Role of the DNA Repair Genes, OGG1 and APN1, in the Maintenance of Mitochondrial Dynamics &hellip; <\/p>\n","protected":false},"author":9,"featured_media":0,"parent":1591,"menu_order":0,"comment_status":"closed","ping_status":"closed","template":"","meta":{"_monsterinsights_skip_tracking":false,"_monsterinsights_sitenote_active":false,"_monsterinsights_sitenote_note":"","_monsterinsights_sitenote_category":0,"footnotes":""},"class_list":["post-8393","page","type-page","status-publish","hentry"],"yoast_head":"<!-- This site is optimized with the Yoast SEO plugin v27.2 - https:\/\/yoast.com\/product\/yoast-seo-wordpress\/ -->\n<title>A\u00f1o de aprobaci\u00f3n 2023 - Programa de Estudios de Honor<\/title>\n<meta name=\"robots\" content=\"index, follow, max-snippet:-1, max-image-preview:large, max-video-preview:-1\" \/>\n<link rel=\"canonical\" href=\"https:\/\/academicos.uprrp.edu\/preh\/nuestros-estudiantes\/tesina-proyectos\/ano-de-aprobacion-2023\/\" \/>\n<meta property=\"og:locale\" content=\"es_ES\" \/>\n<meta property=\"og:type\" content=\"article\" \/>\n<meta property=\"og:title\" content=\"A\u00f1o de aprobaci\u00f3n 2023 - Programa de Estudios de Honor\" \/>\n<meta property=\"og:description\" content=\"Nombre del estudiante Facultad T\u00edtulo de Tesina\/ Proyecto de Creaci\u00f3n Juliana M. Acosta V\u00e9lez Humanidades Proyecto novela gr\u00e1fica crossmedi\u00e1tica: Imago Paula Barreto Ortiz Ciencias Naturales Role of the DNA Repair Genes, OGG1 and APN1, in the Maintenance of Mitochondrial Dynamics &hellip;\" \/>\n<meta property=\"og:url\" content=\"https:\/\/academicos.uprrp.edu\/preh\/nuestros-estudiantes\/tesina-proyectos\/ano-de-aprobacion-2023\/\" \/>\n<meta property=\"og:site_name\" content=\"Programa de Estudios de Honor\" \/>\n<meta property=\"article:modified_time\" content=\"2024-06-04T19:44:44+00:00\" \/>\n<meta name=\"twitter:card\" content=\"summary_large_image\" \/>\n<meta name=\"twitter:label1\" content=\"Est. reading time\" \/>\n\t<meta name=\"twitter:data1\" content=\"2 minutos\" \/>\n<script type=\"application\/ld+json\" class=\"yoast-schema-graph\">{\"@context\":\"https:\/\/schema.org\",\"@graph\":[{\"@type\":\"WebPage\",\"@id\":\"https:\/\/academicos.uprrp.edu\/preh\/nuestros-estudiantes\/tesina-proyectos\/ano-de-aprobacion-2023\/\",\"url\":\"https:\/\/academicos.uprrp.edu\/preh\/nuestros-estudiantes\/tesina-proyectos\/ano-de-aprobacion-2023\/\",\"name\":\"A\u00f1o de aprobaci\u00f3n 2023 - Programa de Estudios de Honor\",\"isPartOf\":{\"@id\":\"https:\/\/academicos.uprrp.edu\/preh\/#website\"},\"datePublished\":\"2024-03-08T13:21:33+00:00\",\"dateModified\":\"2024-06-04T19:44:44+00:00\",\"breadcrumb\":{\"@id\":\"https:\/\/academicos.uprrp.edu\/preh\/nuestros-estudiantes\/tesina-proyectos\/ano-de-aprobacion-2023\/#breadcrumb\"},\"inLanguage\":\"es\",\"potentialAction\":[{\"@type\":\"ReadAction\",\"target\":[\"https:\/\/academicos.uprrp.edu\/preh\/nuestros-estudiantes\/tesina-proyectos\/ano-de-aprobacion-2023\/\"]}]},{\"@type\":\"BreadcrumbList\",\"@id\":\"https:\/\/academicos.uprrp.edu\/preh\/nuestros-estudiantes\/tesina-proyectos\/ano-de-aprobacion-2023\/#breadcrumb\",\"itemListElement\":[{\"@type\":\"ListItem\",\"position\":1,\"name\":\"Home\",\"item\":\"https:\/\/academicos.uprrp.edu\/preh\/\"},{\"@type\":\"ListItem\",\"position\":2,\"name\":\"Nuestros Estudiantes\",\"item\":\"https:\/\/academicos.uprrp.edu\/preh\/nuestros-estudiantes\/\"},{\"@type\":\"ListItem\",\"position\":3,\"name\":\"Tesinas y Proyectos de Creaci\u00f3n\",\"item\":\"https:\/\/academicos.uprrp.edu\/preh\/nuestros-estudiantes\/tesina-proyectos\/\"},{\"@type\":\"ListItem\",\"position\":4,\"name\":\"A\u00f1o de aprobaci\u00f3n 2023\"}]},{\"@type\":\"WebSite\",\"@id\":\"https:\/\/academicos.uprrp.edu\/preh\/#website\",\"url\":\"https:\/\/academicos.uprrp.edu\/preh\/\",\"name\":\"Programa de Estudios de Honor\",\"description\":\"\",\"potentialAction\":[{\"@type\":\"SearchAction\",\"target\":{\"@type\":\"EntryPoint\",\"urlTemplate\":\"https:\/\/academicos.uprrp.edu\/preh\/?s={search_term_string}\"},\"query-input\":{\"@type\":\"PropertyValueSpecification\",\"valueRequired\":true,\"valueName\":\"search_term_string\"}}],\"inLanguage\":\"es\"}]}<\/script>\n<!-- \/ Yoast SEO plugin. -->","yoast_head_json":{"title":"A\u00f1o de aprobaci\u00f3n 2023 - Programa de Estudios de Honor","robots":{"index":"index","follow":"follow","max-snippet":"max-snippet:-1","max-image-preview":"max-image-preview:large","max-video-preview":"max-video-preview:-1"},"canonical":"https:\/\/academicos.uprrp.edu\/preh\/nuestros-estudiantes\/tesina-proyectos\/ano-de-aprobacion-2023\/","og_locale":"es_ES","og_type":"article","og_title":"A\u00f1o de aprobaci\u00f3n 2023 - Programa de Estudios de Honor","og_description":"Nombre del estudiante Facultad T\u00edtulo de Tesina\/ Proyecto de Creaci\u00f3n Juliana M. Acosta V\u00e9lez Humanidades Proyecto novela gr\u00e1fica crossmedi\u00e1tica: Imago Paula Barreto Ortiz Ciencias Naturales Role of the DNA Repair Genes, OGG1 and APN1, in the Maintenance of Mitochondrial Dynamics &hellip;","og_url":"https:\/\/academicos.uprrp.edu\/preh\/nuestros-estudiantes\/tesina-proyectos\/ano-de-aprobacion-2023\/","og_site_name":"Programa de Estudios de Honor","article_modified_time":"2024-06-04T19:44:44+00:00","twitter_card":"summary_large_image","twitter_misc":{"Est. reading time":"2 minutos"},"schema":{"@context":"https:\/\/schema.org","@graph":[{"@type":"WebPage","@id":"https:\/\/academicos.uprrp.edu\/preh\/nuestros-estudiantes\/tesina-proyectos\/ano-de-aprobacion-2023\/","url":"https:\/\/academicos.uprrp.edu\/preh\/nuestros-estudiantes\/tesina-proyectos\/ano-de-aprobacion-2023\/","name":"A\u00f1o de aprobaci\u00f3n 2023 - Programa de Estudios de Honor","isPartOf":{"@id":"https:\/\/academicos.uprrp.edu\/preh\/#website"},"datePublished":"2024-03-08T13:21:33+00:00","dateModified":"2024-06-04T19:44:44+00:00","breadcrumb":{"@id":"https:\/\/academicos.uprrp.edu\/preh\/nuestros-estudiantes\/tesina-proyectos\/ano-de-aprobacion-2023\/#breadcrumb"},"inLanguage":"es","potentialAction":[{"@type":"ReadAction","target":["https:\/\/academicos.uprrp.edu\/preh\/nuestros-estudiantes\/tesina-proyectos\/ano-de-aprobacion-2023\/"]}]},{"@type":"BreadcrumbList","@id":"https:\/\/academicos.uprrp.edu\/preh\/nuestros-estudiantes\/tesina-proyectos\/ano-de-aprobacion-2023\/#breadcrumb","itemListElement":[{"@type":"ListItem","position":1,"name":"Home","item":"https:\/\/academicos.uprrp.edu\/preh\/"},{"@type":"ListItem","position":2,"name":"Nuestros Estudiantes","item":"https:\/\/academicos.uprrp.edu\/preh\/nuestros-estudiantes\/"},{"@type":"ListItem","position":3,"name":"Tesinas y Proyectos de Creaci\u00f3n","item":"https:\/\/academicos.uprrp.edu\/preh\/nuestros-estudiantes\/tesina-proyectos\/"},{"@type":"ListItem","position":4,"name":"A\u00f1o de aprobaci\u00f3n 2023"}]},{"@type":"WebSite","@id":"https:\/\/academicos.uprrp.edu\/preh\/#website","url":"https:\/\/academicos.uprrp.edu\/preh\/","name":"Programa de Estudios de Honor","description":"","potentialAction":[{"@type":"SearchAction","target":{"@type":"EntryPoint","urlTemplate":"https:\/\/academicos.uprrp.edu\/preh\/?s={search_term_string}"},"query-input":{"@type":"PropertyValueSpecification","valueRequired":true,"valueName":"search_term_string"}}],"inLanguage":"es"}]}},"_links":{"self":[{"href":"https:\/\/academicos.uprrp.edu\/preh\/wp-json\/wp\/v2\/pages\/8393","targetHints":{"allow":["GET"]}}],"collection":[{"href":"https:\/\/academicos.uprrp.edu\/preh\/wp-json\/wp\/v2\/pages"}],"about":[{"href":"https:\/\/academicos.uprrp.edu\/preh\/wp-json\/wp\/v2\/types\/page"}],"author":[{"embeddable":true,"href":"https:\/\/academicos.uprrp.edu\/preh\/wp-json\/wp\/v2\/users\/9"}],"replies":[{"embeddable":true,"href":"https:\/\/academicos.uprrp.edu\/preh\/wp-json\/wp\/v2\/comments?post=8393"}],"version-history":[{"count":9,"href":"https:\/\/academicos.uprrp.edu\/preh\/wp-json\/wp\/v2\/pages\/8393\/revisions"}],"predecessor-version":[{"id":12036,"href":"https:\/\/academicos.uprrp.edu\/preh\/wp-json\/wp\/v2\/pages\/8393\/revisions\/12036"}],"up":[{"embeddable":true,"href":"https:\/\/academicos.uprrp.edu\/preh\/wp-json\/wp\/v2\/pages\/1591"}],"wp:attachment":[{"href":"https:\/\/academicos.uprrp.edu\/preh\/wp-json\/wp\/v2\/media?parent=8393"}],"curies":[{"name":"wp","href":"https:\/\/api.w.org\/{rel}","templated":true}]}}