{"id":523,"date":"2019-01-25T16:26:35","date_gmt":"2019-01-25T20:26:35","guid":{"rendered":"http:\/\/preh.uprrp.edu\/?page_id=523"},"modified":"2026-02-12T14:39:27","modified_gmt":"2026-02-12T18:39:27","slug":"facultad-de-humanidades","status":"publish","type":"page","link":"https:\/\/academicos.uprrp.edu\/preh\/estudiantes-de-honor\/facultad-de-humanidades\/","title":{"rendered":"Facultad de Humanidades"},"content":{"rendered":"\t\t<div data-elementor-type=\"wp-page\" data-elementor-id=\"523\" class=\"elementor elementor-523\">\n\t\t\t\t<div class=\"elementor-element elementor-element-ef42c7b e-flex e-con-boxed e-con e-parent\" data-id=\"ef42c7b\" data-element_type=\"container\" data-e-type=\"container\">\n\t\t\t\t\t<div class=\"e-con-inner\">\n\t\t\t\t<div class=\"elementor-element elementor-element-e9cdb39 elementor-widget elementor-widget-heading\" data-id=\"e9cdb39\" data-element_type=\"widget\" data-e-type=\"widget\" data-widget_type=\"heading.default\">\n\t\t\t\t<div class=\"elementor-widget-container\">\n\t\t\t\t\t<h2 class=\"elementor-heading-title elementor-size-default\">FACULTAD DE HUMANIDADES<\/h2>\t\t\t\t<\/div>\n\t\t\t\t<\/div>\n\t\t\t\t<div class=\"elementor-element elementor-element-adb560d elementor-widget elementor-widget-thim-our-team\" data-id=\"adb560d\" data-element_type=\"widget\" data-e-type=\"widget\" data-widget_type=\"thim-our-team.default\">\n\t\t\t\t<div class=\"elementor-widget-container\">\n\t\t\t\t\t<div class=\"wrapper-lists-our-team\"><div class=\"row\"><div class=\"our-team-item col-sm-3\"><div class=\"our-team-image\"> <a class=\"link-img\" href=\"https:\/\/academicos.uprrp.edu\/preh\/our_team\/elena-s-ramos-diaz\/\"><\/a><img decoding=\"async\" src=\"https:\/\/academicos.uprrp.edu\/preh\/wp-content\/uploads\/sites\/6\/2025\/08\/Foto-perfil-Elena-S.-Ramos-Diaz-ELENA-S-RAMOS-DIAZ-200x200.png\" alt=\"Elena S. Ramos D\u00edaz\" title=\"Elena S. Ramos D\u00edaz\"  width=\"200\" height=\"200\"><div class=\"social-team\"><\/div><\/div><div class=\"content-team\"><h4 class=\"title\">Elena S. Ramos D\u00edaz<\/h4><\/div><\/div><div class=\"our-team-item col-sm-3\"><div class=\"our-team-image\"> <a class=\"link-img\" href=\"https:\/\/academicos.uprrp.edu\/preh\/our_team\/luna-maqueda-medina\/\"><\/a><img decoding=\"async\" src=\"https:\/\/academicos.uprrp.edu\/preh\/wp-content\/uploads\/sites\/6\/2025\/06\/Foto-Luna-Maqueda-200x200.png\" alt=\"Foto Luna Maqueda\" title=\"Foto Luna Maqueda\"  width=\"200\" height=\"200\"><div class=\"social-team\"><\/div><\/div><div class=\"content-team\"><h4 class=\"title\">Luna Maqueda Medina<\/h4><\/div><\/div><div class=\"our-team-item col-sm-3\"><div class=\"our-team-image\"> <a class=\"link-img\" href=\"https:\/\/academicos.uprrp.edu\/preh\/our_team\/tais-v-a-diaz-soto\/\"><\/a><img decoding=\"async\" src=\"https:\/\/academicos.uprrp.edu\/preh\/wp-content\/uploads\/sites\/6\/2025\/06\/foto-preh-Tais-A-Diaz-Soto-200x200.jpeg\" alt=\"foto preh &#8211; Tais A Diaz Soto\" title=\"foto preh &#8211; Tais A Diaz Soto\"  width=\"200\" height=\"200\"><div class=\"social-team\"><\/div><\/div><div class=\"content-team\"><h4 class=\"title\">Ta\u00eds V. A. D\u00edaz-Soto<\/h4><\/div><\/div><\/div><\/div>\t\t\t\t<\/div>\n\t\t\t\t<\/div>\n\t\t\t\t\t<\/div>\n\t\t\t\t<\/div>\n\t\t<div class=\"elementor-element elementor-element-2f617fe7 e-flex e-con-boxed e-con e-parent\" data-id=\"2f617fe7\" data-element_type=\"container\" data-e-type=\"container\">\n\t\t\t\t\t<div class=\"e-con-inner\">\n\t\t\t\t<div class=\"elementor-element elementor-element-438b6835 elementor-widget elementor-widget-text-editor\" data-id=\"438b6835\" data-element_type=\"widget\" data-e-type=\"widget\" data-widget_type=\"text-editor.default\">\n\t\t\t\t<div class=\"elementor-widget-container\">\n\t\t\t\t\t\t\t\t\t<table dir=\"ltr\" border=\"1\" cellspacing=\"0\" cellpadding=\"0\" data-sheets-root=\"1\" data-sheets-baot=\"1\"><colgroup><col width=\"86\" \/><col width=\"84\" \/><col width=\"110\" \/><\/colgroup><tbody><tr><td>Arzuaga<\/td><td>Pacheco<\/td><td>Claudia Z<\/td><\/tr><tr><td>Ballester<\/td><td>Rojas<\/td><td>Isabel<\/td><\/tr><tr><td>Cardona<\/td><td>Justel<\/td><td>Gennalyn<\/td><\/tr><tr><td>Coss<\/td><td>Hern\u00e1ndez<\/td><td>Mat\u00edas<\/td><\/tr><tr><td>De la Cruz<\/td><td>P\u00e9rez<\/td><td>Lya<\/td><\/tr><tr><td>D\u00edaz<\/td><td>Soto<\/td><td>Ta\u00eds V. A.<\/td><\/tr><tr><td>Garc\u00eda<\/td><td>Rivera<\/td><td>Angelis<\/td><\/tr><tr><td>Hern\u00e1ndez<\/td><td>Robles<\/td><td>Dylan<\/td><\/tr><tr><td>La\u00f3<\/td><td>Mart\u00ednez<\/td><td>Andrea I<\/td><\/tr><tr><td>Maqueda<\/td><td>Medina<\/td><td>Luna<\/td><\/tr><tr><td>Ramos<\/td><td>D\u00edaz<\/td><td>Elena S.<\/td><\/tr><tr><td>Rivera<\/td><td>Ramos<\/td><td>G\u00e9nesis M.<\/td><\/tr><tr><td>Ruiz<\/td><td>Vel\u00e1zquez<\/td><td>Michael A<\/td><\/tr><tr><td>Soler<\/td><td>Col\u00f3n<\/td><td>Soleil<\/td><\/tr><\/tbody><\/table>\t\t\t\t\t\t\t\t<\/div>\n\t\t\t\t<\/div>\n\t\t\t\t\t<\/div>\n\t\t\t\t<\/div>\n\t\t\t\t<\/div>\n\t\t","protected":false},"excerpt":{"rendered":"<p>FACULTAD DE HUMANIDADES Elena S. Ramos D\u00edaz Luna Maqueda Medina Ta\u00eds V. A. D\u00edaz-Soto Arzuaga Pacheco Claudia Z Ballester Rojas Isabel Cardona Justel Gennalyn Coss Hern\u00e1ndez Mat\u00edas De la Cruz P\u00e9rez Lya D\u00edaz Soto Ta\u00eds V. A. Garc\u00eda Rivera Angelis &hellip; <\/p>\n","protected":false},"author":9,"featured_media":0,"parent":320,"menu_order":0,"comment_status":"closed","ping_status":"closed","template":"","meta":{"_monsterinsights_skip_tracking":false,"_monsterinsights_sitenote_active":false,"_monsterinsights_sitenote_note":"","_monsterinsights_sitenote_category":0,"footnotes":""},"class_list":["post-523","page","type-page","status-publish","hentry"],"yoast_head":"<!-- This site is optimized with the Yoast SEO plugin v27.2 - https:\/\/yoast.com\/product\/yoast-seo-wordpress\/ -->\n<title>Facultad de Humanidades - Programa de Estudios de Honor<\/title>\n<meta name=\"robots\" content=\"index, follow, max-snippet:-1, max-image-preview:large, max-video-preview:-1\" \/>\n<link rel=\"canonical\" href=\"https:\/\/academicos.uprrp.edu\/preh\/estudiantes-de-honor\/facultad-de-humanidades\/\" \/>\n<meta property=\"og:locale\" content=\"es_ES\" \/>\n<meta property=\"og:type\" content=\"article\" \/>\n<meta property=\"og:title\" content=\"Facultad de Humanidades - Programa de Estudios de Honor\" \/>\n<meta property=\"og:description\" content=\"FACULTAD DE HUMANIDADES Elena S. Ramos D\u00edaz Luna Maqueda Medina Ta\u00eds V. A. D\u00edaz-Soto Arzuaga Pacheco Claudia Z Ballester Rojas Isabel Cardona Justel Gennalyn Coss Hern\u00e1ndez Mat\u00edas De la Cruz P\u00e9rez Lya D\u00edaz Soto Ta\u00eds V. A. Garc\u00eda Rivera Angelis &hellip;\" \/>\n<meta property=\"og:url\" content=\"https:\/\/academicos.uprrp.edu\/preh\/estudiantes-de-honor\/facultad-de-humanidades\/\" \/>\n<meta property=\"og:site_name\" content=\"Programa de Estudios de Honor\" \/>\n<meta property=\"article:modified_time\" content=\"2026-02-12T18:39:27+00:00\" \/>\n<meta property=\"og:image\" content=\"https:\/\/academicos.uprrp.edu\/preh\/wp-content\/uploads\/sites\/6\/2025\/08\/Foto-perfil-Elena-S.-Ramos-Diaz-ELENA-S-RAMOS-DIAZ-200x200.png\" \/>\n<meta name=\"twitter:card\" content=\"summary_large_image\" \/>\n<meta name=\"twitter:label1\" content=\"Est. reading time\" \/>\n\t<meta name=\"twitter:data1\" content=\"1 minuto\" \/>\n<script type=\"application\/ld+json\" class=\"yoast-schema-graph\">{\"@context\":\"https:\/\/schema.org\",\"@graph\":[{\"@type\":\"WebPage\",\"@id\":\"https:\/\/academicos.uprrp.edu\/preh\/estudiantes-de-honor\/facultad-de-humanidades\/\",\"url\":\"https:\/\/academicos.uprrp.edu\/preh\/estudiantes-de-honor\/facultad-de-humanidades\/\",\"name\":\"Facultad de Humanidades - Programa de Estudios de Honor\",\"isPartOf\":{\"@id\":\"https:\/\/academicos.uprrp.edu\/preh\/#website\"},\"primaryImageOfPage\":{\"@id\":\"https:\/\/academicos.uprrp.edu\/preh\/estudiantes-de-honor\/facultad-de-humanidades\/#primaryimage\"},\"image\":{\"@id\":\"https:\/\/academicos.uprrp.edu\/preh\/estudiantes-de-honor\/facultad-de-humanidades\/#primaryimage\"},\"thumbnailUrl\":\"https:\/\/academicos.uprrp.edu\/preh\/wp-content\/uploads\/sites\/6\/2025\/08\/Foto-perfil-Elena-S.-Ramos-Diaz-ELENA-S-RAMOS-DIAZ-200x200.png\",\"datePublished\":\"2019-01-25T20:26:35+00:00\",\"dateModified\":\"2026-02-12T18:39:27+00:00\",\"breadcrumb\":{\"@id\":\"https:\/\/academicos.uprrp.edu\/preh\/estudiantes-de-honor\/facultad-de-humanidades\/#breadcrumb\"},\"inLanguage\":\"es\",\"potentialAction\":[{\"@type\":\"ReadAction\",\"target\":[\"https:\/\/academicos.uprrp.edu\/preh\/estudiantes-de-honor\/facultad-de-humanidades\/\"]}]},{\"@type\":\"ImageObject\",\"inLanguage\":\"es\",\"@id\":\"https:\/\/academicos.uprrp.edu\/preh\/estudiantes-de-honor\/facultad-de-humanidades\/#primaryimage\",\"url\":\"https:\/\/academicos.uprrp.edu\/preh\/wp-content\/uploads\/sites\/6\/2025\/08\/Foto-perfil-Elena-S.-Ramos-Diaz-ELENA-S-RAMOS-DIAZ-200x200.png\",\"contentUrl\":\"https:\/\/academicos.uprrp.edu\/preh\/wp-content\/uploads\/sites\/6\/2025\/08\/Foto-perfil-Elena-S.-Ramos-Diaz-ELENA-S-RAMOS-DIAZ-200x200.png\"},{\"@type\":\"BreadcrumbList\",\"@id\":\"https:\/\/academicos.uprrp.edu\/preh\/estudiantes-de-honor\/facultad-de-humanidades\/#breadcrumb\",\"itemListElement\":[{\"@type\":\"ListItem\",\"position\":1,\"name\":\"Home\",\"item\":\"https:\/\/academicos.uprrp.edu\/preh\/\"},{\"@type\":\"ListItem\",\"position\":2,\"name\":\"Estudiantes Activos del PREH\",\"item\":\"https:\/\/academicos.uprrp.edu\/preh\/estudiantes-de-honor\/\"},{\"@type\":\"ListItem\",\"position\":3,\"name\":\"Facultad de Humanidades\"}]},{\"@type\":\"WebSite\",\"@id\":\"https:\/\/academicos.uprrp.edu\/preh\/#website\",\"url\":\"https:\/\/academicos.uprrp.edu\/preh\/\",\"name\":\"Programa de Estudios de Honor\",\"description\":\"\",\"potentialAction\":[{\"@type\":\"SearchAction\",\"target\":{\"@type\":\"EntryPoint\",\"urlTemplate\":\"https:\/\/academicos.uprrp.edu\/preh\/?s={search_term_string}\"},\"query-input\":{\"@type\":\"PropertyValueSpecification\",\"valueRequired\":true,\"valueName\":\"search_term_string\"}}],\"inLanguage\":\"es\"}]}<\/script>\n<!-- \/ Yoast SEO plugin. -->","yoast_head_json":{"title":"Facultad de Humanidades - Programa de Estudios de Honor","robots":{"index":"index","follow":"follow","max-snippet":"max-snippet:-1","max-image-preview":"max-image-preview:large","max-video-preview":"max-video-preview:-1"},"canonical":"https:\/\/academicos.uprrp.edu\/preh\/estudiantes-de-honor\/facultad-de-humanidades\/","og_locale":"es_ES","og_type":"article","og_title":"Facultad de Humanidades - Programa de Estudios de Honor","og_description":"FACULTAD DE HUMANIDADES Elena S. Ramos D\u00edaz Luna Maqueda Medina Ta\u00eds V. A. D\u00edaz-Soto Arzuaga Pacheco Claudia Z Ballester Rojas Isabel Cardona Justel Gennalyn Coss Hern\u00e1ndez Mat\u00edas De la Cruz P\u00e9rez Lya D\u00edaz Soto Ta\u00eds V. A. Garc\u00eda Rivera Angelis &hellip;","og_url":"https:\/\/academicos.uprrp.edu\/preh\/estudiantes-de-honor\/facultad-de-humanidades\/","og_site_name":"Programa de Estudios de Honor","article_modified_time":"2026-02-12T18:39:27+00:00","og_image":[{"url":"https:\/\/academicos.uprrp.edu\/preh\/wp-content\/uploads\/sites\/6\/2025\/08\/Foto-perfil-Elena-S.-Ramos-Diaz-ELENA-S-RAMOS-DIAZ-200x200.png","type":"","width":"","height":""}],"twitter_card":"summary_large_image","twitter_misc":{"Est. reading time":"1 minuto"},"schema":{"@context":"https:\/\/schema.org","@graph":[{"@type":"WebPage","@id":"https:\/\/academicos.uprrp.edu\/preh\/estudiantes-de-honor\/facultad-de-humanidades\/","url":"https:\/\/academicos.uprrp.edu\/preh\/estudiantes-de-honor\/facultad-de-humanidades\/","name":"Facultad de Humanidades - Programa de Estudios de Honor","isPartOf":{"@id":"https:\/\/academicos.uprrp.edu\/preh\/#website"},"primaryImageOfPage":{"@id":"https:\/\/academicos.uprrp.edu\/preh\/estudiantes-de-honor\/facultad-de-humanidades\/#primaryimage"},"image":{"@id":"https:\/\/academicos.uprrp.edu\/preh\/estudiantes-de-honor\/facultad-de-humanidades\/#primaryimage"},"thumbnailUrl":"https:\/\/academicos.uprrp.edu\/preh\/wp-content\/uploads\/sites\/6\/2025\/08\/Foto-perfil-Elena-S.-Ramos-Diaz-ELENA-S-RAMOS-DIAZ-200x200.png","datePublished":"2019-01-25T20:26:35+00:00","dateModified":"2026-02-12T18:39:27+00:00","breadcrumb":{"@id":"https:\/\/academicos.uprrp.edu\/preh\/estudiantes-de-honor\/facultad-de-humanidades\/#breadcrumb"},"inLanguage":"es","potentialAction":[{"@type":"ReadAction","target":["https:\/\/academicos.uprrp.edu\/preh\/estudiantes-de-honor\/facultad-de-humanidades\/"]}]},{"@type":"ImageObject","inLanguage":"es","@id":"https:\/\/academicos.uprrp.edu\/preh\/estudiantes-de-honor\/facultad-de-humanidades\/#primaryimage","url":"https:\/\/academicos.uprrp.edu\/preh\/wp-content\/uploads\/sites\/6\/2025\/08\/Foto-perfil-Elena-S.-Ramos-Diaz-ELENA-S-RAMOS-DIAZ-200x200.png","contentUrl":"https:\/\/academicos.uprrp.edu\/preh\/wp-content\/uploads\/sites\/6\/2025\/08\/Foto-perfil-Elena-S.-Ramos-Diaz-ELENA-S-RAMOS-DIAZ-200x200.png"},{"@type":"BreadcrumbList","@id":"https:\/\/academicos.uprrp.edu\/preh\/estudiantes-de-honor\/facultad-de-humanidades\/#breadcrumb","itemListElement":[{"@type":"ListItem","position":1,"name":"Home","item":"https:\/\/academicos.uprrp.edu\/preh\/"},{"@type":"ListItem","position":2,"name":"Estudiantes Activos del PREH","item":"https:\/\/academicos.uprrp.edu\/preh\/estudiantes-de-honor\/"},{"@type":"ListItem","position":3,"name":"Facultad de Humanidades"}]},{"@type":"WebSite","@id":"https:\/\/academicos.uprrp.edu\/preh\/#website","url":"https:\/\/academicos.uprrp.edu\/preh\/","name":"Programa de Estudios de Honor","description":"","potentialAction":[{"@type":"SearchAction","target":{"@type":"EntryPoint","urlTemplate":"https:\/\/academicos.uprrp.edu\/preh\/?s={search_term_string}"},"query-input":{"@type":"PropertyValueSpecification","valueRequired":true,"valueName":"search_term_string"}}],"inLanguage":"es"}]}},"_links":{"self":[{"href":"https:\/\/academicos.uprrp.edu\/preh\/wp-json\/wp\/v2\/pages\/523","targetHints":{"allow":["GET"]}}],"collection":[{"href":"https:\/\/academicos.uprrp.edu\/preh\/wp-json\/wp\/v2\/pages"}],"about":[{"href":"https:\/\/academicos.uprrp.edu\/preh\/wp-json\/wp\/v2\/types\/page"}],"author":[{"embeddable":true,"href":"https:\/\/academicos.uprrp.edu\/preh\/wp-json\/wp\/v2\/users\/9"}],"replies":[{"embeddable":true,"href":"https:\/\/academicos.uprrp.edu\/preh\/wp-json\/wp\/v2\/comments?post=523"}],"version-history":[{"count":29,"href":"https:\/\/academicos.uprrp.edu\/preh\/wp-json\/wp\/v2\/pages\/523\/revisions"}],"predecessor-version":[{"id":13288,"href":"https:\/\/academicos.uprrp.edu\/preh\/wp-json\/wp\/v2\/pages\/523\/revisions\/13288"}],"up":[{"embeddable":true,"href":"https:\/\/academicos.uprrp.edu\/preh\/wp-json\/wp\/v2\/pages\/320"}],"wp:attachment":[{"href":"https:\/\/academicos.uprrp.edu\/preh\/wp-json\/wp\/v2\/media?parent=523"}],"curies":[{"name":"wp","href":"https:\/\/api.w.org\/{rel}","templated":true}]}}