{"id":518,"date":"2019-01-25T16:24:18","date_gmt":"2019-01-25T20:24:18","guid":{"rendered":"http:\/\/preh.uprrp.edu\/?page_id=518"},"modified":"2026-02-12T14:37:57","modified_gmt":"2026-02-12T18:37:57","slug":"facultad-de-educacion","status":"publish","type":"page","link":"https:\/\/academicos.uprrp.edu\/preh\/estudiantes-de-honor\/facultad-de-educacion\/","title":{"rendered":"Facultad de Educaci\u00f3n"},"content":{"rendered":"\t\t<div data-elementor-type=\"wp-page\" data-elementor-id=\"518\" class=\"elementor elementor-518\">\n\t\t\t\t<div class=\"elementor-element elementor-element-ace544f e-flex e-con-boxed e-con e-parent\" data-id=\"ace544f\" data-element_type=\"container\" data-e-type=\"container\">\n\t\t\t\t\t<div class=\"e-con-inner\">\n\t\t\t\t<div class=\"elementor-element elementor-element-a639f4f elementor-widget elementor-widget-thim-our-team\" data-id=\"a639f4f\" data-element_type=\"widget\" data-e-type=\"widget\" data-widget_type=\"thim-our-team.default\">\n\t\t\t\t<div class=\"elementor-widget-container\">\n\t\t\t\t\t<div class=\"wrapper-lists-our-team\"><div class=\"row\"><div class=\"our-team-item col-sm-3\"><div class=\"our-team-image\"> <a class=\"link-img\" href=\"https:\/\/academicos.uprrp.edu\/preh\/our_team\/ilianivette-calcano-rivera\/\"><\/a><img decoding=\"async\" src=\"https:\/\/academicos.uprrp.edu\/preh\/wp-content\/uploads\/sites\/6\/2025\/06\/PHOTO2025_ICR02-ILIANIVETTE-CALCANO-RIVERA-scaled-200x200.jpeg\" alt=\"PHOTO2025_ICR02 &#8211; ILIANIVETTE CALCANO-RIVERA\" title=\"PHOTO2025_ICR02 &#8211; ILIANIVETTE CALCANO-RIVERA\"  width=\"200\" height=\"200\"><div class=\"social-team\"><\/div><\/div><div class=\"content-team\"><h4 class=\"title\"><a href=\"https:\/\/academicos.uprrp.edu\/preh\/our_team\/ilianivette-calcano-rivera\/\">Ilianivette Calca\u00f1o Rivera<\/a><\/h4><\/div><\/div><\/div><\/div>\t\t\t\t<\/div>\n\t\t\t\t<\/div>\n\t\t\t\t\t<\/div>\n\t\t\t\t<\/div>\n\t\t<div class=\"elementor-element elementor-element-3620e15 e-flex e-con-boxed e-con e-parent\" data-id=\"3620e15\" data-element_type=\"container\" data-e-type=\"container\">\n\t\t\t\t\t<div class=\"e-con-inner\">\n\t\t\t\t<div class=\"elementor-element elementor-element-3a624470 elementor-widget elementor-widget-text-editor\" data-id=\"3a624470\" data-element_type=\"widget\" data-e-type=\"widget\" data-widget_type=\"text-editor.default\">\n\t\t\t\t<div class=\"elementor-widget-container\">\n\t\t\t\t\t\t\t\t\t<table dir=\"ltr\" border=\"1\" cellspacing=\"0\" cellpadding=\"0\" data-sheets-root=\"1\" data-sheets-baot=\"1\"><colgroup><col width=\"86\" \/><col width=\"84\" \/><col width=\"110\" \/><\/colgroup><tbody><tr><td>Calca\u00f1o<\/td><td>Rivera<\/td><td>Ilianivette<\/td><\/tr><tr><td>Olmo<\/td><td>Cruz<\/td><td>Alanis M<\/td><\/tr><\/tbody><\/table>\t\t\t\t\t\t\t\t<\/div>\n\t\t\t\t<\/div>\n\t\t\t\t\t<\/div>\n\t\t\t\t<\/div>\n\t\t\t\t<\/div>\n\t\t","protected":false},"excerpt":{"rendered":"<p>Ilianivette Calca\u00f1o Rivera Calca\u00f1o Rivera Ilianivette Olmo Cruz Alanis M<\/p>\n","protected":false},"author":9,"featured_media":0,"parent":320,"menu_order":0,"comment_status":"closed","ping_status":"closed","template":"","meta":{"_monsterinsights_skip_tracking":false,"_monsterinsights_sitenote_active":false,"_monsterinsights_sitenote_note":"","_monsterinsights_sitenote_category":0,"footnotes":""},"class_list":["post-518","page","type-page","status-publish","hentry"],"yoast_head":"<!-- This site is optimized with the Yoast SEO plugin v27.2 - https:\/\/yoast.com\/product\/yoast-seo-wordpress\/ -->\n<title>Facultad de Educaci\u00f3n - Programa de Estudios de Honor<\/title>\n<meta name=\"robots\" content=\"index, follow, max-snippet:-1, max-image-preview:large, max-video-preview:-1\" \/>\n<link rel=\"canonical\" href=\"https:\/\/academicos.uprrp.edu\/preh\/estudiantes-de-honor\/facultad-de-educacion\/\" \/>\n<meta property=\"og:locale\" content=\"es_ES\" \/>\n<meta property=\"og:type\" content=\"article\" \/>\n<meta property=\"og:title\" content=\"Facultad de Educaci\u00f3n - Programa de Estudios de Honor\" \/>\n<meta property=\"og:description\" content=\"Ilianivette Calca\u00f1o Rivera Calca\u00f1o Rivera Ilianivette Olmo Cruz Alanis M\" \/>\n<meta property=\"og:url\" content=\"https:\/\/academicos.uprrp.edu\/preh\/estudiantes-de-honor\/facultad-de-educacion\/\" \/>\n<meta property=\"og:site_name\" content=\"Programa de Estudios de Honor\" \/>\n<meta property=\"article:modified_time\" content=\"2026-02-12T18:37:57+00:00\" \/>\n<meta property=\"og:image\" content=\"https:\/\/academicos.uprrp.edu\/preh\/wp-content\/uploads\/sites\/6\/2025\/06\/PHOTO2025_ICR02-ILIANIVETTE-CALCANO-RIVERA-scaled-200x200.jpeg\" \/>\n<meta name=\"twitter:card\" content=\"summary_large_image\" \/>\n<meta name=\"twitter:label1\" content=\"Est. reading time\" \/>\n\t<meta name=\"twitter:data1\" content=\"1 minuto\" \/>\n<script type=\"application\/ld+json\" class=\"yoast-schema-graph\">{\"@context\":\"https:\/\/schema.org\",\"@graph\":[{\"@type\":\"WebPage\",\"@id\":\"https:\/\/academicos.uprrp.edu\/preh\/estudiantes-de-honor\/facultad-de-educacion\/\",\"url\":\"https:\/\/academicos.uprrp.edu\/preh\/estudiantes-de-honor\/facultad-de-educacion\/\",\"name\":\"Facultad de Educaci\u00f3n - Programa de Estudios de Honor\",\"isPartOf\":{\"@id\":\"https:\/\/academicos.uprrp.edu\/preh\/#website\"},\"primaryImageOfPage\":{\"@id\":\"https:\/\/academicos.uprrp.edu\/preh\/estudiantes-de-honor\/facultad-de-educacion\/#primaryimage\"},\"image\":{\"@id\":\"https:\/\/academicos.uprrp.edu\/preh\/estudiantes-de-honor\/facultad-de-educacion\/#primaryimage\"},\"thumbnailUrl\":\"https:\/\/academicos.uprrp.edu\/preh\/wp-content\/uploads\/sites\/6\/2025\/06\/PHOTO2025_ICR02-ILIANIVETTE-CALCANO-RIVERA-scaled-200x200.jpeg\",\"datePublished\":\"2019-01-25T20:24:18+00:00\",\"dateModified\":\"2026-02-12T18:37:57+00:00\",\"breadcrumb\":{\"@id\":\"https:\/\/academicos.uprrp.edu\/preh\/estudiantes-de-honor\/facultad-de-educacion\/#breadcrumb\"},\"inLanguage\":\"es\",\"potentialAction\":[{\"@type\":\"ReadAction\",\"target\":[\"https:\/\/academicos.uprrp.edu\/preh\/estudiantes-de-honor\/facultad-de-educacion\/\"]}]},{\"@type\":\"ImageObject\",\"inLanguage\":\"es\",\"@id\":\"https:\/\/academicos.uprrp.edu\/preh\/estudiantes-de-honor\/facultad-de-educacion\/#primaryimage\",\"url\":\"https:\/\/academicos.uprrp.edu\/preh\/wp-content\/uploads\/sites\/6\/2025\/06\/PHOTO2025_ICR02-ILIANIVETTE-CALCANO-RIVERA-scaled-200x200.jpeg\",\"contentUrl\":\"https:\/\/academicos.uprrp.edu\/preh\/wp-content\/uploads\/sites\/6\/2025\/06\/PHOTO2025_ICR02-ILIANIVETTE-CALCANO-RIVERA-scaled-200x200.jpeg\"},{\"@type\":\"BreadcrumbList\",\"@id\":\"https:\/\/academicos.uprrp.edu\/preh\/estudiantes-de-honor\/facultad-de-educacion\/#breadcrumb\",\"itemListElement\":[{\"@type\":\"ListItem\",\"position\":1,\"name\":\"Home\",\"item\":\"https:\/\/academicos.uprrp.edu\/preh\/\"},{\"@type\":\"ListItem\",\"position\":2,\"name\":\"Estudiantes Activos del PREH\",\"item\":\"https:\/\/academicos.uprrp.edu\/preh\/estudiantes-de-honor\/\"},{\"@type\":\"ListItem\",\"position\":3,\"name\":\"Facultad de Educaci\u00f3n\"}]},{\"@type\":\"WebSite\",\"@id\":\"https:\/\/academicos.uprrp.edu\/preh\/#website\",\"url\":\"https:\/\/academicos.uprrp.edu\/preh\/\",\"name\":\"Programa de Estudios de Honor\",\"description\":\"\",\"potentialAction\":[{\"@type\":\"SearchAction\",\"target\":{\"@type\":\"EntryPoint\",\"urlTemplate\":\"https:\/\/academicos.uprrp.edu\/preh\/?s={search_term_string}\"},\"query-input\":{\"@type\":\"PropertyValueSpecification\",\"valueRequired\":true,\"valueName\":\"search_term_string\"}}],\"inLanguage\":\"es\"}]}<\/script>\n<!-- \/ Yoast SEO plugin. -->","yoast_head_json":{"title":"Facultad de Educaci\u00f3n - Programa de Estudios de Honor","robots":{"index":"index","follow":"follow","max-snippet":"max-snippet:-1","max-image-preview":"max-image-preview:large","max-video-preview":"max-video-preview:-1"},"canonical":"https:\/\/academicos.uprrp.edu\/preh\/estudiantes-de-honor\/facultad-de-educacion\/","og_locale":"es_ES","og_type":"article","og_title":"Facultad de Educaci\u00f3n - Programa de Estudios de Honor","og_description":"Ilianivette Calca\u00f1o Rivera Calca\u00f1o Rivera Ilianivette Olmo Cruz Alanis M","og_url":"https:\/\/academicos.uprrp.edu\/preh\/estudiantes-de-honor\/facultad-de-educacion\/","og_site_name":"Programa de Estudios de Honor","article_modified_time":"2026-02-12T18:37:57+00:00","og_image":[{"url":"https:\/\/academicos.uprrp.edu\/preh\/wp-content\/uploads\/sites\/6\/2025\/06\/PHOTO2025_ICR02-ILIANIVETTE-CALCANO-RIVERA-scaled-200x200.jpeg","type":"","width":"","height":""}],"twitter_card":"summary_large_image","twitter_misc":{"Est. reading time":"1 minuto"},"schema":{"@context":"https:\/\/schema.org","@graph":[{"@type":"WebPage","@id":"https:\/\/academicos.uprrp.edu\/preh\/estudiantes-de-honor\/facultad-de-educacion\/","url":"https:\/\/academicos.uprrp.edu\/preh\/estudiantes-de-honor\/facultad-de-educacion\/","name":"Facultad de Educaci\u00f3n - Programa de Estudios de Honor","isPartOf":{"@id":"https:\/\/academicos.uprrp.edu\/preh\/#website"},"primaryImageOfPage":{"@id":"https:\/\/academicos.uprrp.edu\/preh\/estudiantes-de-honor\/facultad-de-educacion\/#primaryimage"},"image":{"@id":"https:\/\/academicos.uprrp.edu\/preh\/estudiantes-de-honor\/facultad-de-educacion\/#primaryimage"},"thumbnailUrl":"https:\/\/academicos.uprrp.edu\/preh\/wp-content\/uploads\/sites\/6\/2025\/06\/PHOTO2025_ICR02-ILIANIVETTE-CALCANO-RIVERA-scaled-200x200.jpeg","datePublished":"2019-01-25T20:24:18+00:00","dateModified":"2026-02-12T18:37:57+00:00","breadcrumb":{"@id":"https:\/\/academicos.uprrp.edu\/preh\/estudiantes-de-honor\/facultad-de-educacion\/#breadcrumb"},"inLanguage":"es","potentialAction":[{"@type":"ReadAction","target":["https:\/\/academicos.uprrp.edu\/preh\/estudiantes-de-honor\/facultad-de-educacion\/"]}]},{"@type":"ImageObject","inLanguage":"es","@id":"https:\/\/academicos.uprrp.edu\/preh\/estudiantes-de-honor\/facultad-de-educacion\/#primaryimage","url":"https:\/\/academicos.uprrp.edu\/preh\/wp-content\/uploads\/sites\/6\/2025\/06\/PHOTO2025_ICR02-ILIANIVETTE-CALCANO-RIVERA-scaled-200x200.jpeg","contentUrl":"https:\/\/academicos.uprrp.edu\/preh\/wp-content\/uploads\/sites\/6\/2025\/06\/PHOTO2025_ICR02-ILIANIVETTE-CALCANO-RIVERA-scaled-200x200.jpeg"},{"@type":"BreadcrumbList","@id":"https:\/\/academicos.uprrp.edu\/preh\/estudiantes-de-honor\/facultad-de-educacion\/#breadcrumb","itemListElement":[{"@type":"ListItem","position":1,"name":"Home","item":"https:\/\/academicos.uprrp.edu\/preh\/"},{"@type":"ListItem","position":2,"name":"Estudiantes Activos del PREH","item":"https:\/\/academicos.uprrp.edu\/preh\/estudiantes-de-honor\/"},{"@type":"ListItem","position":3,"name":"Facultad de Educaci\u00f3n"}]},{"@type":"WebSite","@id":"https:\/\/academicos.uprrp.edu\/preh\/#website","url":"https:\/\/academicos.uprrp.edu\/preh\/","name":"Programa de Estudios de Honor","description":"","potentialAction":[{"@type":"SearchAction","target":{"@type":"EntryPoint","urlTemplate":"https:\/\/academicos.uprrp.edu\/preh\/?s={search_term_string}"},"query-input":{"@type":"PropertyValueSpecification","valueRequired":true,"valueName":"search_term_string"}}],"inLanguage":"es"}]}},"_links":{"self":[{"href":"https:\/\/academicos.uprrp.edu\/preh\/wp-json\/wp\/v2\/pages\/518","targetHints":{"allow":["GET"]}}],"collection":[{"href":"https:\/\/academicos.uprrp.edu\/preh\/wp-json\/wp\/v2\/pages"}],"about":[{"href":"https:\/\/academicos.uprrp.edu\/preh\/wp-json\/wp\/v2\/types\/page"}],"author":[{"embeddable":true,"href":"https:\/\/academicos.uprrp.edu\/preh\/wp-json\/wp\/v2\/users\/9"}],"replies":[{"embeddable":true,"href":"https:\/\/academicos.uprrp.edu\/preh\/wp-json\/wp\/v2\/comments?post=518"}],"version-history":[{"count":16,"href":"https:\/\/academicos.uprrp.edu\/preh\/wp-json\/wp\/v2\/pages\/518\/revisions"}],"predecessor-version":[{"id":13285,"href":"https:\/\/academicos.uprrp.edu\/preh\/wp-json\/wp\/v2\/pages\/518\/revisions\/13285"}],"up":[{"embeddable":true,"href":"https:\/\/academicos.uprrp.edu\/preh\/wp-json\/wp\/v2\/pages\/320"}],"wp:attachment":[{"href":"https:\/\/academicos.uprrp.edu\/preh\/wp-json\/wp\/v2\/media?parent=518"}],"curies":[{"name":"wp","href":"https:\/\/api.w.org\/{rel}","templated":true}]}}