{"id":305,"date":"2020-07-05T09:29:21","date_gmt":"2020-07-05T13:29:21","guid":{"rendered":"http:\/\/preh.uprrp.edu\/?page_id=305"},"modified":"2026-02-10T14:23:03","modified_gmt":"2026-02-10T18:23:03","slug":"academicos","status":"publish","type":"page","link":"https:\/\/academicos.uprrp.edu\/preh\/academicos\/","title":{"rendered":"Curr\u00edculo"},"content":{"rendered":"\t\t<div data-elementor-type=\"wp-page\" data-elementor-id=\"305\" class=\"elementor elementor-305\">\n\t\t\t\t<div class=\"elementor-element elementor-element-4a010a0 e-con-full e-flex e-con e-parent\" data-id=\"4a010a0\" data-element_type=\"container\" data-e-type=\"container\">\n\t\t\t\t<div class=\"elementor-element elementor-element-72c045b elementor-widget elementor-widget-text-editor\" data-id=\"72c045b\" data-element_type=\"widget\" data-e-type=\"widget\" data-widget_type=\"text-editor.default\">\n\t\t\t\t<div class=\"elementor-widget-container\">\n\t\t\t\t\t\t\t\t\t<p>La secuencia curricular del Programa de Estudios de Honor tiene un total de 17 cr\u00e9ditos y consta de los siguientes cursos:<\/p>\t\t\t\t\t\t\t\t<\/div>\n\t\t\t\t<\/div>\n\t\t\t\t<div class=\"elementor-element elementor-element-84423d5 elementor-widget elementor-widget-toggle\" data-id=\"84423d5\" data-element_type=\"widget\" data-e-type=\"widget\" data-widget_type=\"toggle.default\">\n\t\t\t\t<div class=\"elementor-widget-container\">\n\t\t\t\t\t\t\t<div class=\"elementor-toggle\">\n\t\t\t\t\t\t\t<div class=\"elementor-toggle-item\">\n\t\t\t\t\t<div id=\"elementor-tab-title-1381\" class=\"elementor-tab-title\" data-tab=\"1\" role=\"button\" aria-controls=\"elementor-tab-content-1381\" aria-expanded=\"false\">\n\t\t\t\t\t\t\t\t\t\t\t\t<span class=\"elementor-toggle-icon elementor-toggle-icon-left\" aria-hidden=\"true\">\n\t\t\t\t\t\t\t\t\t\t\t\t\t\t\t<span class=\"elementor-toggle-icon-closed\"><i class=\"fas fa-caret-right\"><\/i><\/span>\n\t\t\t\t\t\t\t\t<span class=\"elementor-toggle-icon-opened\"><i class=\"elementor-toggle-icon-opened fas fa-caret-up\"><\/i><\/span>\n\t\t\t\t\t\t\t\t\t\t\t\t\t<\/span>\n\t\t\t\t\t\t\t\t\t\t\t\t<a class=\"elementor-toggle-title\" tabindex=\"0\">PREH 4005 - Teor\u00edas, Metodolog\u00edas y T\u00e9cnicas de Investigaci\u00f3n (2 cr\u00e9ditos)<\/a>\n\t\t\t\t\t<\/div>\n\n\t\t\t\t\t<div id=\"elementor-tab-content-1381\" class=\"elementor-tab-content elementor-clearfix\" data-tab=\"1\" role=\"region\" aria-labelledby=\"elementor-tab-title-1381\"><p>El curso PREH 4005 constituye una introducci\u00f3n a los fundamentos primarios de la investigaci\u00f3n y orientado espec\u00edficamente a los estudiantes del Programa. El curso discute los principios b\u00e1sicos para iniciar una investigaci\u00f3n bibliogr\u00e1fica, acercarse a la definici\u00f3n de un problema de investigaci\u00f3n, estudiar una variedad de acercamientos metodol\u00f3gicos y sus marcos te\u00f3ricos, familiarizarse con la selecci\u00f3n de t\u00e9cnicas para la recopilaci\u00f3n de los datos y el dise\u00f1o y redacci\u00f3n de propuestas de investigaci\u00f3n.\u00a0<a href=\"https:\/\/academicos.uprrp.edu\/preh\/convalidaciones\/\">Este curso puede convalidarse por otros cursos que se ofrecen fuera del Programa (Listado de cursos que se pueden convalidar)<\/a><\/p><\/div>\n\t\t\t\t<\/div>\n\t\t\t\t\t\t\t<div class=\"elementor-toggle-item\">\n\t\t\t\t\t<div id=\"elementor-tab-title-1382\" class=\"elementor-tab-title\" data-tab=\"2\" role=\"button\" aria-controls=\"elementor-tab-content-1382\" aria-expanded=\"false\">\n\t\t\t\t\t\t\t\t\t\t\t\t<span class=\"elementor-toggle-icon elementor-toggle-icon-left\" aria-hidden=\"true\">\n\t\t\t\t\t\t\t\t\t\t\t\t\t\t\t<span class=\"elementor-toggle-icon-closed\"><i class=\"fas fa-caret-right\"><\/i><\/span>\n\t\t\t\t\t\t\t\t<span class=\"elementor-toggle-icon-opened\"><i class=\"elementor-toggle-icon-opened fas fa-caret-up\"><\/i><\/span>\n\t\t\t\t\t\t\t\t\t\t\t\t\t<\/span>\n\t\t\t\t\t\t\t\t\t\t\t\t<a class=\"elementor-toggle-title\" tabindex=\"0\">PREH 4900 \u2013 Estudios Individualizado (3 cr\u00e9ditos)<\/a>\n\t\t\t\t\t<\/div>\n\n\t\t\t\t\t<div id=\"elementor-tab-content-1382\" class=\"elementor-tab-content elementor-clearfix\" data-tab=\"2\" role=\"region\" aria-labelledby=\"elementor-tab-title-1382\"><p>El estudio individualizado es una oportunidad \u00fanica en la oferta curricular de la Universidad de Puerto Rico ya que surge de la iniciativa del estudiante, el cual participa activamente en su dise\u00f1o.\u00a0<strong>Provee una experiencia intelectual retadora en la cual el estudiante y el tutor trabajan juntos en la dilucidaci\u00f3n de un problema, la revisi\u00f3n de la bibliograf\u00eda pertinente, el an\u00e1lisis de textos y\/o el dise\u00f1o de una investigaci\u00f3n\/proyecto de creaci\u00f3n<\/strong>. Provee la oportunidad para que el estudiante se relacione con el campo de especializaci\u00f3n del profesor (mentor) y su m\u00e9todo de trabajo. De este modo, el profesor comparte con el estudiante actitudes tales como: la dedicaci\u00f3n al estudio, la curiosidad intelectual y la habilidad cr\u00edtica, h\u00e1bitos esenciales para el estudio individualizado y la investigaci\u00f3n. El estudiante escoge un tema de su inter\u00e9s que no es tratado a fondo en ninguno de los cursos de la instituci\u00f3n. El\u00a0tema debe ser en un \u00e1rea de estudios que el estudiante domine en consulta con su director de estudios. El profesor (mentor) del curso ayuda a definir m\u00e1s claramente el problema. Adem\u00e1s, el profesor le sugiere al estudiante los docentes expertos en el tema que podr\u00edan servir de lectores para conformar el Comit\u00e9 de Tesina o Proyecto de Creaci\u00f3n como lectores (2). La recomendaci\u00f3n final se har\u00e1 por mutuo acuerdo, una vez ponderadas las diversas opciones. Los miembros del Comit\u00e9 de Tesina o Proyecto de Creaci\u00f3n del estudiante son: el profesor (mentor)&#8211;quien ser\u00e1 el director del Comit\u00e9&#8211;y dos lectores; y como miembros ex officio, el director y\/o director asociado del Programa. Cuando el profesor manifiesta su disposici\u00f3n de dirigir un estudio individualizado, se re\u00fane con el estudiante para dise\u00f1ar el curso y preparar la propuesta de s\u00edlabo para crear el curso. La propuesta se somete ante la consideraci\u00f3n del Consejo Directivo del Programa, previa consulta con el director de estudios del estudiante. Despu\u00e9s de que se aprueba el estudio individualizado, otros estudiantes pueden matricularse (hasta un m\u00e1ximo de cinco), siempre y cuando cuenten con la autorizaci\u00f3n del profesor en consulta con el\u00a0 estudiante que dise\u00f1\u00f3 el curso. Las reuniones\u00a0 del curso ser\u00e1n por acuerdo. La iniciativa de creaci\u00f3n de un estudio individualizado puede partir, tambi\u00e9n, de un profesor o de un miembro del Consejo Directivo, pero es necesario que alg\u00fan estudiante participe su dise\u00f1o, previo a la consideraci\u00f3n de la propuesta de s\u00edlabo por el Consejo Directivo. El Programa recomienda enf\u00e1ticamente que cada estudiante participe en el dise\u00f1o de su estudio individualizado.\u00a0<strong>Al finalizar el curso, como parte de los criterios de evaluaci\u00f3n, el estudiante defender\u00e1 oralmente su propuesta de tesina o proyecto de creaci\u00f3n ante su Comit\u00e9<\/strong>\u00a0<strong>de Tesina o Proyecto de Creaci\u00f3n.<\/strong>\u00a0<\/p><\/div>\n\t\t\t\t<\/div>\n\t\t\t\t\t\t\t<div class=\"elementor-toggle-item\">\n\t\t\t\t\t<div id=\"elementor-tab-title-1383\" class=\"elementor-tab-title\" data-tab=\"3\" role=\"button\" aria-controls=\"elementor-tab-content-1383\" aria-expanded=\"false\">\n\t\t\t\t\t\t\t\t\t\t\t\t<span class=\"elementor-toggle-icon elementor-toggle-icon-left\" aria-hidden=\"true\">\n\t\t\t\t\t\t\t\t\t\t\t\t\t\t\t<span class=\"elementor-toggle-icon-closed\"><i class=\"fas fa-caret-right\"><\/i><\/span>\n\t\t\t\t\t\t\t\t<span class=\"elementor-toggle-icon-opened\"><i class=\"elementor-toggle-icon-opened fas fa-caret-up\"><\/i><\/span>\n\t\t\t\t\t\t\t\t\t\t\t\t\t<\/span>\n\t\t\t\t\t\t\t\t\t\t\t\t<a class=\"elementor-toggle-title\" tabindex=\"0\">PREH -- 4980 Tesina de Honor (3 cr\u00e9ditos)<\/a>\n\t\t\t\t\t<\/div>\n\n\t\t\t\t\t<div id=\"elementor-tab-content-1383\" class=\"elementor-tab-content elementor-clearfix\" data-tab=\"3\" role=\"region\" aria-labelledby=\"elementor-tab-title-1383\"><p>La tesina o proyecto de creaci\u00f3n constituye la culminaci\u00f3n de los requisitos acad\u00e9micos del Programa. Ambos, la tesina y el proyecto de creaci\u00f3n, son trabajos acad\u00e9micos rigurosos. En el caso de la tesina, el\/la estudiante investiga un tema a profundidad. Los proyectos de creaci\u00f3n incluyen un componente de investigaci\u00f3n; no obstante, se centran en la elaboraci\u00f3n de una obra original en su campo de estudio (por ejemplo, obra literaria, de artes visuales, teatral, o musical; una serie de unidades curriculares; una traducci\u00f3n; plan de negocios; maqueta de proyecto arquitect\u00f3nico, entre otros). En ambos casos, el trabajo se lleva a cabo con el apoyo de un(a) profesor(a), que le sirve al\/a la estudiante como mentor(a).<\/p><\/div>\n\t\t\t\t<\/div>\n\t\t\t\t\t\t\t<div class=\"elementor-toggle-item\">\n\t\t\t\t\t<div id=\"elementor-tab-title-1384\" class=\"elementor-tab-title\" data-tab=\"4\" role=\"button\" aria-controls=\"elementor-tab-content-1384\" aria-expanded=\"false\">\n\t\t\t\t\t\t\t\t\t\t\t\t<span class=\"elementor-toggle-icon elementor-toggle-icon-left\" aria-hidden=\"true\">\n\t\t\t\t\t\t\t\t\t\t\t\t\t\t\t<span class=\"elementor-toggle-icon-closed\"><i class=\"fas fa-caret-right\"><\/i><\/span>\n\t\t\t\t\t\t\t\t<span class=\"elementor-toggle-icon-opened\"><i class=\"elementor-toggle-icon-opened fas fa-caret-up\"><\/i><\/span>\n\t\t\t\t\t\t\t\t\t\t\t\t\t<\/span>\n\t\t\t\t\t\t\t\t\t\t\t\t<a class=\"elementor-toggle-title\" tabindex=\"0\">PREH \u2013 4676 Seminario Interdisciplinario (3 cr\u00e9ditos)<\/a>\n\t\t\t\t\t<\/div>\n\n\t\t\t\t\t<div id=\"elementor-tab-content-1384\" class=\"elementor-tab-content elementor-clearfix\" data-tab=\"4\" role=\"region\" aria-labelledby=\"elementor-tab-title-1384\"><p>El seminario es un curso de investigaci\u00f3n con un enfoque interdisciplinario en el cual se abordan uno o m\u00e1s temas desde distintas perspectivas. Uno o varios profesores se encargan de dirigir el seminario, guiar al estudiante en la investigaci\u00f3n y supervisar la redacci\u00f3n de una monograf\u00eda u otro tipo de trabajo de investigaci\u00f3n. El seminario tiene una matr\u00edcula m\u00e1xima de 15 estudiantes. El Consejo Directivo aprueba los seminarios a ofrecerse.<\/p><\/div>\n\t\t\t\t<\/div>\n\t\t\t\t\t\t\t<div class=\"elementor-toggle-item\">\n\t\t\t\t\t<div id=\"elementor-tab-title-1385\" class=\"elementor-tab-title\" data-tab=\"5\" role=\"button\" aria-controls=\"elementor-tab-content-1385\" aria-expanded=\"false\">\n\t\t\t\t\t\t\t\t\t\t\t\t<span class=\"elementor-toggle-icon elementor-toggle-icon-left\" aria-hidden=\"true\">\n\t\t\t\t\t\t\t\t\t\t\t\t\t\t\t<span class=\"elementor-toggle-icon-closed\"><i class=\"fas fa-caret-right\"><\/i><\/span>\n\t\t\t\t\t\t\t\t<span class=\"elementor-toggle-icon-opened\"><i class=\"elementor-toggle-icon-opened fas fa-caret-up\"><\/i><\/span>\n\t\t\t\t\t\t\t\t\t\t\t\t\t<\/span>\n\t\t\t\t\t\t\t\t\t\t\t\t<a class=\"elementor-toggle-title\" tabindex=\"0\">Competencias Ling\u00fc\u00edsticas (6 cr\u00e9ditos)<\/a>\n\t\t\t\t\t<\/div>\n\n\t\t\t\t\t<div id=\"elementor-tab-content-1385\" class=\"elementor-tab-content elementor-clearfix\" data-tab=\"5\" role=\"region\" aria-labelledby=\"elementor-tab-title-1385\"><ol>\n<li>Cursar 6 crs. de un tercer idioma (lenguas extranjeras) adicional al ingl\u00e9s y espa\u00f1ol<\/li>\n<li>Cursar 6 crs. un lenguaje artificial (i.e. lenguaje de computaci\u00f3n)<\/li>\n<li>Tomar los cursos de redacci\u00f3n avanzada en ingl\u00e9s y espa\u00f1ol que ofrece el Programa:\n<ul>\n<li><strong>PREH 4655<\/strong>\u00a0\u2013 El Proceso de Redacci\u00f3n y sus Aplicaciones: Ingl\u00e9s (3 cr\u00e9ditos)<\/li>\n<li><strong>PREH 4650<\/strong>\u00a0\u2013 El Proceso de Redacci\u00f3n y sus Aplicaciones: Espa\u00f1ol (3 cr\u00e9ditos)<\/li>\n<\/ul>\n<\/li>\n<\/ol>\n<p><span style=\"color: #ff0000\"><strong>Importante:<\/strong>\u00a0<\/span>Los estudiantes que pertenezcan a programas en los cuales se les requiera tomar 6 o m\u00e1s cr\u00e9ditos de un tercer idioma o lenguaje artificial, podr\u00e1n satisfacer el requisito de los 6 cr\u00e9ditos tomando otros cursos de lenguas extranjeras, lenguaje artificial, lenguaje de se\u00f1as, lenguaje braille u otros cursos autorizados por el Consejo Directivo.<\/p><\/div>\n\t\t\t\t<\/div>\n\t\t\t\t\t\t\t<div class=\"elementor-toggle-item\">\n\t\t\t\t\t<div id=\"elementor-tab-title-1386\" class=\"elementor-tab-title\" data-tab=\"6\" role=\"button\" aria-controls=\"elementor-tab-content-1386\" aria-expanded=\"false\">\n\t\t\t\t\t\t\t\t\t\t\t\t<span class=\"elementor-toggle-icon elementor-toggle-icon-left\" aria-hidden=\"true\">\n\t\t\t\t\t\t\t\t\t\t\t\t\t\t\t<span class=\"elementor-toggle-icon-closed\"><i class=\"fas fa-caret-right\"><\/i><\/span>\n\t\t\t\t\t\t\t\t<span class=\"elementor-toggle-icon-opened\"><i class=\"elementor-toggle-icon-opened fas fa-caret-up\"><\/i><\/span>\n\t\t\t\t\t\t\t\t\t\t\t\t\t<\/span>\n\t\t\t\t\t\t\t\t\t\t\t\t<a class=\"elementor-toggle-title\" tabindex=\"0\">Actividades Co-curriculares<\/a>\n\t\t\t\t\t<\/div>\n\n\t\t\t\t\t<div id=\"elementor-tab-content-1386\" class=\"elementor-tab-content elementor-clearfix\" data-tab=\"6\" role=\"region\" aria-labelledby=\"elementor-tab-title-1386\"><p>El Programa auspicia reuniones de sus miembros con visitantes distinguidos y los estudiantes invitan a profesores para dar charlas, conferencias, talleres, foros, tertulias y coloquios. Se estimula todo tipo de iniciativa estudiantil que contribuya al desarrollo acad\u00e9mico. Las actividades co-curriculares proveen a los estudiantes la oportunidad de acercarse a diferentes campos del saber y de relacionarse con profesores de diversas \u00e1reas. La interacci\u00f3n de estudiantes seriamente comprometidos con la labor acad\u00e9mica genera un clima de dedicaci\u00f3n a la vida intelectual.\u00a0<\/p><\/div>\n\t\t\t\t<\/div>\n\t\t\t\t\t\t\t\t<\/div>\n\t\t\t\t\t\t<\/div>\n\t\t\t\t<\/div>\n\t\t\t\t<\/div>\n\t\t<div class=\"elementor-element elementor-element-7a37759b e-con-full e-flex e-con e-parent\" data-id=\"7a37759b\" data-element_type=\"container\" data-e-type=\"container\">\n\t\t\t\t<div class=\"elementor-element elementor-element-639e2ff0 elementor-widget elementor-widget-text-editor\" data-id=\"639e2ff0\" data-element_type=\"widget\" data-e-type=\"widget\" data-widget_type=\"text-editor.default\">\n\t\t\t\t<div class=\"elementor-widget-container\">\n\t\t\t\t\t\t\t\t\t<h4><a href=\"https:\/\/academicos.uprrp.edu\/preh\/wp-content\/uploads\/sites\/6\/2024\/06\/Requisitos-del-programa-checklist.pdf\" target=\"_blank\" rel=\"noopener\">Secuencia curricular<\/a><\/h4>\n<h4><!-- \/wp:paragraph --><\/h4>\n<h4><!-- wp:heading {\"level\":4,\"style\":{\"elements\":{\"link\":{\"color\":{\"text\":\"var:preset|color|vivid-red\"}}}},\"textColor\":\"vivid-red\"} --><\/h4>\n<h4><!-- \/wp:heading --><\/h4>\n<h4><!-- wp:heading {\"level\":4,\"style\":{\"elements\":{\"link\":{\"color\":{\"text\":\"var:preset|color|vivid-red\"}}}},\"textColor\":\"vivid-red\"} --><\/h4>\n<h4 class=\"wp-block-heading has-vivid-red-color has-text-color has-link-color\"><a href=\"https:\/\/academicos.uprrp.edu\/preh\/otrosdocumentos\/\" target=\"_blank\" rel=\"noreferrer noopener\">Documentos relacionados con los cursos del PREH<\/a><\/h4>\n<h4><!-- \/wp:heading --><\/h4>\n<h4><!-- wp:heading {\"level\":4,\"style\":{\"elements\":{\"link\":{\"color\":{\"text\":\"var:preset|color|vivid-red\"}}}},\"textColor\":\"vivid-red\"} --><\/h4>\n<h4 class=\"wp-block-heading has-vivid-red-color has-text-color has-link-color\"><a href=\"https:\/\/academicos.uprrp.edu\/preh\/convalidaciones\/\" target=\"_blank\" rel=\"noreferrer noopener\">Convalidaci\u00f3n de cursos<\/a><\/h4>\n<p><!-- \/wp:heading --><\/p>\t\t\t\t\t\t\t\t<\/div>\n\t\t\t\t<\/div>\n\t\t\t\t<\/div>\n\t\t\t\t<\/div>\n\t\t","protected":false},"excerpt":{"rendered":"<p>La secuencia curricular del Programa de Estudios de Honor tiene un total de 17 cr\u00e9ditos y consta de los siguientes cursos: PREH 4005 &#8211; Teor\u00edas, Metodolog\u00edas y T\u00e9cnicas de Investigaci\u00f3n (2 cr\u00e9ditos) El curso PREH 4005 constituye una introducci\u00f3n a &hellip; <\/p>\n","protected":false},"author":9,"featured_media":0,"parent":0,"menu_order":0,"comment_status":"closed","ping_status":"closed","template":"","meta":{"_monsterinsights_skip_tracking":false,"_monsterinsights_sitenote_active":false,"_monsterinsights_sitenote_note":"","_monsterinsights_sitenote_category":0,"footnotes":""},"class_list":["post-305","page","type-page","status-publish","hentry"],"yoast_head":"<!-- This site is optimized with the Yoast SEO plugin v27.2 - https:\/\/yoast.com\/product\/yoast-seo-wordpress\/ -->\n<title>Curr\u00edculo - Programa de Estudios de Honor<\/title>\n<meta name=\"robots\" content=\"index, follow, max-snippet:-1, max-image-preview:large, max-video-preview:-1\" \/>\n<link rel=\"canonical\" href=\"https:\/\/academicos.uprrp.edu\/preh\/academicos\/\" \/>\n<meta property=\"og:locale\" content=\"es_ES\" \/>\n<meta property=\"og:type\" content=\"article\" \/>\n<meta property=\"og:title\" content=\"Curr\u00edculo - Programa de Estudios de Honor\" \/>\n<meta property=\"og:description\" content=\"La secuencia curricular del Programa de Estudios de Honor tiene un total de 17 cr\u00e9ditos y consta de los siguientes cursos: PREH 4005 &#8211; Teor\u00edas, Metodolog\u00edas y T\u00e9cnicas de Investigaci\u00f3n (2 cr\u00e9ditos) El curso PREH 4005 constituye una introducci\u00f3n a &hellip;\" \/>\n<meta property=\"og:url\" content=\"https:\/\/academicos.uprrp.edu\/preh\/academicos\/\" \/>\n<meta property=\"og:site_name\" content=\"Programa de Estudios de Honor\" \/>\n<meta property=\"article:modified_time\" content=\"2026-02-10T18:23:03+00:00\" \/>\n<meta name=\"twitter:card\" content=\"summary_large_image\" \/>\n<meta name=\"twitter:label1\" content=\"Est. reading time\" \/>\n\t<meta name=\"twitter:data1\" content=\"5 minutos\" \/>\n<script type=\"application\/ld+json\" class=\"yoast-schema-graph\">{\"@context\":\"https:\/\/schema.org\",\"@graph\":[{\"@type\":\"WebPage\",\"@id\":\"https:\/\/academicos.uprrp.edu\/preh\/academicos\/\",\"url\":\"https:\/\/academicos.uprrp.edu\/preh\/academicos\/\",\"name\":\"Curr\u00edculo - Programa de Estudios de Honor\",\"isPartOf\":{\"@id\":\"https:\/\/academicos.uprrp.edu\/preh\/#website\"},\"datePublished\":\"2020-07-05T13:29:21+00:00\",\"dateModified\":\"2026-02-10T18:23:03+00:00\",\"breadcrumb\":{\"@id\":\"https:\/\/academicos.uprrp.edu\/preh\/academicos\/#breadcrumb\"},\"inLanguage\":\"es\",\"potentialAction\":[{\"@type\":\"ReadAction\",\"target\":[\"https:\/\/academicos.uprrp.edu\/preh\/academicos\/\"]}]},{\"@type\":\"BreadcrumbList\",\"@id\":\"https:\/\/academicos.uprrp.edu\/preh\/academicos\/#breadcrumb\",\"itemListElement\":[{\"@type\":\"ListItem\",\"position\":1,\"name\":\"Home\",\"item\":\"https:\/\/academicos.uprrp.edu\/preh\/\"},{\"@type\":\"ListItem\",\"position\":2,\"name\":\"Curr\u00edculo\"}]},{\"@type\":\"WebSite\",\"@id\":\"https:\/\/academicos.uprrp.edu\/preh\/#website\",\"url\":\"https:\/\/academicos.uprrp.edu\/preh\/\",\"name\":\"Programa de Estudios de Honor\",\"description\":\"\",\"potentialAction\":[{\"@type\":\"SearchAction\",\"target\":{\"@type\":\"EntryPoint\",\"urlTemplate\":\"https:\/\/academicos.uprrp.edu\/preh\/?s={search_term_string}\"},\"query-input\":{\"@type\":\"PropertyValueSpecification\",\"valueRequired\":true,\"valueName\":\"search_term_string\"}}],\"inLanguage\":\"es\"}]}<\/script>\n<!-- \/ Yoast SEO plugin. -->","yoast_head_json":{"title":"Curr\u00edculo - Programa de Estudios de Honor","robots":{"index":"index","follow":"follow","max-snippet":"max-snippet:-1","max-image-preview":"max-image-preview:large","max-video-preview":"max-video-preview:-1"},"canonical":"https:\/\/academicos.uprrp.edu\/preh\/academicos\/","og_locale":"es_ES","og_type":"article","og_title":"Curr\u00edculo - Programa de Estudios de Honor","og_description":"La secuencia curricular del Programa de Estudios de Honor tiene un total de 17 cr\u00e9ditos y consta de los siguientes cursos: PREH 4005 &#8211; Teor\u00edas, Metodolog\u00edas y T\u00e9cnicas de Investigaci\u00f3n (2 cr\u00e9ditos) El curso PREH 4005 constituye una introducci\u00f3n a &hellip;","og_url":"https:\/\/academicos.uprrp.edu\/preh\/academicos\/","og_site_name":"Programa de Estudios de Honor","article_modified_time":"2026-02-10T18:23:03+00:00","twitter_card":"summary_large_image","twitter_misc":{"Est. reading time":"5 minutos"},"schema":{"@context":"https:\/\/schema.org","@graph":[{"@type":"WebPage","@id":"https:\/\/academicos.uprrp.edu\/preh\/academicos\/","url":"https:\/\/academicos.uprrp.edu\/preh\/academicos\/","name":"Curr\u00edculo - Programa de Estudios de Honor","isPartOf":{"@id":"https:\/\/academicos.uprrp.edu\/preh\/#website"},"datePublished":"2020-07-05T13:29:21+00:00","dateModified":"2026-02-10T18:23:03+00:00","breadcrumb":{"@id":"https:\/\/academicos.uprrp.edu\/preh\/academicos\/#breadcrumb"},"inLanguage":"es","potentialAction":[{"@type":"ReadAction","target":["https:\/\/academicos.uprrp.edu\/preh\/academicos\/"]}]},{"@type":"BreadcrumbList","@id":"https:\/\/academicos.uprrp.edu\/preh\/academicos\/#breadcrumb","itemListElement":[{"@type":"ListItem","position":1,"name":"Home","item":"https:\/\/academicos.uprrp.edu\/preh\/"},{"@type":"ListItem","position":2,"name":"Curr\u00edculo"}]},{"@type":"WebSite","@id":"https:\/\/academicos.uprrp.edu\/preh\/#website","url":"https:\/\/academicos.uprrp.edu\/preh\/","name":"Programa de Estudios de Honor","description":"","potentialAction":[{"@type":"SearchAction","target":{"@type":"EntryPoint","urlTemplate":"https:\/\/academicos.uprrp.edu\/preh\/?s={search_term_string}"},"query-input":{"@type":"PropertyValueSpecification","valueRequired":true,"valueName":"search_term_string"}}],"inLanguage":"es"}]}},"_links":{"self":[{"href":"https:\/\/academicos.uprrp.edu\/preh\/wp-json\/wp\/v2\/pages\/305","targetHints":{"allow":["GET"]}}],"collection":[{"href":"https:\/\/academicos.uprrp.edu\/preh\/wp-json\/wp\/v2\/pages"}],"about":[{"href":"https:\/\/academicos.uprrp.edu\/preh\/wp-json\/wp\/v2\/types\/page"}],"author":[{"embeddable":true,"href":"https:\/\/academicos.uprrp.edu\/preh\/wp-json\/wp\/v2\/users\/9"}],"replies":[{"embeddable":true,"href":"https:\/\/academicos.uprrp.edu\/preh\/wp-json\/wp\/v2\/comments?post=305"}],"version-history":[{"count":32,"href":"https:\/\/academicos.uprrp.edu\/preh\/wp-json\/wp\/v2\/pages\/305\/revisions"}],"predecessor-version":[{"id":13249,"href":"https:\/\/academicos.uprrp.edu\/preh\/wp-json\/wp\/v2\/pages\/305\/revisions\/13249"}],"wp:attachment":[{"href":"https:\/\/academicos.uprrp.edu\/preh\/wp-json\/wp\/v2\/media?parent=305"}],"curies":[{"name":"wp","href":"https:\/\/api.w.org\/{rel}","templated":true}]}}