{"id":16,"date":"2018-03-28T13:38:41","date_gmt":"2018-03-28T13:38:41","guid":{"rendered":"http:\/\/preh.uprrp.edu\/?page_id=16"},"modified":"2024-04-29T10:57:10","modified_gmt":"2024-04-29T14:57:10","slug":"consejo-directivo","status":"publish","type":"page","link":"https:\/\/academicos.uprrp.edu\/preh\/consejo-directivo\/","title":{"rendered":"Consejo Directivo"},"content":{"rendered":"\t\t<div data-elementor-type=\"wp-page\" data-elementor-id=\"16\" class=\"elementor elementor-16\">\n\t\t\t\t<div class=\"elementor-element elementor-element-5a2eb1d e-con-full e-flex e-con e-parent\" data-id=\"5a2eb1d\" data-element_type=\"container\" data-e-type=\"container\">\n\t\t\t\t<div class=\"elementor-element elementor-element-2801d4c elementor-widget elementor-widget-text-editor\" data-id=\"2801d4c\" data-element_type=\"widget\" data-e-type=\"widget\" data-widget_type=\"text-editor.default\">\n\t\t\t\t<div class=\"elementor-widget-container\">\n\t\t\t\t\t\t\t\t\t<p>El Consejo Directivo est\u00e1 compuesto por el director, director asociado y los directores de las facultades y escuelas del recinto.<\/p>\t\t\t\t\t\t\t\t<\/div>\n\t\t\t\t<\/div>\n\t\t\t\t<div class=\"elementor-element elementor-element-66c814b eael-dual-header-content-align-left elementor-widget elementor-widget-eael-dual-color-header\" data-id=\"66c814b\" data-element_type=\"widget\" data-e-type=\"widget\" data-widget_type=\"eael-dual-color-header.default\">\n\t\t\t\t<div class=\"elementor-widget-container\">\n\t\t\t\t\t\t\t\t<div class=\"eael-dual-header\">\n\t\t\t\t<h5 class=\"title eael-dch-title\"><span class=\"eael-dch-title-text eael-dch-title-lead lead solid-color\">Dra. Elaine Alfonso-Cabiya,<\/span> <span class=\"eael-dch-title-text\">Directora<\/span><\/h5>\t\t\t\t\t<span class=\"subtext\"><p style=\"text-align: left\"><a href=\"mailto:programa.honor@upr.edu\">programa.honor@upr.edu<\/a><\/p><\/span>\n\t\t\t\t\t\t\t<\/div>\n\n\t\t\t\t\t\t<\/div>\n\t\t\t\t<\/div>\n\t\t\t\t<div class=\"elementor-element elementor-element-e0280d2 elementor-widget elementor-widget-toggle\" data-id=\"e0280d2\" data-element_type=\"widget\" data-e-type=\"widget\" data-widget_type=\"toggle.default\">\n\t\t\t\t<div class=\"elementor-widget-container\">\n\t\t\t\t\t\t\t<div class=\"elementor-toggle\">\n\t\t\t\t\t\t\t<div class=\"elementor-toggle-item\">\n\t\t\t\t\t<div id=\"elementor-tab-title-2351\" class=\"elementor-tab-title\" data-tab=\"1\" role=\"button\" aria-controls=\"elementor-tab-content-2351\" aria-expanded=\"false\">\n\t\t\t\t\t\t\t\t\t\t\t\t<span class=\"elementor-toggle-icon elementor-toggle-icon-left\" aria-hidden=\"true\">\n\t\t\t\t\t\t\t\t\t\t\t\t\t\t\t<span class=\"elementor-toggle-icon-closed\"><i class=\"fas fa-caret-right\"><\/i><\/span>\n\t\t\t\t\t\t\t\t<span class=\"elementor-toggle-icon-opened\"><i class=\"elementor-toggle-icon-opened fas fa-caret-up\"><\/i><\/span>\n\t\t\t\t\t\t\t\t\t\t\t\t\t<\/span>\n\t\t\t\t\t\t\t\t\t\t\t\t<a class=\"elementor-toggle-title\" tabindex=\"0\">Rese\u00f1a<\/a>\n\t\t\t\t\t<\/div>\n\n\t\t\t\t\t<div id=\"elementor-tab-content-2351\" class=\"elementor-tab-content elementor-clearfix\" data-tab=\"1\" role=\"region\" aria-labelledby=\"elementor-tab-title-2351\"><p>La doctora Alfonso-Cabiya posee un doctorado en Tecnolog\u00eda Educativa y Educaci\u00f3n a Distancia de Nova Southeastern University y una maestr\u00eda en Educaci\u00f3n Comercial del recinto de New York University. Se desempe\u00f1a como directora del PREH desde el Primer Semestre 2020-2021. Anteriormente, fue coordinadora del PREH por a\u00f1o y medio.\u00a0 Es Catedr\u00e1tica Auxiliar en el recinto de R\u00edo Piedras y ofrece cursos de tecnolog\u00eda en el Programa de Gerencia de Oficina de la Facultad de Administraci\u00f3n de Empresas. Del 2009 al 2011 trabaj\u00f3 como ayudante especial de la rectora Ana Guadalupe como asistente especial de planificaci\u00f3n estrat\u00e9gica y educaci\u00f3n a distancia.\u00a0<\/p><\/div>\n\t\t\t\t<\/div>\n\t\t\t\t\t\t\t\t<\/div>\n\t\t\t\t\t\t<\/div>\n\t\t\t\t<\/div>\n\t\t\t\t<div class=\"elementor-element elementor-element-2a674f1 elementor-widget elementor-widget-spacer\" data-id=\"2a674f1\" data-element_type=\"widget\" data-e-type=\"widget\" data-widget_type=\"spacer.default\">\n\t\t\t\t<div class=\"elementor-widget-container\">\n\t\t\t\t\t\t\t<div class=\"elementor-spacer\">\n\t\t\t<div class=\"elementor-spacer-inner\"><\/div>\n\t\t<\/div>\n\t\t\t\t\t\t<\/div>\n\t\t\t\t<\/div>\n\t\t\t\t<div class=\"elementor-element elementor-element-5c8bbec elementor-widget elementor-widget-heading\" data-id=\"5c8bbec\" data-element_type=\"widget\" data-e-type=\"widget\" data-widget_type=\"heading.default\">\n\t\t\t\t<div class=\"elementor-widget-container\">\n\t\t\t\t\t<h2 class=\"elementor-heading-title elementor-size-default\">DIRECTORES DE ESTUDIO<\/h2>\t\t\t\t<\/div>\n\t\t\t\t<\/div>\n\t\t\t\t<div class=\"elementor-element elementor-element-2aa6c5e elementor-widget elementor-widget-heading\" data-id=\"2aa6c5e\" data-element_type=\"widget\" data-e-type=\"widget\" data-widget_type=\"heading.default\">\n\t\t\t\t<div class=\"elementor-widget-container\">\n\t\t\t\t\t<h3 class=\"elementor-heading-title elementor-size-default\">Facultad de Administraci\u00f3n de Empresas<\/h3>\t\t\t\t<\/div>\n\t\t\t\t<\/div>\n\t\t\t\t<div class=\"elementor-element elementor-element-e4e9336 eael-dual-header-content-align-left elementor-widget elementor-widget-eael-dual-color-header\" data-id=\"e4e9336\" data-element_type=\"widget\" data-e-type=\"widget\" data-widget_type=\"eael-dual-color-header.default\">\n\t\t\t\t<div class=\"elementor-widget-container\">\n\t\t\t\t\t\t\t\t<div class=\"eael-dual-header\">\n\t\t\t\t<h5 class=\"title eael-dch-title\"><span class=\"eael-dch-title-text eael-dch-title-lead lead solid-color\">Dra. Myra M. P\u00e9rez Rivera<\/span> <span class=\"eael-dch-title-text\"><\/span><\/h5>\t\t\t\t\t<span class=\"subtext\"><p style=\"text-align: left\"><a href=\"mailto:myra.perez@upr.edu\">myra.perez@upr.edu<\/a><\/p><\/span>\n\t\t\t\t\t\t\t<\/div>\n\n\t\t\t\t\t\t<\/div>\n\t\t\t\t<\/div>\n\t\t\t\t<div class=\"elementor-element elementor-element-9917d5e elementor-widget elementor-widget-spacer\" data-id=\"9917d5e\" data-element_type=\"widget\" data-e-type=\"widget\" data-widget_type=\"spacer.default\">\n\t\t\t\t<div class=\"elementor-widget-container\">\n\t\t\t\t\t\t\t<div class=\"elementor-spacer\">\n\t\t\t<div class=\"elementor-spacer-inner\"><\/div>\n\t\t<\/div>\n\t\t\t\t\t\t<\/div>\n\t\t\t\t<\/div>\n\t\t\t\t<div class=\"elementor-element elementor-element-c8231b0 elementor-widget elementor-widget-heading\" data-id=\"c8231b0\" data-element_type=\"widget\" data-e-type=\"widget\" data-widget_type=\"heading.default\">\n\t\t\t\t<div class=\"elementor-widget-container\">\n\t\t\t\t\t<h3 class=\"elementor-heading-title elementor-size-default\">Facultad de Ciencias Naturales<\/h3>\t\t\t\t<\/div>\n\t\t\t\t<\/div>\n\t\t\t\t<div class=\"elementor-element elementor-element-a4398ea eael-dual-header-content-align-left elementor-widget elementor-widget-eael-dual-color-header\" data-id=\"a4398ea\" data-element_type=\"widget\" data-e-type=\"widget\" data-widget_type=\"eael-dual-color-header.default\">\n\t\t\t\t<div class=\"elementor-widget-container\">\n\t\t\t\t\t\t\t\t<div class=\"eael-dual-header\">\n\t\t\t\t<h5 class=\"title eael-dch-title\"><span class=\"eael-dch-title-text eael-dch-title-lead lead solid-color\">Dr. Jos\u00e9 A. Rodr\u00edguez Mart\u00ednez<\/span> <span class=\"eael-dch-title-text\"><\/span><\/h5>\t\t\t\t\t<span class=\"subtext\"><p><a href=\"mailto:jose.rodriguez233@upr.edu\">jose.rodriguez233@upr.edu<\/a><\/p><\/span>\n\t\t\t\t\t\t\t<\/div>\n\n\t\t\t\t\t\t<\/div>\n\t\t\t\t<\/div>\n\t\t\t\t<div class=\"elementor-element elementor-element-cb34ddc elementor-widget elementor-widget-toggle\" data-id=\"cb34ddc\" data-element_type=\"widget\" data-e-type=\"widget\" data-widget_type=\"toggle.default\">\n\t\t\t\t<div class=\"elementor-widget-container\">\n\t\t\t\t\t\t\t<div class=\"elementor-toggle\">\n\t\t\t\t\t\t\t<div class=\"elementor-toggle-item\">\n\t\t\t\t\t<div id=\"elementor-tab-title-2131\" class=\"elementor-tab-title\" data-tab=\"1\" role=\"button\" aria-controls=\"elementor-tab-content-2131\" aria-expanded=\"false\">\n\t\t\t\t\t\t\t\t\t\t\t\t<span class=\"elementor-toggle-icon elementor-toggle-icon-left\" aria-hidden=\"true\">\n\t\t\t\t\t\t\t\t\t\t\t\t\t\t\t<span class=\"elementor-toggle-icon-closed\"><i class=\"fas fa-caret-right\"><\/i><\/span>\n\t\t\t\t\t\t\t\t<span class=\"elementor-toggle-icon-opened\"><i class=\"elementor-toggle-icon-opened fas fa-caret-up\"><\/i><\/span>\n\t\t\t\t\t\t\t\t\t\t\t\t\t<\/span>\n\t\t\t\t\t\t\t\t\t\t\t\t<a class=\"elementor-toggle-title\" tabindex=\"0\">Rese\u00f1a<\/a>\n\t\t\t\t\t<\/div>\n\n\t\t\t\t\t<div id=\"elementor-tab-content-2131\" class=\"elementor-tab-content elementor-clearfix\" data-tab=\"1\" role=\"region\" aria-labelledby=\"elementor-tab-title-2131\"><p style=\"text-align: left;\">Jos\u00e9 Arcadio Rodr\u00edguez-Mart\u00ednez es Catedr\u00e1tico Auxiliar en el Departamento de Biolog\u00eda de la Facultad de Ciencias Naturales. Complet\u00f3 su doctorado en Qu\u00edmica en la Universidad de Puerto Rico R\u00edo Piedras en donde aplic\u00f3 estrategias qu\u00edmicas para mejorar la estabilidad de formulaciones farmac\u00e9uticas a base de prote\u00ednas. Realiz\u00f3 investigaci\u00f3n postdoctoral en la Universidad de Wisconsin en Madison en donde desarroll\u00f3 m\u00e9todos experimentales para el estudiar interacciones entre prote\u00ednas y ADN.<\/p>\n<p style=\"text-align: left;\">La misi\u00f3n de su laboratorio\u00a0es entender c\u00f3mo las prote\u00ednas interaccionan e interpretan el material gen\u00e9tico de la c\u00e9lula con enfoque en los defectos cong\u00e9nitos del coraz\u00f3n. Durante los pasados cinco a\u00f1os, el Dr. Rodr\u00edguez-Mart\u00ednez ha entrenado y mentoreado sobre 30 estudiantes y ha conseguido sobre $1.4M en fondos externos para subvencionar sus investigaciones. En 2020 fue listado como uno de los \u00ab100 inspiring Hispanic\/Latinx scientists in America\u00bb<\/p><\/div>\n\t\t\t\t<\/div>\n\t\t\t\t\t\t\t\t<\/div>\n\t\t\t\t\t\t<\/div>\n\t\t\t\t<\/div>\n\t\t\t\t<div class=\"elementor-element elementor-element-8cdaff4 elementor-widget elementor-widget-spacer\" data-id=\"8cdaff4\" data-element_type=\"widget\" data-e-type=\"widget\" data-widget_type=\"spacer.default\">\n\t\t\t\t<div class=\"elementor-widget-container\">\n\t\t\t\t\t\t\t<div class=\"elementor-spacer\">\n\t\t\t<div class=\"elementor-spacer-inner\"><\/div>\n\t\t<\/div>\n\t\t\t\t\t\t<\/div>\n\t\t\t\t<\/div>\n\t\t\t\t<div class=\"elementor-element elementor-element-47d5070 elementor-widget elementor-widget-heading\" data-id=\"47d5070\" data-element_type=\"widget\" data-e-type=\"widget\" data-widget_type=\"heading.default\">\n\t\t\t\t<div class=\"elementor-widget-container\">\n\t\t\t\t\t<h3 class=\"elementor-heading-title elementor-size-default\">Escuela de Arquitectura, Facultad de Educaci\u00f3n, Estudios Generales y Comunicaci\u00f3n e Informaci\u00f3n<\/h3>\t\t\t\t<\/div>\n\t\t\t\t<\/div>\n\t\t\t\t<div class=\"elementor-element elementor-element-f703263 eael-dual-header-content-align-left elementor-widget elementor-widget-eael-dual-color-header\" data-id=\"f703263\" data-element_type=\"widget\" data-e-type=\"widget\" data-widget_type=\"eael-dual-color-header.default\">\n\t\t\t\t<div class=\"elementor-widget-container\">\n\t\t\t\t\t\t\t\t<div class=\"eael-dual-header\">\n\t\t\t\t<h5 class=\"title eael-dch-title\"><span class=\"eael-dch-title-text eael-dch-title-lead lead solid-color\">Prof. Yomarie Garc\u00eda de Jes\u00fas<\/span> <span class=\"eael-dch-title-text\"><\/span><\/h5>\t\t\t\t\t<span class=\"subtext\"><p><a href=\"mailto:yomarie.garcia1@upr.edu\">yomarie.garcia1@upr.edu<\/a><\/p><\/span>\n\t\t\t\t\t\t\t<\/div>\n\n\t\t\t\t\t\t<\/div>\n\t\t\t\t<\/div>\n\t\t\t\t<div class=\"elementor-element elementor-element-f5ac56d elementor-widget elementor-widget-toggle\" data-id=\"f5ac56d\" data-element_type=\"widget\" data-e-type=\"widget\" data-widget_type=\"toggle.default\">\n\t\t\t\t<div class=\"elementor-widget-container\">\n\t\t\t\t\t\t\t<div class=\"elementor-toggle\">\n\t\t\t\t\t\t\t<div class=\"elementor-toggle-item\">\n\t\t\t\t\t<div id=\"elementor-tab-title-2571\" class=\"elementor-tab-title\" data-tab=\"1\" role=\"button\" aria-controls=\"elementor-tab-content-2571\" aria-expanded=\"false\">\n\t\t\t\t\t\t\t\t\t\t\t\t<span class=\"elementor-toggle-icon elementor-toggle-icon-left\" aria-hidden=\"true\">\n\t\t\t\t\t\t\t\t\t\t\t\t\t\t\t<span class=\"elementor-toggle-icon-closed\"><i class=\"fas fa-caret-right\"><\/i><\/span>\n\t\t\t\t\t\t\t\t<span class=\"elementor-toggle-icon-opened\"><i class=\"elementor-toggle-icon-opened fas fa-caret-up\"><\/i><\/span>\n\t\t\t\t\t\t\t\t\t\t\t\t\t<\/span>\n\t\t\t\t\t\t\t\t\t\t\t\t<a class=\"elementor-toggle-title\" tabindex=\"0\">Rese\u00f1a<\/a>\n\t\t\t\t\t<\/div>\n\n\t\t\t\t\t<div id=\"elementor-tab-content-2571\" class=\"elementor-tab-content elementor-clearfix\" data-tab=\"1\" role=\"region\" aria-labelledby=\"elementor-tab-title-2571\"><p style=\"text-align: left;\">La Prof. Yomarie Garc\u00eda de Jes\u00fas es egresada del programa de maestr\u00eda en comunicaci\u00f3n con especialidad en Teor\u00eda e Investigaci\u00f3n de la Escuela de Comunicaci\u00f3n (hoy Facultad de Comunicaci\u00f3n e Informaci\u00f3n) de la Universidad de Puerto Rico. Actualmente se desempe\u00f1a como decana asociada de Asuntos Acad\u00e9micos de la Facultad de Comunicaci\u00f3n e Informaci\u00f3n. Adem\u00e1s, por los pasados 17 a\u00f1os, ha tenido la oportunidad de ofrecer cursos de investigaci\u00f3n, metodolog\u00eda, teor\u00eda de la comunicaci\u00f3n, introducci\u00f3n a los medios, introducci\u00f3n a las relaciones p\u00fablicas, redacci\u00f3n para los medios, introducci\u00f3n a la gerencia de medios y significaci\u00f3n y cultura en programas de comunicaci\u00f3n en varias universidades privadas as\u00ed como en la Escuela de Comunicaci\u00f3n y, espec\u00edficamente el curso de fundamentos en la gesti\u00f3n cultural e investigaci\u00f3n en el programa de Maestr\u00eda en Gesti\u00f3n y Administraci\u00f3n Cultural de la Universidad de Puerto Rico. Adem\u00e1s, por tres a\u00f1os se desempe\u00f1\u00f3 como Decana del Programa de Comunicaci\u00f3n (2013-2016) adscrito a la Universidad Metropolitana en Cupey (hoy UAGM). De igual forma, ha ocupado otros puestos administrativos en instituciones de educaci\u00f3n superior, entre ellos se destacan: procesos de licenciamiento y acreditaci\u00f3n (Directora de Investigaci\u00f3n Acad\u00e9mica, licenciamiento y Acreditaci\u00f3n, 2016-2018, Universidad del Sagrado Coraz\u00f3n) y servicio directo a estudiantes (Directora de Retenci\u00f3n, 2018-2021, Universidad del Sagrado Coraz\u00f3n). En t\u00e9rminos de su labor como investigadora, ha desarrollado proyectos en diversas \u00e1reas trabajando las siguientes tem\u00e1ticas: comunicaci\u00f3n y pol\u00edtica; comunicaci\u00f3n y sectores marginados; las narrativas period\u00edsticas (objetividad y sensacionalismo), entre otros. Ha tenido la oportunidad de presentar trabajos relacionados a estos temas en congresos internacionales y locales que se han llevado a cabo en San Juan, Puerto Rico (2013), por la Asociaci\u00f3n de Periodistas de Puerto Rico (ASPPRO); en Bogot\u00e1, Colombia (2001; 2006) y en San Juan, Puerto Rico (2003), auspiciados por la Federaci\u00f3n Latinoamericana de Facultades de Comunicaci\u00f3n Social (FELAFACS); en San Salvador, El Salvador, durante la IV Bienal Iberoamericana de la Comunicaci\u00f3n (2003); en San Juan, Puerto Rico (2003) en las X Jornadas Internacionales de J\u00f3venes Investigadores en Comunicaci\u00f3n auspiciada por la Asociaci\u00f3n Internacional de J\u00f3venes Investigadores en Comunicaci\u00f3n (AIJIC); y\u00a0 San Juan, Puerto Rico (2002), ante la Asociaci\u00f3n Puertorrique\u00f1a de Programas Acad\u00e9micos de Comunicaci\u00f3n Social (APPACS). Adem\u00e1s, fue presidenta de la APPACS en 2013 y copresidenta del Comit\u00e9 Tim\u00f3n que organiz\u00f3 el VIII Seminario de la Asociaci\u00f3n Latinoamericana de Investigadores de la Comunicaci\u00f3n (ALAIC) en Cupey, Puerto Rico en el 2015. Por otro lado, ha sido galardonada con algunas distinciones y becas especiales de las cuales destacamos las siguientes: Beca de la Asociaci\u00f3n Nacional de Periodistas Hispanos (NAHJ, por sus siglas en ingl\u00e9s) \u2013 Rub\u00e9n Salazar (1999); Programa de Becas de la Asociaci\u00f3n Hispana de Colegios y Universidades (HACU, por sus siglas en ingl\u00e9s) (2003); Beca del Fideicomiso Rosa E. Axtmayer de la Administraci\u00f3n Central de la Universidad de Puerto Rico (2004) y Mejor tesis de comunicaci\u00f3n a nivel nacional, reconocimiento otorgado por APPACS (2006).\u00a0<\/p><\/div>\n\t\t\t\t<\/div>\n\t\t\t\t\t\t\t\t<\/div>\n\t\t\t\t\t\t<\/div>\n\t\t\t\t<\/div>\n\t\t\t\t<div class=\"elementor-element elementor-element-cae3a04 elementor-widget elementor-widget-spacer\" data-id=\"cae3a04\" data-element_type=\"widget\" data-e-type=\"widget\" data-widget_type=\"spacer.default\">\n\t\t\t\t<div class=\"elementor-widget-container\">\n\t\t\t\t\t\t\t<div class=\"elementor-spacer\">\n\t\t\t<div class=\"elementor-spacer-inner\"><\/div>\n\t\t<\/div>\n\t\t\t\t\t\t<\/div>\n\t\t\t\t<\/div>\n\t\t\t\t<div class=\"elementor-element elementor-element-d59a4bb elementor-widget elementor-widget-heading\" data-id=\"d59a4bb\" data-element_type=\"widget\" data-e-type=\"widget\" data-widget_type=\"heading.default\">\n\t\t\t\t<div class=\"elementor-widget-container\">\n\t\t\t\t\t<h3 class=\"elementor-heading-title elementor-size-default\">Facultad de Humanidades<\/h3>\t\t\t\t<\/div>\n\t\t\t\t<\/div>\n\t\t\t\t<div class=\"elementor-element elementor-element-5460641 eael-dual-header-content-align-left elementor-widget elementor-widget-eael-dual-color-header\" data-id=\"5460641\" data-element_type=\"widget\" data-e-type=\"widget\" data-widget_type=\"eael-dual-color-header.default\">\n\t\t\t\t<div class=\"elementor-widget-container\">\n\t\t\t\t\t\t\t\t<div class=\"eael-dual-header\">\n\t\t\t\t<h5 class=\"title eael-dch-title\"><span class=\"eael-dch-title-text eael-dch-title-lead lead solid-color\">Dra. Madeleine Vala<\/span> <span class=\"eael-dch-title-text\"><\/span><\/h5>\t\t\t\t\t<span class=\"subtext\"><p><a href=\"mailto:madeleine.vala@upr.edu\">madeleine.vala@upr.edu<\/a><\/p><\/span>\n\t\t\t\t\t\t\t<\/div>\n\n\t\t\t\t\t\t<\/div>\n\t\t\t\t<\/div>\n\t\t\t\t<div class=\"elementor-element elementor-element-18c1808 elementor-widget elementor-widget-spacer\" data-id=\"18c1808\" data-element_type=\"widget\" data-e-type=\"widget\" data-widget_type=\"spacer.default\">\n\t\t\t\t<div class=\"elementor-widget-container\">\n\t\t\t\t\t\t\t<div class=\"elementor-spacer\">\n\t\t\t<div class=\"elementor-spacer-inner\"><\/div>\n\t\t<\/div>\n\t\t\t\t\t\t<\/div>\n\t\t\t\t<\/div>\n\t\t\t\t<div class=\"elementor-element elementor-element-5491176 elementor-widget elementor-widget-heading\" data-id=\"5491176\" data-element_type=\"widget\" data-e-type=\"widget\" data-widget_type=\"heading.default\">\n\t\t\t\t<div class=\"elementor-widget-container\">\n\t\t\t\t\t<h3 class=\"elementor-heading-title elementor-size-default\">Facultad de Ciencias Sociales<\/h3>\t\t\t\t<\/div>\n\t\t\t\t<\/div>\n\t\t\t\t<div class=\"elementor-element elementor-element-8fadcb7 eael-dual-header-content-align-left elementor-widget elementor-widget-eael-dual-color-header\" data-id=\"8fadcb7\" data-element_type=\"widget\" data-e-type=\"widget\" data-widget_type=\"eael-dual-color-header.default\">\n\t\t\t\t<div class=\"elementor-widget-container\">\n\t\t\t\t\t\t\t\t<div class=\"eael-dual-header\">\n\t\t\t\t<h5 class=\"title eael-dch-title\"><span class=\"eael-dch-title-text eael-dch-title-lead lead solid-color\">Dr. Francisco Fortu\u00f1o<\/span> <span class=\"eael-dch-title-text\"><\/span><\/h5>\t\t\t\t\t<span class=\"subtext\"><p><a href=\"mailto:melody.fonseca2@upr.edu\">francisco.fortuno@upr.edu<\/a><\/p><\/span>\n\t\t\t\t\t\t\t<\/div>\n\n\t\t\t\t\t\t<\/div>\n\t\t\t\t<\/div>\n\t\t\t\t<\/div>\n\t\t\t\t<\/div>\n\t\t","protected":false},"excerpt":{"rendered":"<p>El Consejo Directivo est\u00e1 compuesto por el director, director asociado y los directores de las facultades y escuelas del recinto. Dra. Elaine Alfonso-Cabiya, Directora programa.honor@upr.edu Rese\u00f1a La doctora Alfonso-Cabiya posee un doctorado en Tecnolog\u00eda Educativa y Educaci\u00f3n a Distancia de &hellip; <\/p>\n","protected":false},"author":9,"featured_media":0,"parent":0,"menu_order":0,"comment_status":"closed","ping_status":"closed","template":"","meta":{"_monsterinsights_skip_tracking":false,"_monsterinsights_sitenote_active":false,"_monsterinsights_sitenote_note":"","_monsterinsights_sitenote_category":0,"footnotes":""},"class_list":["post-16","page","type-page","status-publish","hentry"],"yoast_head":"<!-- This site is optimized with the Yoast SEO plugin v27.2 - https:\/\/yoast.com\/product\/yoast-seo-wordpress\/ -->\n<title>Consejo Directivo - Programa de Estudios de Honor<\/title>\n<meta name=\"robots\" content=\"index, follow, max-snippet:-1, max-image-preview:large, max-video-preview:-1\" \/>\n<link rel=\"canonical\" href=\"https:\/\/academicos.uprrp.edu\/preh\/consejo-directivo\/\" \/>\n<meta property=\"og:locale\" content=\"es_ES\" \/>\n<meta property=\"og:type\" content=\"article\" \/>\n<meta property=\"og:title\" content=\"Consejo Directivo - Programa de Estudios de Honor\" \/>\n<meta property=\"og:description\" content=\"El Consejo Directivo est\u00e1 compuesto por el director, director asociado y los directores de las facultades y escuelas del recinto. Dra. Elaine Alfonso-Cabiya, Directora programa.honor@upr.edu Rese\u00f1a La doctora Alfonso-Cabiya posee un doctorado en Tecnolog\u00eda Educativa y Educaci\u00f3n a Distancia de &hellip;\" \/>\n<meta property=\"og:url\" content=\"https:\/\/academicos.uprrp.edu\/preh\/consejo-directivo\/\" \/>\n<meta property=\"og:site_name\" content=\"Programa de Estudios de Honor\" \/>\n<meta property=\"article:modified_time\" content=\"2024-04-29T14:57:10+00:00\" \/>\n<meta name=\"twitter:card\" content=\"summary_large_image\" \/>\n<meta name=\"twitter:label1\" content=\"Est. reading time\" \/>\n\t<meta name=\"twitter:data1\" content=\"4 minutos\" \/>\n<script type=\"application\/ld+json\" class=\"yoast-schema-graph\">{\"@context\":\"https:\/\/schema.org\",\"@graph\":[{\"@type\":\"WebPage\",\"@id\":\"https:\/\/academicos.uprrp.edu\/preh\/consejo-directivo\/\",\"url\":\"https:\/\/academicos.uprrp.edu\/preh\/consejo-directivo\/\",\"name\":\"Consejo Directivo - Programa de Estudios de Honor\",\"isPartOf\":{\"@id\":\"https:\/\/academicos.uprrp.edu\/preh\/#website\"},\"datePublished\":\"2018-03-28T13:38:41+00:00\",\"dateModified\":\"2024-04-29T14:57:10+00:00\",\"breadcrumb\":{\"@id\":\"https:\/\/academicos.uprrp.edu\/preh\/consejo-directivo\/#breadcrumb\"},\"inLanguage\":\"es\",\"potentialAction\":[{\"@type\":\"ReadAction\",\"target\":[\"https:\/\/academicos.uprrp.edu\/preh\/consejo-directivo\/\"]}]},{\"@type\":\"BreadcrumbList\",\"@id\":\"https:\/\/academicos.uprrp.edu\/preh\/consejo-directivo\/#breadcrumb\",\"itemListElement\":[{\"@type\":\"ListItem\",\"position\":1,\"name\":\"Home\",\"item\":\"https:\/\/academicos.uprrp.edu\/preh\/\"},{\"@type\":\"ListItem\",\"position\":2,\"name\":\"Consejo Directivo\"}]},{\"@type\":\"WebSite\",\"@id\":\"https:\/\/academicos.uprrp.edu\/preh\/#website\",\"url\":\"https:\/\/academicos.uprrp.edu\/preh\/\",\"name\":\"Programa de Estudios de Honor\",\"description\":\"\",\"potentialAction\":[{\"@type\":\"SearchAction\",\"target\":{\"@type\":\"EntryPoint\",\"urlTemplate\":\"https:\/\/academicos.uprrp.edu\/preh\/?s={search_term_string}\"},\"query-input\":{\"@type\":\"PropertyValueSpecification\",\"valueRequired\":true,\"valueName\":\"search_term_string\"}}],\"inLanguage\":\"es\"}]}<\/script>\n<!-- \/ Yoast SEO plugin. -->","yoast_head_json":{"title":"Consejo Directivo - Programa de Estudios de Honor","robots":{"index":"index","follow":"follow","max-snippet":"max-snippet:-1","max-image-preview":"max-image-preview:large","max-video-preview":"max-video-preview:-1"},"canonical":"https:\/\/academicos.uprrp.edu\/preh\/consejo-directivo\/","og_locale":"es_ES","og_type":"article","og_title":"Consejo Directivo - Programa de Estudios de Honor","og_description":"El Consejo Directivo est\u00e1 compuesto por el director, director asociado y los directores de las facultades y escuelas del recinto. Dra. Elaine Alfonso-Cabiya, Directora programa.honor@upr.edu Rese\u00f1a La doctora Alfonso-Cabiya posee un doctorado en Tecnolog\u00eda Educativa y Educaci\u00f3n a Distancia de &hellip;","og_url":"https:\/\/academicos.uprrp.edu\/preh\/consejo-directivo\/","og_site_name":"Programa de Estudios de Honor","article_modified_time":"2024-04-29T14:57:10+00:00","twitter_card":"summary_large_image","twitter_misc":{"Est. reading time":"4 minutos"},"schema":{"@context":"https:\/\/schema.org","@graph":[{"@type":"WebPage","@id":"https:\/\/academicos.uprrp.edu\/preh\/consejo-directivo\/","url":"https:\/\/academicos.uprrp.edu\/preh\/consejo-directivo\/","name":"Consejo Directivo - Programa de Estudios de Honor","isPartOf":{"@id":"https:\/\/academicos.uprrp.edu\/preh\/#website"},"datePublished":"2018-03-28T13:38:41+00:00","dateModified":"2024-04-29T14:57:10+00:00","breadcrumb":{"@id":"https:\/\/academicos.uprrp.edu\/preh\/consejo-directivo\/#breadcrumb"},"inLanguage":"es","potentialAction":[{"@type":"ReadAction","target":["https:\/\/academicos.uprrp.edu\/preh\/consejo-directivo\/"]}]},{"@type":"BreadcrumbList","@id":"https:\/\/academicos.uprrp.edu\/preh\/consejo-directivo\/#breadcrumb","itemListElement":[{"@type":"ListItem","position":1,"name":"Home","item":"https:\/\/academicos.uprrp.edu\/preh\/"},{"@type":"ListItem","position":2,"name":"Consejo Directivo"}]},{"@type":"WebSite","@id":"https:\/\/academicos.uprrp.edu\/preh\/#website","url":"https:\/\/academicos.uprrp.edu\/preh\/","name":"Programa de Estudios de Honor","description":"","potentialAction":[{"@type":"SearchAction","target":{"@type":"EntryPoint","urlTemplate":"https:\/\/academicos.uprrp.edu\/preh\/?s={search_term_string}"},"query-input":{"@type":"PropertyValueSpecification","valueRequired":true,"valueName":"search_term_string"}}],"inLanguage":"es"}]}},"_links":{"self":[{"href":"https:\/\/academicos.uprrp.edu\/preh\/wp-json\/wp\/v2\/pages\/16","targetHints":{"allow":["GET"]}}],"collection":[{"href":"https:\/\/academicos.uprrp.edu\/preh\/wp-json\/wp\/v2\/pages"}],"about":[{"href":"https:\/\/academicos.uprrp.edu\/preh\/wp-json\/wp\/v2\/types\/page"}],"author":[{"embeddable":true,"href":"https:\/\/academicos.uprrp.edu\/preh\/wp-json\/wp\/v2\/users\/9"}],"replies":[{"embeddable":true,"href":"https:\/\/academicos.uprrp.edu\/preh\/wp-json\/wp\/v2\/comments?post=16"}],"version-history":[{"count":3,"href":"https:\/\/academicos.uprrp.edu\/preh\/wp-json\/wp\/v2\/pages\/16\/revisions"}],"predecessor-version":[{"id":10789,"href":"https:\/\/academicos.uprrp.edu\/preh\/wp-json\/wp\/v2\/pages\/16\/revisions\/10789"}],"wp:attachment":[{"href":"https:\/\/academicos.uprrp.edu\/preh\/wp-json\/wp\/v2\/media?parent=16"}],"curies":[{"name":"wp","href":"https:\/\/api.w.org\/{rel}","templated":true}]}}