{"id":11834,"date":"2024-06-03T09:31:20","date_gmt":"2024-06-03T13:31:20","guid":{"rendered":"https:\/\/academicos.uprrp.edu\/preh\/?page_id=11834"},"modified":"2025-06-18T15:33:42","modified_gmt":"2025-06-18T19:33:42","slug":"facultad-de-ciencias-sociales","status":"publish","type":"page","link":"https:\/\/academicos.uprrp.edu\/preh\/egresados\/facultad-de-ciencias-sociales\/","title":{"rendered":"Facultad de Ciencias Sociales"},"content":{"rendered":"\t\t<div data-elementor-type=\"wp-page\" data-elementor-id=\"11834\" class=\"elementor elementor-11834\">\n\t\t\t\t<div class=\"elementor-element elementor-element-d42d263 e-flex e-con-boxed e-con e-parent\" data-id=\"d42d263\" data-element_type=\"container\" data-e-type=\"container\">\n\t\t\t\t\t<div class=\"e-con-inner\">\n\t\t\t\t<div class=\"elementor-element elementor-element-2334337 elementor-widget thim-ekits-heading elementor-widget-thim-heading\" data-id=\"2334337\" data-element_type=\"widget\" data-e-type=\"widget\" data-widget_type=\"thim-heading.default\">\n\t\t\t\t<div class=\"elementor-widget-container\">\n\t\t\t\t\t<div class=\"sc_heading \"><h3 class=\"title\">Facultad de Ciencias Sociales<\/h3><span class=\"line\"><\/span><\/div>\t\t\t\t<\/div>\n\t\t\t\t<\/div>\n\t\t\t\t<div class=\"elementor-element elementor-element-caf127c elementor-widget elementor-widget-thim-our-team\" data-id=\"caf127c\" data-element_type=\"widget\" data-e-type=\"widget\" data-widget_type=\"thim-our-team.default\">\n\t\t\t\t<div class=\"elementor-widget-container\">\n\t\t\t\t\t<div class=\"wrapper-lists-our-team\"><div class=\"row\"><div class=\"our-team-item col-sm-3\"><div class=\"our-team-image\"> <a class=\"link-img\" href=\"https:\/\/academicos.uprrp.edu\/preh\/our_team\/genesis-morales-dechoudens\/\"><\/a><img decoding=\"async\" src=\"https:\/\/academicos.uprrp.edu\/preh\/wp-content\/themes\/eduma\/images\/demo_images\/demo_image.jpg\" alt=\"G\u00e9nesis Morales Dechoudens\" title=\"G\u00e9nesis Morales Dechoudens\" ><div class=\"social-team\"><\/div><\/div><div class=\"content-team\"><h4 class=\"title\"><a href=\"https:\/\/academicos.uprrp.edu\/preh\/our_team\/genesis-morales-dechoudens\/\">G\u00e9nesis Morales Dechoudens<\/a><\/h4><div class = \"regency\">2019<\/div><\/div><\/div><div class=\"our-team-item col-sm-3\"><div class=\"our-team-image\"> <a class=\"link-img\" href=\"https:\/\/academicos.uprrp.edu\/preh\/our_team\/jose-molinelli-gonzalez\/\"><\/a><img decoding=\"async\" src=\"https:\/\/academicos.uprrp.edu\/preh\/wp-content\/themes\/eduma\/images\/demo_images\/demo_image.jpg\" alt=\"Jos\u00e9 Molinelli Gonz\u00e1lez\" title=\"Jos\u00e9 Molinelli Gonz\u00e1lez\" ><div class=\"social-team\"><\/div><\/div><div class=\"content-team\"><h4 class=\"title\"><a href=\"https:\/\/academicos.uprrp.edu\/preh\/our_team\/jose-molinelli-gonzalez\/\">Jos\u00e9 Molinelli Gonz\u00e1lez<\/a><\/h4><div class = \"regency\">2019<\/div><\/div><\/div><div class=\"our-team-item col-sm-3\"><div class=\"our-team-image\"> <a class=\"link-img\" href=\"https:\/\/academicos.uprrp.edu\/preh\/our_team\/joyce-rodriguez-arzola\/\"><\/a><img decoding=\"async\" src=\"https:\/\/academicos.uprrp.edu\/preh\/wp-content\/themes\/eduma\/images\/demo_images\/demo_image.jpg\" alt=\"Joyce Rodr\u00edguez Arzola\" title=\"Joyce Rodr\u00edguez Arzola\" ><div class=\"social-team\"><\/div><\/div><div class=\"content-team\"><h4 class=\"title\"><a href=\"https:\/\/academicos.uprrp.edu\/preh\/our_team\/joyce-rodriguez-arzola\/\">Joyce Rodr\u00edguez Arzola<\/a><\/h4><div class = \"regency\">2021<\/div><\/div><\/div><div class=\"our-team-item col-sm-3\"><div class=\"our-team-image\"> <a class=\"link-img\" href=\"https:\/\/academicos.uprrp.edu\/preh\/our_team\/evelyn-rodriguez-arzola\/\"><\/a><img decoding=\"async\" src=\"https:\/\/academicos.uprrp.edu\/preh\/wp-content\/themes\/eduma\/images\/demo_images\/demo_image.jpg\" alt=\"Evelyn Rodr\u00edguez Arzola\" title=\"Evelyn Rodr\u00edguez Arzola\" ><div class=\"social-team\"><\/div><\/div><div class=\"content-team\"><h4 class=\"title\"><a href=\"https:\/\/academicos.uprrp.edu\/preh\/our_team\/evelyn-rodriguez-arzola\/\">Evelyn Rodr\u00edguez Arzola<\/a><\/h4><div class = \"regency\">2021<\/div><\/div><\/div><div class=\"our-team-item col-sm-3\"><div class=\"our-team-image\"> <a class=\"link-img\" href=\"https:\/\/academicos.uprrp.edu\/preh\/our_team\/antonio-d-gil-de-rubio\/\"><\/a><img decoding=\"async\" src=\"https:\/\/academicos.uprrp.edu\/preh\/wp-content\/themes\/eduma\/images\/demo_images\/demo_image.jpg\" alt=\"Antonio D. Gil de Rubio\" title=\"Antonio D. Gil de Rubio\" ><div class=\"social-team\"><\/div><\/div><div class=\"content-team\"><h4 class=\"title\"><a href=\"https:\/\/academicos.uprrp.edu\/preh\/our_team\/antonio-d-gil-de-rubio\/\">Antonio D. Gil de Rubio<\/a><\/h4><div class = \"regency\">2021<\/div><\/div><\/div><div class=\"our-team-item col-sm-3\"><div class=\"our-team-image\"> <a class=\"link-img\" href=\"https:\/\/academicos.uprrp.edu\/preh\/our_team\/marielena-negron-rivera\/\"><\/a><img decoding=\"async\" src=\"https:\/\/academicos.uprrp.edu\/preh\/wp-content\/themes\/eduma\/images\/demo_images\/demo_image.jpg\" alt=\"Marielena Negr\u00f3n Rivera\" title=\"Marielena Negr\u00f3n Rivera\" ><div class=\"social-team\"><\/div><\/div><div class=\"content-team\"><h4 class=\"title\"><a href=\"https:\/\/academicos.uprrp.edu\/preh\/our_team\/marielena-negron-rivera\/\">Marielena Negr\u00f3n Rivera<\/a><\/h4><div class = \"regency\">2023<\/div><\/div><\/div><div class=\"our-team-item col-sm-3\"><div class=\"our-team-image\"> <a class=\"link-img\" href=\"https:\/\/academicos.uprrp.edu\/preh\/our_team\/fatima-b-berrios-gonzalez\/\"><\/a><img decoding=\"async\" src=\"https:\/\/academicos.uprrp.edu\/preh\/wp-content\/themes\/eduma\/images\/demo_images\/demo_image.jpg\" alt=\"F\u00e1tima B. Berr\u00edos Gonz\u00e1lez\" title=\"F\u00e1tima B. Berr\u00edos Gonz\u00e1lez\" ><div class=\"social-team\"><\/div><\/div><div class=\"content-team\"><h4 class=\"title\"><a href=\"https:\/\/academicos.uprrp.edu\/preh\/our_team\/fatima-b-berrios-gonzalez\/\">F\u00e1tima B. Berr\u00edos Gonz\u00e1lez<\/a><\/h4><div class = \"regency\">2025<\/div><\/div><\/div><div class=\"our-team-item col-sm-3\"><div class=\"our-team-image\"> <a class=\"link-img\" href=\"https:\/\/academicos.uprrp.edu\/preh\/our_team\/sofia-l-perez-santiago\/\"><\/a><img decoding=\"async\" src=\"https:\/\/academicos.uprrp.edu\/preh\/wp-content\/themes\/eduma\/images\/demo_images\/demo_image.jpg\" alt=\"Sof\u00eda L. P\u00e9rez Santiago\" title=\"Sof\u00eda L. P\u00e9rez Santiago\" ><div class=\"social-team\"><\/div><\/div><div class=\"content-team\"><h4 class=\"title\"><a href=\"https:\/\/academicos.uprrp.edu\/preh\/our_team\/sofia-l-perez-santiago\/\">Sof\u00eda L. P\u00e9rez Santiago<\/a><\/h4><div class = \"regency\">2024<\/div><\/div><\/div><div class=\"our-team-item col-sm-3\"><div class=\"our-team-image\"> <a class=\"link-img\" href=\"https:\/\/academicos.uprrp.edu\/preh\/our_team\/carolina-n-ocasio-garcia\/\"><\/a><img decoding=\"async\" src=\"https:\/\/academicos.uprrp.edu\/preh\/wp-content\/uploads\/sites\/6\/2024\/05\/Logro-de-Carolina-Ocasio-200x200.jpg\" alt=\"Logro de Carolina Ocasio\" title=\"Logro de Carolina Ocasio\"  width=\"200\" height=\"200\"><div class=\"social-team\"><\/div><\/div><div class=\"content-team\"><h4 class=\"title\"><a href=\"https:\/\/academicos.uprrp.edu\/preh\/our_team\/carolina-n-ocasio-garcia\/\">Carolina N. Ocasio Garc\u00eda<\/a><\/h4><div class = \"regency\">2024<\/div><\/div><\/div><div class=\"our-team-item col-sm-3\"><div class=\"our-team-image\"> <a class=\"link-img\" href=\"https:\/\/academicos.uprrp.edu\/preh\/our_team\/esther-y-colon-bermudez\/\"><\/a><img decoding=\"async\" src=\"https:\/\/academicos.uprrp.edu\/preh\/wp-content\/themes\/eduma\/images\/demo_images\/demo_image.jpg\" alt=\"Esther Y,. Col\u00f3n Berm\u00fadez\" title=\"Esther Y,. Col\u00f3n Berm\u00fadez\" ><div class=\"social-team\"><\/div><\/div><div class=\"content-team\"><h4 class=\"title\"><a href=\"https:\/\/academicos.uprrp.edu\/preh\/our_team\/esther-y-colon-bermudez\/\">Esther Y,. Col\u00f3n Berm\u00fadez<\/a><\/h4><div class = \"regency\">2024<\/div><\/div><\/div><div class=\"our-team-item col-sm-3\"><div class=\"our-team-image\"> <a class=\"link-img\" href=\"https:\/\/academicos.uprrp.edu\/preh\/our_team\/faviola-a-perez-gonzalez-2\/\"><\/a><img decoding=\"async\" src=\"https:\/\/academicos.uprrp.edu\/preh\/wp-content\/themes\/eduma\/images\/demo_images\/demo_image.jpg\" alt=\"Faviola A. P\u00e9rez Gonz\u00e1lez\" title=\"Faviola A. P\u00e9rez Gonz\u00e1lez\" ><div class=\"social-team\"><\/div><\/div><div class=\"content-team\"><h4 class=\"title\"><a href=\"https:\/\/academicos.uprrp.edu\/preh\/our_team\/faviola-a-perez-gonzalez-2\/\">Faviola A. P\u00e9rez Gonz\u00e1lez<\/a><\/h4><div class = \"regency\">2025<\/div><\/div><\/div><div class=\"our-team-item col-sm-3\"><div class=\"our-team-image\"> <a class=\"link-img\" href=\"https:\/\/academicos.uprrp.edu\/preh\/our_team\/silvia-s-carlo-carreno\/\"><\/a><img decoding=\"async\" src=\"https:\/\/academicos.uprrp.edu\/preh\/wp-content\/themes\/eduma\/images\/demo_images\/demo_image.jpg\" alt=\"Silvia S. Carlo Carre\u00f1o\" title=\"Silvia S. Carlo Carre\u00f1o\" ><div class=\"social-team\"><\/div><\/div><div class=\"content-team\"><h4 class=\"title\"><a href=\"https:\/\/academicos.uprrp.edu\/preh\/our_team\/silvia-s-carlo-carreno\/\">Silvia S. Carlo Carre\u00f1o<\/a><\/h4><div class = \"regency\">2025<\/div><\/div><\/div><div class=\"our-team-item col-sm-3\"><div class=\"our-team-image\"> <a class=\"link-img\" href=\"https:\/\/academicos.uprrp.edu\/preh\/our_team\/andrea-a-marrero-alsina\/\"><\/a><img decoding=\"async\" src=\"https:\/\/academicos.uprrp.edu\/preh\/wp-content\/themes\/eduma\/images\/demo_images\/demo_image.jpg\" alt=\"Andrea A. Marrero Alsina\" title=\"Andrea A. Marrero Alsina\" ><div class=\"social-team\"><\/div><\/div><div class=\"content-team\"><h4 class=\"title\"><a href=\"https:\/\/academicos.uprrp.edu\/preh\/our_team\/andrea-a-marrero-alsina\/\">Andrea A. Marrero Alsina<\/a><\/h4><div class = \"regency\">2025<\/div><\/div><\/div><div class=\"our-team-item col-sm-3\"><div class=\"our-team-image\"> <a class=\"link-img\" href=\"https:\/\/academicos.uprrp.edu\/preh\/our_team\/pablo-a-lopez-colon\/\"><\/a><img decoding=\"async\" src=\"https:\/\/academicos.uprrp.edu\/preh\/wp-content\/themes\/eduma\/images\/demo_images\/demo_image.jpg\" alt=\"Pablo A. L\u00f3pez Col\u00f3n\" title=\"Pablo A. L\u00f3pez Col\u00f3n\" ><div class=\"social-team\"><\/div><\/div><div class=\"content-team\"><h4 class=\"title\"><a href=\"https:\/\/academicos.uprrp.edu\/preh\/our_team\/pablo-a-lopez-colon\/\">Pablo A. L\u00f3pez Col\u00f3n<\/a><\/h4><div class = \"regency\">2025<\/div><\/div><\/div><div class=\"our-team-item col-sm-3\"><div class=\"our-team-image\"> <a class=\"link-img\" href=\"https:\/\/academicos.uprrp.edu\/preh\/our_team\/maria-del-pilar-fortuno-bravo\/\"><\/a><img decoding=\"async\" src=\"https:\/\/academicos.uprrp.edu\/preh\/wp-content\/themes\/eduma\/images\/demo_images\/demo_image.jpg\" alt=\"Mar\u00eda del Pilar Fortu\u00f1o Bravo\" title=\"Mar\u00eda del Pilar Fortu\u00f1o Bravo\" ><div class=\"social-team\"><\/div><\/div><div class=\"content-team\"><h4 class=\"title\"><a href=\"https:\/\/academicos.uprrp.edu\/preh\/our_team\/maria-del-pilar-fortuno-bravo\/\">Mar\u00eda del Pilar Fortu\u00f1o Bravo<\/a><\/h4><\/div><\/div><div class=\"our-team-item col-sm-3\"><div class=\"our-team-image\"> <a class=\"link-img\" href=\"https:\/\/academicos.uprrp.edu\/preh\/our_team\/niva-m-de-jesus-guadalupe\/\"><\/a><img decoding=\"async\" src=\"https:\/\/academicos.uprrp.edu\/preh\/wp-content\/themes\/eduma\/images\/demo_images\/demo_image.jpg\" alt=\"Niva M. De Jes\u00fas Guadalupe\" title=\"Niva M. De Jes\u00fas Guadalupe\" ><div class=\"social-team\"><\/div><\/div><div class=\"content-team\"><h4 class=\"title\"><a href=\"https:\/\/academicos.uprrp.edu\/preh\/our_team\/niva-m-de-jesus-guadalupe\/\">Niva M. De Jes\u00fas Guadalupe<\/a><\/h4><div class = \"regency\">2025<\/div><\/div><\/div><div class=\"our-team-item col-sm-3\"><div class=\"our-team-image\"> <a class=\"link-img\" href=\"https:\/\/academicos.uprrp.edu\/preh\/our_team\/aneira-v-collado-laboy\/\"><\/a><img decoding=\"async\" src=\"https:\/\/academicos.uprrp.edu\/preh\/wp-content\/uploads\/sites\/6\/2025\/06\/Logro-Aneira-Collado-200x200.png\" alt=\"Logro Aneira Collado\" title=\"Logro Aneira Collado\"  width=\"200\" height=\"200\"><div class=\"social-team\"><\/div><\/div><div class=\"content-team\"><h4 class=\"title\"><a href=\"https:\/\/academicos.uprrp.edu\/preh\/our_team\/aneira-v-collado-laboy\/\">Aneira V. Collado Laboy<\/a><\/h4><div class = \"regency\">2025<\/div><\/div><\/div><div class=\"our-team-item col-sm-3\"><div class=\"our-team-image\"> <a class=\"link-img\" href=\"https:\/\/academicos.uprrp.edu\/preh\/our_team\/vera-c-ayala-orta\/\"><\/a><img decoding=\"async\" src=\"https:\/\/academicos.uprrp.edu\/preh\/wp-content\/uploads\/sites\/6\/2024\/05\/Vera-C.-Ayala-Orta-200x200.png\" alt=\"Vera C. Ayala Orta\" title=\"Vera C. Ayala Orta\"  width=\"200\" height=\"200\"><div class=\"social-team\"><\/div><\/div><div class=\"content-team\"><h4 class=\"title\"><a href=\"https:\/\/academicos.uprrp.edu\/preh\/our_team\/vera-c-ayala-orta\/\">Vera C. Ayala Orta<\/a><\/h4><div class = \"regency\">2022<\/div><\/div><\/div><div class=\"our-team-item col-sm-3\"><div class=\"our-team-image\"> <a class=\"link-img\" href=\"https:\/\/academicos.uprrp.edu\/preh\/our_team\/11382\/\"><\/a><img loading=\"lazy\" decoding=\"async\" src=\"https:\/\/academicos.uprrp.edu\/preh\/wp-content\/uploads\/sites\/6\/2025\/06\/Logro-defensa-Valerie-Gonzalez-200x200.png\" alt=\"Logro defensa Valerie Gonzalez\" title=\"Logro defensa Valerie Gonzalez\"  width=\"200\" height=\"200\"><div class=\"social-team\"><\/div><\/div><div class=\"content-team\"><h4 class=\"title\"><a href=\"https:\/\/academicos.uprrp.edu\/preh\/our_team\/11382\/\">Valerie I. Gonz\u00e1lez Delgado<\/a><\/h4><div class = \"regency\">2025<\/div><\/div><\/div><div class=\"our-team-item col-sm-3\"><div class=\"our-team-image\"> <a class=\"link-img\" href=\"https:\/\/academicos.uprrp.edu\/preh\/our_team\/stephanie-perez-rios\/\"><\/a><img loading=\"lazy\" decoding=\"async\" src=\"https:\/\/academicos.uprrp.edu\/preh\/wp-content\/uploads\/sites\/6\/2024\/05\/Stephanie-Pe\u0301rez-Ri\u0301os-200x200.jpeg\" alt=\"Stephanie P\u00e9rez R\u00edos\" title=\"Stephanie Pe\u0301rez Ri\u0301os\"  width=\"200\" height=\"200\"><div class=\"social-team\"><\/div><\/div><div class=\"content-team\"><h4 class=\"title\"><a href=\"https:\/\/academicos.uprrp.edu\/preh\/our_team\/stephanie-perez-rios\/\">Stephanie P\u00e9rez R\u00edos<\/a><\/h4><div class = \"regency\">2023<\/div><\/div><\/div><div class=\"our-team-item col-sm-3\"><div class=\"our-team-image\"> <a class=\"link-img\" href=\"https:\/\/academicos.uprrp.edu\/preh\/our_team\/sebastian-morales-tirado\/\"><\/a><img loading=\"lazy\" decoding=\"async\" src=\"https:\/\/academicos.uprrp.edu\/preh\/wp-content\/uploads\/sites\/6\/2024\/05\/Sebastia\u0301n-Morales-Tirado-200x200.jpeg\" alt=\"Sebasti\u00e1n Morales Tirado\" title=\"Sebastia\u0301n Morales Tirado\"  width=\"200\" height=\"200\"><div class=\"social-team\"><\/div><\/div><div class=\"content-team\"><h4 class=\"title\"><a href=\"https:\/\/academicos.uprrp.edu\/preh\/our_team\/sebastian-morales-tirado\/\">Sebasti\u00e1n Morales Tirado<\/a><\/h4><div class = \"regency\">2023<\/div><\/div><\/div><div class=\"our-team-item col-sm-3\"><div class=\"our-team-image\"> <a class=\"link-img\" href=\"https:\/\/academicos.uprrp.edu\/preh\/our_team\/sebastian-bentz-figueroa\/\"><\/a><img decoding=\"async\" src=\"https:\/\/academicos.uprrp.edu\/preh\/wp-content\/themes\/eduma\/images\/demo_images\/demo_image.jpg\" alt=\"Sebastian Bentz Figueroa\" title=\"Sebastian Bentz Figueroa\" ><div class=\"social-team\"><\/div><\/div><div class=\"content-team\"><h4 class=\"title\"><a href=\"https:\/\/academicos.uprrp.edu\/preh\/our_team\/sebastian-bentz-figueroa\/\">Sebastian Bentz Figueroa<\/a><\/h4><div class = \"regency\">2024<\/div><\/div><\/div><div class=\"our-team-item col-sm-3\"><div class=\"our-team-image\"> <a class=\"link-img\" href=\"https:\/\/academicos.uprrp.edu\/preh\/our_team\/sabrina-michelle-perez-de-santiago\/\"><\/a><img loading=\"lazy\" decoding=\"async\" src=\"https:\/\/academicos.uprrp.edu\/preh\/wp-content\/uploads\/sites\/6\/2024\/05\/Logro-de-Sabrina-Perez-200x200.jpg\" alt=\"Logro de Sabrina Perez\" title=\"Logro de Sabrina Perez\"  width=\"200\" height=\"200\"><div class=\"social-team\"><\/div><\/div><div class=\"content-team\"><h4 class=\"title\"><a href=\"https:\/\/academicos.uprrp.edu\/preh\/our_team\/sabrina-michelle-perez-de-santiago\/\">Sabrina M. P\u00e9rez De Santiago<\/a><\/h4><div class = \"regency\">2024<\/div><\/div><\/div><div class=\"our-team-item col-sm-3\"><div class=\"our-team-image\"> <a class=\"link-img\" href=\"https:\/\/academicos.uprrp.edu\/preh\/our_team\/noemi-rivera-acevedo\/\"><\/a><img loading=\"lazy\" decoding=\"async\" src=\"https:\/\/academicos.uprrp.edu\/preh\/wp-content\/uploads\/sites\/6\/2024\/05\/Noemi\u0301-Rivera-Acevedo-200x200.jpeg\" alt=\"Noem\u00ed Rivera Acevedo\" title=\"Noemi\u0301 Rivera Acevedo\"  width=\"200\" height=\"200\"><div class=\"social-team\"><\/div><\/div><div class=\"content-team\"><h4 class=\"title\"><a href=\"https:\/\/academicos.uprrp.edu\/preh\/our_team\/noemi-rivera-acevedo\/\">Noem\u00ed Rivera Acevedo<\/a><\/h4><\/div><\/div><div class=\"our-team-item col-sm-3\"><div class=\"our-team-image\"> <a class=\"link-img\" href=\"https:\/\/academicos.uprrp.edu\/preh\/our_team\/manuel-j-mora-casasola\/\"><\/a><img loading=\"lazy\" decoding=\"async\" src=\"https:\/\/academicos.uprrp.edu\/preh\/wp-content\/uploads\/sites\/6\/2024\/05\/Manuel-J.-Mora-Casasola-200x200.jpeg\" alt=\"Manuel J. Mora Casasola\" title=\"Screenshot\"  width=\"200\" height=\"200\"><div class=\"social-team\"><\/div><\/div><div class=\"content-team\"><h4 class=\"title\"><a href=\"https:\/\/academicos.uprrp.edu\/preh\/our_team\/manuel-j-mora-casasola\/\">Manuel J. Mora Casasola<\/a><\/h4><div class = \"regency\">2021<\/div><\/div><\/div><div class=\"our-team-item col-sm-3\"><div class=\"our-team-image\"> <a class=\"link-img\" href=\"https:\/\/academicos.uprrp.edu\/preh\/our_team\/kiara-c-moro-santiago\/\"><\/a><img loading=\"lazy\" decoding=\"async\" src=\"https:\/\/academicos.uprrp.edu\/preh\/wp-content\/uploads\/sites\/6\/2024\/05\/Kiara-C.-Moro-Santiago-200x200.jpeg\" alt=\"Kiara C. Moro Santiago\" title=\"Kiara C. Moro Santiago\"  width=\"200\" height=\"200\"><div class=\"social-team\"><\/div><\/div><div class=\"content-team\"><h4 class=\"title\"><a href=\"https:\/\/academicos.uprrp.edu\/preh\/our_team\/kiara-c-moro-santiago\/\">Kiara C. Moro Santiago<\/a><\/h4><div class = \"regency\">2022<\/div><\/div><\/div><div class=\"our-team-item col-sm-3\"><div class=\"our-team-image\"> <a class=\"link-img\" href=\"https:\/\/academicos.uprrp.edu\/preh\/our_team\/ivanna-k-vazquez-garcia\/\"><\/a><img loading=\"lazy\" decoding=\"async\" src=\"https:\/\/academicos.uprrp.edu\/preh\/wp-content\/uploads\/sites\/6\/2024\/05\/Logro-de-Ivanna-Vazquez-200x200.jpg\" alt=\"Logro de Ivanna Vazquez\" title=\"Logro de Ivanna Vazquez\"  width=\"200\" height=\"200\"><div class=\"social-team\"><\/div><\/div><div class=\"content-team\"><h4 class=\"title\"><a href=\"https:\/\/academicos.uprrp.edu\/preh\/our_team\/ivanna-k-vazquez-garcia\/\">Ivanna K. V\u00e1zquez Garc\u00eda<\/a><\/h4><div class = \"regency\">2025<\/div><\/div><\/div><div class=\"our-team-item col-sm-3\"><div class=\"our-team-image\"> <a class=\"link-img\" href=\"https:\/\/academicos.uprrp.edu\/preh\/our_team\/gabriela-i-rosa-hernandez-2\/\"><\/a><img loading=\"lazy\" decoding=\"async\" src=\"https:\/\/academicos.uprrp.edu\/preh\/wp-content\/uploads\/sites\/6\/2024\/05\/Gabriela-Rosa-200x200.jpeg\" alt=\"Gabriela I. Rosa Hern\u00e1ndez\" title=\"Gabriela Rosa\"  width=\"200\" height=\"200\"><div class=\"social-team\"><\/div><\/div><div class=\"content-team\"><h4 class=\"title\"><a href=\"https:\/\/academicos.uprrp.edu\/preh\/our_team\/gabriela-i-rosa-hernandez-2\/\">Gabriela I. Rosa Hern\u00e1ndez<\/a><\/h4><div class = \"regency\">2021<\/div><\/div><\/div><div class=\"our-team-item col-sm-3\"><div class=\"our-team-image\"> <a class=\"link-img\" href=\"https:\/\/academicos.uprrp.edu\/preh\/our_team\/astrid-m-lopez-martinez\/\"><\/a><img loading=\"lazy\" decoding=\"async\" src=\"https:\/\/academicos.uprrp.edu\/preh\/wp-content\/uploads\/sites\/6\/2024\/05\/Astrid-M.-Lo\u0301pez-Marti\u0301nez-200x200.jpg\" alt=\"Astrid M. L\u00f3pez Mart\u00ednez\" title=\"Astrid M. Lo\u0301pez Marti\u0301nez\"  width=\"200\" height=\"200\"><div class=\"social-team\"><\/div><\/div><div class=\"content-team\"><h4 class=\"title\"><a href=\"https:\/\/academicos.uprrp.edu\/preh\/our_team\/astrid-m-lopez-martinez\/\">Astrid M. L\u00f3pez Mart\u00ednez<\/a><\/h4><div class = \"regency\">2022<\/div><\/div><\/div><div class=\"our-team-item col-sm-3\"><div class=\"our-team-image\"> <a class=\"link-img\" href=\"https:\/\/academicos.uprrp.edu\/preh\/our_team\/adriana-rosario-surillo\/\"><\/a><img loading=\"lazy\" decoding=\"async\" src=\"https:\/\/academicos.uprrp.edu\/preh\/wp-content\/uploads\/sites\/6\/2024\/05\/Adriana-Rosario-Surillo-200x200.jpeg\" alt=\"Adriana Rosario Surillo\" title=\"Adriana Rosario Surillo\"  width=\"200\" height=\"200\"><div class=\"social-team\"><\/div><\/div><div class=\"content-team\"><h4 class=\"title\"><a href=\"https:\/\/academicos.uprrp.edu\/preh\/our_team\/adriana-rosario-surillo\/\">Adriana Rosario Surillo<\/a><\/h4><div class = \"regency\">2023<\/div><\/div><\/div><div class=\"our-team-item col-sm-3\"><div class=\"our-team-image\"> <a class=\"link-img\" href=\"https:\/\/academicos.uprrp.edu\/preh\/our_team\/cristina-torrija-garcia\/\"><\/a><img loading=\"lazy\" decoding=\"async\" src=\"https:\/\/academicos.uprrp.edu\/preh\/wp-content\/uploads\/sites\/6\/2024\/05\/Cristina-Torrija-Garci\u0301a-200x200.png\" alt=\"Cristina Torrija Garc\u00eda\" title=\"Cristina Torrija Garci\u0301a\"  width=\"200\" height=\"200\"><div class=\"social-team\"><\/div><\/div><div class=\"content-team\"><h4 class=\"title\"><a href=\"https:\/\/academicos.uprrp.edu\/preh\/our_team\/cristina-torrija-garcia\/\">Cristina Torrija Garc\u00eda<\/a><\/h4><div class = \"regency\">2023<\/div><\/div><\/div><div class=\"our-team-item col-sm-3\"><div class=\"our-team-image\"> <a class=\"link-img\" href=\"https:\/\/academicos.uprrp.edu\/preh\/our_team\/nicole-vargas-fuentes\/\"><\/a><img loading=\"lazy\" decoding=\"async\" src=\"https:\/\/academicos.uprrp.edu\/preh\/wp-content\/uploads\/sites\/6\/2024\/05\/Nicole-Vargas-Fuentes-200x200.png\" alt=\"Nicole Vargas Fuentes\" title=\"Nicole Vargas Fuentes\"  width=\"200\" height=\"200\"><div class=\"social-team\"><\/div><\/div><div class=\"content-team\"><h4 class=\"title\"><a href=\"https:\/\/academicos.uprrp.edu\/preh\/our_team\/nicole-vargas-fuentes\/\">Nicole Vargas Fuentes<\/a><\/h4><div class = \"regency\">2020<\/div><\/div><\/div><div class=\"our-team-item col-sm-3\"><div class=\"our-team-image\"> <a class=\"link-img\" href=\"https:\/\/academicos.uprrp.edu\/preh\/our_team\/manuel-a-mas-cabrera\/\"><\/a><img loading=\"lazy\" decoding=\"async\" src=\"https:\/\/academicos.uprrp.edu\/preh\/wp-content\/uploads\/sites\/6\/2024\/05\/Manuel-A.-Mas-Cabrera-200x200.png\" alt=\"Manuel A. Mas Cabrera\" title=\"Manuel A. Mas Cabrera\"  width=\"200\" height=\"200\"><div class=\"social-team\"><\/div><\/div><div class=\"content-team\"><h4 class=\"title\"><a href=\"https:\/\/academicos.uprrp.edu\/preh\/our_team\/manuel-a-mas-cabrera\/\">Manuel A. Mas Cabrera<\/a><\/h4><div class = \"regency\">2021<\/div><\/div><\/div><div class=\"our-team-item col-sm-3\"><div class=\"our-team-image\"> <a class=\"link-img\" href=\"https:\/\/academicos.uprrp.edu\/preh\/our_team\/marleana-m-rolon-sanfeliz\/\"><\/a><img loading=\"lazy\" decoding=\"async\" src=\"https:\/\/academicos.uprrp.edu\/preh\/wp-content\/uploads\/sites\/6\/2024\/05\/Logro-Marleana-M.-Rolo\u0301n-Sanfeliz-200x200.png\" alt=\"Logro de Marleana M. Rol\u00f3n Sanfeliz\" title=\"Logro-Marleana M. Rolo\u0301n Sanfeliz\"  width=\"200\" height=\"200\"><div class=\"social-team\"><\/div><\/div><div class=\"content-team\"><h4 class=\"title\"><a href=\"https:\/\/academicos.uprrp.edu\/preh\/our_team\/marleana-m-rolon-sanfeliz\/\">Marleana M. Rol\u00f3n Sanfeliz<\/a><\/h4><div class = \"regency\">2020<\/div><\/div><\/div><div class=\"our-team-item col-sm-3\"><div class=\"our-team-image\"> <a class=\"link-img\" href=\"https:\/\/academicos.uprrp.edu\/preh\/our_team\/marianellie-cruz-hernandez\/\"><\/a><img loading=\"lazy\" decoding=\"async\" src=\"https:\/\/academicos.uprrp.edu\/preh\/wp-content\/uploads\/sites\/6\/2024\/05\/Marianellie-Cruz-Herna\u0301ndez-200x200.png\" alt=\"Marianellie Cruz Hern\u00e1ndez\" title=\"Marianellie Cruz Herna\u0301ndez\"  width=\"200\" height=\"200\"><div class=\"social-team\"><\/div><\/div><div class=\"content-team\"><h4 class=\"title\"><a href=\"https:\/\/academicos.uprrp.edu\/preh\/our_team\/marianellie-cruz-hernandez\/\">Marianellie Cruz Hern\u00e1ndez<\/a><\/h4><div class = \"regency\">2019<\/div><\/div><\/div><div class=\"our-team-item col-sm-3\"><div class=\"our-team-image\"> <a class=\"link-img\" href=\"https:\/\/academicos.uprrp.edu\/preh\/our_team\/krizzia-soto-villanueva\/\"><\/a><img loading=\"lazy\" decoding=\"async\" src=\"https:\/\/academicos.uprrp.edu\/preh\/wp-content\/uploads\/sites\/6\/2024\/05\/Krizzia-Soto-Villanueva-200x200.png\" alt=\"Krizzia Soto Villanueva\" title=\"Krizzia Soto Villanueva\"  width=\"200\" height=\"200\"><div class=\"social-team\"><\/div><\/div><div class=\"content-team\"><h4 class=\"title\"><a href=\"https:\/\/academicos.uprrp.edu\/preh\/our_team\/krizzia-soto-villanueva\/\">Krizzia Soto Villanueva<\/a><\/h4><div class = \"regency\">2020<\/div><\/div><\/div><div class=\"our-team-item col-sm-3\"><div class=\"our-team-image\"> <a class=\"link-img\" href=\"https:\/\/academicos.uprrp.edu\/preh\/our_team\/reynaldo-gonzalez-figueroa\/\"><\/a><img loading=\"lazy\" decoding=\"async\" src=\"https:\/\/academicos.uprrp.edu\/preh\/wp-content\/uploads\/sites\/6\/2024\/05\/Reynaldo-Gonza\u0301lez-Figueroa-200x200.png\" alt=\"Reynaldo Gonza\u0301lez Figueroa\" title=\"Reynaldo Gonza\u0301lez Figueroa\"  width=\"200\" height=\"200\"><div class=\"social-team\"><\/div><\/div><div class=\"content-team\"><h4 class=\"title\"><a href=\"https:\/\/academicos.uprrp.edu\/preh\/our_team\/reynaldo-gonzalez-figueroa\/\">Reynaldo Gonz\u00e1lez Figueroa<\/a><\/h4><div class = \"regency\">2021<\/div><\/div><\/div><div class=\"our-team-item col-sm-3\"><div class=\"our-team-image\"> <a class=\"link-img\" href=\"https:\/\/academicos.uprrp.edu\/preh\/our_team\/john-maldonado-leon\/\"><\/a><img decoding=\"async\" src=\"https:\/\/academicos.uprrp.edu\/preh\/wp-content\/themes\/eduma\/images\/demo_images\/demo_image.jpg\" alt=\"John Maldonado Le\u00f3n\" title=\"John Maldonado Le\u00f3n\" ><div class=\"social-team\"><\/div><\/div><div class=\"content-team\"><h4 class=\"title\"><a href=\"https:\/\/academicos.uprrp.edu\/preh\/our_team\/john-maldonado-leon\/\">John Maldonado Le\u00f3n<\/a><\/h4><div class = \"regency\">2019<\/div><\/div><\/div><div class=\"our-team-item col-sm-3\"><div class=\"our-team-image\"> <a class=\"link-img\" href=\"https:\/\/academicos.uprrp.edu\/preh\/our_team\/johanna-hernandez-perez\/\"><\/a><img loading=\"lazy\" decoding=\"async\" src=\"https:\/\/academicos.uprrp.edu\/preh\/wp-content\/uploads\/sites\/6\/2024\/05\/Johanna-Herna\u0301ndez-Pe\u0301rez-200x200.png\" alt=\"Johanna Herna\u0301ndez Pe\u0301rez\" title=\"Johanna Herna\u0301ndez Pe\u0301rez\"  width=\"200\" height=\"200\"><div class=\"social-team\"><\/div><\/div><div class=\"content-team\"><h4 class=\"title\"><a href=\"https:\/\/academicos.uprrp.edu\/preh\/our_team\/johanna-hernandez-perez\/\">Johanna Hern\u00e1ndez P\u00e9rez<\/a><\/h4><div class = \"regency\">2019<\/div><\/div><\/div><div class=\"our-team-item col-sm-3\"><div class=\"our-team-image\"> <a class=\"link-img\" href=\"https:\/\/academicos.uprrp.edu\/preh\/our_team\/carlos-r-feliciano-morales\/\"><\/a><img loading=\"lazy\" decoding=\"async\" src=\"https:\/\/academicos.uprrp.edu\/preh\/wp-content\/uploads\/sites\/6\/2024\/05\/Logro-Carlos-R.-Feliciano-Morales-200x200.png\" alt=\"Logro de Carlos R. Feliciano Morales\" title=\"Logro-Carlos R. Feliciano Morales\"  width=\"200\" height=\"200\"><div class=\"social-team\"><\/div><\/div><div class=\"content-team\"><h4 class=\"title\"><a href=\"https:\/\/academicos.uprrp.edu\/preh\/our_team\/carlos-r-feliciano-morales\/\">Carlos R. Feliciano Morales<\/a><\/h4><div class = \"regency\">2020<\/div><\/div><\/div><div class=\"our-team-item col-sm-3\"><div class=\"our-team-image\"> <a class=\"link-img\" href=\"https:\/\/academicos.uprrp.edu\/preh\/our_team\/anthony-l-medina-nieves\/\"><\/a><img loading=\"lazy\" decoding=\"async\" src=\"https:\/\/academicos.uprrp.edu\/preh\/wp-content\/uploads\/sites\/6\/2024\/05\/Logro-Anthony-L.-Medina-Nieves-2-200x200.png\" alt=\"Logro de Anthony L. Medina Nieves\" title=\"Logro-Anthony L. Medina Nieves-2\"  width=\"200\" height=\"200\"><div class=\"social-team\"><\/div><\/div><div class=\"content-team\"><h4 class=\"title\"><a href=\"https:\/\/academicos.uprrp.edu\/preh\/our_team\/anthony-l-medina-nieves\/\">Anthony L. Medina Nieves<\/a><\/h4><div class = \"regency\">2021<\/div><\/div><\/div><div class=\"our-team-item col-sm-3\"><div class=\"our-team-image\"> <a class=\"link-img\" href=\"https:\/\/academicos.uprrp.edu\/preh\/our_team\/alberto-bernabe-negron\/\"><\/a><img loading=\"lazy\" decoding=\"async\" src=\"https:\/\/academicos.uprrp.edu\/preh\/wp-content\/uploads\/sites\/6\/2024\/05\/Alberto-Bernabe\u0301-Negro\u0301n-200x200.png\" alt=\"Alberto Bernab\u00e9 Negr\u00f3n\" title=\"Alberto Bernabe\u0301 Negro\u0301n\"  width=\"200\" height=\"200\"><div class=\"social-team\"><\/div><\/div><div class=\"content-team\"><h4 class=\"title\"><a href=\"https:\/\/academicos.uprrp.edu\/preh\/our_team\/alberto-bernabe-negron\/\">Alberto Bernab\u00e9 Negr\u00f3n<\/a><\/h4><div class = \"regency\">2019<\/div><\/div><\/div><\/div><\/div>\t\t\t\t<\/div>\n\t\t\t\t<\/div>\n\t\t\t\t\t<\/div>\n\t\t\t\t<\/div>\n\t\t<div class=\"elementor-element elementor-element-0ae1dd4 e-flex e-con-boxed e-con e-parent\" data-id=\"0ae1dd4\" data-element_type=\"container\" data-e-type=\"container\">\n\t\t\t\t\t<div class=\"e-con-inner\">\n\t\t\t\t<div class=\"elementor-element elementor-element-5f36806 elementor-widget elementor-widget-text-editor\" data-id=\"5f36806\" data-element_type=\"widget\" data-e-type=\"widget\" data-widget_type=\"text-editor.default\">\n\t\t\t\t<div class=\"elementor-widget-container\">\n\t\t\t\t\t\t\t\t\t<table dir=\"ltr\" border=\"1\" cellspacing=\"0\" cellpadding=\"0\" data-sheets-root=\"1\" data-sheets-baot=\"1\"><colgroup><col width=\"97\" \/><col width=\"100\" \/><col width=\"105\" \/><\/colgroup><tbody><tr><td>Ayala<\/td><td>Orta<\/td><td>Vera C.<\/td><\/tr><tr><td>Bentz<\/td><td>Figueroa<\/td><td>Sebasti\u00e1n<\/td><\/tr><tr><td>Bernabe<\/td><td>Negr\u00f3n<\/td><td>Alberto G.<\/td><\/tr><tr><td>Berr\u00edos<\/td><td>Cruz<\/td><td>F\u00e1tima B.<\/td><\/tr><tr><td>Carlo<\/td><td>Carre\u00f1o<\/td><td>Silvia S.<\/td><\/tr><tr><td>Collado<\/td><td>Laboy<\/td><td>Aneira V.<\/td><\/tr><tr><td>Col\u00f3n<\/td><td>Bermudez<\/td><td>Esther Y.<\/td><\/tr><tr><td>Cruz<\/td><td>Hern\u00e1ndez<\/td><td>Marianellie<\/td><\/tr><tr><td>Feliciano<\/td><td>Morales<\/td><td>Carlos R.<\/td><\/tr><tr><td>Fortu\u00f1o<\/td><td>Bravo<\/td><td>Mar\u00eda del P.<\/td><\/tr><tr><td>Gil de Rubio<\/td><td>Cruz<\/td><td>Antonio D.<\/td><\/tr><tr><td>Gonz\u00e1lez<\/td><td>Figueroa<\/td><td>Reynaldo J.<\/td><\/tr><tr><td>Gonz\u00e1lez<\/td><td>Delgado<\/td><td>Valerie I.<\/td><\/tr><tr><td>Hern\u00e1ndez<\/td><td>P\u00e9rez<\/td><td>Johanna<\/td><\/tr><tr><td>L\u00f3pez<\/td><td>Mart\u00ednez<\/td><td>Astrid M.<\/td><\/tr><tr><td>Maldonado<\/td><td>Le\u00f3n<\/td><td>John<\/td><\/tr><tr><td>Marrero<\/td><td>Alsina<\/td><td>Andrea N.<\/td><\/tr><tr><td>Mas<\/td><td>Cabrera<\/td><td>Manuel A.<\/td><\/tr><tr><td>Medina<\/td><td>Nieves<\/td><td>Anthony L<\/td><\/tr><tr><td>Molinelli<\/td><td>Gonz\u00e1lez<\/td><td>Jos\u00e9 A.<\/td><\/tr><tr><td>Mora<\/td><td>Casasola<\/td><td>Manuel J.<\/td><\/tr><tr><td>Morales<\/td><td>Dechoudens<\/td><td>G\u00e9nesis<\/td><\/tr><tr><td>Morales<\/td><td>Tirado<\/td><td>Sebasti\u00e1n<\/td><\/tr><tr><td>Moro<\/td><td>Santiago<\/td><td>Kiara C.<\/td><\/tr><tr><td>Negr\u00f3n<\/td><td>Rivera<\/td><td>Marielena<\/td><\/tr><tr><td>Ocasio<\/td><td>Gracia<\/td><td>Carolina N.<\/td><\/tr><tr><td>P\u00e9rez<\/td><td>De Santiago<\/td><td>Sabrina M.<\/td><\/tr><tr><td>P\u00e9rez<\/td><td>R\u00edos<\/td><td>Stephanie<\/td><\/tr><tr><td>P\u00e9rez<\/td><td>Su\u00e1rez<\/td><td>Sof\u00eda L.<\/td><\/tr><tr><td>P\u00e9rez<\/td><td>Gonz\u00e1lez<\/td><td>Faviola A.<\/td><\/tr><tr><td>Rivera<\/td><td>Acevedo<\/td><td>Noem\u00ed<\/td><\/tr><tr><td>Rodr\u00edguez<\/td><td>Arzola<\/td><td>Evelyn<\/td><\/tr><tr><td>Rodr\u00edguez<\/td><td>L\u00f3pez<\/td><td>Joyce<\/td><\/tr><tr><td>Rol\u00f3n<\/td><td>Sanfeliz<\/td><td>Marleana M.<\/td><\/tr><tr><td>Rosa<\/td><td>Hern\u00e1ndez<\/td><td>Gabriela I.<\/td><\/tr><tr><td>Rosario<\/td><td>Surillo<\/td><td>Adriana M.<\/td><\/tr><tr><td>Seda<\/td><td>Chabrier<\/td><td>Cristina<\/td><\/tr><tr><td>Soto<\/td><td>Villanueva<\/td><td>Krizzia<\/td><\/tr><tr><td>Torija<\/td><td>Garc\u00eda<\/td><td>Cristina<\/td><\/tr><tr><td>Vargas<\/td><td>Fuentes<\/td><td>Nicole<\/td><\/tr><tr><td>V\u00e1zquez<\/td><td>Garc\u00eda<\/td><td>Ivanna K.<\/td><\/tr><\/tbody><\/table>\t\t\t\t\t\t\t\t<\/div>\n\t\t\t\t<\/div>\n\t\t\t\t\t<\/div>\n\t\t\t\t<\/div>\n\t\t\t\t<\/div>\n\t\t","protected":false},"excerpt":{"rendered":"<p>Facultad de Ciencias Sociales Zo\u00e9 M. Valent\u00edn Flores Vera C. Ayala Orta Valerie I. Gonz\u00e1lez Delgado Stephanie P\u00e9rez R\u00edos Sebasti\u00e1n Morales Tirado Sebastian Bentz Figueroa Sabrina Michelle P\u00e9rez De Santiago Noem\u00ed Rivera Acevedo Manuel J. Mora Casasola Kiara C. Moro &hellip; <\/p>\n","protected":false},"author":9,"featured_media":0,"parent":10926,"menu_order":0,"comment_status":"closed","ping_status":"closed","template":"","meta":{"_monsterinsights_skip_tracking":false,"_monsterinsights_sitenote_active":false,"_monsterinsights_sitenote_note":"","_monsterinsights_sitenote_category":0,"footnotes":""},"class_list":["post-11834","page","type-page","status-publish","hentry"],"yoast_head":"<!-- This site is optimized with the Yoast SEO plugin v27.2 - https:\/\/yoast.com\/product\/yoast-seo-wordpress\/ -->\n<title>Facultad de Ciencias Sociales - Programa de Estudios de Honor<\/title>\n<meta name=\"robots\" content=\"index, follow, max-snippet:-1, max-image-preview:large, max-video-preview:-1\" \/>\n<link rel=\"canonical\" href=\"https:\/\/academicos.uprrp.edu\/preh\/egresados\/facultad-de-ciencias-sociales\/\" \/>\n<meta property=\"og:locale\" content=\"es_ES\" \/>\n<meta property=\"og:type\" content=\"article\" \/>\n<meta property=\"og:title\" content=\"Facultad de Ciencias Sociales - Programa de Estudios de Honor\" \/>\n<meta property=\"og:description\" content=\"Facultad de Ciencias Sociales Zo\u00e9 M. Valent\u00edn Flores Vera C. Ayala Orta Valerie I. Gonz\u00e1lez Delgado Stephanie P\u00e9rez R\u00edos Sebasti\u00e1n Morales Tirado Sebastian Bentz Figueroa Sabrina Michelle P\u00e9rez De Santiago Noem\u00ed Rivera Acevedo Manuel J. Mora Casasola Kiara C. Moro &hellip;\" \/>\n<meta property=\"og:url\" content=\"https:\/\/academicos.uprrp.edu\/preh\/egresados\/facultad-de-ciencias-sociales\/\" \/>\n<meta property=\"og:site_name\" content=\"Programa de Estudios de Honor\" \/>\n<meta property=\"article:modified_time\" content=\"2025-06-18T19:33:42+00:00\" \/>\n<meta property=\"og:image\" content=\"https:\/\/academicos.uprrp.edu\/preh\/wp-content\/uploads\/sites\/6\/2024\/05\/Vera-C.-Ayala-Orta-200x200.png\" \/>\n<meta name=\"twitter:card\" content=\"summary_large_image\" \/>\n<meta name=\"twitter:label1\" content=\"Est. reading time\" \/>\n\t<meta name=\"twitter:data1\" content=\"10 minutos\" \/>\n<script type=\"application\/ld+json\" class=\"yoast-schema-graph\">{\"@context\":\"https:\/\/schema.org\",\"@graph\":[{\"@type\":\"WebPage\",\"@id\":\"https:\/\/academicos.uprrp.edu\/preh\/egresados\/facultad-de-ciencias-sociales\/\",\"url\":\"https:\/\/academicos.uprrp.edu\/preh\/egresados\/facultad-de-ciencias-sociales\/\",\"name\":\"Facultad de Ciencias Sociales - Programa de Estudios de Honor\",\"isPartOf\":{\"@id\":\"https:\/\/academicos.uprrp.edu\/preh\/#website\"},\"primaryImageOfPage\":{\"@id\":\"https:\/\/academicos.uprrp.edu\/preh\/egresados\/facultad-de-ciencias-sociales\/#primaryimage\"},\"image\":{\"@id\":\"https:\/\/academicos.uprrp.edu\/preh\/egresados\/facultad-de-ciencias-sociales\/#primaryimage\"},\"thumbnailUrl\":\"https:\/\/academicos.uprrp.edu\/preh\/wp-content\/uploads\/sites\/6\/2024\/05\/Vera-C.-Ayala-Orta-200x200.png\",\"datePublished\":\"2024-06-03T13:31:20+00:00\",\"dateModified\":\"2025-06-18T19:33:42+00:00\",\"breadcrumb\":{\"@id\":\"https:\/\/academicos.uprrp.edu\/preh\/egresados\/facultad-de-ciencias-sociales\/#breadcrumb\"},\"inLanguage\":\"es\",\"potentialAction\":[{\"@type\":\"ReadAction\",\"target\":[\"https:\/\/academicos.uprrp.edu\/preh\/egresados\/facultad-de-ciencias-sociales\/\"]}]},{\"@type\":\"ImageObject\",\"inLanguage\":\"es\",\"@id\":\"https:\/\/academicos.uprrp.edu\/preh\/egresados\/facultad-de-ciencias-sociales\/#primaryimage\",\"url\":\"https:\/\/academicos.uprrp.edu\/preh\/wp-content\/uploads\/sites\/6\/2024\/05\/Vera-C.-Ayala-Orta-200x200.png\",\"contentUrl\":\"https:\/\/academicos.uprrp.edu\/preh\/wp-content\/uploads\/sites\/6\/2024\/05\/Vera-C.-Ayala-Orta-200x200.png\"},{\"@type\":\"BreadcrumbList\",\"@id\":\"https:\/\/academicos.uprrp.edu\/preh\/egresados\/facultad-de-ciencias-sociales\/#breadcrumb\",\"itemListElement\":[{\"@type\":\"ListItem\",\"position\":1,\"name\":\"Home\",\"item\":\"https:\/\/academicos.uprrp.edu\/preh\/\"},{\"@type\":\"ListItem\",\"position\":2,\"name\":\"Egresados(as)\",\"item\":\"https:\/\/academicos.uprrp.edu\/preh\/egresados\/\"},{\"@type\":\"ListItem\",\"position\":3,\"name\":\"Facultad de Ciencias Sociales\"}]},{\"@type\":\"WebSite\",\"@id\":\"https:\/\/academicos.uprrp.edu\/preh\/#website\",\"url\":\"https:\/\/academicos.uprrp.edu\/preh\/\",\"name\":\"Programa de Estudios de Honor\",\"description\":\"\",\"potentialAction\":[{\"@type\":\"SearchAction\",\"target\":{\"@type\":\"EntryPoint\",\"urlTemplate\":\"https:\/\/academicos.uprrp.edu\/preh\/?s={search_term_string}\"},\"query-input\":{\"@type\":\"PropertyValueSpecification\",\"valueRequired\":true,\"valueName\":\"search_term_string\"}}],\"inLanguage\":\"es\"}]}<\/script>\n<!-- \/ Yoast SEO plugin. -->","yoast_head_json":{"title":"Facultad de Ciencias Sociales - Programa de Estudios de Honor","robots":{"index":"index","follow":"follow","max-snippet":"max-snippet:-1","max-image-preview":"max-image-preview:large","max-video-preview":"max-video-preview:-1"},"canonical":"https:\/\/academicos.uprrp.edu\/preh\/egresados\/facultad-de-ciencias-sociales\/","og_locale":"es_ES","og_type":"article","og_title":"Facultad de Ciencias Sociales - Programa de Estudios de Honor","og_description":"Facultad de Ciencias Sociales Zo\u00e9 M. Valent\u00edn Flores Vera C. Ayala Orta Valerie I. Gonz\u00e1lez Delgado Stephanie P\u00e9rez R\u00edos Sebasti\u00e1n Morales Tirado Sebastian Bentz Figueroa Sabrina Michelle P\u00e9rez De Santiago Noem\u00ed Rivera Acevedo Manuel J. Mora Casasola Kiara C. Moro &hellip;","og_url":"https:\/\/academicos.uprrp.edu\/preh\/egresados\/facultad-de-ciencias-sociales\/","og_site_name":"Programa de Estudios de Honor","article_modified_time":"2025-06-18T19:33:42+00:00","og_image":[{"url":"https:\/\/academicos.uprrp.edu\/preh\/wp-content\/uploads\/sites\/6\/2024\/05\/Vera-C.-Ayala-Orta-200x200.png","type":"","width":"","height":""}],"twitter_card":"summary_large_image","twitter_misc":{"Est. reading time":"10 minutos"},"schema":{"@context":"https:\/\/schema.org","@graph":[{"@type":"WebPage","@id":"https:\/\/academicos.uprrp.edu\/preh\/egresados\/facultad-de-ciencias-sociales\/","url":"https:\/\/academicos.uprrp.edu\/preh\/egresados\/facultad-de-ciencias-sociales\/","name":"Facultad de Ciencias Sociales - Programa de Estudios de Honor","isPartOf":{"@id":"https:\/\/academicos.uprrp.edu\/preh\/#website"},"primaryImageOfPage":{"@id":"https:\/\/academicos.uprrp.edu\/preh\/egresados\/facultad-de-ciencias-sociales\/#primaryimage"},"image":{"@id":"https:\/\/academicos.uprrp.edu\/preh\/egresados\/facultad-de-ciencias-sociales\/#primaryimage"},"thumbnailUrl":"https:\/\/academicos.uprrp.edu\/preh\/wp-content\/uploads\/sites\/6\/2024\/05\/Vera-C.-Ayala-Orta-200x200.png","datePublished":"2024-06-03T13:31:20+00:00","dateModified":"2025-06-18T19:33:42+00:00","breadcrumb":{"@id":"https:\/\/academicos.uprrp.edu\/preh\/egresados\/facultad-de-ciencias-sociales\/#breadcrumb"},"inLanguage":"es","potentialAction":[{"@type":"ReadAction","target":["https:\/\/academicos.uprrp.edu\/preh\/egresados\/facultad-de-ciencias-sociales\/"]}]},{"@type":"ImageObject","inLanguage":"es","@id":"https:\/\/academicos.uprrp.edu\/preh\/egresados\/facultad-de-ciencias-sociales\/#primaryimage","url":"https:\/\/academicos.uprrp.edu\/preh\/wp-content\/uploads\/sites\/6\/2024\/05\/Vera-C.-Ayala-Orta-200x200.png","contentUrl":"https:\/\/academicos.uprrp.edu\/preh\/wp-content\/uploads\/sites\/6\/2024\/05\/Vera-C.-Ayala-Orta-200x200.png"},{"@type":"BreadcrumbList","@id":"https:\/\/academicos.uprrp.edu\/preh\/egresados\/facultad-de-ciencias-sociales\/#breadcrumb","itemListElement":[{"@type":"ListItem","position":1,"name":"Home","item":"https:\/\/academicos.uprrp.edu\/preh\/"},{"@type":"ListItem","position":2,"name":"Egresados(as)","item":"https:\/\/academicos.uprrp.edu\/preh\/egresados\/"},{"@type":"ListItem","position":3,"name":"Facultad de Ciencias Sociales"}]},{"@type":"WebSite","@id":"https:\/\/academicos.uprrp.edu\/preh\/#website","url":"https:\/\/academicos.uprrp.edu\/preh\/","name":"Programa de Estudios de Honor","description":"","potentialAction":[{"@type":"SearchAction","target":{"@type":"EntryPoint","urlTemplate":"https:\/\/academicos.uprrp.edu\/preh\/?s={search_term_string}"},"query-input":{"@type":"PropertyValueSpecification","valueRequired":true,"valueName":"search_term_string"}}],"inLanguage":"es"}]}},"_links":{"self":[{"href":"https:\/\/academicos.uprrp.edu\/preh\/wp-json\/wp\/v2\/pages\/11834","targetHints":{"allow":["GET"]}}],"collection":[{"href":"https:\/\/academicos.uprrp.edu\/preh\/wp-json\/wp\/v2\/pages"}],"about":[{"href":"https:\/\/academicos.uprrp.edu\/preh\/wp-json\/wp\/v2\/types\/page"}],"author":[{"embeddable":true,"href":"https:\/\/academicos.uprrp.edu\/preh\/wp-json\/wp\/v2\/users\/9"}],"replies":[{"embeddable":true,"href":"https:\/\/academicos.uprrp.edu\/preh\/wp-json\/wp\/v2\/comments?post=11834"}],"version-history":[{"count":7,"href":"https:\/\/academicos.uprrp.edu\/preh\/wp-json\/wp\/v2\/pages\/11834\/revisions"}],"predecessor-version":[{"id":12807,"href":"https:\/\/academicos.uprrp.edu\/preh\/wp-json\/wp\/v2\/pages\/11834\/revisions\/12807"}],"up":[{"embeddable":true,"href":"https:\/\/academicos.uprrp.edu\/preh\/wp-json\/wp\/v2\/pages\/10926"}],"wp:attachment":[{"href":"https:\/\/academicos.uprrp.edu\/preh\/wp-json\/wp\/v2\/media?parent=11834"}],"curies":[{"name":"wp","href":"https:\/\/api.w.org\/{rel}","templated":true}]}}