{"id":10926,"date":"2024-05-07T09:59:37","date_gmt":"2024-05-07T13:59:37","guid":{"rendered":"https:\/\/academicos.uprrp.edu\/preh\/?page_id=10926"},"modified":"2026-02-06T15:12:20","modified_gmt":"2026-02-06T19:12:20","slug":"egresados","status":"publish","type":"page","link":"https:\/\/academicos.uprrp.edu\/preh\/egresados\/","title":{"rendered":"Egresados(as)"},"content":{"rendered":"\t\t<div data-elementor-type=\"wp-page\" data-elementor-id=\"10926\" class=\"elementor elementor-10926\">\n\t\t\t\t<div class=\"elementor-element elementor-element-4dd7313 e-con-full e-flex e-con e-parent\" data-id=\"4dd7313\" data-element_type=\"container\" data-e-type=\"container\">\n\t\t\t\t<div class=\"elementor-element elementor-element-77d536f elementor-widget elementor-widget-image\" data-id=\"77d536f\" data-element_type=\"widget\" data-e-type=\"widget\" data-widget_type=\"image.default\">\n\t\t\t\t<div class=\"elementor-widget-container\">\n\t\t\t\t\t\t\t\t\t\t\t\t\t\t\t<img fetchpriority=\"high\" decoding=\"async\" width=\"1200\" height=\"350\" src=\"https:\/\/academicos.uprrp.edu\/preh\/wp-content\/uploads\/sites\/6\/2024\/05\/Banner-PREH.png\" class=\"attachment-full size-full wp-image-11492\" alt=\"Banner de la p\u00e1gina del PREH\" srcset=\"https:\/\/academicos.uprrp.edu\/preh\/wp-content\/uploads\/sites\/6\/2024\/05\/Banner-PREH.png 1200w, https:\/\/academicos.uprrp.edu\/preh\/wp-content\/uploads\/sites\/6\/2024\/05\/Banner-PREH-300x88.png 300w, https:\/\/academicos.uprrp.edu\/preh\/wp-content\/uploads\/sites\/6\/2024\/05\/Banner-PREH-1024x299.png 1024w, https:\/\/academicos.uprrp.edu\/preh\/wp-content\/uploads\/sites\/6\/2024\/05\/Banner-PREH-768x224.png 768w\" sizes=\"(max-width: 1200px) 100vw, 1200px\" \/>\t\t\t\t\t\t\t\t\t\t\t\t\t\t\t<\/div>\n\t\t\t\t<\/div>\n\t\t\t\t<div class=\"elementor-element elementor-element-dece565 elementor-widget elementor-widget-heading\" data-id=\"dece565\" data-element_type=\"widget\" data-e-type=\"widget\" data-widget_type=\"heading.default\">\n\t\t\t\t<div class=\"elementor-widget-container\">\n\t\t\t\t\t<h2 class=\"elementor-heading-title elementor-size-default\">Egresados y Egresadas por Facultad o Escuela<\/h2>\t\t\t\t<\/div>\n\t\t\t\t<\/div>\n\t\t\t\t<div class=\"elementor-element elementor-element-509c7be elementor-widget elementor-widget-text-editor\" data-id=\"509c7be\" data-element_type=\"widget\" data-e-type=\"widget\" data-widget_type=\"text-editor.default\">\n\t\t\t\t<div class=\"elementor-widget-container\">\n\t\t\t\t\t\t\t\t\t<ul><li style=\"text-align: center\"><h4 style=\"text-align: left\"><a href=\"https:\/\/academicos.uprrp.edu\/preh\/egresados\/escuela-de-arquitectura\/\">Escuela de Arquitectura<\/a><\/h4><\/li><li style=\"text-align: center\"><h4 style=\"text-align: left\"><a href=\"https:\/\/academicos.uprrp.edu\/preh\/egresados\/facultad-de-administracion-de-empresas\/\">Faculta de Administraci\u00f3n de Empresas<\/a><\/h4><\/li><li style=\"text-align: center\"><h4 style=\"text-align: left\"><a href=\"https:\/\/academicos.uprrp.edu\/preh\/egresados\/facultad-de-ciencias-naturales\/\">Facultad de Ciencias Naturales<\/a><\/h4><\/li><li style=\"text-align: center\"><h4 style=\"text-align: left\"><a href=\"https:\/\/academicos.uprrp.edu\/preh\/egresados\/facultad-de-ciencias-sociales\/\">Facultad de Ciencias Sociales<\/a><\/h4><\/li><li style=\"text-align: center\"><h4 style=\"text-align: left\"><a href=\"https:\/\/academicos.uprrp.edu\/preh\/egresados\/facultad-de-comunicacion-e-informacion\/\">Facultad de Comunicaci\u00f3n e Informaci\u00f3n<\/a><\/h4><\/li><li style=\"text-align: center\"><h4 style=\"text-align: left\"><a href=\"https:\/\/academicos.uprrp.edu\/preh\/egresados\/facultad-de-educacion\/\">Facultad de Educaci\u00f3n<\/a><\/h4><\/li><li style=\"text-align: center\"><h4 style=\"text-align: left\"><a href=\"https:\/\/academicos.uprrp.edu\/preh\/egresados\/facultad-de-estudios-generales\/\">Facultad de Estudios Generales<\/a><\/h4><\/li><li style=\"text-align: center\"><h4 style=\"text-align: left\"><a href=\"https:\/\/academicos.uprrp.edu\/preh\/egresados\/facultad-de-humanidades\/\">Facultad de Humanidades<\/a><\/h4><\/li><\/ul>\t\t\t\t\t\t\t\t<\/div>\n\t\t\t\t<\/div>\n\t\t\t\t<\/div>\n\t\t\t\t<\/div>\n\t\t","protected":false},"excerpt":{"rendered":"<p>Egresados y Egresadas por Facultad o Escuela Escuela de Arquitectura Faculta de Administraci\u00f3n de Empresas Facultad de Ciencias Naturales Facultad de Ciencias Sociales Facultad de Comunicaci\u00f3n e Informaci\u00f3n Facultad de Educaci\u00f3n Facultad de Estudios Generales Facultad de Humanidades<\/p>\n","protected":false},"author":9,"featured_media":0,"parent":0,"menu_order":0,"comment_status":"closed","ping_status":"closed","template":"","meta":{"_monsterinsights_skip_tracking":false,"_monsterinsights_sitenote_active":false,"_monsterinsights_sitenote_note":"","_monsterinsights_sitenote_category":0,"footnotes":""},"class_list":["post-10926","page","type-page","status-publish","hentry"],"yoast_head":"<!-- This site is optimized with the Yoast SEO plugin v27.2 - https:\/\/yoast.com\/product\/yoast-seo-wordpress\/ -->\n<title>Egresados(as) - Programa de Estudios de Honor<\/title>\n<meta name=\"robots\" content=\"index, follow, max-snippet:-1, max-image-preview:large, max-video-preview:-1\" \/>\n<link rel=\"canonical\" href=\"https:\/\/academicos.uprrp.edu\/preh\/egresados\/\" \/>\n<meta property=\"og:locale\" content=\"es_ES\" \/>\n<meta property=\"og:type\" content=\"article\" \/>\n<meta property=\"og:title\" content=\"Egresados(as) - Programa de Estudios de Honor\" \/>\n<meta property=\"og:description\" content=\"Egresados y Egresadas por Facultad o Escuela Escuela de Arquitectura Faculta de Administraci\u00f3n de Empresas Facultad de Ciencias Naturales Facultad de Ciencias Sociales Facultad de Comunicaci\u00f3n e Informaci\u00f3n Facultad de Educaci\u00f3n Facultad de Estudios Generales Facultad de Humanidades\" \/>\n<meta property=\"og:url\" content=\"https:\/\/academicos.uprrp.edu\/preh\/egresados\/\" \/>\n<meta property=\"og:site_name\" content=\"Programa de Estudios de Honor\" \/>\n<meta property=\"article:modified_time\" content=\"2026-02-06T19:12:20+00:00\" \/>\n<meta property=\"og:image\" content=\"https:\/\/academicos.uprrp.edu\/preh\/wp-content\/uploads\/sites\/6\/2024\/05\/Banner-PREH.png\" \/>\n\t<meta property=\"og:image:width\" content=\"1200\" \/>\n\t<meta property=\"og:image:height\" content=\"350\" \/>\n\t<meta property=\"og:image:type\" content=\"image\/png\" \/>\n<meta name=\"twitter:card\" content=\"summary_large_image\" \/>\n<meta name=\"twitter:label1\" content=\"Est. reading time\" \/>\n\t<meta name=\"twitter:data1\" content=\"1 minuto\" \/>\n<script type=\"application\/ld+json\" class=\"yoast-schema-graph\">{\"@context\":\"https:\/\/schema.org\",\"@graph\":[{\"@type\":\"WebPage\",\"@id\":\"https:\/\/academicos.uprrp.edu\/preh\/egresados\/\",\"url\":\"https:\/\/academicos.uprrp.edu\/preh\/egresados\/\",\"name\":\"Egresados(as) - Programa de Estudios de Honor\",\"isPartOf\":{\"@id\":\"https:\/\/academicos.uprrp.edu\/preh\/#website\"},\"primaryImageOfPage\":{\"@id\":\"https:\/\/academicos.uprrp.edu\/preh\/egresados\/#primaryimage\"},\"image\":{\"@id\":\"https:\/\/academicos.uprrp.edu\/preh\/egresados\/#primaryimage\"},\"thumbnailUrl\":\"https:\/\/academicos.uprrp.edu\/preh\/wp-content\/uploads\/sites\/6\/2024\/05\/Banner-PREH.png\",\"datePublished\":\"2024-05-07T13:59:37+00:00\",\"dateModified\":\"2026-02-06T19:12:20+00:00\",\"breadcrumb\":{\"@id\":\"https:\/\/academicos.uprrp.edu\/preh\/egresados\/#breadcrumb\"},\"inLanguage\":\"es\",\"potentialAction\":[{\"@type\":\"ReadAction\",\"target\":[\"https:\/\/academicos.uprrp.edu\/preh\/egresados\/\"]}]},{\"@type\":\"ImageObject\",\"inLanguage\":\"es\",\"@id\":\"https:\/\/academicos.uprrp.edu\/preh\/egresados\/#primaryimage\",\"url\":\"https:\/\/academicos.uprrp.edu\/preh\/wp-content\/uploads\/sites\/6\/2024\/05\/Banner-PREH.png\",\"contentUrl\":\"https:\/\/academicos.uprrp.edu\/preh\/wp-content\/uploads\/sites\/6\/2024\/05\/Banner-PREH.png\",\"width\":1200,\"height\":350,\"caption\":\"Banner de la p\u00e1gina del PREH\"},{\"@type\":\"BreadcrumbList\",\"@id\":\"https:\/\/academicos.uprrp.edu\/preh\/egresados\/#breadcrumb\",\"itemListElement\":[{\"@type\":\"ListItem\",\"position\":1,\"name\":\"Home\",\"item\":\"https:\/\/academicos.uprrp.edu\/preh\/\"},{\"@type\":\"ListItem\",\"position\":2,\"name\":\"Egresados(as)\"}]},{\"@type\":\"WebSite\",\"@id\":\"https:\/\/academicos.uprrp.edu\/preh\/#website\",\"url\":\"https:\/\/academicos.uprrp.edu\/preh\/\",\"name\":\"Programa de Estudios de Honor\",\"description\":\"\",\"potentialAction\":[{\"@type\":\"SearchAction\",\"target\":{\"@type\":\"EntryPoint\",\"urlTemplate\":\"https:\/\/academicos.uprrp.edu\/preh\/?s={search_term_string}\"},\"query-input\":{\"@type\":\"PropertyValueSpecification\",\"valueRequired\":true,\"valueName\":\"search_term_string\"}}],\"inLanguage\":\"es\"}]}<\/script>\n<!-- \/ Yoast SEO plugin. -->","yoast_head_json":{"title":"Egresados(as) - Programa de Estudios de Honor","robots":{"index":"index","follow":"follow","max-snippet":"max-snippet:-1","max-image-preview":"max-image-preview:large","max-video-preview":"max-video-preview:-1"},"canonical":"https:\/\/academicos.uprrp.edu\/preh\/egresados\/","og_locale":"es_ES","og_type":"article","og_title":"Egresados(as) - Programa de Estudios de Honor","og_description":"Egresados y Egresadas por Facultad o Escuela Escuela de Arquitectura Faculta de Administraci\u00f3n de Empresas Facultad de Ciencias Naturales Facultad de Ciencias Sociales Facultad de Comunicaci\u00f3n e Informaci\u00f3n Facultad de Educaci\u00f3n Facultad de Estudios Generales Facultad de Humanidades","og_url":"https:\/\/academicos.uprrp.edu\/preh\/egresados\/","og_site_name":"Programa de Estudios de Honor","article_modified_time":"2026-02-06T19:12:20+00:00","og_image":[{"width":1200,"height":350,"url":"https:\/\/academicos.uprrp.edu\/preh\/wp-content\/uploads\/sites\/6\/2024\/05\/Banner-PREH.png","type":"image\/png"}],"twitter_card":"summary_large_image","twitter_misc":{"Est. reading time":"1 minuto"},"schema":{"@context":"https:\/\/schema.org","@graph":[{"@type":"WebPage","@id":"https:\/\/academicos.uprrp.edu\/preh\/egresados\/","url":"https:\/\/academicos.uprrp.edu\/preh\/egresados\/","name":"Egresados(as) - Programa de Estudios de Honor","isPartOf":{"@id":"https:\/\/academicos.uprrp.edu\/preh\/#website"},"primaryImageOfPage":{"@id":"https:\/\/academicos.uprrp.edu\/preh\/egresados\/#primaryimage"},"image":{"@id":"https:\/\/academicos.uprrp.edu\/preh\/egresados\/#primaryimage"},"thumbnailUrl":"https:\/\/academicos.uprrp.edu\/preh\/wp-content\/uploads\/sites\/6\/2024\/05\/Banner-PREH.png","datePublished":"2024-05-07T13:59:37+00:00","dateModified":"2026-02-06T19:12:20+00:00","breadcrumb":{"@id":"https:\/\/academicos.uprrp.edu\/preh\/egresados\/#breadcrumb"},"inLanguage":"es","potentialAction":[{"@type":"ReadAction","target":["https:\/\/academicos.uprrp.edu\/preh\/egresados\/"]}]},{"@type":"ImageObject","inLanguage":"es","@id":"https:\/\/academicos.uprrp.edu\/preh\/egresados\/#primaryimage","url":"https:\/\/academicos.uprrp.edu\/preh\/wp-content\/uploads\/sites\/6\/2024\/05\/Banner-PREH.png","contentUrl":"https:\/\/academicos.uprrp.edu\/preh\/wp-content\/uploads\/sites\/6\/2024\/05\/Banner-PREH.png","width":1200,"height":350,"caption":"Banner de la p\u00e1gina del PREH"},{"@type":"BreadcrumbList","@id":"https:\/\/academicos.uprrp.edu\/preh\/egresados\/#breadcrumb","itemListElement":[{"@type":"ListItem","position":1,"name":"Home","item":"https:\/\/academicos.uprrp.edu\/preh\/"},{"@type":"ListItem","position":2,"name":"Egresados(as)"}]},{"@type":"WebSite","@id":"https:\/\/academicos.uprrp.edu\/preh\/#website","url":"https:\/\/academicos.uprrp.edu\/preh\/","name":"Programa de Estudios de Honor","description":"","potentialAction":[{"@type":"SearchAction","target":{"@type":"EntryPoint","urlTemplate":"https:\/\/academicos.uprrp.edu\/preh\/?s={search_term_string}"},"query-input":{"@type":"PropertyValueSpecification","valueRequired":true,"valueName":"search_term_string"}}],"inLanguage":"es"}]}},"_links":{"self":[{"href":"https:\/\/academicos.uprrp.edu\/preh\/wp-json\/wp\/v2\/pages\/10926","targetHints":{"allow":["GET"]}}],"collection":[{"href":"https:\/\/academicos.uprrp.edu\/preh\/wp-json\/wp\/v2\/pages"}],"about":[{"href":"https:\/\/academicos.uprrp.edu\/preh\/wp-json\/wp\/v2\/types\/page"}],"author":[{"embeddable":true,"href":"https:\/\/academicos.uprrp.edu\/preh\/wp-json\/wp\/v2\/users\/9"}],"replies":[{"embeddable":true,"href":"https:\/\/academicos.uprrp.edu\/preh\/wp-json\/wp\/v2\/comments?post=10926"}],"version-history":[{"count":240,"href":"https:\/\/academicos.uprrp.edu\/preh\/wp-json\/wp\/v2\/pages\/10926\/revisions"}],"predecessor-version":[{"id":13176,"href":"https:\/\/academicos.uprrp.edu\/preh\/wp-json\/wp\/v2\/pages\/10926\/revisions\/13176"}],"wp:attachment":[{"href":"https:\/\/academicos.uprrp.edu\/preh\/wp-json\/wp\/v2\/media?parent=10926"}],"curies":[{"name":"wp","href":"https:\/\/api.w.org\/{rel}","templated":true}]}}