{"id":10542,"date":"2018-03-26T15:54:47","date_gmt":"2018-03-26T15:54:47","guid":{"rendered":"http:\/\/preh.uprrp.edu\/?page_id=14"},"modified":"2026-02-27T10:48:29","modified_gmt":"2026-02-27T14:48:29","slug":"mellon-mays-undergraduate-fellowship-program","status":"publish","type":"page","link":"https:\/\/academicos.uprrp.edu\/preh\/becas-internados\/becas\/mellon-mays-undergraduate-fellowship-program\/","title":{"rendered":"Beca Subgraduada Mellon Mays del Recinto de R\u00edo Piedras"},"content":{"rendered":"\t\t<div data-elementor-type=\"wp-page\" data-elementor-id=\"10542\" class=\"elementor elementor-10542\">\n\t\t\t\t<div class=\"elementor-element elementor-element-afacd0d e-con-full e-flex e-con e-parent\" data-id=\"afacd0d\" data-element_type=\"container\" data-e-type=\"container\">\n\t\t\t\t<div class=\"elementor-element elementor-element-21fc016 elementor-widget elementor-widget-heading\" data-id=\"21fc016\" data-element_type=\"widget\" data-e-type=\"widget\" data-widget_type=\"heading.default\">\n\t\t\t\t<div class=\"elementor-widget-container\">\n\t\t\t\t\t<h2 class=\"elementor-heading-title elementor-size-default\">BECA  SUBGRADUADA MELLON MAYS DE LA UPR-RP<\/h2>\t\t\t\t<\/div>\n\t\t\t\t<\/div>\n\t\t\t\t<div class=\"elementor-element elementor-element-45bbe7b elementor-widget elementor-widget-text-editor\" data-id=\"45bbe7b\" data-element_type=\"widget\" data-e-type=\"widget\" data-widget_type=\"text-editor.default\">\n\t\t\t\t<div class=\"elementor-widget-container\">\n\t\t\t\t\t\t\t\t\t<p><span style=\"color: #000000\">El<strong> Programa de la Beca Subgraduada Mellon Mays (MMUF, por sus siglas en ingl\u00e9s) del Recinto de R\u00edo Piedras<\/strong> recibe una subvenci\u00f3n de la Fundaci\u00f3n Andrew W. Mellon.\u00a0 Esta es una prestigiosa beca que ofrece estipendios\u00a0 por dos a\u00f1os a un grupo selecto de <strong>estudiantes subgraduados <\/strong>para llevar a cabo una investigaci\u00f3n. El estudiante deber\u00e1 tener planes concretos de estudiar un PhD en uno de los campos de estudio elegibles, y de dedicarse a la docencia y\/o a la investigaci\u00f3n en el nivel universitario una vez culmine el PhD.<\/span><\/p>\n<p style=\"padding-left: 40px\"><strong><span style=\"color: #ff0000\">FECHA L\u00cdMITE PARA SOLICITAR:\u00a0<\/span><\/strong> <span style=\"color: #000000\"><strong>2 de marzo 2026<\/strong><\/span><\/p>\n<p><span style=\"color: #000000\"><!-- \/wp:paragraph --><!-- wp:paragraph --><\/span><\/p>\n<p><span style=\"color: #000000\"><strong>Coordinadora administrativa: <\/strong>Dra. <span style=\"font-family: var( --e-global-typography-text-font-family ), Sans-serif;font-weight: var( --e-global-typography-text-font-weight );text-align: var(--text-align);font-size: var(--thim-font-body-font-size)\">Elaine Alfonso, <\/span>Dir. Programa de Estudios de Honor,<\/span><span style=\"text-decoration: underline;color: #0000ff\">\u00a0<\/span><a href=\"mailto:programa.honor@upr.edu\"><span style=\"text-decoration: underline;color: #0000ff\">programa.honor@upr.edu<\/span>,<span style=\"color: #000000\">\u00a0<\/span><\/a><span style=\"color: #000000\">787-764-0000, X 85060, 85061, 85062<\/span><\/p>\n<p style=\"padding-left: 40px\"><span style=\"color: #000000\"><!-- \/wp:list-item --><!-- wp:list-item --><\/span><\/p>\n<p style=\"padding-left: 40px\"><span style=\"color: #000000\"><!-- \/wp:list-item --><!-- wp:list-item --><\/span><\/p>\n<p><span style=\"color: #000000\"><!-- \/wp:list-item --><!-- wp:list-item --><\/span><\/p>\n<p><span style=\"color: #000000\"><!-- \/wp:list-item --><\/span><\/p>\n<p><span style=\"color: #000000\"><!-- \/wp:list --><!-- wp:paragraph --><\/span><\/p>\n<p><span style=\"color: #000000\"><strong>Coordinador acad\u00e9mico:\u00a0<\/strong><\/span><span style=\"font-family: var( --e-global-typography-text-font-family ), Sans-serif;font-weight: var( --e-global-typography-text-font-weight );text-align: var(--text-align);font-size: var(--thim-font-body-font-size)\"><span style=\"color: #000000\">Dr. Francisco A. Fortu\u00f1o Bernier<\/span>\u00a0<\/span><span style=\"text-decoration: underline\"><span style=\"color: #0000ff\"><a style=\"font-family: var( --e-global-typography-text-font-family ), Sans-serif;font-weight: var( --e-global-typography-text-font-weight );text-align: var(--text-align);font-size: var(--thim-font-body-font-size);color: #0000ff;text-decoration: underline\" href=\"mailto:francisco.fortuno@upr.edu\" target=\"_blank\" rel=\"noreferrer noopener\">francisco.fortuno@upr.edu<\/a><\/span><\/span><\/p>\n<p><span style=\"color: #000000\"><strong>Enlace a la p\u00e1gina web de la Beca MMUF de la Fundaci\u00f3n Mellon May: <\/strong><\/span><span style=\"text-decoration: underline\"><span style=\"color: #0000ff\"><a style=\"color: #0000ff;text-decoration: underline\" href=\"https:\/\/www.mellon.org\/mmuf\" target=\"_blank\" rel=\"noopener\">https:\/\/www.mellon.org\/mmuf<\/a><\/span><\/span><\/p>\t\t\t\t\t\t\t\t<\/div>\n\t\t\t\t<\/div>\n\t\t\t\t<div class=\"elementor-element elementor-element-4bec184 elementor-widget thim-ekits-heading elementor-widget-thim-heading\" data-id=\"4bec184\" data-element_type=\"widget\" data-e-type=\"widget\" data-widget_type=\"thim-heading.default\">\n\t\t\t\t<div class=\"elementor-widget-container\">\n\t\t\t\t\t<div class=\"sc_heading \"><h3 class=\"title\"> <span class=\"thim-color\">\u00bfC\u00d3MO SOLICITAR?<\/span><\/h3><span class=\"line\"><\/span><\/div>\t\t\t\t<\/div>\n\t\t\t\t<\/div>\n\t\t\t\t<div class=\"elementor-element elementor-element-f7d52df elementor-widget elementor-widget-text-editor\" data-id=\"f7d52df\" data-element_type=\"widget\" data-e-type=\"widget\" data-widget_type=\"text-editor.default\">\n\t\t\t\t<div class=\"elementor-widget-container\">\n\t\t\t\t\t\t\t\t\t<ul>\n<li><span style=\"color: #000000\">Completar un<span style=\"text-decoration: underline;color: #0000ff\"> <a style=\"color: #0000ff;text-decoration: underline\" href=\"https:\/\/forms.gle\/4XNPibajfcaXHf4t5\" target=\"_blank\" rel=\"noopener\"><em>Fo<em>rmulario de so<\/em>licitud<\/em> en l\u00ednea<\/a><\/span>.\u00a0<\/span><\/li>\n<li><span style=\"color: #000000\">Todos los documentos se entregar\u00e1n a trav\u00e9s del\u00a0<em>Formulario de solicitud<\/em>, con excepci\u00f3n de las cartas de recomendaci\u00f3n que ser\u00e1n enviadas directamente por quienes las escriban:<\/span>\n<ul>\n<li><span style=\"color: #000000\">Tres (3) ensayos<\/span>\n<ul>\n<li><span style=\"text-decoration: underline\"><span style=\"color: #0000ff\"><a style=\"font-family: var( --e-global-typography-text-font-family ), Sans-serif;font-weight: var( --e-global-typography-text-font-weight );text-align: var(--text-align);font-size: var(--thim-font-body-font-size);color: #0000ff;text-decoration: underline\" href=\"https:\/\/academicos.uprrp.edu\/preh\/wp-content\/uploads\/sites\/6\/2024\/04\/Ensayos-de-admision.pdf\" target=\"_blank\" rel=\"noopener\">Informaci\u00f3n acerca de los ensayos de admisi\u00f3n<\/a><\/span><\/span><\/li>\n<\/ul>\n<\/li>\n<li><span style=\"color: #000000;font-family: var( --e-global-typography-text-font-family ), Sans-serif;font-weight: var( --e-global-typography-text-font-weight );text-align: var(--text-align);font-size: var(--thim-font-body-font-size)\">Copia de estudiante de su transcripci\u00f3n de cr\u00e9ditos\u00a0<\/span><\/li>\n<li><span style=\"color: #000000\">Dos (2) cartas de recomendaci\u00f3n de docentes <span style=\"font-family: var( --e-global-typography-text-font-family ), Sans-serif;font-weight: var( --e-global-typography-text-font-weight );text-align: var(--text-align);font-size: var(--thim-font-body-font-size)\">\/ investigadores del Sistema UPR y\/o de alguna instituci\u00f3n universitaria acreditada. Se recomienda que al menos una de las cartas sea de un profesor de su facultad<\/span>:<\/span>\n<ul>\n<li><em><a href=\"https:\/\/academicos.uprrp.edu\/preh\/wp-content\/uploads\/sites\/6\/2026\/02\/Formulario-carta-recomendacion-Beca-MMUF-2026-1.pdf\"><span style=\"text-decoration: underline\"><span style=\"color: #0000ff;text-decoration: underline\">Formulario para solicitar las cartas de recomendaci\u00f3n<\/span><\/span><\/a><\/em>\n<ul>\n<li><span style=\"color: #000000\">El estudiante deber\u00e1 completar las Secciones I y II.<\/span><\/li>\n<li><span style=\"color: #000000\">El estudiante deber\u00e1 remitir el formulario al docente por correo electr\u00f3nico.<\/span><\/li>\n<li><span style=\"color: #000000\">El docente deber\u00e1 completar la Secci\u00f3n III y enviar por correo electr\u00f3nico junto con la carta de recomendaci\u00f3n a:\u00a0<\/span> <a href=\"mailto:programa.honor@upr.edu\">programa.honor@upr.edu<\/a><span style=\"color: #000000\"><span style=\"font-family: var( --e-global-typography-text-font-family ), Sans-serif;font-weight: var( --e-global-typography-text-font-weight );text-align: var(--text-align);font-size: var(--thim-font-body-font-size)\">\u00a0<\/span><\/span><span style=\"text-decoration: underline\"><br \/><\/span><\/li>\n<\/ul>\n<\/li>\n<\/ul>\n<\/li>\n<\/ul>\n<\/li>\n<\/ul>\n<p><!-- \/wp:separator --><!-- wp:heading {\"textAlign\":\"left\",\"style\":{\"elements\":{\"link\":{\"color\":{\"text\":\"var:preset|color|vivid-red\"}}},\"typography\":{\"textTransform\":\"none\"}},\"textColor\":\"vivid-red\",\"fontSize\":\"small\"} --><\/p>\n<h5 class=\"wp-block-heading has-text-align-left has-vivid-red-color has-text-color has-link-color has-small-font-size\" style=\"text-transform: none\">\u00a0<\/h5>\t\t\t\t\t\t\t\t<\/div>\n\t\t\t\t<\/div>\n\t\t\t\t<div class=\"elementor-element elementor-element-c221502 elementor-widget elementor-widget-toggle\" data-id=\"c221502\" data-element_type=\"widget\" data-e-type=\"widget\" data-widget_type=\"toggle.default\">\n\t\t\t\t<div class=\"elementor-widget-container\">\n\t\t\t\t\t\t\t<div class=\"elementor-toggle\">\n\t\t\t\t\t\t\t<div class=\"elementor-toggle-item\">\n\t\t\t\t\t<div id=\"elementor-tab-title-2031\" class=\"elementor-tab-title\" data-tab=\"1\" role=\"button\" aria-controls=\"elementor-tab-content-2031\" aria-expanded=\"false\">\n\t\t\t\t\t\t\t\t\t\t\t\t<span class=\"elementor-toggle-icon elementor-toggle-icon-left\" aria-hidden=\"true\">\n\t\t\t\t\t\t\t\t\t\t\t\t\t\t\t<span class=\"elementor-toggle-icon-closed\"><i class=\"fas fa-caret-right\"><\/i><\/span>\n\t\t\t\t\t\t\t\t<span class=\"elementor-toggle-icon-opened\"><i class=\"elementor-toggle-icon-opened fas fa-caret-up\"><\/i><\/span>\n\t\t\t\t\t\t\t\t\t\t\t\t\t<\/span>\n\t\t\t\t\t\t\t\t\t\t\t\t<a class=\"elementor-toggle-title\" tabindex=\"0\">ACERCA DE LA BECA MMUF<\/a>\n\t\t\t\t\t<\/div>\n\n\t\t\t\t\t<div id=\"elementor-tab-content-2031\" class=\"elementor-tab-content elementor-clearfix\" data-tab=\"1\" role=\"region\" aria-labelledby=\"elementor-tab-title-2031\"><p class=\"has-black-color has-text-color has-link-color wp-elements-ca060b2914f171f28e6a0af09cee6afe\"><span style=\"color: #000000\"><strong>ACERCA DE LA BECA DE INVESTIGACI\u00d3N SUBGRADUADA MELLON MAYS<\/strong><\/span><\/p>\n<div>\n<div>\n<p class=\"markdown_paragraph__1gS8e typography_paragraph__lHtMt\"><span dir=\"auto\" style=\"color: #000000\">Establecida en el a\u00f1o acad\u00e9mico 1988-1989, la Beca Subgraduada Mellon Mays (MMUF, por sus siglas en ingl\u00e9s) se compromete a ampliar la gama de perspectivas acad\u00e9micas en el \u00e1mbito acad\u00e9mico estadounidense, con un enfoque en las humanidades y las ciencias sociales human\u00edsticas. Su nombre rinde homenaje al Dr. Benjamin E. Mays, destacado educador, estadista y ministro afroamericano, expresidente de Morehouse College y mentor del Dr. Martin Luther King, Jr.<\/span><\/p>\n<p class=\"markdown_paragraph__1gS8e typography_paragraph__lHtMt\"><span dir=\"auto\" style=\"color: #000000\">Fundado con una cohorte inicial de ocho instituciones miembros, el programa ha crecido hasta incluir 47 programas, incluidos tres consorcios.<\/span><\/p>\n<p class=\"markdown_paragraph__1gS8e typography_paragraph__lHtMt\"><span dir=\"auto\" style=\"color: #000000\">Hasta la fecha, el programa ha formado a m\u00e1s de 1,200 PhDs, de los cuales m\u00e1s de 800 son profesores universitarios. Muchos otros han aplicado su valiosa formaci\u00f3n en humanidades en \u00e1mbitos que van desde museos y organizaciones sin fines de lucro hasta editoriales y puestos gubernamentales. Actualmente, alrededor de 800 becarios de la MMUF est\u00e1n matriculados en programas de doctorado (PhD), mientras que la beca apoya a aproximadamente 500 estudiantes subgraduados cada a\u00f1o.<\/span><\/p>\n<p class=\"markdown_paragraph__1gS8e typography_paragraph__lHtMt\"><span dir=\"auto\" style=\"color: #000000\">A trav\u00e9s de actividades que enfatizan la tutor\u00eda, el apoyo a la investigaci\u00f3n y la formaci\u00f3n de cohortes de estudiantes, los programas de MMUF identifican y apoyan a estudiantes de gran promesa y los ayudan a convertirse en acad\u00e9micos y profesionales de la m\u00e1s alta distinci\u00f3n.<\/span><\/p>\n<p class=\"markdown_paragraph__1gS8e typography_paragraph__lHtMt\"><span dir=\"auto\" style=\"color: #000000\">La MMUF est\u00e1 orgullosa de su legado de acad\u00e9micos destacados cuyas perspectivas enriquecen enormemente la investigaci\u00f3n y la ense\u00f1anza en sus campos.<\/span><\/p>\n<ul>\n<li><b><span style=\"color: #000000\">P\u00e1gina web de la Beca MMUF de la Fundaci\u00f3n Mellon Mays: <\/span><a href=\"https:\/\/www.mellon.org\/mmuf\" target=\"_blank\" rel=\"noopener\"><u>https:\/\/www.mellon.org\/mmuf<\/u><\/a><\/b><\/li>\n<\/ul>\n<\/div>\n<\/div><\/div>\n\t\t\t\t<\/div>\n\t\t\t\t\t\t\t<div class=\"elementor-toggle-item\">\n\t\t\t\t\t<div id=\"elementor-tab-title-2032\" class=\"elementor-tab-title\" data-tab=\"2\" role=\"button\" aria-controls=\"elementor-tab-content-2032\" aria-expanded=\"false\">\n\t\t\t\t\t\t\t\t\t\t\t\t<span class=\"elementor-toggle-icon elementor-toggle-icon-left\" aria-hidden=\"true\">\n\t\t\t\t\t\t\t\t\t\t\t\t\t\t\t<span class=\"elementor-toggle-icon-closed\"><i class=\"fas fa-caret-right\"><\/i><\/span>\n\t\t\t\t\t\t\t\t<span class=\"elementor-toggle-icon-opened\"><i class=\"elementor-toggle-icon-opened fas fa-caret-up\"><\/i><\/span>\n\t\t\t\t\t\t\t\t\t\t\t\t\t<\/span>\n\t\t\t\t\t\t\t\t\t\t\t\t<a class=\"elementor-toggle-title\" tabindex=\"0\">REQUISITOS DE ELIGIBILIDAD<\/a>\n\t\t\t\t\t<\/div>\n\n\t\t\t\t\t<div id=\"elementor-tab-content-2032\" class=\"elementor-tab-content elementor-clearfix\" data-tab=\"2\" role=\"region\" aria-labelledby=\"elementor-tab-title-2032\"><div class=\"grid_grid__q_hOC richText_textlike__VxMoT richText_header1__54Q5E\">\n<div class=\"column_column__Iesxw\">\n<h3><span dir=\"auto\" style=\"color: #000000\">\u00bfQui\u00e9n puede participar?\u00a0<\/span><\/h3>\n<\/div>\n<\/div>\n<div class=\"grid_grid__q_hOC richText_textlike__VxMoT richText_paragraph__YLbQi\">\n<div class=\"column_column__Iesxw\">\n<p><span dir=\"auto\" style=\"color: #000000\">Para ser elegible para la Beca MMUF, los estudiantes deben estar matriculados en una de las instituciones miembros de la MMUF. La Fundaci\u00f3n Mellon no otorga becas directamente a estudiantes individuales, sino que las otorga a las instituciones miembros del programa, quienes lo administran en sus campus. Los programas miembros dise\u00f1an sus propios procesos de reclutamiento y seleccionan a sus becarios.<\/span><\/p>\n<p><span style=\"color: #000000\"><span dir=\"auto\">La Fundaci\u00f3n Mellon espera que sus instituciones beneficiarias garanticen que la Beca M<\/span><span dir=\"auto\">MUF est\u00e9 igualmente abierta a todos los estudiantes que cumplan con los requisitos de elegibilidad del programa y no utilice preferencias o criterios basados \u200b\u200ben ning\u00fan rasgo protegido por la ley aplicable.<\/span><\/span><\/p>\n<p><span style=\"color: #000000\"><strong>Los requisitos espec\u00edficos de eligibilidad del recinto de R\u00edo Piedras de la Universidad de Puerto Rico<\/strong> se detallan a continuaci\u00f3n. Al momento de solicitar, deber\u00e1:<\/span><\/p>\n<\/div>\n<\/div>\n<ul>\n<li><span style=\"color: #000000\">Ser estudiante subgraduado a tiempo completo del recinto de R\u00edo Piedras en su 2ndo o 3er a\u00f1o de estudios, o faltarle un m\u00ednimo de 2 a\u00f1os a tiempo completo para graduarse<\/span><\/li>\n<li><span style=\"color: #000000\">Tener un promedio general acumulado\u00a0(GPA) m\u00ednimo de 3.50<\/span><\/li>\n<li><span style=\"color: #000000\">Cursar una concentraci\u00f3n mayor en uno de los\u00a0campos de estudio autorizados por la Fundaci\u00f3n\u00a0<strong>(ver listado al final)\u00a0<\/strong>y\/o una concentraci\u00f3n menor en alguno de los campos de estudios para los cuales el recinto no ofrece una concentraci\u00f3n mayor, tales como: Estudios de Mujer y G\u00e9nero y Estudios de Investigaci\u00f3n Transdisciplinaria en Afrodescendencia<\/span><\/li>\n<li><span style=\"color: #000000\">Tener planes concretos de:<\/span>\n<ul>\n<li><span style=\"color: #000000\">estudiar un PhD (doctorado en filosof\u00eda) en uno de los campos de estudio autorizados y<\/span><\/li>\n<li><span style=\"color: #000000\">dedicarse a la docencia y\/o a la investigaci\u00f3n en el nivel universitario, una vez completado el PhD.<\/span><\/li>\n<\/ul>\n<\/li>\n<li><span style=\"color: #000000\">Tener aprobado, estar cursando o matricularse en un curso de teor\u00edas, metodolog\u00edas y t\u00e9cnicas de investigaci\u00f3n<\/span><\/li>\n<li><span style=\"color: #000000\">Tener libre la ma\u00f1ana de los viernes (9:00 a.m. a 1:00 p.m.) para participar de las reuniones mensuales de los becarios con los coordinadores (talleres, conferencias y mentor\u00eda, almuerzo)<\/span><\/li>\n<li><span style=\"color: #000000\">Tener disponibilidad durante dos veranos para trabajar en su proyecto de investigaci\u00f3n y participar en un internado de investigaci\u00f3n<\/span><\/li>\n<li><span style=\"color: #000000\">Transcripci\u00f3n de cr\u00e9ditos reciente (copia de estudiante)<\/span><\/li>\n<li><span style=\"color: #000000\">Tres (3) ensayos (en ingl\u00e9s): ensayo de admisi\u00f3n, ensayo de intereses personales y ensayo del tema de investigaci\u00f3n<\/span><\/li>\n<li><span style=\"color: #000000\">Dos (2) cartas de recomendaci\u00f3n de docentes universitarios<\/span><\/li>\n<li><span style=\"color: #000000\">Entrevista con el comit\u00e9 de selecci\u00f3n<\/span><\/li>\n<\/ul>\n<hr class=\"wp-block-separator has-alpha-channel-opacity\" \/>\n<h4 class=\"wp-block-heading has-vivid-red-color has-text-color has-link-color has-small-font-size wp-elements-a5c7c59ce9dce8059eecd22d99b498b6\"><span style=\"color: #000000\">CAMPOS DE ESTUDIO \/ DISCIPLINAS ELEGIBLES<\/span><\/h4>\n<ul>\n<li><span lang=\"ES-PR\" style=\"color: #000000\">Anthropology and Archaeology<\/span><\/li>\n<li><span lang=\"ES-PR\" style=\"color: #000000\">Area\/Cultural\/Ethnic\/Gender Studies<\/span><\/li>\n<li><span lang=\"ES-PR\" style=\"color: #000000\">Art History<\/span><\/li>\n<li><span lang=\"ES-PR\" style=\"color: #000000\">Classics<\/span><\/li>\n<li><span lang=\"ES-PR\" style=\"color: #000000\">Geography and Population Studies<\/span><\/li>\n<li><span lang=\"ES-PR\" style=\"color: #000000\">English<\/span><\/li>\n<li><span style=\"color: #000000\"><span lang=\"ES-PR\">Film, Cinema and Media Studies\u00a0<\/span><strong><span lang=\"ES-PR\">(theoretical focus)<\/span><\/strong><\/span><\/li>\n<li><span lang=\"ES-PR\" style=\"color: #000000\">Musicology, Ethnomusicology and Music Theory<\/span><\/li>\n<li><span lang=\"ES-PR\" style=\"color: #000000\">Foreign Languages and Literature<\/span><\/li>\n<li><span lang=\"ES-PR\" style=\"color: #000000\">History<\/span><\/li>\n<li><span lang=\"ES-PR\" style=\"color: #000000\">Linguistics<\/span><\/li>\n<li><span lang=\"ES-PR\" style=\"color: #000000\">Literature<\/span><\/li>\n<li><span style=\"color: #000000\"><span lang=\"ES-PR\">Performance Studies<\/span><span lang=\"ES-PR\">\u00a0<\/span><strong><span lang=\"ES-PR\">(theoretical focus)<\/span><\/strong><\/span><\/li>\n<li><span lang=\"ES-PR\" style=\"color: #000000\">Philosophy and Political Theory<\/span><\/li>\n<li><span lang=\"ES-PR\" style=\"color: #000000\">Religion and Theology<\/span><\/li>\n<li><span lang=\"ES-PR\" style=\"color: #000000\">Sociology<\/span><\/li>\n<li><span style=\"color: #000000\"><span lang=\"ES-PR\">Theater\u00a0<\/span><strong><span lang=\"ES-PR\">(theoretical focus)<\/span><\/strong><\/span><\/li>\n<li><span style=\"color: #000000\"><strong><span lang=\"ES-PR\">Interdisciplinary Studies:<\/span><\/strong><span lang=\"ES-PR\">\u00a0<\/span><span lang=\"ES-PR\">I<\/span><span lang=\"ES-PR\">nterdisciplinary areas of study may be eligible if they have one or more eligible fields at their core, but must be approved by the MMUF staff at the Mellon Foundation on a case-by-case basis.\u00a0Please note that interdisciplinary education graduate programs, even those that incorporate one or more eligible fields, are not eligible for MMUF graduate benefits.<\/span><\/span><\/li>\n<\/ul><\/div>\n\t\t\t\t<\/div>\n\t\t\t\t\t\t\t<div class=\"elementor-toggle-item\">\n\t\t\t\t\t<div id=\"elementor-tab-title-2033\" class=\"elementor-tab-title\" data-tab=\"3\" role=\"button\" aria-controls=\"elementor-tab-content-2033\" aria-expanded=\"false\">\n\t\t\t\t\t\t\t\t\t\t\t\t<span class=\"elementor-toggle-icon elementor-toggle-icon-left\" aria-hidden=\"true\">\n\t\t\t\t\t\t\t\t\t\t\t\t\t\t\t<span class=\"elementor-toggle-icon-closed\"><i class=\"fas fa-caret-right\"><\/i><\/span>\n\t\t\t\t\t\t\t\t<span class=\"elementor-toggle-icon-opened\"><i class=\"elementor-toggle-icon-opened fas fa-caret-up\"><\/i><\/span>\n\t\t\t\t\t\t\t\t\t\t\t\t\t<\/span>\n\t\t\t\t\t\t\t\t\t\t\t\t<a class=\"elementor-toggle-title\" tabindex=\"0\">BENEFICIOS PARA LOS BECARIOS Y EGRESADOS<\/a>\n\t\t\t\t\t<\/div>\n\n\t\t\t\t\t<div id=\"elementor-tab-content-2033\" class=\"elementor-tab-content elementor-clearfix\" data-tab=\"3\" role=\"region\" aria-labelledby=\"elementor-tab-title-2033\"><figure class=\"wp-block-table\">\n<table>\n<tbody>\n<tr>\n<td>\n<p style=\"text-align: center\"><span style=\"color: #000000\"><b>BENEFICIOS PARA LOS BECARIOS MMUF<\/b><\/span><\/p>\n<\/td>\n<td>\n<p style=\"text-align: center\"><span style=\"color: #000000\"><strong>BENEFICIOS PARA LOS EGRESADOS MMUF<\/strong><\/span><\/p>\n<\/td>\n<\/tr>\n<tr>\n<td>\n<ul>\n<li><span style=\"color: #000000\">Estipendios por dos a\u00f1os:<\/span>\n<ul>\n<li><span style=\"color: #000000\">Estipendio de $2,000 cada semestre<\/span><\/li>\n<li><span style=\"color: #000000\">Estipendio de $4,500 cada verano. Deber\u00e1 participar en al menos un internado de investigaci\u00f3n de verano.<\/span><\/li>\n<\/ul>\n<\/li>\n<li><span style=\"color: #000000\">Gastos de viaje para presentar su investigaci\u00f3n\u00a0 en la Conferencia Regional Anual de Becarios MMUF<\/span><\/li>\n<li><span style=\"color: #000000\"><em>Desarrollo acad\u00e9mico<\/em>\u00a0($800 anuales):<\/span>\n<ul>\n<li><span style=\"color: #000000\">Viajar a congresos y conferencias para presentar su investigaci\u00f3n<\/span><\/li>\n<li><span style=\"color: #000000\">Comprar libros y\/o materiales para la investigaci\u00f3n<\/span><\/li>\n<\/ul>\n<\/li>\n<li><span style=\"color: #000000\"><em>Preparaci\u00f3n para la escuela graduada<\/em> ($1,300 en el segundo a\u00f1o de la beca):<\/span>\n<ul>\n<li><span style=\"color: #000000\">Repaso y preparaci\u00f3n para los ex\u00e1menes GRE y TOEFL<\/span><\/li>\n<li><span style=\"color: #000000\">Distribuci\u00f3n de puntaciones<\/span><\/li>\n<li><span style=\"color: #000000\">Costo de hasta 3 solicitudes a la escuela graduada en los campos de estudio elegibles<\/span><\/li>\n<\/ul>\n<\/li>\n<li><span style=\"color: #000000\">Estipendio de $500 anuales para un docente mentor<\/span><\/li>\n<li><span style=\"color: #000000\">Reuniones mensuales (un viernes al mes de 9:00 a.m. &#8211; 1:00 p.m.) con los coordinadores de la beca (talleres, conferencias y mentor\u00eda, almuerzo)<\/span><\/li>\n<li><span style=\"color: #000000\">Afiliaci\u00f3n a la comunidad de pr\u00e1ctica acad\u00e9mica de becarios MMUF<\/span><\/li>\n<li><span style=\"color: #000000\">Oportunidad para publicar en la revista <span style=\"text-decoration: underline\"><span style=\"color: #0000ff\"><em><a style=\"color: #0000ff;text-decoration: underline\" href=\"https:\/\/uraf.harvard.edu\/mmuf-journal\">Mellon Mays Undergraduate Fellowship Journal<\/a><\/em><\/span><\/span><\/span><\/li>\n<\/ul>\n<\/td>\n<td>\n<ul>\n<li>\n<p><span style=\"color: #000000\"><a style=\"color: #000000\" href=\"https:\/\/www.mellon.org\/article\/grants-fellowships-and-loan-repayment\">Beneficio de hasta $10,000 para el pago de pr\u00e9stamos estudiantiles de bachillerato y\/o doctorado si estudia un PhD en uno de los campos de estudio elegibles<\/a><\/span><\/p>\n<\/li>\n<li>\n<p><span style=\"color: #000000\"><a style=\"color: #000000\" href=\"https:\/\/citizensandscholars.org\/mellon-mays-gap\/\" target=\"_blank\" rel=\"noopener\"><span style=\"text-decoration: underline\"><span style=\"color: #0000ff;text-decoration: underline\">Mellon Mays GAP Assistance Program<\/span><\/span><\/a><\/span><\/p>\n<\/li>\n<li class=\"image-beside-text-landscape__headline\">\n<p><span style=\"text-decoration: underline\"><span style=\"color: #0000ff\"><a style=\"color: #0000ff;text-decoration: underline\" href=\"https:\/\/citizensandscholars.org\/mellon-programs-grants\/\" target=\"_blank\" rel=\"noopener\">MMUF Advancement Program<\/a><\/span><\/span><\/p>\n<ul>\n<li class=\"image-beside-text-landscape__headline\">\n<p><span style=\"text-decoration: underline\"><span style=\"color: #0000ff\"><a style=\"color: #0000ff;text-decoration: underline\" href=\"https:\/\/citizensandscholars.org\/mellon-programs-grants\/mmuf-dissertation-grant\/\" target=\"_blank\" rel=\"noopener\">MMF Dissertation Grants<\/a><\/span><\/span><\/p>\n<\/li>\n<li>\n<p class=\"image-beside-text-landscape__headline\"><span style=\"text-decoration: underline\"><span style=\"color: #0000ff\"><a style=\"color: #0000ff;text-decoration: underline\" href=\"https:\/\/citizensandscholars.org\/mellon-programs-grants\/mmuf-travel-research-grants\/\" target=\"_blank\" rel=\"noopener\">MMUF Travel &amp; Research Grants<\/a><\/span><\/span><\/p>\n<\/li>\n<li><span style=\"text-decoration: underline;color: #0000ff\"><a style=\"color: #0000ff;text-decoration: underline\" href=\"https:\/\/citizensandscholars.org\/mellon-programs-grants\/adjunct-faculty-fellowships\/\" target=\"_blank\" rel=\"noopener\">Adjunct Faculty Fellowships<\/a><\/span><\/li>\n<\/ul>\n<\/li>\n<\/ul>\n<\/td>\n<\/tr>\n<\/tbody>\n<\/table>\n<\/figure>\n<p><span style=\"color: #000000\"><!-- \/wp:table --><!-- wp:heading {\"level\":6} --><\/span><\/p>\n<h6 class=\"wp-block-heading\">\u00a0<\/h6>\n<p><!-- \/wp:heading --><\/p><\/div>\n\t\t\t\t<\/div>\n\t\t\t\t\t\t\t<div class=\"elementor-toggle-item\">\n\t\t\t\t\t<div id=\"elementor-tab-title-2034\" class=\"elementor-tab-title\" data-tab=\"4\" role=\"button\" aria-controls=\"elementor-tab-content-2034\" aria-expanded=\"false\">\n\t\t\t\t\t\t\t\t\t\t\t\t<span class=\"elementor-toggle-icon elementor-toggle-icon-left\" aria-hidden=\"true\">\n\t\t\t\t\t\t\t\t\t\t\t\t\t\t\t<span class=\"elementor-toggle-icon-closed\"><i class=\"fas fa-caret-right\"><\/i><\/span>\n\t\t\t\t\t\t\t\t<span class=\"elementor-toggle-icon-opened\"><i class=\"elementor-toggle-icon-opened fas fa-caret-up\"><\/i><\/span>\n\t\t\t\t\t\t\t\t\t\t\t\t\t<\/span>\n\t\t\t\t\t\t\t\t\t\t\t\t<a class=\"elementor-toggle-title\" tabindex=\"0\">RESPONSABILIDADES DEL BECARIO<\/a>\n\t\t\t\t\t<\/div>\n\n\t\t\t\t\t<div id=\"elementor-tab-content-2034\" class=\"elementor-tab-content elementor-clearfix\" data-tab=\"4\" role=\"region\" aria-labelledby=\"elementor-tab-title-2034\"><ul>\n<li><span style=\"color: #000000\">Asistir a las reuniones mensuales viernes de 9:00 a.m. a 1:00 p.m. (incluye almuerzo).<\/span><\/li>\n<li><span style=\"color: #000000\">Desarrollar una investigaci\u00f3n: Durante el primer a\u00f1o, se desarrolla la propuesta de la investigaci\u00f3n, y durante el segundo a\u00f1o, se ejecuta la investigaci\u00f3n y se escribe un art\u00edculo publicable sobre la investigaci\u00f3n.<\/span><\/li>\n<li><span style=\"color: #000000\">Al final de la beca, entregar una tesina o un art\u00edculo de calidad publicable, y hacer una presentaci\u00f3n de su investigaci\u00f3n en una actividad abierta a la comunidad universitaria y a los representantes del Programa MMUF.<\/span><\/li>\n<li><span style=\"color: #000000\">Solicitar a internados de verano y de ser aceptado(a) participar en al menos uno.<\/span><\/li>\n<li><span style=\"color: #000000\">Someter un <i>paper<\/i> o <i>poster presentation<\/i> sobre su investigaci\u00f3n para presentar en congresos y conferencias acad\u00e9micas.<\/span><\/li>\n<li><span style=\"color: #000000\">Someter y presentar un paper sobre su investigaci\u00f3n en el Congreso Regional Anual MMUF.<\/span><\/li>\n<li><span style=\"color: #000000\">Asistir al Congreso Regional Anual MMUF.<\/span><\/li>\n<li><span style=\"color: #000000\">Desarrollar y someter un art\u00edculo sobre su investigaci\u00f3n para publicaci\u00f3n en revistas subgraduadas arbitradas<\/span><\/li>\n<li><span style=\"color: #000000\">Mantener un promedio acumulativo (GPA) m\u00ednimo de 3.50.<\/span><\/li>\n<li><span style=\"color: #000000\">Cumplir con las cl\u00e1usulas del contrato anual y con todas las responsabilidades del becario.<\/span><\/li>\n<\/ul><\/div>\n\t\t\t\t<\/div>\n\t\t\t\t\t\t\t<div class=\"elementor-toggle-item\">\n\t\t\t\t\t<div id=\"elementor-tab-title-2035\" class=\"elementor-tab-title\" data-tab=\"5\" role=\"button\" aria-controls=\"elementor-tab-content-2035\" aria-expanded=\"false\">\n\t\t\t\t\t\t\t\t\t\t\t\t<span class=\"elementor-toggle-icon elementor-toggle-icon-left\" aria-hidden=\"true\">\n\t\t\t\t\t\t\t\t\t\t\t\t\t\t\t<span class=\"elementor-toggle-icon-closed\"><i class=\"fas fa-caret-right\"><\/i><\/span>\n\t\t\t\t\t\t\t\t<span class=\"elementor-toggle-icon-opened\"><i class=\"elementor-toggle-icon-opened fas fa-caret-up\"><\/i><\/span>\n\t\t\t\t\t\t\t\t\t\t\t\t\t<\/span>\n\t\t\t\t\t\t\t\t\t\t\t\t<a class=\"elementor-toggle-title\" tabindex=\"0\">ENLACE A LA PAGINA WEB MMUF DE LA FUNDACION MELLON<\/a>\n\t\t\t\t\t<\/div>\n\n\t\t\t\t\t<div id=\"elementor-tab-content-2035\" class=\"elementor-tab-content elementor-clearfix\" data-tab=\"5\" role=\"region\" aria-labelledby=\"elementor-tab-title-2035\"><p><a href=\"https:\/\/www.mellon.org\/mmuf\" target=\"_blank\" rel=\"noopener\">https:\/\/www.mellon.org\/mmuf<\/a><\/p><\/div>\n\t\t\t\t<\/div>\n\t\t\t\t\t\t\t\t<\/div>\n\t\t\t\t\t\t<\/div>\n\t\t\t\t<\/div>\n\t\t\t\t<\/div>\n\t\t\t\t<\/div>\n\t\t","protected":false},"excerpt":{"rendered":"<p>BECA SUBGRADUADA MELLON MAYS DE LA UPR-RP El Programa de la Beca Subgraduada Mellon Mays (MMUF, por sus siglas en ingl\u00e9s) del Recinto de R\u00edo Piedras recibe una subvenci\u00f3n de la Fundaci\u00f3n Andrew W. Mellon.\u00a0 Esta es una prestigiosa beca &hellip; <\/p>\n","protected":false},"author":9,"featured_media":0,"parent":2472,"menu_order":0,"comment_status":"closed","ping_status":"closed","template":"","meta":{"_monsterinsights_skip_tracking":false,"_monsterinsights_sitenote_active":false,"_monsterinsights_sitenote_note":"","_monsterinsights_sitenote_category":0,"footnotes":""},"class_list":["post-10542","page","type-page","status-publish","hentry"],"yoast_head":"<!-- This site is optimized with the Yoast SEO plugin v27.2 - https:\/\/yoast.com\/product\/yoast-seo-wordpress\/ -->\n<title>Beca Subgraduada Mellon Mays del Recinto de R\u00edo Piedras - Programa de Estudios de Honor<\/title>\n<meta name=\"robots\" content=\"index, follow, max-snippet:-1, max-image-preview:large, max-video-preview:-1\" \/>\n<link rel=\"canonical\" href=\"https:\/\/academicos.uprrp.edu\/preh\/becas-internados\/becas\/mellon-mays-undergraduate-fellowship-program\/\" \/>\n<meta property=\"og:locale\" content=\"es_ES\" \/>\n<meta property=\"og:type\" content=\"article\" \/>\n<meta property=\"og:title\" content=\"Beca Subgraduada Mellon Mays del Recinto de R\u00edo Piedras - Programa de Estudios de Honor\" \/>\n<meta property=\"og:description\" content=\"BECA SUBGRADUADA MELLON MAYS DE LA UPR-RP El Programa de la Beca Subgraduada Mellon Mays (MMUF, por sus siglas en ingl\u00e9s) del Recinto de R\u00edo Piedras recibe una subvenci\u00f3n de la Fundaci\u00f3n Andrew W. Mellon.\u00a0 Esta es una prestigiosa beca &hellip;\" \/>\n<meta property=\"og:url\" content=\"https:\/\/academicos.uprrp.edu\/preh\/becas-internados\/becas\/mellon-mays-undergraduate-fellowship-program\/\" \/>\n<meta property=\"og:site_name\" content=\"Programa de Estudios de Honor\" \/>\n<meta property=\"article:modified_time\" content=\"2026-02-27T14:48:29+00:00\" \/>\n<meta name=\"twitter:card\" content=\"summary_large_image\" \/>\n<meta name=\"twitter:label1\" content=\"Est. reading time\" \/>\n\t<meta name=\"twitter:data1\" content=\"7 minutos\" \/>\n<script type=\"application\/ld+json\" class=\"yoast-schema-graph\">{\"@context\":\"https:\/\/schema.org\",\"@graph\":[{\"@type\":\"WebPage\",\"@id\":\"https:\/\/academicos.uprrp.edu\/preh\/becas-internados\/becas\/mellon-mays-undergraduate-fellowship-program\/\",\"url\":\"https:\/\/academicos.uprrp.edu\/preh\/becas-internados\/becas\/mellon-mays-undergraduate-fellowship-program\/\",\"name\":\"Beca Subgraduada Mellon Mays del Recinto de R\u00edo Piedras - Programa de Estudios de Honor\",\"isPartOf\":{\"@id\":\"https:\/\/academicos.uprrp.edu\/preh\/#website\"},\"datePublished\":\"2018-03-26T15:54:47+00:00\",\"dateModified\":\"2026-02-27T14:48:29+00:00\",\"breadcrumb\":{\"@id\":\"https:\/\/academicos.uprrp.edu\/preh\/becas-internados\/becas\/mellon-mays-undergraduate-fellowship-program\/#breadcrumb\"},\"inLanguage\":\"es\",\"potentialAction\":[{\"@type\":\"ReadAction\",\"target\":[\"https:\/\/academicos.uprrp.edu\/preh\/becas-internados\/becas\/mellon-mays-undergraduate-fellowship-program\/\"]}]},{\"@type\":\"BreadcrumbList\",\"@id\":\"https:\/\/academicos.uprrp.edu\/preh\/becas-internados\/becas\/mellon-mays-undergraduate-fellowship-program\/#breadcrumb\",\"itemListElement\":[{\"@type\":\"ListItem\",\"position\":1,\"name\":\"Home\",\"item\":\"https:\/\/academicos.uprrp.edu\/preh\/\"},{\"@type\":\"ListItem\",\"position\":2,\"name\":\"Becas\/Internados\",\"item\":\"https:\/\/academicos.uprrp.edu\/preh\/becas-internados\/\"},{\"@type\":\"ListItem\",\"position\":3,\"name\":\"Becas\",\"item\":\"https:\/\/academicos.uprrp.edu\/preh\/becas-internados\/becas\/\"},{\"@type\":\"ListItem\",\"position\":4,\"name\":\"Beca Subgraduada Mellon Mays del Recinto de R\u00edo Piedras\"}]},{\"@type\":\"WebSite\",\"@id\":\"https:\/\/academicos.uprrp.edu\/preh\/#website\",\"url\":\"https:\/\/academicos.uprrp.edu\/preh\/\",\"name\":\"Programa de Estudios de Honor\",\"description\":\"\",\"potentialAction\":[{\"@type\":\"SearchAction\",\"target\":{\"@type\":\"EntryPoint\",\"urlTemplate\":\"https:\/\/academicos.uprrp.edu\/preh\/?s={search_term_string}\"},\"query-input\":{\"@type\":\"PropertyValueSpecification\",\"valueRequired\":true,\"valueName\":\"search_term_string\"}}],\"inLanguage\":\"es\"}]}<\/script>\n<!-- \/ Yoast SEO plugin. -->","yoast_head_json":{"title":"Beca Subgraduada Mellon Mays del Recinto de R\u00edo Piedras - Programa de Estudios de Honor","robots":{"index":"index","follow":"follow","max-snippet":"max-snippet:-1","max-image-preview":"max-image-preview:large","max-video-preview":"max-video-preview:-1"},"canonical":"https:\/\/academicos.uprrp.edu\/preh\/becas-internados\/becas\/mellon-mays-undergraduate-fellowship-program\/","og_locale":"es_ES","og_type":"article","og_title":"Beca Subgraduada Mellon Mays del Recinto de R\u00edo Piedras - Programa de Estudios de Honor","og_description":"BECA SUBGRADUADA MELLON MAYS DE LA UPR-RP El Programa de la Beca Subgraduada Mellon Mays (MMUF, por sus siglas en ingl\u00e9s) del Recinto de R\u00edo Piedras recibe una subvenci\u00f3n de la Fundaci\u00f3n Andrew W. Mellon.\u00a0 Esta es una prestigiosa beca &hellip;","og_url":"https:\/\/academicos.uprrp.edu\/preh\/becas-internados\/becas\/mellon-mays-undergraduate-fellowship-program\/","og_site_name":"Programa de Estudios de Honor","article_modified_time":"2026-02-27T14:48:29+00:00","twitter_card":"summary_large_image","twitter_misc":{"Est. reading time":"7 minutos"},"schema":{"@context":"https:\/\/schema.org","@graph":[{"@type":"WebPage","@id":"https:\/\/academicos.uprrp.edu\/preh\/becas-internados\/becas\/mellon-mays-undergraduate-fellowship-program\/","url":"https:\/\/academicos.uprrp.edu\/preh\/becas-internados\/becas\/mellon-mays-undergraduate-fellowship-program\/","name":"Beca Subgraduada Mellon Mays del Recinto de R\u00edo Piedras - Programa de Estudios de Honor","isPartOf":{"@id":"https:\/\/academicos.uprrp.edu\/preh\/#website"},"datePublished":"2018-03-26T15:54:47+00:00","dateModified":"2026-02-27T14:48:29+00:00","breadcrumb":{"@id":"https:\/\/academicos.uprrp.edu\/preh\/becas-internados\/becas\/mellon-mays-undergraduate-fellowship-program\/#breadcrumb"},"inLanguage":"es","potentialAction":[{"@type":"ReadAction","target":["https:\/\/academicos.uprrp.edu\/preh\/becas-internados\/becas\/mellon-mays-undergraduate-fellowship-program\/"]}]},{"@type":"BreadcrumbList","@id":"https:\/\/academicos.uprrp.edu\/preh\/becas-internados\/becas\/mellon-mays-undergraduate-fellowship-program\/#breadcrumb","itemListElement":[{"@type":"ListItem","position":1,"name":"Home","item":"https:\/\/academicos.uprrp.edu\/preh\/"},{"@type":"ListItem","position":2,"name":"Becas\/Internados","item":"https:\/\/academicos.uprrp.edu\/preh\/becas-internados\/"},{"@type":"ListItem","position":3,"name":"Becas","item":"https:\/\/academicos.uprrp.edu\/preh\/becas-internados\/becas\/"},{"@type":"ListItem","position":4,"name":"Beca Subgraduada Mellon Mays del Recinto de R\u00edo Piedras"}]},{"@type":"WebSite","@id":"https:\/\/academicos.uprrp.edu\/preh\/#website","url":"https:\/\/academicos.uprrp.edu\/preh\/","name":"Programa de Estudios de Honor","description":"","potentialAction":[{"@type":"SearchAction","target":{"@type":"EntryPoint","urlTemplate":"https:\/\/academicos.uprrp.edu\/preh\/?s={search_term_string}"},"query-input":{"@type":"PropertyValueSpecification","valueRequired":true,"valueName":"search_term_string"}}],"inLanguage":"es"}]}},"_links":{"self":[{"href":"https:\/\/academicos.uprrp.edu\/preh\/wp-json\/wp\/v2\/pages\/10542","targetHints":{"allow":["GET"]}}],"collection":[{"href":"https:\/\/academicos.uprrp.edu\/preh\/wp-json\/wp\/v2\/pages"}],"about":[{"href":"https:\/\/academicos.uprrp.edu\/preh\/wp-json\/wp\/v2\/types\/page"}],"author":[{"embeddable":true,"href":"https:\/\/academicos.uprrp.edu\/preh\/wp-json\/wp\/v2\/users\/9"}],"replies":[{"embeddable":true,"href":"https:\/\/academicos.uprrp.edu\/preh\/wp-json\/wp\/v2\/comments?post=10542"}],"version-history":[{"count":182,"href":"https:\/\/academicos.uprrp.edu\/preh\/wp-json\/wp\/v2\/pages\/10542\/revisions"}],"predecessor-version":[{"id":13469,"href":"https:\/\/academicos.uprrp.edu\/preh\/wp-json\/wp\/v2\/pages\/10542\/revisions\/13469"}],"up":[{"embeddable":true,"href":"https:\/\/academicos.uprrp.edu\/preh\/wp-json\/wp\/v2\/pages\/2472"}],"wp:attachment":[{"href":"https:\/\/academicos.uprrp.edu\/preh\/wp-json\/wp\/v2\/media?parent=10542"}],"curies":[{"name":"wp","href":"https:\/\/api.w.org\/{rel}","templated":true}]}}