{"id":9364,"date":"2020-03-11T11:03:08","date_gmt":"2020-03-11T15:03:08","guid":{"rendered":"http:\/\/academicos.uprrp.edu\/diia\/?page_id=9364"},"modified":"2024-09-04T14:38:57","modified_gmt":"2024-09-04T18:38:57","slug":"dominios-del-aprendizaje","status":"publish","type":"page","link":"https:\/\/academicos.uprrp.edu\/diia\/avaluo-aprendizaje\/dominios-del-aprendizaje\/","title":{"rendered":"Dominios del aprendizaje"},"content":{"rendered":"\t\t<div data-elementor-type=\"wp-page\" data-elementor-id=\"9364\" class=\"elementor elementor-9364\">\n\t\t\t\t\t\t<section class=\"elementor-section elementor-top-section elementor-element elementor-element-3ab6497 elementor-section-boxed elementor-section-height-default elementor-section-height-default\" data-id=\"3ab6497\" data-element_type=\"section\" data-e-type=\"section\">\n\t\t\t\t\t\t<div class=\"elementor-container elementor-column-gap-default\">\n\t\t\t\t\t<div class=\"elementor-column elementor-col-100 elementor-top-column elementor-element elementor-element-be0ebd3\" data-id=\"be0ebd3\" data-element_type=\"column\" data-e-type=\"column\">\n\t\t\t<div class=\"elementor-widget-wrap elementor-element-populated\">\n\t\t\t\t\t\t<section class=\"elementor-section elementor-inner-section elementor-element elementor-element-d9f302b elementor-section-boxed elementor-section-height-default elementor-section-height-default\" data-id=\"d9f302b\" data-element_type=\"section\" data-e-type=\"section\">\n\t\t\t\t\t\t<div class=\"elementor-container elementor-column-gap-default\">\n\t\t\t\t\t<div class=\"elementor-column elementor-col-50 elementor-inner-column elementor-element elementor-element-6499626\" data-id=\"6499626\" data-element_type=\"column\" data-e-type=\"column\">\n\t\t\t<div class=\"elementor-widget-wrap elementor-element-populated\">\n\t\t\t\t\t\t<div class=\"elementor-element elementor-element-1ebf06b elementor-widget elementor-widget-text-editor\" data-id=\"1ebf06b\" data-element_type=\"widget\" data-e-type=\"widget\" data-widget_type=\"text-editor.default\">\n\t\t\t\t<div class=\"elementor-widget-container\">\n\t\t\t\t\t\t\t\t\t<h2>Dominios del aprendizaje a nivel subgraduado<\/h2><dl><dt>1. Competencias de informaci\u00f3n<\/dt><dd>Habr\u00e1 desarrollado competencias necesarias para la b\u00fasqueda, el manejo efectivo y el uso \u00e9tico de la informaci\u00f3n.<\/dd><dt>2. Comunicaci\u00f3n efectiva<\/dt><dd>Podr\u00e1 comunicarse efectivamente, de forma oral y escrita, en espa\u00f1ol, en ingl\u00e9s como segundo idioma y, en la medida de lo posible, en un tercer idioma; y habr\u00e1 adquirido conocimientos del legado literario y cultural de estas lenguas.<\/dd><dt>3. Contenido de la disciplina (Integraci\u00f3n del conocimiento)<\/dt><dd>Habr\u00e1 adquirido conocimientos y competencias sustanciales en por lo menos un campo o disciplina de estudio. Comprender\u00e1 los procesos de creaci\u00f3n del conocimiento en diversos campos del saber y las conexiones entre ellos.<\/dd><dt>4. Investigaci\u00f3n y creaci\u00f3n (Curiosidad intelectual; Capacidad para el estudio independiente; Trabajo en equipo)<\/dt><dd>Habr\u00e1 adquirido conocimientos y competencias necesarias para la investigaci\u00f3n y la creaci\u00f3n. Habr\u00e1 desarrollado competencias para el trabajo en equipo, toma de decisiones, soluci\u00f3n de problemas y desarrollo de la creatividad e imaginaci\u00f3n.<\/dd><dt>5. Pensamiento cr\u00edtico (Aprendizaje continuo)<\/dt><dd>Habr\u00e1 desarrollado capacidad para el pensamiento reflexivo y cr\u00edtico, y para encauzar el proceso de aprendizaje a lo largo de su vida.<\/dd><dt>6. Razonamiento l\u00f3gico y matem\u00e1tico<\/dt><dd>Habr\u00e1 desarrollado la capacidad para el razonamiento l\u00f3gico, matem\u00e1tico y\/o cuantitativo.<\/dd><dt>7. Responsabilidad social (Sensibilidad \u00e9tica y est\u00e9tica; Aprecio cultivo y compromiso con los ideales de la sociedad puertorrique\u00f1a y el contexto caribe\u00f1o e internacional)<\/dt><dd>Comprender\u00e1, podr\u00e1 evaluar y desempe\u00f1arse dentro de la realidad puertorrique\u00f1a, as\u00ed como dentro de la diversidad cultural y de los procesos caribe\u00f1os, hemisf\u00e9ricos y mundiales. Tendr\u00e1 conocimiento del efecto del quehacer humano sobre el ambiente y mostrar\u00e1 una \u00e9tica de respeto hacia \u00e9ste.<\/dd><dt>8. Tecnolog\u00eda*<\/dt><dd>Habr\u00e1 desarrollado competencias necesarias para la utilizaci\u00f3n de la tecnolog\u00eda como herramienta para crear, manejar y aplicar el conocimiento.<\/dd><\/dl><p>* Se incluye en los est\u00e1ndares de MSCHE 2014<\/p>\t\t\t\t\t\t\t\t<\/div>\n\t\t\t\t<\/div>\n\t\t\t\t\t<\/div>\n\t\t<\/div>\n\t\t\t\t<div class=\"elementor-column elementor-col-50 elementor-inner-column elementor-element elementor-element-358bcea\" data-id=\"358bcea\" data-element_type=\"column\" data-e-type=\"column\">\n\t\t\t<div class=\"elementor-widget-wrap elementor-element-populated\">\n\t\t\t\t\t\t<div class=\"elementor-element elementor-element-76e7800 elementor-widget elementor-widget-text-editor\" data-id=\"76e7800\" data-element_type=\"widget\" data-e-type=\"widget\" data-widget_type=\"text-editor.default\">\n\t\t\t\t<div class=\"elementor-widget-container\">\n\t\t\t\t\t\t\t\t\t<h2>Dominios del aprendizaje a nivel graduado<\/h2><dl><dt>1. Comunicaci\u00f3n efectiva<\/dt><dd>Comunicar efectivamente los conocimientos de su campo o disciplina de estudio.<\/dd><dt>2. Investigaci\u00f3n y creaci\u00f3n<\/dt><dd>Realizar investigaciones o proyectos con el fin de crear, ofrecer soluciones o generar conocimiento.<\/dd><dt>3. Pensamiento cr\u00edtico (Aprendizaje continuo)<\/dt><dd>Evaluar cr\u00edticamente el conocimiento desde una variedad de acercamientos te\u00f3ricos y metodol\u00f3gicos. Ejercer independencia de criterio y mostrar creatividad e iniciativa, as\u00ed como aprender de manera aut\u00f3noma y continua.<\/dd><dt>4. Contenido de la disciplina (Integraci\u00f3n de la tecnolog\u00eda; Trabajo en equipo)<\/dt><dd>Integrar teor\u00edas, protocolos pr\u00e1cticos y c\u00f3digos \u00e9ticos a su quehacer profesional o investigativo, a trav\u00e9s de la incorporaci\u00f3n de la tecnolog\u00eda y acciones colaborativas mediante el trabajo en equipo multi e interdisciplinario.<\/dd><dt>5. Competencia de informaci\u00f3n<\/dt><dd>Manejar la informaci\u00f3n de manera cr\u00edtica, efectiva y \u00e9tica.<\/dd><dt>6. Responsabilidad social (Sensibilidad \u00e9tica; Liderazgo)<\/dt><dd>Mostrar compromiso con la protecci\u00f3n y el enriquecimiento de los patrimonios naturales y culturales, as\u00ed como respeto de los derechos humanos mediante acciones de inclusi\u00f3n social y compromiso con la diversidad. A la vez que fomentar liderazgos que contribuyan a transformaciones individuales y colectivas.<\/dd><\/dl>\t\t\t\t\t\t\t\t<\/div>\n\t\t\t\t<\/div>\n\t\t\t\t\t<\/div>\n\t\t<\/div>\n\t\t\t\t\t<\/div>\n\t\t<\/section>\n\t\t\t\t\t<\/div>\n\t\t<\/div>\n\t\t\t\t\t<\/div>\n\t\t<\/section>\n\t\t\t\t<\/div>\n\t\t","protected":false},"excerpt":{"rendered":"<p>Dominios del aprendizaje a nivel subgraduado 1. Competencias de informaci\u00f3n Habr\u00e1 desarrollado competencias necesarias para la b\u00fasqueda, el manejo efectivo y el uso \u00e9tico de la informaci\u00f3n. 2. Comunicaci\u00f3n efectiva &hellip; <\/p>\n","protected":false},"author":6,"featured_media":0,"parent":9362,"menu_order":0,"comment_status":"closed","ping_status":"closed","template":"","meta":{"om_disable_all_campaigns":false,"_monsterinsights_skip_tracking":false,"_monsterinsights_sitenote_active":false,"_monsterinsights_sitenote_note":"","_monsterinsights_sitenote_category":0,"_uf_show_specific_survey":0,"_uf_disable_surveys":false,"footnotes":""},"class_list":["post-9364","page","type-page","status-publish","hentry"],"yoast_head":"<!-- This site is optimized with the Yoast SEO plugin v27.2 - https:\/\/yoast.com\/product\/yoast-seo-wordpress\/ -->\n<title>Dominios del aprendizaje - Divisi\u00f3n Investigaci\u00f3n Institucional y Aval\u00fao - Universidad de Puerto Rico - Recinto de R\u00edo Piedras - UPRRP<\/title>\n<meta name=\"robots\" content=\"index, follow, max-snippet:-1, max-image-preview:large, max-video-preview:-1\" \/>\n<link rel=\"canonical\" href=\"https:\/\/academicos.uprrp.edu\/diia\/avaluo-aprendizaje\/dominios-del-aprendizaje\/\" \/>\n<meta property=\"og:locale\" content=\"es_ES\" \/>\n<meta property=\"og:type\" content=\"article\" \/>\n<meta property=\"og:title\" content=\"Dominios del aprendizaje - Divisi\u00f3n Investigaci\u00f3n Institucional y Aval\u00fao - Universidad de Puerto Rico - Recinto de R\u00edo Piedras - UPRRP\" \/>\n<meta property=\"og:description\" content=\"Dominios del aprendizaje a nivel subgraduado 1. Competencias de informaci\u00f3n Habr\u00e1 desarrollado competencias necesarias para la b\u00fasqueda, el manejo efectivo y el uso \u00e9tico de la informaci\u00f3n. 2. Comunicaci\u00f3n efectiva &hellip;\" \/>\n<meta property=\"og:url\" content=\"https:\/\/academicos.uprrp.edu\/diia\/avaluo-aprendizaje\/dominios-del-aprendizaje\/\" \/>\n<meta property=\"og:site_name\" content=\"Divisi\u00f3n Investigaci\u00f3n Institucional y Aval\u00fao - Universidad de Puerto Rico - Recinto de R\u00edo Piedras - UPRRP\" \/>\n<meta property=\"article:modified_time\" content=\"2024-09-04T18:38:57+00:00\" \/>\n<meta name=\"twitter:card\" content=\"summary_large_image\" \/>\n<meta name=\"twitter:label1\" content=\"Est. reading time\" \/>\n\t<meta name=\"twitter:data1\" content=\"3 minutos\" \/>\n<script type=\"application\/ld+json\" class=\"yoast-schema-graph\">{\"@context\":\"https:\/\/schema.org\",\"@graph\":[{\"@type\":\"WebPage\",\"@id\":\"https:\/\/academicos.uprrp.edu\/diia\/avaluo-aprendizaje\/dominios-del-aprendizaje\/\",\"url\":\"https:\/\/academicos.uprrp.edu\/diia\/avaluo-aprendizaje\/dominios-del-aprendizaje\/\",\"name\":\"Dominios del aprendizaje - Divisi\u00f3n Investigaci\u00f3n Institucional y Aval\u00fao - Universidad de Puerto Rico - Recinto de R\u00edo Piedras - UPRRP\",\"isPartOf\":{\"@id\":\"https:\/\/academicos.uprrp.edu\/diia\/#website\"},\"datePublished\":\"2020-03-11T15:03:08+00:00\",\"dateModified\":\"2024-09-04T18:38:57+00:00\",\"breadcrumb\":{\"@id\":\"https:\/\/academicos.uprrp.edu\/diia\/avaluo-aprendizaje\/dominios-del-aprendizaje\/#breadcrumb\"},\"inLanguage\":\"es\",\"potentialAction\":[{\"@type\":\"ReadAction\",\"target\":[\"https:\/\/academicos.uprrp.edu\/diia\/avaluo-aprendizaje\/dominios-del-aprendizaje\/\"]}]},{\"@type\":\"BreadcrumbList\",\"@id\":\"https:\/\/academicos.uprrp.edu\/diia\/avaluo-aprendizaje\/dominios-del-aprendizaje\/#breadcrumb\",\"itemListElement\":[{\"@type\":\"ListItem\",\"position\":1,\"name\":\"Home\",\"item\":\"https:\/\/academicos.uprrp.edu\/diia\/\"},{\"@type\":\"ListItem\",\"position\":2,\"name\":\"Aval\u00fao del aprendizaje estudiantil\",\"item\":\"https:\/\/academicos.uprrp.edu\/diia\/avaluo-aprendizaje\/\"},{\"@type\":\"ListItem\",\"position\":3,\"name\":\"Dominios del aprendizaje\"}]},{\"@type\":\"WebSite\",\"@id\":\"https:\/\/academicos.uprrp.edu\/diia\/#website\",\"url\":\"https:\/\/academicos.uprrp.edu\/diia\/\",\"name\":\"Divisi\u00f3n Investigaci\u00f3n Institucional y Aval\u00fao - Universidad de Puerto Rico - Recinto de R\u00edo Piedras - DIIA - UPRRP\",\"description\":\"Investigaci\u00f3n institucional, aval\u00fao del aprendizaje estudiantil, efectividad institucional, datos institucionales, institutional research, student learning assessment, institutional effectiveness, institutional data\",\"publisher\":{\"@id\":\"https:\/\/academicos.uprrp.edu\/diia\/#organization\"},\"potentialAction\":[{\"@type\":\"SearchAction\",\"target\":{\"@type\":\"EntryPoint\",\"urlTemplate\":\"https:\/\/academicos.uprrp.edu\/diia\/?s={search_term_string}\"},\"query-input\":{\"@type\":\"PropertyValueSpecification\",\"valueRequired\":true,\"valueName\":\"search_term_string\"}}],\"inLanguage\":\"es\"},{\"@type\":\"Organization\",\"@id\":\"https:\/\/academicos.uprrp.edu\/diia\/#organization\",\"name\":\"Divisi\u00f3n de Investigaci\u00f3n Institucional y Aval\u00fao, Universidad de Puerto Rico, Recinto de R\u00edo Piedras\",\"url\":\"https:\/\/academicos.uprrp.edu\/diia\/\",\"logo\":{\"@type\":\"ImageObject\",\"inLanguage\":\"es\",\"@id\":\"https:\/\/academicos.uprrp.edu\/diia\/#\/schema\/logo\/image\/\",\"url\":\"https:\/\/academicos.uprrp.edu\/diia\/wp-content\/uploads\/sites\/5\/2020\/02\/LogoDIIA-Oficial01SelloFondoBlanco.png\",\"contentUrl\":\"https:\/\/academicos.uprrp.edu\/diia\/wp-content\/uploads\/sites\/5\/2020\/02\/LogoDIIA-Oficial01SelloFondoBlanco.png\",\"width\":3038,\"height\":899,\"caption\":\"Divisi\u00f3n de Investigaci\u00f3n Institucional y Aval\u00fao, Universidad de Puerto Rico, Recinto de R\u00edo Piedras\"},\"image\":{\"@id\":\"https:\/\/academicos.uprrp.edu\/diia\/#\/schema\/logo\/image\/\"}}]}<\/script>\n<!-- \/ Yoast SEO plugin. -->","yoast_head_json":{"title":"Dominios del aprendizaje - Divisi\u00f3n Investigaci\u00f3n Institucional y Aval\u00fao - Universidad de Puerto Rico - Recinto de R\u00edo Piedras - UPRRP","robots":{"index":"index","follow":"follow","max-snippet":"max-snippet:-1","max-image-preview":"max-image-preview:large","max-video-preview":"max-video-preview:-1"},"canonical":"https:\/\/academicos.uprrp.edu\/diia\/avaluo-aprendizaje\/dominios-del-aprendizaje\/","og_locale":"es_ES","og_type":"article","og_title":"Dominios del aprendizaje - Divisi\u00f3n Investigaci\u00f3n Institucional y Aval\u00fao - Universidad de Puerto Rico - Recinto de R\u00edo Piedras - UPRRP","og_description":"Dominios del aprendizaje a nivel subgraduado 1. Competencias de informaci\u00f3n Habr\u00e1 desarrollado competencias necesarias para la b\u00fasqueda, el manejo efectivo y el uso \u00e9tico de la informaci\u00f3n. 2. Comunicaci\u00f3n efectiva &hellip;","og_url":"https:\/\/academicos.uprrp.edu\/diia\/avaluo-aprendizaje\/dominios-del-aprendizaje\/","og_site_name":"Divisi\u00f3n Investigaci\u00f3n Institucional y Aval\u00fao - Universidad de Puerto Rico - Recinto de R\u00edo Piedras - UPRRP","article_modified_time":"2024-09-04T18:38:57+00:00","twitter_card":"summary_large_image","twitter_misc":{"Est. reading time":"3 minutos"},"schema":{"@context":"https:\/\/schema.org","@graph":[{"@type":"WebPage","@id":"https:\/\/academicos.uprrp.edu\/diia\/avaluo-aprendizaje\/dominios-del-aprendizaje\/","url":"https:\/\/academicos.uprrp.edu\/diia\/avaluo-aprendizaje\/dominios-del-aprendizaje\/","name":"Dominios del aprendizaje - Divisi\u00f3n Investigaci\u00f3n Institucional y Aval\u00fao - Universidad de Puerto Rico - Recinto de R\u00edo Piedras - UPRRP","isPartOf":{"@id":"https:\/\/academicos.uprrp.edu\/diia\/#website"},"datePublished":"2020-03-11T15:03:08+00:00","dateModified":"2024-09-04T18:38:57+00:00","breadcrumb":{"@id":"https:\/\/academicos.uprrp.edu\/diia\/avaluo-aprendizaje\/dominios-del-aprendizaje\/#breadcrumb"},"inLanguage":"es","potentialAction":[{"@type":"ReadAction","target":["https:\/\/academicos.uprrp.edu\/diia\/avaluo-aprendizaje\/dominios-del-aprendizaje\/"]}]},{"@type":"BreadcrumbList","@id":"https:\/\/academicos.uprrp.edu\/diia\/avaluo-aprendizaje\/dominios-del-aprendizaje\/#breadcrumb","itemListElement":[{"@type":"ListItem","position":1,"name":"Home","item":"https:\/\/academicos.uprrp.edu\/diia\/"},{"@type":"ListItem","position":2,"name":"Aval\u00fao del aprendizaje estudiantil","item":"https:\/\/academicos.uprrp.edu\/diia\/avaluo-aprendizaje\/"},{"@type":"ListItem","position":3,"name":"Dominios del aprendizaje"}]},{"@type":"WebSite","@id":"https:\/\/academicos.uprrp.edu\/diia\/#website","url":"https:\/\/academicos.uprrp.edu\/diia\/","name":"Divisi\u00f3n Investigaci\u00f3n Institucional y Aval\u00fao - Universidad de Puerto Rico - Recinto de R\u00edo Piedras - DIIA - UPRRP","description":"Investigaci\u00f3n institucional, aval\u00fao del aprendizaje estudiantil, efectividad institucional, datos institucionales, institutional research, student learning assessment, institutional effectiveness, institutional data","publisher":{"@id":"https:\/\/academicos.uprrp.edu\/diia\/#organization"},"potentialAction":[{"@type":"SearchAction","target":{"@type":"EntryPoint","urlTemplate":"https:\/\/academicos.uprrp.edu\/diia\/?s={search_term_string}"},"query-input":{"@type":"PropertyValueSpecification","valueRequired":true,"valueName":"search_term_string"}}],"inLanguage":"es"},{"@type":"Organization","@id":"https:\/\/academicos.uprrp.edu\/diia\/#organization","name":"Divisi\u00f3n de Investigaci\u00f3n Institucional y Aval\u00fao, Universidad de Puerto Rico, Recinto de R\u00edo Piedras","url":"https:\/\/academicos.uprrp.edu\/diia\/","logo":{"@type":"ImageObject","inLanguage":"es","@id":"https:\/\/academicos.uprrp.edu\/diia\/#\/schema\/logo\/image\/","url":"https:\/\/academicos.uprrp.edu\/diia\/wp-content\/uploads\/sites\/5\/2020\/02\/LogoDIIA-Oficial01SelloFondoBlanco.png","contentUrl":"https:\/\/academicos.uprrp.edu\/diia\/wp-content\/uploads\/sites\/5\/2020\/02\/LogoDIIA-Oficial01SelloFondoBlanco.png","width":3038,"height":899,"caption":"Divisi\u00f3n de Investigaci\u00f3n Institucional y Aval\u00fao, Universidad de Puerto Rico, Recinto de R\u00edo Piedras"},"image":{"@id":"https:\/\/academicos.uprrp.edu\/diia\/#\/schema\/logo\/image\/"}}]}},"aioseo_notices":[],"_links":{"self":[{"href":"https:\/\/academicos.uprrp.edu\/diia\/wp-json\/wp\/v2\/pages\/9364","targetHints":{"allow":["GET"]}}],"collection":[{"href":"https:\/\/academicos.uprrp.edu\/diia\/wp-json\/wp\/v2\/pages"}],"about":[{"href":"https:\/\/academicos.uprrp.edu\/diia\/wp-json\/wp\/v2\/types\/page"}],"author":[{"embeddable":true,"href":"https:\/\/academicos.uprrp.edu\/diia\/wp-json\/wp\/v2\/users\/6"}],"replies":[{"embeddable":true,"href":"https:\/\/academicos.uprrp.edu\/diia\/wp-json\/wp\/v2\/comments?post=9364"}],"version-history":[{"count":10,"href":"https:\/\/academicos.uprrp.edu\/diia\/wp-json\/wp\/v2\/pages\/9364\/revisions"}],"predecessor-version":[{"id":13537,"href":"https:\/\/academicos.uprrp.edu\/diia\/wp-json\/wp\/v2\/pages\/9364\/revisions\/13537"}],"up":[{"embeddable":true,"href":"https:\/\/academicos.uprrp.edu\/diia\/wp-json\/wp\/v2\/pages\/9362"}],"wp:attachment":[{"href":"https:\/\/academicos.uprrp.edu\/diia\/wp-json\/wp\/v2\/media?parent=9364"}],"curies":[{"name":"wp","href":"https:\/\/api.w.org\/{rel}","templated":true}]}}