{"id":9362,"date":"2020-03-11T09:38:46","date_gmt":"2020-03-11T13:38:46","guid":{"rendered":"http:\/\/academicos.uprrp.edu\/diia\/?page_id=9362"},"modified":"2025-07-15T10:15:43","modified_gmt":"2025-07-15T14:15:43","slug":"avaluo-aprendizaje","status":"publish","type":"page","link":"https:\/\/academicos.uprrp.edu\/diia\/avaluo-aprendizaje\/","title":{"rendered":"Aval\u00fao del aprendizaje estudiantil"},"content":{"rendered":"\t\t<div data-elementor-type=\"wp-page\" data-elementor-id=\"9362\" class=\"elementor elementor-9362\">\n\t\t\t\t\t\t<section class=\"elementor-section elementor-top-section elementor-element elementor-element-586c074 elementor-section-boxed elementor-section-height-default elementor-section-height-default\" data-id=\"586c074\" data-element_type=\"section\" data-e-type=\"section\">\n\t\t\t\t\t\t<div class=\"elementor-container elementor-column-gap-default\">\n\t\t\t\t\t<div class=\"elementor-column elementor-col-100 elementor-top-column elementor-element elementor-element-b9273e8\" data-id=\"b9273e8\" data-element_type=\"column\" data-e-type=\"column\">\n\t\t\t<div class=\"elementor-widget-wrap elementor-element-populated\">\n\t\t\t\t\t\t<div class=\"elementor-element elementor-element-ce977a5 elementor-widget elementor-widget-text-editor\" data-id=\"ce977a5\" data-element_type=\"widget\" data-e-type=\"widget\" data-widget_type=\"text-editor.default\">\n\t\t\t\t<div class=\"elementor-widget-container\">\n\t\t\t\t\t\t\t\t\t<h3>\u00bfQu\u00e9 es el aval\u00fao del aprendizaje estudiantil?<\/h3><p>El aval\u00fao del aprendizaje estudiantil es un proceso en el que el estudiante evidencia lo que aprende, c\u00f3mo y para qu\u00e9 lo aprende. En el mismo se pueden utilizar m\u00faltiples formas, medios e instrumentos como las r\u00fabricas para recoger esa evidencia de una forma sistem\u00e1tica y continua. El aval\u00fao del aprendizaje estudiantil es un proceso integrado en los cursos y realizado por los docentes. En este contexto, la creaci\u00f3n y desarrollo de los medios de aval\u00fao surje de cursos representativos del curr\u00edculo al que se expone el estudiante. De esta forma, los docentes utilizan el aval\u00fao para mejorar los procesos de ense\u00f1anza y de aprendizaje y reflexionar acerca de sus pr\u00e1cticas educativas. Las acciones transformadoras que surjan de esta acci\u00f3n sirven para tomar pasos afirmativos para promover cambios, mejorar procesos, entre otros, que redundan en un impacto positivo en los ofrecimientos al estudiantado. El proceso de aval\u00fao no pretende evaluar profesores, ni su ejecutoria.<\/p>\t\t\t\t\t\t\t\t<\/div>\n\t\t\t\t<\/div>\n\t\t\t\t<div class=\"elementor-element elementor-element-f3494ba elementor-widget elementor-widget-thim-accordion\" data-id=\"f3494ba\" data-element_type=\"widget\" data-e-type=\"widget\" data-widget_type=\"thim-accordion.default\">\n\t\t\t\t<div class=\"elementor-widget-container\">\n\t\t\t\t\t<div class=\"thim-widget-accordion\"><div id=\"accordion_f3494ba\" class=\"panel-group\" role=\"tablist\" aria-multiselectable=\"true\">\n\t\t\t<div class=\"panel panel-default\">\n\t\t\t\t<div class=\"panel-heading\" role=\"tab\"\n\t\t\t\t\t id=\"heading_accordion_f3494ba_0\">\n\t\t\t\t\t<h4 class=\"panel-title\">\n\t\t\t\t\t\t<a role=\"button\" class=\"collapsed\" data-toggle=\"collapse\"\n\t\t\t\t\t\t   data-parent=\"#accordion_f3494ba\"\n\t\t\t\t\t\t   href=\"#collapse_accordion_f3494ba_0\" aria-expanded=\"false\"\n\t\t\t\t\t\t   aria-controls=\"collapse_accordion_f3494ba_0\">\n\t\t\t\t\t\t\t\u00bfC\u00f3mo apoyamos el proceso de aval\u00fao?\t\t\t\t\t\t<\/a>\n\t\t\t\t\t<\/h4>\n\t\t\t\t<\/div>\n\t\t\t\t<div id=\"collapse_accordion_f3494ba_0\"\n\t\t\t\t\t class=\"panel-collapse collapse\"\n\t\t\t\t\t role=\"tabpanel\" aria-labelledby=\"heading_accordion_f3494ba_0\">\n\t\t\t\t\t<div class=\"panel-body\">\n\t\t\t\t\t\t<p>Apoyamos a los coordinadores de aval\u00fao del aprendizaje estudiantil en la creaci\u00f3n de los planes de aval\u00fao del aprendizaje de sus programas, la creaci\u00f3n de instrumentos cuantitativos y cualitavos, as\u00ed como analizar los datos que han recopilado. De esta manera, tanto los docentes como los estudiantes pueden reflexionar acerca de los procesos de ense\u00f1anza y de aprendizaje dirigidos a su vez a establecer acciones transformadoras que beneficien a los programas y por ende a los estudiantes al recibir los servicios. Todo esto en concordancia con el Plan de Aval\u00fao del Aprendizaje Estudiantil de la Universidad de Puerto Rico, Recinto de R\u00edo Piedras.<\/p>\t\t\t\t\t<\/div>\n\t\t\t\t<\/div>\n\t\t\t<\/div>\n\n\t\t<\/div><\/div>\t\t\t\t<\/div>\n\t\t\t\t<\/div>\n\t\t\t\t\t<\/div>\n\t\t<\/div>\n\t\t\t\t\t<\/div>\n\t\t<\/section>\n\t\t\t\t<section class=\"elementor-section elementor-top-section elementor-element elementor-element-758e4a5 elementor-section-boxed elementor-section-height-default elementor-section-height-default\" data-id=\"758e4a5\" data-element_type=\"section\" data-e-type=\"section\">\n\t\t\t\t\t\t<div class=\"elementor-container elementor-column-gap-default\">\n\t\t\t\t\t<div class=\"elementor-column elementor-col-100 elementor-top-column elementor-element elementor-element-0386548\" data-id=\"0386548\" data-element_type=\"column\" data-e-type=\"column\">\n\t\t\t<div class=\"elementor-widget-wrap elementor-element-populated\">\n\t\t\t\t\t\t<div class=\"elementor-element elementor-element-6449682 elementor-widget elementor-widget-text-editor\" data-id=\"6449682\" data-element_type=\"widget\" data-e-type=\"widget\" data-widget_type=\"text-editor.default\">\n\t\t\t\t<div class=\"elementor-widget-container\">\n\t\t\t\t\t\t\t\t\t<h3>Resultados del aval\u00fao del aprendizaje<\/h3>\t\t\t\t\t\t\t\t<\/div>\n\t\t\t\t<\/div>\n\t\t\t\t\t<\/div>\n\t\t<\/div>\n\t\t\t\t\t<\/div>\n\t\t<\/section>\n\t\t\t\t<section class=\"elementor-section elementor-top-section elementor-element elementor-element-30ec028 elementor-section-boxed elementor-section-height-default elementor-section-height-default\" data-id=\"30ec028\" data-element_type=\"section\" data-e-type=\"section\">\n\t\t\t\t\t\t<div class=\"elementor-container elementor-column-gap-default\">\n\t\t\t\t\t<div class=\"elementor-column elementor-col-25 elementor-top-column elementor-element elementor-element-6de2da1\" data-id=\"6de2da1\" data-element_type=\"column\" data-e-type=\"column\">\n\t\t\t<div class=\"elementor-widget-wrap elementor-element-populated\">\n\t\t\t\t\t\t<div class=\"elementor-element elementor-element-e98dd45 elementor-position-top elementor-widget elementor-widget-image-box\" data-id=\"e98dd45\" data-element_type=\"widget\" data-e-type=\"widget\" data-widget_type=\"image-box.default\">\n\t\t\t\t<div class=\"elementor-widget-container\">\n\t\t\t\t\t<div class=\"elementor-image-box-wrapper\"><figure class=\"elementor-image-box-img\"><a href=\"https:\/\/app.powerbi.com\/view?r=eyJrIjoiMGE0YWJmODMtMmMzNi00ZDkxLThhNDUtZWFmNTI0ZTRhZmZkIiwidCI6IjBkZmE1ZGMwLTAzNmYtNDYxNS05OWU0LTk0YWY4MjJmMmI4NCIsImMiOjF9&#038;pageName=ReportSectionfd39e6fb1625d8bba042\" target=\"_blank\" tabindex=\"-1\"><img fetchpriority=\"high\" decoding=\"async\" width=\"597\" height=\"377\" src=\"https:\/\/academicos.uprrp.edu\/diia\/wp-content\/uploads\/sites\/5\/2021\/04\/AvaluoSubgraduadoDashboard.png\" class=\"attachment-full size-full wp-image-10953\" alt=\"\" srcset=\"https:\/\/academicos.uprrp.edu\/diia\/wp-content\/uploads\/sites\/5\/2021\/04\/AvaluoSubgraduadoDashboard.png 597w, https:\/\/academicos.uprrp.edu\/diia\/wp-content\/uploads\/sites\/5\/2021\/04\/AvaluoSubgraduadoDashboard-300x189.png 300w\" sizes=\"(max-width: 597px) 100vw, 597px\" \/><\/a><\/figure><div class=\"elementor-image-box-content\"><h4 class=\"elementor-image-box-title\"><a href=\"https:\/\/app.powerbi.com\/view?r=eyJrIjoiMGE0YWJmODMtMmMzNi00ZDkxLThhNDUtZWFmNTI0ZTRhZmZkIiwidCI6IjBkZmE1ZGMwLTAzNmYtNDYxNS05OWU0LTk0YWY4MjJmMmI4NCIsImMiOjF9&#038;pageName=ReportSectionfd39e6fb1625d8bba042\" target=\"_blank\">Dashboard del aval\u00fao del aprendizaje subgraduado<\/a><\/h4><p class=\"elementor-image-box-description\">Este dashboard interactivo muestra los resultados del aval\u00fao del aprendizaje estudiantil a nivel subgraduado.<\/p><\/div><\/div>\t\t\t\t<\/div>\n\t\t\t\t<\/div>\n\t\t\t\t\t<\/div>\n\t\t<\/div>\n\t\t\t\t<div class=\"elementor-column elementor-col-25 elementor-top-column elementor-element elementor-element-cb0d055\" data-id=\"cb0d055\" data-element_type=\"column\" data-e-type=\"column\">\n\t\t\t<div class=\"elementor-widget-wrap elementor-element-populated\">\n\t\t\t\t\t\t<div class=\"elementor-element elementor-element-09586aa elementor-position-top elementor-widget elementor-widget-image-box\" data-id=\"09586aa\" data-element_type=\"widget\" data-e-type=\"widget\" data-widget_type=\"image-box.default\">\n\t\t\t\t<div class=\"elementor-widget-container\">\n\t\t\t\t\t<div class=\"elementor-image-box-wrapper\"><figure class=\"elementor-image-box-img\"><a href=\"https:\/\/app.powerbi.com\/view?r=eyJrIjoiZjQ1MGU1NzktZDk5MS00NTA1LTg3ODktNjAyZDQ0YTc3YWRhIiwidCI6IjBkZmE1ZGMwLTAzNmYtNDYxNS05OWU0LTk0YWY4MjJmMmI4NCIsImMiOjF9\" target=\"_blank\" tabindex=\"-1\"><img decoding=\"async\" width=\"597\" height=\"377\" src=\"https:\/\/academicos.uprrp.edu\/diia\/wp-content\/uploads\/sites\/5\/2021\/04\/AvaluoGraduadoDashboard.png\" class=\"attachment-full size-full wp-image-10941\" alt=\"\" srcset=\"https:\/\/academicos.uprrp.edu\/diia\/wp-content\/uploads\/sites\/5\/2021\/04\/AvaluoGraduadoDashboard.png 597w, https:\/\/academicos.uprrp.edu\/diia\/wp-content\/uploads\/sites\/5\/2021\/04\/AvaluoGraduadoDashboard-300x189.png 300w\" sizes=\"(max-width: 597px) 100vw, 597px\" \/><\/a><\/figure><div class=\"elementor-image-box-content\"><h4 class=\"elementor-image-box-title\"><a href=\"https:\/\/app.powerbi.com\/view?r=eyJrIjoiZjQ1MGU1NzktZDk5MS00NTA1LTg3ODktNjAyZDQ0YTc3YWRhIiwidCI6IjBkZmE1ZGMwLTAzNmYtNDYxNS05OWU0LTk0YWY4MjJmMmI4NCIsImMiOjF9\" target=\"_blank\">Dashboard del aval\u00fao del aprendizaje graduado<\/a><\/h4><p class=\"elementor-image-box-description\">Este dashboard interactivo muestra los resultados del aval\u00fao del aprendizaje estudiantil a nivel graduado.<\/p><\/div><\/div>\t\t\t\t<\/div>\n\t\t\t\t<\/div>\n\t\t\t\t\t<\/div>\n\t\t<\/div>\n\t\t\t\t<div class=\"elementor-column elementor-col-25 elementor-top-column elementor-element elementor-element-35a0c0c\" data-id=\"35a0c0c\" data-element_type=\"column\" data-e-type=\"column\">\n\t\t\t<div class=\"elementor-widget-wrap\">\n\t\t\t\t\t\t\t<\/div>\n\t\t<\/div>\n\t\t\t\t<div class=\"elementor-column elementor-col-25 elementor-top-column elementor-element elementor-element-6720e88\" data-id=\"6720e88\" data-element_type=\"column\" data-e-type=\"column\">\n\t\t\t<div class=\"elementor-widget-wrap\">\n\t\t\t\t\t\t\t<\/div>\n\t\t<\/div>\n\t\t\t\t\t<\/div>\n\t\t<\/section>\n\t\t\t\t<\/div>\n\t\t","protected":false},"excerpt":{"rendered":"<p>\u00bfQu\u00e9 es el aval\u00fao del aprendizaje estudiantil? El aval\u00fao del aprendizaje estudiantil es un proceso en el que el estudiante evidencia lo que aprende, c\u00f3mo y para qu\u00e9 lo aprende. &hellip; <\/p>\n","protected":false},"author":6,"featured_media":0,"parent":0,"menu_order":0,"comment_status":"closed","ping_status":"closed","template":"","meta":{"om_disable_all_campaigns":false,"_monsterinsights_skip_tracking":false,"_monsterinsights_sitenote_active":false,"_monsterinsights_sitenote_note":"","_monsterinsights_sitenote_category":0,"_uf_show_specific_survey":0,"_uf_disable_surveys":false,"footnotes":""},"class_list":["post-9362","page","type-page","status-publish","hentry"],"yoast_head":"<!-- This site is optimized with the Yoast SEO plugin v27.2 - https:\/\/yoast.com\/product\/yoast-seo-wordpress\/ -->\n<title>Aval\u00fao del aprendizaje estudiantil - Divisi\u00f3n Investigaci\u00f3n Institucional y Aval\u00fao - Universidad de Puerto Rico - Recinto de R\u00edo Piedras - UPRRP<\/title>\n<meta name=\"robots\" content=\"index, follow, max-snippet:-1, max-image-preview:large, max-video-preview:-1\" \/>\n<link rel=\"canonical\" href=\"https:\/\/academicos.uprrp.edu\/diia\/avaluo-aprendizaje\/\" \/>\n<meta property=\"og:locale\" content=\"es_ES\" \/>\n<meta property=\"og:type\" content=\"article\" \/>\n<meta property=\"og:title\" content=\"Aval\u00fao del aprendizaje estudiantil - Divisi\u00f3n Investigaci\u00f3n Institucional y Aval\u00fao - Universidad de Puerto Rico - Recinto de R\u00edo Piedras - UPRRP\" \/>\n<meta property=\"og:description\" content=\"\u00bfQu\u00e9 es el aval\u00fao del aprendizaje estudiantil? El aval\u00fao del aprendizaje estudiantil es un proceso en el que el estudiante evidencia lo que aprende, c\u00f3mo y para qu\u00e9 lo aprende. &hellip;\" \/>\n<meta property=\"og:url\" content=\"https:\/\/academicos.uprrp.edu\/diia\/avaluo-aprendizaje\/\" \/>\n<meta property=\"og:site_name\" content=\"Divisi\u00f3n Investigaci\u00f3n Institucional y Aval\u00fao - Universidad de Puerto Rico - Recinto de R\u00edo Piedras - UPRRP\" \/>\n<meta property=\"article:modified_time\" content=\"2025-07-15T14:15:43+00:00\" \/>\n<meta property=\"og:image\" content=\"https:\/\/academicos.uprrp.edu\/diia\/wp-content\/uploads\/sites\/5\/2021\/04\/AvaluoSubgraduadoDashboard.png\" \/>\n\t<meta property=\"og:image:width\" content=\"597\" \/>\n\t<meta property=\"og:image:height\" content=\"377\" \/>\n\t<meta property=\"og:image:type\" content=\"image\/png\" \/>\n<meta name=\"twitter:card\" content=\"summary_large_image\" \/>\n<meta name=\"twitter:label1\" content=\"Est. reading time\" \/>\n\t<meta name=\"twitter:data1\" content=\"2 minutos\" \/>\n<script type=\"application\/ld+json\" class=\"yoast-schema-graph\">{\"@context\":\"https:\/\/schema.org\",\"@graph\":[{\"@type\":\"WebPage\",\"@id\":\"https:\/\/academicos.uprrp.edu\/diia\/avaluo-aprendizaje\/\",\"url\":\"https:\/\/academicos.uprrp.edu\/diia\/avaluo-aprendizaje\/\",\"name\":\"Aval\u00fao del aprendizaje estudiantil - Divisi\u00f3n Investigaci\u00f3n Institucional y Aval\u00fao - Universidad de Puerto Rico - Recinto de R\u00edo Piedras - UPRRP\",\"isPartOf\":{\"@id\":\"https:\/\/academicos.uprrp.edu\/diia\/#website\"},\"primaryImageOfPage\":{\"@id\":\"https:\/\/academicos.uprrp.edu\/diia\/avaluo-aprendizaje\/#primaryimage\"},\"image\":{\"@id\":\"https:\/\/academicos.uprrp.edu\/diia\/avaluo-aprendizaje\/#primaryimage\"},\"thumbnailUrl\":\"https:\/\/academicos.uprrp.edu\/diia\/wp-content\/uploads\/sites\/5\/2021\/04\/AvaluoSubgraduadoDashboard.png\",\"datePublished\":\"2020-03-11T13:38:46+00:00\",\"dateModified\":\"2025-07-15T14:15:43+00:00\",\"breadcrumb\":{\"@id\":\"https:\/\/academicos.uprrp.edu\/diia\/avaluo-aprendizaje\/#breadcrumb\"},\"inLanguage\":\"es\",\"potentialAction\":[{\"@type\":\"ReadAction\",\"target\":[\"https:\/\/academicos.uprrp.edu\/diia\/avaluo-aprendizaje\/\"]}]},{\"@type\":\"ImageObject\",\"inLanguage\":\"es\",\"@id\":\"https:\/\/academicos.uprrp.edu\/diia\/avaluo-aprendizaje\/#primaryimage\",\"url\":\"https:\/\/academicos.uprrp.edu\/diia\/wp-content\/uploads\/sites\/5\/2021\/04\/AvaluoSubgraduadoDashboard.png\",\"contentUrl\":\"https:\/\/academicos.uprrp.edu\/diia\/wp-content\/uploads\/sites\/5\/2021\/04\/AvaluoSubgraduadoDashboard.png\",\"width\":597,\"height\":377},{\"@type\":\"BreadcrumbList\",\"@id\":\"https:\/\/academicos.uprrp.edu\/diia\/avaluo-aprendizaje\/#breadcrumb\",\"itemListElement\":[{\"@type\":\"ListItem\",\"position\":1,\"name\":\"Home\",\"item\":\"https:\/\/academicos.uprrp.edu\/diia\/\"},{\"@type\":\"ListItem\",\"position\":2,\"name\":\"Aval\u00fao del aprendizaje estudiantil\"}]},{\"@type\":\"WebSite\",\"@id\":\"https:\/\/academicos.uprrp.edu\/diia\/#website\",\"url\":\"https:\/\/academicos.uprrp.edu\/diia\/\",\"name\":\"Divisi\u00f3n Investigaci\u00f3n Institucional y Aval\u00fao - Universidad de Puerto Rico - Recinto de R\u00edo Piedras - DIIA - UPRRP\",\"description\":\"Investigaci\u00f3n institucional, aval\u00fao del aprendizaje estudiantil, efectividad institucional, datos institucionales, institutional research, student learning assessment, institutional effectiveness, institutional data\",\"publisher\":{\"@id\":\"https:\/\/academicos.uprrp.edu\/diia\/#organization\"},\"potentialAction\":[{\"@type\":\"SearchAction\",\"target\":{\"@type\":\"EntryPoint\",\"urlTemplate\":\"https:\/\/academicos.uprrp.edu\/diia\/?s={search_term_string}\"},\"query-input\":{\"@type\":\"PropertyValueSpecification\",\"valueRequired\":true,\"valueName\":\"search_term_string\"}}],\"inLanguage\":\"es\"},{\"@type\":\"Organization\",\"@id\":\"https:\/\/academicos.uprrp.edu\/diia\/#organization\",\"name\":\"Divisi\u00f3n de Investigaci\u00f3n Institucional y Aval\u00fao, Universidad de Puerto Rico, Recinto de R\u00edo Piedras\",\"url\":\"https:\/\/academicos.uprrp.edu\/diia\/\",\"logo\":{\"@type\":\"ImageObject\",\"inLanguage\":\"es\",\"@id\":\"https:\/\/academicos.uprrp.edu\/diia\/#\/schema\/logo\/image\/\",\"url\":\"https:\/\/academicos.uprrp.edu\/diia\/wp-content\/uploads\/sites\/5\/2020\/02\/LogoDIIA-Oficial01SelloFondoBlanco.png\",\"contentUrl\":\"https:\/\/academicos.uprrp.edu\/diia\/wp-content\/uploads\/sites\/5\/2020\/02\/LogoDIIA-Oficial01SelloFondoBlanco.png\",\"width\":3038,\"height\":899,\"caption\":\"Divisi\u00f3n de Investigaci\u00f3n Institucional y Aval\u00fao, Universidad de Puerto Rico, Recinto de R\u00edo Piedras\"},\"image\":{\"@id\":\"https:\/\/academicos.uprrp.edu\/diia\/#\/schema\/logo\/image\/\"}}]}<\/script>\n<!-- \/ Yoast SEO plugin. -->","yoast_head_json":{"title":"Aval\u00fao del aprendizaje estudiantil - Divisi\u00f3n Investigaci\u00f3n Institucional y Aval\u00fao - Universidad de Puerto Rico - Recinto de R\u00edo Piedras - UPRRP","robots":{"index":"index","follow":"follow","max-snippet":"max-snippet:-1","max-image-preview":"max-image-preview:large","max-video-preview":"max-video-preview:-1"},"canonical":"https:\/\/academicos.uprrp.edu\/diia\/avaluo-aprendizaje\/","og_locale":"es_ES","og_type":"article","og_title":"Aval\u00fao del aprendizaje estudiantil - Divisi\u00f3n Investigaci\u00f3n Institucional y Aval\u00fao - Universidad de Puerto Rico - Recinto de R\u00edo Piedras - UPRRP","og_description":"\u00bfQu\u00e9 es el aval\u00fao del aprendizaje estudiantil? El aval\u00fao del aprendizaje estudiantil es un proceso en el que el estudiante evidencia lo que aprende, c\u00f3mo y para qu\u00e9 lo aprende. &hellip;","og_url":"https:\/\/academicos.uprrp.edu\/diia\/avaluo-aprendizaje\/","og_site_name":"Divisi\u00f3n Investigaci\u00f3n Institucional y Aval\u00fao - Universidad de Puerto Rico - Recinto de R\u00edo Piedras - UPRRP","article_modified_time":"2025-07-15T14:15:43+00:00","og_image":[{"width":597,"height":377,"url":"https:\/\/academicos.uprrp.edu\/diia\/wp-content\/uploads\/sites\/5\/2021\/04\/AvaluoSubgraduadoDashboard.png","type":"image\/png"}],"twitter_card":"summary_large_image","twitter_misc":{"Est. reading time":"2 minutos"},"schema":{"@context":"https:\/\/schema.org","@graph":[{"@type":"WebPage","@id":"https:\/\/academicos.uprrp.edu\/diia\/avaluo-aprendizaje\/","url":"https:\/\/academicos.uprrp.edu\/diia\/avaluo-aprendizaje\/","name":"Aval\u00fao del aprendizaje estudiantil - Divisi\u00f3n Investigaci\u00f3n Institucional y Aval\u00fao - Universidad de Puerto Rico - Recinto de R\u00edo Piedras - UPRRP","isPartOf":{"@id":"https:\/\/academicos.uprrp.edu\/diia\/#website"},"primaryImageOfPage":{"@id":"https:\/\/academicos.uprrp.edu\/diia\/avaluo-aprendizaje\/#primaryimage"},"image":{"@id":"https:\/\/academicos.uprrp.edu\/diia\/avaluo-aprendizaje\/#primaryimage"},"thumbnailUrl":"https:\/\/academicos.uprrp.edu\/diia\/wp-content\/uploads\/sites\/5\/2021\/04\/AvaluoSubgraduadoDashboard.png","datePublished":"2020-03-11T13:38:46+00:00","dateModified":"2025-07-15T14:15:43+00:00","breadcrumb":{"@id":"https:\/\/academicos.uprrp.edu\/diia\/avaluo-aprendizaje\/#breadcrumb"},"inLanguage":"es","potentialAction":[{"@type":"ReadAction","target":["https:\/\/academicos.uprrp.edu\/diia\/avaluo-aprendizaje\/"]}]},{"@type":"ImageObject","inLanguage":"es","@id":"https:\/\/academicos.uprrp.edu\/diia\/avaluo-aprendizaje\/#primaryimage","url":"https:\/\/academicos.uprrp.edu\/diia\/wp-content\/uploads\/sites\/5\/2021\/04\/AvaluoSubgraduadoDashboard.png","contentUrl":"https:\/\/academicos.uprrp.edu\/diia\/wp-content\/uploads\/sites\/5\/2021\/04\/AvaluoSubgraduadoDashboard.png","width":597,"height":377},{"@type":"BreadcrumbList","@id":"https:\/\/academicos.uprrp.edu\/diia\/avaluo-aprendizaje\/#breadcrumb","itemListElement":[{"@type":"ListItem","position":1,"name":"Home","item":"https:\/\/academicos.uprrp.edu\/diia\/"},{"@type":"ListItem","position":2,"name":"Aval\u00fao del aprendizaje estudiantil"}]},{"@type":"WebSite","@id":"https:\/\/academicos.uprrp.edu\/diia\/#website","url":"https:\/\/academicos.uprrp.edu\/diia\/","name":"Divisi\u00f3n Investigaci\u00f3n Institucional y Aval\u00fao - Universidad de Puerto Rico - Recinto de R\u00edo Piedras - DIIA - UPRRP","description":"Investigaci\u00f3n institucional, aval\u00fao del aprendizaje estudiantil, efectividad institucional, datos institucionales, institutional research, student learning assessment, institutional effectiveness, institutional data","publisher":{"@id":"https:\/\/academicos.uprrp.edu\/diia\/#organization"},"potentialAction":[{"@type":"SearchAction","target":{"@type":"EntryPoint","urlTemplate":"https:\/\/academicos.uprrp.edu\/diia\/?s={search_term_string}"},"query-input":{"@type":"PropertyValueSpecification","valueRequired":true,"valueName":"search_term_string"}}],"inLanguage":"es"},{"@type":"Organization","@id":"https:\/\/academicos.uprrp.edu\/diia\/#organization","name":"Divisi\u00f3n de Investigaci\u00f3n Institucional y Aval\u00fao, Universidad de Puerto Rico, Recinto de R\u00edo Piedras","url":"https:\/\/academicos.uprrp.edu\/diia\/","logo":{"@type":"ImageObject","inLanguage":"es","@id":"https:\/\/academicos.uprrp.edu\/diia\/#\/schema\/logo\/image\/","url":"https:\/\/academicos.uprrp.edu\/diia\/wp-content\/uploads\/sites\/5\/2020\/02\/LogoDIIA-Oficial01SelloFondoBlanco.png","contentUrl":"https:\/\/academicos.uprrp.edu\/diia\/wp-content\/uploads\/sites\/5\/2020\/02\/LogoDIIA-Oficial01SelloFondoBlanco.png","width":3038,"height":899,"caption":"Divisi\u00f3n de Investigaci\u00f3n Institucional y Aval\u00fao, Universidad de Puerto Rico, Recinto de R\u00edo Piedras"},"image":{"@id":"https:\/\/academicos.uprrp.edu\/diia\/#\/schema\/logo\/image\/"}}]}},"aioseo_notices":[],"_links":{"self":[{"href":"https:\/\/academicos.uprrp.edu\/diia\/wp-json\/wp\/v2\/pages\/9362","targetHints":{"allow":["GET"]}}],"collection":[{"href":"https:\/\/academicos.uprrp.edu\/diia\/wp-json\/wp\/v2\/pages"}],"about":[{"href":"https:\/\/academicos.uprrp.edu\/diia\/wp-json\/wp\/v2\/types\/page"}],"author":[{"embeddable":true,"href":"https:\/\/academicos.uprrp.edu\/diia\/wp-json\/wp\/v2\/users\/6"}],"replies":[{"embeddable":true,"href":"https:\/\/academicos.uprrp.edu\/diia\/wp-json\/wp\/v2\/comments?post=9362"}],"version-history":[{"count":50,"href":"https:\/\/academicos.uprrp.edu\/diia\/wp-json\/wp\/v2\/pages\/9362\/revisions"}],"predecessor-version":[{"id":14151,"href":"https:\/\/academicos.uprrp.edu\/diia\/wp-json\/wp\/v2\/pages\/9362\/revisions\/14151"}],"wp:attachment":[{"href":"https:\/\/academicos.uprrp.edu\/diia\/wp-json\/wp\/v2\/media?parent=9362"}],"curies":[{"name":"wp","href":"https:\/\/api.w.org\/{rel}","templated":true}]}}