{"id":2901,"date":"2015-11-18T08:34:00","date_gmt":"2015-11-18T12:34:00","guid":{"rendered":"http:\/\/demo.thimpress.com\/eduma\/?page_id=2901"},"modified":"2025-08-05T09:14:45","modified_gmt":"2025-08-05T13:14:45","slug":"sobre-la-diia","status":"publish","type":"page","link":"https:\/\/academicos.uprrp.edu\/diia\/sobre-la-diia\/","title":{"rendered":"Sobre la DIIA"},"content":{"rendered":"\t\t<div data-elementor-type=\"wp-post\" data-elementor-id=\"2901\" class=\"elementor elementor-2901\">\n\t\t\t\t\t\t<section class=\"elementor-section elementor-top-section elementor-element elementor-element-7d27883 elementor-section-boxed elementor-section-height-default elementor-section-height-default\" data-id=\"7d27883\" data-element_type=\"section\" data-e-type=\"section\">\n\t\t\t\t\t\t<div class=\"elementor-container elementor-column-gap-default\">\n\t\t\t\t\t<div class=\"elementor-column elementor-col-100 elementor-top-column elementor-element elementor-element-d513acf\" data-id=\"d513acf\" data-element_type=\"column\" data-e-type=\"column\">\n\t\t\t<div class=\"elementor-widget-wrap elementor-element-populated\">\n\t\t\t\t\t\t<div class=\"elementor-element elementor-element-3197733 elementor-widget thim-ekits-heading elementor-widget-thim-heading\" data-id=\"3197733\" data-element_type=\"widget\" data-e-type=\"widget\" data-widget_type=\"thim-heading.default\">\n\t\t\t\t<div class=\"elementor-widget-container\">\n\t\t\t\t\t<div class=\"sc_heading text-center\"><h2 class=\"title\">\u00bfQu\u00e9 es la Divisi\u00f3n de Investigaci\u00f3n Institucional y Aval\u00fao?<\/h2><span class=\"line\"><\/span><\/div>\t\t\t\t<\/div>\n\t\t\t\t<\/div>\n\t\t\t\t<div class=\"elementor-element elementor-element-9f85f4e elementor-widget elementor-widget-text-editor\" data-id=\"9f85f4e\" data-element_type=\"widget\" data-e-type=\"widget\" data-widget_type=\"text-editor.default\">\n\t\t\t\t<div class=\"elementor-widget-container\">\n\t\t\t\t\t\t\t\t\t<p>El Recinto de R\u00edo Piedras cre\u00f3 la Divisi\u00f3n de Investigaci\u00f3n Institucional y Aval\u00fao (DIIA) motivado por la necesidad de conocer los niveles de ejecuci\u00f3n en los diversos esfuerzos administrativos y acad\u00e9micos que conducen a la toma de decisiones informadas y para cumplir con la encomienda institucional y los requerimientos de la agencia acreditadora, entre otros.<\/p><p>La DIIA tiene la responsabilidad de gestar, recibir, analizar, divulgar y custodiar los datos oficiales del Recinto. La informaci\u00f3n recopilada le permitir\u00e1 a toda la comunidad universitaria conocer el perfil del Recinto, del estudiantado actual y egresado, los docentes, los no docentes, y los resultados del aval\u00fao del aprendizaje. De esta manera, se podr\u00e1n medir los niveles de \u00e9xito tanto en los procesos administrativos como acad\u00e9micos y los retos hacia el cumplimiento con la misi\u00f3n y las metas establecidas. Con esto, se establecer\u00e1 la ruta para la transparencia y el rendimiento de cuentas.<\/p>\t\t\t\t\t\t\t\t<\/div>\n\t\t\t\t<\/div>\n\t\t\t\t\t<\/div>\n\t\t<\/div>\n\t\t\t\t\t<\/div>\n\t\t<\/section>\n\t\t\t\t<section class=\"elementor-section elementor-top-section elementor-element elementor-element-e7b42e2 elementor-section-boxed elementor-section-height-default elementor-section-height-default\" data-id=\"e7b42e2\" data-element_type=\"section\" data-e-type=\"section\">\n\t\t\t\t\t\t<div class=\"elementor-container elementor-column-gap-default\">\n\t\t\t\t\t<div class=\"elementor-column elementor-col-50 elementor-top-column elementor-element elementor-element-83ce618\" data-id=\"83ce618\" data-element_type=\"column\" data-e-type=\"column\">\n\t\t\t<div class=\"elementor-widget-wrap elementor-element-populated\">\n\t\t\t\t\t\t<div class=\"elementor-element elementor-element-99869ff elementor-widget elementor-widget-heading\" data-id=\"99869ff\" data-element_type=\"widget\" data-e-type=\"widget\" data-widget_type=\"heading.default\">\n\t\t\t\t<div class=\"elementor-widget-container\">\n\t\t\t\t\t<h3 class=\"elementor-heading-title elementor-size-default\">Visi\u00f3n<\/h3>\t\t\t\t<\/div>\n\t\t\t\t<\/div>\n\t\t\t\t<div class=\"elementor-element elementor-element-f74343d elementor-widget elementor-widget-text-editor\" data-id=\"f74343d\" data-element_type=\"widget\" data-e-type=\"widget\" data-widget_type=\"text-editor.default\">\n\t\t\t\t<div class=\"elementor-widget-container\">\n\t\t\t\t\t\t\t\t\t<p>La Divisi\u00f3n de Investigaci\u00f3n Institucional y Aval\u00fao (DIIA) ser\u00e1 reconocida como el pilar\u00a0estrat\u00e9gico en la generaci\u00f3n, an\u00e1lisis, gesti\u00f3n y difusi\u00f3n de datos e informaci\u00f3n institucional\u00a0oficial, automatizada, accesible y oportuna, que impulse la toma de decisiones informadas en el\u00a0Recinto de R\u00edo Piedras y fortalezca el desarrollo institucional para posicionarlo como un\u00a0referente en la educaci\u00f3n superior a nivel local, regional e internacional.<\/p>\t\t\t\t\t\t\t\t<\/div>\n\t\t\t\t<\/div>\n\t\t\t\t\t<\/div>\n\t\t<\/div>\n\t\t\t\t<div class=\"elementor-column elementor-col-50 elementor-top-column elementor-element elementor-element-79356f9\" data-id=\"79356f9\" data-element_type=\"column\" data-e-type=\"column\">\n\t\t\t<div class=\"elementor-widget-wrap elementor-element-populated\">\n\t\t\t\t\t\t<div class=\"elementor-element elementor-element-37f6f2c elementor-widget__width-initial elementor-widget elementor-widget-heading\" data-id=\"37f6f2c\" data-element_type=\"widget\" data-e-type=\"widget\" data-widget_type=\"heading.default\">\n\t\t\t\t<div class=\"elementor-widget-container\">\n\t\t\t\t\t<h3 class=\"elementor-heading-title elementor-size-default\">Misi\u00f3n<\/h3>\t\t\t\t<\/div>\n\t\t\t\t<\/div>\n\t\t\t\t<div class=\"elementor-element elementor-element-5c5866f elementor-widget__width-initial elementor-widget elementor-widget-text-editor\" data-id=\"5c5866f\" data-element_type=\"widget\" data-e-type=\"widget\" data-widget_type=\"text-editor.default\">\n\t\t\t\t<div class=\"elementor-widget-container\">\n\t\t\t\t\t\t\t\t\t<p>Recopilar y ofrecer datos confiables, actualizados y oficiales a la comunidad universitaria y\u00a0externa, que evidencien el estado de situaci\u00f3n administrativa y acad\u00e9mica del Recinto. Se espera\u00a0que el conocimiento adquirido les permita planificar el quehacer acad\u00e9mico, administrativo y de\u00a0aval\u00fao del aprendizaje consistente con la b\u00fasqueda de la excelencia acad\u00e9mica y efectividad\u00a0institucional a la que aspira el Recinto. De igual manera, el conocimiento adquirido permitir\u00e1\u00a0realizar las transformaciones necesarias para el beneficio de la comunidad universitaria.<\/p>\t\t\t\t\t\t\t\t<\/div>\n\t\t\t\t<\/div>\n\t\t\t\t\t<\/div>\n\t\t<\/div>\n\t\t\t\t\t<\/div>\n\t\t<\/section>\n\t\t\t\t<section class=\"elementor-section elementor-top-section elementor-element elementor-element-cfbaa40 elementor-section-stretched elementor-section-boxed elementor-section-height-default elementor-section-height-default\" data-id=\"cfbaa40\" data-element_type=\"section\" data-e-type=\"section\" data-settings=\"{&quot;stretch_section&quot;:&quot;section-stretched&quot;,&quot;background_background&quot;:&quot;classic&quot;}\">\n\t\t\t\t\t\t<div class=\"elementor-container elementor-column-gap-default\">\n\t\t\t\t\t<div class=\"elementor-column elementor-col-100 elementor-top-column elementor-element elementor-element-1356c67\" data-id=\"1356c67\" data-element_type=\"column\" data-e-type=\"column\">\n\t\t\t<div class=\"elementor-widget-wrap elementor-element-populated\">\n\t\t\t\t\t\t<section class=\"elementor-section elementor-inner-section elementor-element elementor-element-7070155 elementor-section-full_width elementor-section-height-default elementor-section-height-default\" data-id=\"7070155\" data-element_type=\"section\" data-e-type=\"section\">\n\t\t\t\t\t\t<div class=\"elementor-container elementor-column-gap-default\">\n\t\t\t\t\t<div class=\"elementor-column elementor-col-50 elementor-inner-column elementor-element elementor-element-4bba965\" data-id=\"4bba965\" data-element_type=\"column\" data-e-type=\"column\">\n\t\t\t<div class=\"elementor-widget-wrap elementor-element-populated\">\n\t\t\t\t\t\t<div class=\"elementor-element elementor-element-28dbe70 elementor-widget elementor-widget-image-box\" data-id=\"28dbe70\" data-element_type=\"widget\" data-e-type=\"widget\" data-widget_type=\"image-box.default\">\n\t\t\t\t<div class=\"elementor-widget-container\">\n\t\t\t\t\t<div class=\"elementor-image-box-wrapper\"><div class=\"elementor-image-box-content\"><h3 class=\"elementor-image-box-title\"><a href=\"http:\/\/academicos.uprrp.edu\/diia\/investigacion-institucional\/\">Investigaci\u00f3n institucional<\/a><\/h3><p class=\"elementor-image-box-description\">Establece una base racional de informaci\u00f3n y conocimiento para los procesos de planificaci\u00f3n, toma de decisiones y adjudicaci\u00f3n de recursos, a trav\u00e9s diversas estrategias de recopilaci\u00f3n de datos y an\u00e1lisis.<\/p><\/div><\/div>\t\t\t\t<\/div>\n\t\t\t\t<\/div>\n\t\t\t\t\t<\/div>\n\t\t<\/div>\n\t\t\t\t<div class=\"elementor-column elementor-col-50 elementor-inner-column elementor-element elementor-element-dead9b2\" data-id=\"dead9b2\" data-element_type=\"column\" data-e-type=\"column\">\n\t\t\t<div class=\"elementor-widget-wrap elementor-element-populated\">\n\t\t\t\t\t\t<div class=\"elementor-element elementor-element-062257b elementor-widget elementor-widget-image-box\" data-id=\"062257b\" data-element_type=\"widget\" data-e-type=\"widget\" data-widget_type=\"image-box.default\">\n\t\t\t\t<div class=\"elementor-widget-container\">\n\t\t\t\t\t<div class=\"elementor-image-box-wrapper\"><div class=\"elementor-image-box-content\"><h3 class=\"elementor-image-box-title\"><a href=\"https:\/\/academicos.uprrp.edu\/diia\/planificacion-estrategica\/\">Planificaci\u00f3n estrat\u00e9gica<\/a><\/h3><p class=\"elementor-image-box-description\">Es un proceso sistem\u00e1tico que busca definir las metas y objetivos a largo plazo para guiar el desarrollo institucional. Este enfoque permite al recinto alinear sus recursos, programas acad\u00e9micos, iniciativas de investigaci\u00f3n y servicios con su misi\u00f3n y visi\u00f3n, promoviendo el crecimiento sostenible, la innovaci\u00f3n y la mejora continua.<\/p><\/div><\/div>\t\t\t\t<\/div>\n\t\t\t\t<\/div>\n\t\t\t\t\t<\/div>\n\t\t<\/div>\n\t\t\t\t\t<\/div>\n\t\t<\/section>\n\t\t\t\t<section class=\"elementor-section elementor-inner-section elementor-element elementor-element-02d4a7c elementor-section-full_width elementor-section-height-default elementor-section-height-default\" data-id=\"02d4a7c\" data-element_type=\"section\" data-e-type=\"section\">\n\t\t\t\t\t\t<div class=\"elementor-container elementor-column-gap-default\">\n\t\t\t\t\t<div class=\"elementor-column elementor-col-50 elementor-inner-column elementor-element elementor-element-a8b6736\" data-id=\"a8b6736\" data-element_type=\"column\" data-e-type=\"column\">\n\t\t\t<div class=\"elementor-widget-wrap elementor-element-populated\">\n\t\t\t\t\t\t<div class=\"elementor-element elementor-element-75d2d4c elementor-widget elementor-widget-image-box\" data-id=\"75d2d4c\" data-element_type=\"widget\" data-e-type=\"widget\" data-widget_type=\"image-box.default\">\n\t\t\t\t<div class=\"elementor-widget-container\">\n\t\t\t\t\t<div class=\"elementor-image-box-wrapper\"><div class=\"elementor-image-box-content\"><h3 class=\"elementor-image-box-title\"><a href=\"https:\/\/academicos.uprrp.edu\/diia\/avaluo-aprendizaje\/\">Aval\u00fao del aprendizaje estudiantil<\/a><\/h3><p class=\"elementor-image-box-description\">Informaci\u00f3n acerca de las actividades de evaluaci\u00f3n del aprendizaje estudiantil y hallazgos correspondientes. Esta informaci\u00f3n se utiliza por la administraci\u00f3n, la facultad y el estudiantado, para el mejoramiento del proceso de ense\u00f1anza-aprendizaje.<\/p><\/div><\/div>\t\t\t\t<\/div>\n\t\t\t\t<\/div>\n\t\t\t\t\t<\/div>\n\t\t<\/div>\n\t\t\t\t<div class=\"elementor-column elementor-col-50 elementor-inner-column elementor-element elementor-element-b394586\" data-id=\"b394586\" data-element_type=\"column\" data-e-type=\"column\">\n\t\t\t<div class=\"elementor-widget-wrap elementor-element-populated\">\n\t\t\t\t\t\t<div class=\"elementor-element elementor-element-c5a9546 elementor-widget elementor-widget-image-box\" data-id=\"c5a9546\" data-element_type=\"widget\" data-e-type=\"widget\" data-widget_type=\"image-box.default\">\n\t\t\t\t<div class=\"elementor-widget-container\">\n\t\t\t\t\t<div class=\"elementor-image-box-wrapper\"><div class=\"elementor-image-box-content\"><h3 class=\"elementor-image-box-title\"><a href=\"https:\/\/academicos.uprrp.edu\/diia\/efectividad-institucional\/\">Aval\u00fao de la efectividad institucional<\/a><\/h3><p class=\"elementor-image-box-description\">El aval\u00fao de la efectividad institucional es un proceso sistem\u00e1tico y continuo en el cual la instituci\u00f3n se auto-eval\u00faa con el fin de medir los logros alcanzados de acuerdo a su Misi\u00f3n y las  metas y objetivos de su Plan Estrat\u00e9gico.  Para eso, la instituci\u00f3n genera, recopila y analiza datos sobre los resultados de sus operaciones desde distintas perspectivas. Este an\u00e1lisis es utilizado para mejorar los programas y servicios e informar la toma de decisiones para la planificaci\u00f3n y la asignaci\u00f3n de recursos. <\/p><\/div><\/div>\t\t\t\t<\/div>\n\t\t\t\t<\/div>\n\t\t\t\t\t<\/div>\n\t\t<\/div>\n\t\t\t\t\t<\/div>\n\t\t<\/section>\n\t\t\t\t<section class=\"elementor-section elementor-inner-section elementor-element elementor-element-cfbcd62 elementor-section-full_width elementor-section-height-default elementor-section-height-default\" data-id=\"cfbcd62\" data-element_type=\"section\" data-e-type=\"section\">\n\t\t\t\t\t\t<div class=\"elementor-container elementor-column-gap-default\">\n\t\t\t\t\t<div class=\"elementor-column elementor-col-50 elementor-inner-column elementor-element elementor-element-d9726c2\" data-id=\"d9726c2\" data-element_type=\"column\" data-e-type=\"column\">\n\t\t\t<div class=\"elementor-widget-wrap elementor-element-populated\">\n\t\t\t\t\t\t<div class=\"elementor-element elementor-element-1e25a90 elementor-widget elementor-widget-image-box\" data-id=\"1e25a90\" data-element_type=\"widget\" data-e-type=\"widget\" data-widget_type=\"image-box.default\">\n\t\t\t\t<div class=\"elementor-widget-container\">\n\t\t\t\t\t<div class=\"elementor-image-box-wrapper\"><div class=\"elementor-image-box-content\"><h3 class=\"elementor-image-box-title\"><a href=\"http:\/\/academicos.uprrp.edu\/diia\/datos-institucionales\/\">Datos institucionales<\/a><\/h3><p class=\"elementor-image-box-description\">Datos oficiales, confiables y accesibles para fomentar la evaluaci\u00f3n de resultados operacionales, hacer ajustes y demostrar el estado de situaci\u00f3n y los avances alcanzados.<\/p><\/div><\/div>\t\t\t\t<\/div>\n\t\t\t\t<\/div>\n\t\t\t\t\t<\/div>\n\t\t<\/div>\n\t\t\t\t<div class=\"elementor-column elementor-col-50 elementor-inner-column elementor-element elementor-element-8516325\" data-id=\"8516325\" data-element_type=\"column\" data-e-type=\"column\">\n\t\t\t<div class=\"elementor-widget-wrap elementor-element-populated\">\n\t\t\t\t\t\t<div class=\"elementor-element elementor-element-01bc5e7 elementor-widget elementor-widget-image-box\" data-id=\"01bc5e7\" data-element_type=\"widget\" data-e-type=\"widget\" data-widget_type=\"image-box.default\">\n\t\t\t\t<div class=\"elementor-widget-container\">\n\t\t\t\t\t<div class=\"elementor-image-box-wrapper\"><div class=\"elementor-image-box-content\"><h3 class=\"elementor-image-box-title\"><a href=\"https:\/\/academicos.uprrp.edu\/diia\/al-dia-con-la-diia\/\">Al d\u00eda con la DIIA: Nuestra revista electr\u00f3nica<\/a><\/h3><p class=\"elementor-image-box-description\">Al d\u00eda con la DIIA es nuestra revista electr\u00f3nica donde publicamos art\u00edculos sobre temas relevantes a la labor de la divisi\u00f3n.<\/p><\/div><\/div>\t\t\t\t<\/div>\n\t\t\t\t<\/div>\n\t\t\t\t\t<\/div>\n\t\t<\/div>\n\t\t\t\t\t<\/div>\n\t\t<\/section>\n\t\t\t\t\t<\/div>\n\t\t<\/div>\n\t\t\t\t\t<\/div>\n\t\t<\/section>\n\t\t\t\t<section class=\"elementor-section elementor-top-section elementor-element elementor-element-c971020 elementor-section-boxed elementor-section-height-default elementor-section-height-default\" data-id=\"c971020\" data-element_type=\"section\" data-e-type=\"section\">\n\t\t\t\t\t\t<div class=\"elementor-container elementor-column-gap-default\">\n\t\t\t\t\t<div class=\"elementor-column elementor-col-100 elementor-top-column elementor-element elementor-element-31ceca1\" data-id=\"31ceca1\" data-element_type=\"column\" data-e-type=\"column\">\n\t\t\t<div class=\"elementor-widget-wrap elementor-element-populated\">\n\t\t\t\t\t\t<div class=\"elementor-element elementor-element-c8e5dbf eael-infobox-content-align--center eael-infobox-icon-bg-shape-none eael-infobox-icon-hover-bg-shape-none elementor-widget elementor-widget-eael-info-box\" data-id=\"c8e5dbf\" data-element_type=\"widget\" data-e-type=\"widget\" data-widget_type=\"eael-info-box.default\">\n\t\t\t\t<div class=\"elementor-widget-container\">\n\t\t\t\t\t            <a href=\"https:\/\/academicos.uprrp.edu\/diia\/wp-content\/uploads\/sites\/5\/2025\/08\/PP-Manual-descriptivo-de-la-DIIA-Rev.-8-julio-2025.pdf\" target=\"_blank\">\n\t            <div class=\"eael-infobox icon-on-top\">\n\t            <div class=\"infobox-icon eael-icon-only\">\n\n            \n                            <div class=\"infobox-icon-wrap\">\n                    <i aria-hidden=\"true\" class=\"fas fa-file-alt\"><\/i>                <\/div>\n            \n            \n        <\/div>\n            <div class=\"infobox-content eael-icon-only\">\n                    <div class=\"infobox-title-section\">\n                <h2 class=\"title\">Perfil detallado de la DIIA (PDF)<\/h2>            <\/div>\n            <div><p>Julio 2025<\/p><\/div>        <\/div>\n            <\/div>\n\n\t\t            <\/a>\n\t\t\t\t\t\t<\/div>\n\t\t\t\t<\/div>\n\t\t\t\t\t<\/div>\n\t\t<\/div>\n\t\t\t\t\t<\/div>\n\t\t<\/section>\n\t\t\t\t<section class=\"elementor-section elementor-top-section elementor-element elementor-element-72ce9a5 elementor-section-stretched elementor-section-full_width elementor-section-height-min-height elementor-section-height-default elementor-section-items-middle\" data-id=\"72ce9a5\" data-element_type=\"section\" data-e-type=\"section\" data-settings=\"{&quot;stretch_section&quot;:&quot;section-stretched&quot;,&quot;background_background&quot;:&quot;classic&quot;}\">\n\t\t\t\t\t\t<div class=\"elementor-container elementor-column-gap-no\">\n\t\t\t\t\t<div class=\"elementor-column elementor-col-100 elementor-top-column elementor-element elementor-element-55ffb95\" data-id=\"55ffb95\" data-element_type=\"column\" data-e-type=\"column\">\n\t\t\t<div class=\"elementor-widget-wrap\">\n\t\t\t\t\t\t\t<\/div>\n\t\t<\/div>\n\t\t\t\t\t<\/div>\n\t\t<\/section>\n\t\t\t\t<section class=\"elementor-section elementor-top-section elementor-element elementor-element-ed8fd07 elementor-section-boxed elementor-section-height-default elementor-section-height-default\" data-id=\"ed8fd07\" data-element_type=\"section\" data-e-type=\"section\">\n\t\t\t\t\t\t\t<div class=\"elementor-background-overlay\"><\/div>\n\t\t\t\t\t\t\t<div class=\"elementor-container elementor-column-gap-default\">\n\t\t\t\t\t<div class=\"elementor-column elementor-col-100 elementor-top-column elementor-element elementor-element-349d9ae\" data-id=\"349d9ae\" data-element_type=\"column\" data-e-type=\"column\">\n\t\t\t<div class=\"elementor-widget-wrap elementor-element-populated\">\n\t\t\t\t\t\t<div class=\"elementor-element elementor-element-bcbcc8c elementor-widget thim-ekits-heading elementor-widget-thim-heading\" data-id=\"bcbcc8c\" data-element_type=\"widget\" data-e-type=\"widget\" data-widget_type=\"thim-heading.default\">\n\t\t\t\t<div class=\"elementor-widget-container\">\n\t\t\t\t\t<div class=\"sc_heading text-center\"><h3 class=\"title\">\u00bfQui\u00e9nes somos?<\/h3><span class=\"line\"><\/span><\/div>\t\t\t\t<\/div>\n\t\t\t\t<\/div>\n\t\t\t\t<section class=\"elementor-section elementor-inner-section elementor-element elementor-element-172ff87 elementor-section-boxed elementor-section-height-default elementor-section-height-default\" data-id=\"172ff87\" data-element_type=\"section\" data-e-type=\"section\">\n\t\t\t\t\t\t<div class=\"elementor-container elementor-column-gap-default\">\n\t\t\t\t\t<div class=\"elementor-column elementor-col-66 elementor-inner-column elementor-element elementor-element-d9e237d\" data-id=\"d9e237d\" data-element_type=\"column\" data-e-type=\"column\">\n\t\t\t<div class=\"elementor-widget-wrap elementor-element-populated\">\n\t\t\t\t\t\t<div class=\"elementor-element elementor-element-b1cba1a elementor-widget elementor-widget-text-editor\" data-id=\"b1cba1a\" data-element_type=\"widget\" data-e-type=\"widget\" data-widget_type=\"text-editor.default\">\n\t\t\t\t<div class=\"elementor-widget-container\">\n\t\t\t\t\t\t\t\t\t<p><span style=\"color: #000000\"><strong>Dra. Isabel Monta\u00f1ez Concepci\u00f3n<\/strong><\/span><br \/><span style=\"color: #000000\">Directora<\/span><\/p><p><span style=\"color: #000000\"><strong>Sr. Emmanuel Ocasio Acevedo<\/strong><\/span><span style=\"color: #000000\"><i> <\/i>| Asistente Administrativo<\/span><br \/><span style=\"color: #000000\"><a href=\"mailto:emmanuel.ocasio@upr.edu\">emmanuel.ocasio@upr.edu<\/a> | Extensi\u00f3n 85018<\/span><\/p><p><span style=\"color: #000000\"><strong>Dra. Mayra I. L\u00f3pez Valent\u00edn<\/strong> | Investigadora Institucional<\/span><br \/><span style=\"color: #000000\"><a href=\"mailto:mayra.lopez6@upr.edu\">mayra.lopez6@upr.edu<\/a> | Extensi\u00f3n 85010<\/span><\/p><p><span style=\"color: #000000\"><strong>Dra. Sarah de los \u00c1ngeles Rosario V\u00e1zquez<\/strong> | Coordinadora de la Planificaci\u00f3n Estrat\u00e9gica y del Aval\u00fao de la Efectividad Institucional<\/span><br \/><span style=\"color: #000000\"><a href=\"mailto:sarah.rosario@upr.edu\">sarah.rosario@upr.edu<\/a> | Extensi\u00f3n 85084<\/span><\/p><p><span style=\"color: #000000\"><strong>Dra. Alicia Monta\u00f1ez Garc\u00eda<\/strong> | Coordinadora de Aval\u00fao del Aprendizaje en Programas Subgraduados\u00a0<\/span><br \/><span style=\"color: #000000\"><a href=\"mailto:alicia.montanez@upr.edu\">alicia.montanez@upr.edu<\/a> | Extensi\u00f3n 85083<\/span><\/p><p><span style=\"color: #000000\"><strong>Dra. Elena Maldonado Vargas<\/strong> | Coordinadora de Aval\u00fao del Aprendizaje en Programas Graduados\u00a0<\/span><br \/><span style=\"color: #000000\"><a href=\"mailto:elena.maldonado2@upr.edu\">elena.maldonado2@upr.edu<\/a> | Extensi\u00f3n 85080<\/span><\/p><p><span style=\"color: #000000\"><strong>Dr. H\u00e9ctor Aponte Alequ\u00edn<\/strong> | Investigador Institucional &#8211; Aval\u00fao del Aprendizaje Estudiantil <\/span><br \/><span style=\"color: #000000\"><a href=\"mailto:hector.aponte2@upr.edu\">hector.aponte2@upr.edu<\/a> | Extensi\u00f3n 85089<\/span><\/p><p><span style=\"color: #000000\"><strong>Dr. Roberto Mart\u00ednez Mej\u00eda<\/strong> | Investigador Auxiliar\/Desarrollador Software<\/span><br \/><span style=\"color: #000000\"><a href=\"mailto:roberto.martinez6@upr.edu\">roberto.martinez6@upr.edu<\/a> | Extensi\u00f3n 83202<\/span><\/p><p><span style=\"color: #000000\"><strong>Sr. Jan Flores Guzm\u00e1n<\/strong> | Coordinador de Servicios T\u00e9cnicos al Usuario I<\/span><br \/><span style=\"color: #000000\"><a href=\"mailto:jan.flores1@upr.edu\">jan.flores1@upr.edu<\/a> | Extensi\u00f3n 83206<\/span><\/p>\t\t\t\t\t\t\t\t<\/div>\n\t\t\t\t<\/div>\n\t\t\t\t\t<\/div>\n\t\t<\/div>\n\t\t\t\t<div class=\"elementor-column elementor-col-33 elementor-inner-column elementor-element elementor-element-bded8ee\" data-id=\"bded8ee\" data-element_type=\"column\" data-e-type=\"column\" data-settings=\"{&quot;background_background&quot;:&quot;classic&quot;}\">\n\t\t\t<div class=\"elementor-widget-wrap elementor-element-populated\">\n\t\t\t\t\t\t<div class=\"elementor-element elementor-element-1f89bf8 elementor-widget thim-ekits-heading elementor-widget-thim-heading\" data-id=\"1f89bf8\" data-element_type=\"widget\" data-e-type=\"widget\" data-widget_type=\"thim-heading.default\">\n\t\t\t\t<div class=\"elementor-widget-container\">\n\t\t\t\t\t<div class=\"sc_heading text-center\"><h4 class=\"title\">Contacto<\/h4><\/div>\t\t\t\t<\/div>\n\t\t\t\t<\/div>\n\t\t\t\t<div class=\"elementor-element elementor-element-d0dfdf6 elementor-widget elementor-widget-thim-icon-box\" data-id=\"d0dfdf6\" data-element_type=\"widget\" data-e-type=\"widget\" data-widget_type=\"thim-icon-box.default\">\n\t\t\t\t<div class=\"elementor-widget-container\">\n\t\t\t\t\t<div class=\"thim-widget-icon-box\"><div class=\"wrapper-box-icon text-left contact_info\"><div class=\"smicon-box iconbox-left\"><div class=\"boxes-icon\"><span class=\"inner-icon\"><span class=\"icon\"><i class=\"fa fa-phone\"><\/i><\/span><\/span><\/div><div class=\"content-inner\"><div class=\"sc-heading\"><h4 class=\"heading__primary\">Tel\u00e9fono<\/h4><\/div><div class=\"desc-icon-box\"><div class=\"desc-content\">787-764-0000, Extensi\u00f3n 85018<\/div><\/div><\/div><\/div><\/div><\/div>\t\t\t\t<\/div>\n\t\t\t\t<\/div>\n\t\t\t\t<div class=\"elementor-element elementor-element-ede53c0 elementor-widget elementor-widget-thim-icon-box\" data-id=\"ede53c0\" data-element_type=\"widget\" data-e-type=\"widget\" data-widget_type=\"thim-icon-box.default\">\n\t\t\t\t<div class=\"elementor-widget-container\">\n\t\t\t\t\t<div class=\"thim-widget-icon-box\"><div class=\"wrapper-box-icon text-left contact_info\"><div class=\"smicon-box iconbox-left\"><div class=\"boxes-icon\"><a class=\"icon-box-link\" href=\"\" target=\"_blank\" rel=\"nofollow\"><span class=\"inner-icon\"><span class=\"icon\"><i aria-hidden=\"true\" class=\"fas fa-envelope\"><\/i><\/span><\/span><\/a><\/div><div class=\"content-inner\"><div class=\"sc-heading\"><h4 class=\"heading__primary\"><a class=\"icon-box-link\" href=\"\" target=\"_blank\" rel=\"nofollow\">Correo electr\u00f3nico<\/a><\/h4><\/div><div class=\"desc-icon-box\"><div class=\"desc-content\"><a class=\"icon-box-link\" href=\"\" target=\"_blank\" rel=\"nofollow\">diia.rrp@upr.edu<\/a><\/div><\/div><\/div><\/div><\/div><\/div>\t\t\t\t<\/div>\n\t\t\t\t<\/div>\n\t\t\t\t<div class=\"elementor-element elementor-element-c64545b elementor-widget elementor-widget-thim-icon-box\" data-id=\"c64545b\" data-element_type=\"widget\" data-e-type=\"widget\" data-widget_type=\"thim-icon-box.default\">\n\t\t\t\t<div class=\"elementor-widget-container\">\n\t\t\t\t\t<div class=\"thim-widget-icon-box\"><div class=\"wrapper-box-icon text-left contact_info\"><div class=\"smicon-box iconbox-left\"><div class=\"boxes-icon\"><span class=\"inner-icon\"><span class=\"icon\"><i aria-hidden=\"true\" class=\"fas fa-map-marker-alt\"><\/i><\/span><\/span><\/div><div class=\"content-inner\"><div class=\"sc-heading\"><h4 class=\"heading__primary\">Direcci\u00f3n<\/h4><\/div><div class=\"desc-icon-box\"><div class=\"desc-content\">Divisi\u00f3n de Investigaci\u00f3n Institucional y Aval\u00fao<br \/>Edificio Rom\u00e1n Baldorioty de Castro, 1er Piso<br \/>\n10 AVE. UNIVERSIDAD STE 1001<br \/>\nSan Juan, PR 00925-2530<\/div><\/div><\/div><\/div><\/div><\/div>\t\t\t\t<\/div>\n\t\t\t\t<\/div>\n\t\t\t\t\t<\/div>\n\t\t<\/div>\n\t\t\t\t\t<\/div>\n\t\t<\/section>\n\t\t\t\t\t<\/div>\n\t\t<\/div>\n\t\t\t\t\t<\/div>\n\t\t<\/section>\n\t\t\t\t<\/div>\n\t\t","protected":false},"excerpt":{"rendered":"<p>\u00bfQu\u00e9 es la Divisi\u00f3n de Investigaci\u00f3n Institucional y Aval\u00fao? El Recinto de R\u00edo Piedras cre\u00f3 la Divisi\u00f3n de Investigaci\u00f3n Institucional y Aval\u00fao (DIIA) motivado por la necesidad de conocer los &hellip; <\/p>\n","protected":false},"author":1,"featured_media":0,"parent":0,"menu_order":0,"comment_status":"closed","ping_status":"closed","template":"","meta":{"om_disable_all_campaigns":false,"_monsterinsights_skip_tracking":false,"_monsterinsights_sitenote_active":false,"_monsterinsights_sitenote_note":"","_monsterinsights_sitenote_category":0,"_uf_show_specific_survey":0,"_uf_disable_surveys":false,"footnotes":""},"class_list":["post-2901","page","type-page","status-publish","hentry"],"yoast_head":"<!-- This site is optimized with the Yoast SEO plugin v27.2 - https:\/\/yoast.com\/product\/yoast-seo-wordpress\/ -->\n<title>Sobre la DIIA - Divisi\u00f3n Investigaci\u00f3n Institucional y Aval\u00fao - Universidad de Puerto Rico - Recinto de R\u00edo Piedras - UPRRP<\/title>\n<meta name=\"robots\" content=\"index, follow, max-snippet:-1, max-image-preview:large, max-video-preview:-1\" \/>\n<link rel=\"canonical\" href=\"https:\/\/academicos.uprrp.edu\/diia\/sobre-la-diia\/\" \/>\n<meta property=\"og:locale\" content=\"es_ES\" \/>\n<meta property=\"og:type\" content=\"article\" \/>\n<meta property=\"og:title\" content=\"Sobre la DIIA - Divisi\u00f3n Investigaci\u00f3n Institucional y Aval\u00fao - Universidad de Puerto Rico - Recinto de R\u00edo Piedras - UPRRP\" \/>\n<meta property=\"og:description\" content=\"\u00bfQu\u00e9 es la Divisi\u00f3n de Investigaci\u00f3n Institucional y Aval\u00fao? El Recinto de R\u00edo Piedras cre\u00f3 la Divisi\u00f3n de Investigaci\u00f3n Institucional y Aval\u00fao (DIIA) motivado por la necesidad de conocer los &hellip;\" \/>\n<meta property=\"og:url\" content=\"https:\/\/academicos.uprrp.edu\/diia\/sobre-la-diia\/\" \/>\n<meta property=\"og:site_name\" content=\"Divisi\u00f3n Investigaci\u00f3n Institucional y Aval\u00fao - Universidad de Puerto Rico - Recinto de R\u00edo Piedras - UPRRP\" \/>\n<meta property=\"article:modified_time\" content=\"2025-08-05T13:14:45+00:00\" \/>\n<meta name=\"twitter:card\" content=\"summary_large_image\" \/>\n<meta name=\"twitter:label1\" content=\"Est. reading time\" \/>\n\t<meta name=\"twitter:data1\" content=\"4 minutos\" \/>\n<script type=\"application\/ld+json\" class=\"yoast-schema-graph\">{\"@context\":\"https:\/\/schema.org\",\"@graph\":[{\"@type\":\"WebPage\",\"@id\":\"https:\/\/academicos.uprrp.edu\/diia\/sobre-la-diia\/\",\"url\":\"https:\/\/academicos.uprrp.edu\/diia\/sobre-la-diia\/\",\"name\":\"Sobre la DIIA - Divisi\u00f3n Investigaci\u00f3n Institucional y Aval\u00fao - Universidad de Puerto Rico - Recinto de R\u00edo Piedras - UPRRP\",\"isPartOf\":{\"@id\":\"https:\/\/academicos.uprrp.edu\/diia\/#website\"},\"datePublished\":\"2015-11-18T12:34:00+00:00\",\"dateModified\":\"2025-08-05T13:14:45+00:00\",\"breadcrumb\":{\"@id\":\"https:\/\/academicos.uprrp.edu\/diia\/sobre-la-diia\/#breadcrumb\"},\"inLanguage\":\"es\",\"potentialAction\":[{\"@type\":\"ReadAction\",\"target\":[\"https:\/\/academicos.uprrp.edu\/diia\/sobre-la-diia\/\"]}]},{\"@type\":\"BreadcrumbList\",\"@id\":\"https:\/\/academicos.uprrp.edu\/diia\/sobre-la-diia\/#breadcrumb\",\"itemListElement\":[{\"@type\":\"ListItem\",\"position\":1,\"name\":\"Home\",\"item\":\"https:\/\/academicos.uprrp.edu\/diia\/\"},{\"@type\":\"ListItem\",\"position\":2,\"name\":\"Sobre la DIIA\"}]},{\"@type\":\"WebSite\",\"@id\":\"https:\/\/academicos.uprrp.edu\/diia\/#website\",\"url\":\"https:\/\/academicos.uprrp.edu\/diia\/\",\"name\":\"Divisi\u00f3n Investigaci\u00f3n Institucional y Aval\u00fao - Universidad de Puerto Rico - Recinto de R\u00edo Piedras - DIIA - UPRRP\",\"description\":\"Investigaci\u00f3n institucional, aval\u00fao del aprendizaje estudiantil, efectividad institucional, datos institucionales, institutional research, student learning assessment, institutional effectiveness, institutional data\",\"publisher\":{\"@id\":\"https:\/\/academicos.uprrp.edu\/diia\/#organization\"},\"potentialAction\":[{\"@type\":\"SearchAction\",\"target\":{\"@type\":\"EntryPoint\",\"urlTemplate\":\"https:\/\/academicos.uprrp.edu\/diia\/?s={search_term_string}\"},\"query-input\":{\"@type\":\"PropertyValueSpecification\",\"valueRequired\":true,\"valueName\":\"search_term_string\"}}],\"inLanguage\":\"es\"},{\"@type\":\"Organization\",\"@id\":\"https:\/\/academicos.uprrp.edu\/diia\/#organization\",\"name\":\"Divisi\u00f3n de Investigaci\u00f3n Institucional y Aval\u00fao, Universidad de Puerto Rico, Recinto de R\u00edo Piedras\",\"url\":\"https:\/\/academicos.uprrp.edu\/diia\/\",\"logo\":{\"@type\":\"ImageObject\",\"inLanguage\":\"es\",\"@id\":\"https:\/\/academicos.uprrp.edu\/diia\/#\/schema\/logo\/image\/\",\"url\":\"https:\/\/academicos.uprrp.edu\/diia\/wp-content\/uploads\/sites\/5\/2020\/02\/LogoDIIA-Oficial01SelloFondoBlanco.png\",\"contentUrl\":\"https:\/\/academicos.uprrp.edu\/diia\/wp-content\/uploads\/sites\/5\/2020\/02\/LogoDIIA-Oficial01SelloFondoBlanco.png\",\"width\":3038,\"height\":899,\"caption\":\"Divisi\u00f3n de Investigaci\u00f3n Institucional y Aval\u00fao, Universidad de Puerto Rico, Recinto de R\u00edo Piedras\"},\"image\":{\"@id\":\"https:\/\/academicos.uprrp.edu\/diia\/#\/schema\/logo\/image\/\"}}]}<\/script>\n<!-- \/ Yoast SEO plugin. -->","yoast_head_json":{"title":"Sobre la DIIA - Divisi\u00f3n Investigaci\u00f3n Institucional y Aval\u00fao - Universidad de Puerto Rico - Recinto de R\u00edo Piedras - UPRRP","robots":{"index":"index","follow":"follow","max-snippet":"max-snippet:-1","max-image-preview":"max-image-preview:large","max-video-preview":"max-video-preview:-1"},"canonical":"https:\/\/academicos.uprrp.edu\/diia\/sobre-la-diia\/","og_locale":"es_ES","og_type":"article","og_title":"Sobre la DIIA - Divisi\u00f3n Investigaci\u00f3n Institucional y Aval\u00fao - Universidad de Puerto Rico - Recinto de R\u00edo Piedras - UPRRP","og_description":"\u00bfQu\u00e9 es la Divisi\u00f3n de Investigaci\u00f3n Institucional y Aval\u00fao? El Recinto de R\u00edo Piedras cre\u00f3 la Divisi\u00f3n de Investigaci\u00f3n Institucional y Aval\u00fao (DIIA) motivado por la necesidad de conocer los &hellip;","og_url":"https:\/\/academicos.uprrp.edu\/diia\/sobre-la-diia\/","og_site_name":"Divisi\u00f3n Investigaci\u00f3n Institucional y Aval\u00fao - Universidad de Puerto Rico - Recinto de R\u00edo Piedras - UPRRP","article_modified_time":"2025-08-05T13:14:45+00:00","twitter_card":"summary_large_image","twitter_misc":{"Est. reading time":"4 minutos"},"schema":{"@context":"https:\/\/schema.org","@graph":[{"@type":"WebPage","@id":"https:\/\/academicos.uprrp.edu\/diia\/sobre-la-diia\/","url":"https:\/\/academicos.uprrp.edu\/diia\/sobre-la-diia\/","name":"Sobre la DIIA - Divisi\u00f3n Investigaci\u00f3n Institucional y Aval\u00fao - Universidad de Puerto Rico - Recinto de R\u00edo Piedras - UPRRP","isPartOf":{"@id":"https:\/\/academicos.uprrp.edu\/diia\/#website"},"datePublished":"2015-11-18T12:34:00+00:00","dateModified":"2025-08-05T13:14:45+00:00","breadcrumb":{"@id":"https:\/\/academicos.uprrp.edu\/diia\/sobre-la-diia\/#breadcrumb"},"inLanguage":"es","potentialAction":[{"@type":"ReadAction","target":["https:\/\/academicos.uprrp.edu\/diia\/sobre-la-diia\/"]}]},{"@type":"BreadcrumbList","@id":"https:\/\/academicos.uprrp.edu\/diia\/sobre-la-diia\/#breadcrumb","itemListElement":[{"@type":"ListItem","position":1,"name":"Home","item":"https:\/\/academicos.uprrp.edu\/diia\/"},{"@type":"ListItem","position":2,"name":"Sobre la DIIA"}]},{"@type":"WebSite","@id":"https:\/\/academicos.uprrp.edu\/diia\/#website","url":"https:\/\/academicos.uprrp.edu\/diia\/","name":"Divisi\u00f3n Investigaci\u00f3n Institucional y Aval\u00fao - Universidad de Puerto Rico - Recinto de R\u00edo Piedras - DIIA - UPRRP","description":"Investigaci\u00f3n institucional, aval\u00fao del aprendizaje estudiantil, efectividad institucional, datos institucionales, institutional research, student learning assessment, institutional effectiveness, institutional data","publisher":{"@id":"https:\/\/academicos.uprrp.edu\/diia\/#organization"},"potentialAction":[{"@type":"SearchAction","target":{"@type":"EntryPoint","urlTemplate":"https:\/\/academicos.uprrp.edu\/diia\/?s={search_term_string}"},"query-input":{"@type":"PropertyValueSpecification","valueRequired":true,"valueName":"search_term_string"}}],"inLanguage":"es"},{"@type":"Organization","@id":"https:\/\/academicos.uprrp.edu\/diia\/#organization","name":"Divisi\u00f3n de Investigaci\u00f3n Institucional y Aval\u00fao, Universidad de Puerto Rico, Recinto de R\u00edo Piedras","url":"https:\/\/academicos.uprrp.edu\/diia\/","logo":{"@type":"ImageObject","inLanguage":"es","@id":"https:\/\/academicos.uprrp.edu\/diia\/#\/schema\/logo\/image\/","url":"https:\/\/academicos.uprrp.edu\/diia\/wp-content\/uploads\/sites\/5\/2020\/02\/LogoDIIA-Oficial01SelloFondoBlanco.png","contentUrl":"https:\/\/academicos.uprrp.edu\/diia\/wp-content\/uploads\/sites\/5\/2020\/02\/LogoDIIA-Oficial01SelloFondoBlanco.png","width":3038,"height":899,"caption":"Divisi\u00f3n de Investigaci\u00f3n Institucional y Aval\u00fao, Universidad de Puerto Rico, Recinto de R\u00edo Piedras"},"image":{"@id":"https:\/\/academicos.uprrp.edu\/diia\/#\/schema\/logo\/image\/"}}]}},"aioseo_notices":[],"_links":{"self":[{"href":"https:\/\/academicos.uprrp.edu\/diia\/wp-json\/wp\/v2\/pages\/2901","targetHints":{"allow":["GET"]}}],"collection":[{"href":"https:\/\/academicos.uprrp.edu\/diia\/wp-json\/wp\/v2\/pages"}],"about":[{"href":"https:\/\/academicos.uprrp.edu\/diia\/wp-json\/wp\/v2\/types\/page"}],"author":[{"embeddable":true,"href":"https:\/\/academicos.uprrp.edu\/diia\/wp-json\/wp\/v2\/users\/1"}],"replies":[{"embeddable":true,"href":"https:\/\/academicos.uprrp.edu\/diia\/wp-json\/wp\/v2\/comments?post=2901"}],"version-history":[{"count":95,"href":"https:\/\/academicos.uprrp.edu\/diia\/wp-json\/wp\/v2\/pages\/2901\/revisions"}],"predecessor-version":[{"id":14218,"href":"https:\/\/academicos.uprrp.edu\/diia\/wp-json\/wp\/v2\/pages\/2901\/revisions\/14218"}],"wp:attachment":[{"href":"https:\/\/academicos.uprrp.edu\/diia\/wp-json\/wp\/v2\/media?parent=2901"}],"curies":[{"name":"wp","href":"https:\/\/api.w.org\/{rel}","templated":true}]}}