{"id":14299,"date":"2025-08-29T15:07:25","date_gmt":"2025-08-29T19:07:25","guid":{"rendered":"https:\/\/academicos.uprrp.edu\/diia\/?page_id=14299"},"modified":"2025-09-25T09:01:15","modified_gmt":"2025-09-25T13:01:15","slug":"resultados-del-avaluo-del-aprendizaje-copy","status":"publish","type":"page","link":"https:\/\/academicos.uprrp.edu\/diia\/avaluo-aprendizaje\/resultados-del-avaluo-del-aprendizaje-copy\/","title":{"rendered":"Plan institucional de aval\u00fao del aprendizaje estudiantil (Ciclo 2025-2029)"},"content":{"rendered":"\t\t<div data-elementor-type=\"wp-page\" data-elementor-id=\"14299\" class=\"elementor elementor-14299\">\n\t\t\t\t\t\t<section class=\"elementor-section elementor-top-section elementor-element elementor-element-2504771 elementor-section-boxed elementor-section-height-default elementor-section-height-default\" data-id=\"2504771\" data-element_type=\"section\" data-e-type=\"section\">\n\t\t\t\t\t\t<div class=\"elementor-container elementor-column-gap-default\">\n\t\t\t\t\t<div class=\"elementor-column elementor-col-100 elementor-top-column elementor-element elementor-element-2631704\" data-id=\"2631704\" data-element_type=\"column\" data-e-type=\"column\">\n\t\t\t<div class=\"elementor-widget-wrap elementor-element-populated\">\n\t\t\t\t\t\t<div class=\"elementor-element elementor-element-cda56d9 elementor-widget elementor-widget-text-editor\" data-id=\"cda56d9\" data-element_type=\"widget\" data-e-type=\"widget\" data-widget_type=\"text-editor.default\">\n\t\t\t\t<div class=\"elementor-widget-container\">\n\t\t\t\t\t\t\t\t\t<h3><span data-olk-copy-source=\"MessageBody\">PLAN INSTITUCIONAL DE AVAL\u00daO DEL APRENDIZAJE ESTUDIANTIL <br \/>(CICLO 2025-2029)<\/span><\/h3>\t\t\t\t\t\t\t\t<\/div>\n\t\t\t\t<\/div>\n\t\t\t\t<div class=\"elementor-element elementor-element-64392ad eael-infobox-icon-bg-shape-none eael-infobox-icon-hover-bg-shape-none elementor-widget elementor-widget-eael-info-box\" data-id=\"64392ad\" data-element_type=\"widget\" data-e-type=\"widget\" data-widget_type=\"eael-info-box.default\">\n\t\t\t\t<div class=\"elementor-widget-container\">\n\t\t\t\t\t            <a href=\"https:\/\/academicos.uprrp.edu\/diia\/wp-content\/uploads\/sites\/5\/2025\/09\/PIAAE-24sept2025.pdf\" target=\"_blank\">\n\t            <div class=\"eael-infobox icon-on-left\">\n\t            <div class=\"infobox-icon eael-icon-only\">\n\n            \n                            <div class=\"infobox-icon-wrap\">\n                    <i aria-hidden=\"true\" class=\"fas fa-file-alt\"><\/i>                <\/div>\n            \n            \n        <\/div>\n            <div class=\"infobox-content eael-icon-only\">\n                    <div class=\"infobox-title-section\">\n                <h2 class=\"title\">Plan Institucional de Aval\u00fao del Aprendizaje Estudiantil 2025-2029<\/h2>            <\/div>\n            <div><p><span>PIAAE\u00a0 2025-2029<\/span>\u00a0 (PDF)<\/p><\/div>        <\/div>\n            <\/div>\n\n\t\t            <\/a>\n\t\t\t\t\t\t<\/div>\n\t\t\t\t<\/div>\n\t\t\t\t<div class=\"elementor-element elementor-element-7a09245 eael-infobox-icon-bg-shape-none eael-infobox-icon-hover-bg-shape-none elementor-widget elementor-widget-eael-info-box\" data-id=\"7a09245\" data-element_type=\"widget\" data-e-type=\"widget\" data-widget_type=\"eael-info-box.default\">\n\t\t\t\t<div class=\"elementor-widget-container\">\n\t\t\t\t\t            <a href=\"https:\/\/academicos.uprrp.edu\/diia\/wp-content\/uploads\/sites\/5\/2025\/08\/ANEJO-1-GUIA-PARA-ELABORAR-EL-PLAN-2025-2029-2.pdf\" target=\"_blank\">\n\t            <div class=\"eael-infobox icon-on-left\">\n\t            <div class=\"infobox-icon eael-icon-only\">\n\n            \n                            <div class=\"infobox-icon-wrap\">\n                    <i aria-hidden=\"true\" class=\"fas fa-file-alt\"><\/i>                <\/div>\n            \n            \n        <\/div>\n            <div class=\"infobox-content eael-icon-only\">\n                    <div class=\"infobox-title-section\">\n                <h2 class=\"title\">Anejo 1 Gu\u00eda para elabora el Plan 2025-2029<\/h2>            <\/div>\n            <div><p>(PDF)<\/p><\/div>        <\/div>\n            <\/div>\n\n\t\t            <\/a>\n\t\t\t\t\t\t<\/div>\n\t\t\t\t<\/div>\n\t\t\t\t<div class=\"elementor-element elementor-element-b989519 eael-infobox-icon-bg-shape-none eael-infobox-icon-hover-bg-shape-none elementor-widget elementor-widget-eael-info-box\" data-id=\"b989519\" data-element_type=\"widget\" data-e-type=\"widget\" data-widget_type=\"eael-info-box.default\">\n\t\t\t\t<div class=\"elementor-widget-container\">\n\t\t\t\t\t            <a href=\"https:\/\/academicos.uprrp.edu\/diia\/wp-content\/uploads\/sites\/5\/2025\/09\/ANEJO-1A-TRIMESTRES-GUIA-PARA-ELABORAR-EL-PLAN.pdf\" target=\"_blank\">\n\t            <div class=\"eael-infobox icon-on-left\">\n\t            <div class=\"infobox-icon eael-icon-only\">\n\n            \n                            <div class=\"infobox-icon-wrap\">\n                    <i aria-hidden=\"true\" class=\"fas fa-file-alt\"><\/i>                <\/div>\n            \n            \n        <\/div>\n            <div class=\"infobox-content eael-icon-only\">\n                    <div class=\"infobox-title-section\">\n                <h2 class=\"title\">Anejo 1A Trimestres Gu\u00eda para elaborar el Plan 2025-2029 estudiantil subgraduado 2024-2025<\/h2>            <\/div>\n            <div><p>(PDF)<\/p><\/div>        <\/div>\n            <\/div>\n\n\t\t            <\/a>\n\t\t\t\t\t\t<\/div>\n\t\t\t\t<\/div>\n\t\t\t\t<div class=\"elementor-element elementor-element-5464b99 eael-infobox-icon-bg-shape-none eael-infobox-icon-hover-bg-shape-none elementor-widget elementor-widget-eael-info-box\" data-id=\"5464b99\" data-element_type=\"widget\" data-e-type=\"widget\" data-widget_type=\"eael-info-box.default\">\n\t\t\t\t<div class=\"elementor-widget-container\">\n\t\t\t\t\t            <a href=\"https:\/\/academicos.uprrp.edu\/diia\/wp-content\/uploads\/sites\/5\/2025\/09\/ANEJO-2-ACCIONES-PARA-LOS-DOMINIOS.pdf\" target=\"_blank\">\n\t            <div class=\"eael-infobox icon-on-left\">\n\t            <div class=\"infobox-icon eael-icon-only\">\n\n            \n                            <div class=\"infobox-icon-wrap\">\n                    <i aria-hidden=\"true\" class=\"fas fa-file-alt\"><\/i>                <\/div>\n            \n            \n        <\/div>\n            <div class=\"infobox-content eael-icon-only\">\n                    <div class=\"infobox-title-section\">\n                <h2 class=\"title\">Anejo 2 Acciones sobre los dominios no alcanzados y no medidos<\/h2>            <\/div>\n            <div><p>(PDF)<\/p><\/div>        <\/div>\n            <\/div>\n\n\t\t            <\/a>\n\t\t\t\t\t\t<\/div>\n\t\t\t\t<\/div>\n\t\t\t\t<div class=\"elementor-element elementor-element-8c30a01 eael-infobox-icon-bg-shape-none eael-infobox-icon-hover-bg-shape-none elementor-widget elementor-widget-eael-info-box\" data-id=\"8c30a01\" data-element_type=\"widget\" data-e-type=\"widget\" data-widget_type=\"eael-info-box.default\">\n\t\t\t\t<div class=\"elementor-widget-container\">\n\t\t\t\t\t            <a href=\"https:\/\/academicos.uprrp.edu\/diia\/wp-content\/uploads\/sites\/5\/2025\/09\/ANEJO-3-INFORME-ANUAL-AT-PROPUESTAS.pdf\" target=\"_blank\">\n\t            <div class=\"eael-infobox icon-on-left\">\n\t            <div class=\"infobox-icon eael-icon-only\">\n\n            \n                            <div class=\"infobox-icon-wrap\">\n                    <i aria-hidden=\"true\" class=\"fas fa-file-alt\"><\/i>                <\/div>\n            \n            \n        <\/div>\n            <div class=\"infobox-content eael-icon-only\">\n                    <div class=\"infobox-title-section\">\n                <h2 class=\"title\">Anejo 3 Informe anual de acciones transformadoras (AT) propuestas<\/h2>            <\/div>\n            <div><p>(PDF)<\/p><\/div>        <\/div>\n            <\/div>\n\n\t\t            <\/a>\n\t\t\t\t\t\t<\/div>\n\t\t\t\t<\/div>\n\t\t\t\t<div class=\"elementor-element elementor-element-67ca548 eael-infobox-icon-bg-shape-none eael-infobox-icon-hover-bg-shape-none elementor-widget elementor-widget-eael-info-box\" data-id=\"67ca548\" data-element_type=\"widget\" data-e-type=\"widget\" data-widget_type=\"eael-info-box.default\">\n\t\t\t\t<div class=\"elementor-widget-container\">\n\t\t\t\t\t            <a href=\"https:\/\/academicos.uprrp.edu\/diia\/wp-content\/uploads\/sites\/5\/2025\/09\/ANEJO-3A-INFORME-ANUAL-LOGROS-AT.pdf\" target=\"_blank\">\n\t            <div class=\"eael-infobox icon-on-left\">\n\t            <div class=\"infobox-icon eael-icon-only\">\n\n            \n                            <div class=\"infobox-icon-wrap\">\n                    <i aria-hidden=\"true\" class=\"fas fa-file-alt\"><\/i>                <\/div>\n            \n            \n        <\/div>\n            <div class=\"infobox-content eael-icon-only\">\n                    <div class=\"infobox-title-section\">\n                <h2 class=\"title\">Anejo 3A Informe anual de logros de acciones transformadoras (AT)<\/h2>            <\/div>\n            <div><p>(PDF)<\/p><\/div>        <\/div>\n            <\/div>\n\n\t\t            <\/a>\n\t\t\t\t\t\t<\/div>\n\t\t\t\t<\/div>\n\t\t\t\t<div class=\"elementor-element elementor-element-ea58750 eael-infobox-icon-bg-shape-none eael-infobox-icon-hover-bg-shape-none elementor-widget elementor-widget-eael-info-box\" data-id=\"ea58750\" data-element_type=\"widget\" data-e-type=\"widget\" data-widget_type=\"eael-info-box.default\">\n\t\t\t\t<div class=\"elementor-widget-container\">\n\t\t\t\t\t            <a href=\"https:\/\/academicos.uprrp.edu\/diia\/wp-content\/uploads\/sites\/5\/2025\/09\/ANEJO-4-PREGUNTAS-FRECUENTES.pdf\" target=\"_blank\">\n\t            <div class=\"eael-infobox icon-on-left\">\n\t            <div class=\"infobox-icon eael-icon-only\">\n\n            \n                            <div class=\"infobox-icon-wrap\">\n                    <i aria-hidden=\"true\" class=\"fas fa-file-alt\"><\/i>                <\/div>\n            \n            \n        <\/div>\n            <div class=\"infobox-content eael-icon-only\">\n                    <div class=\"infobox-title-section\">\n                <h2 class=\"title\">Anejo 4 Pregunta frecuentes sobre la entrada de datos en OLAS<\/h2>            <\/div>\n            <div><p>(PDF)<\/p><\/div>        <\/div>\n            <\/div>\n\n\t\t            <\/a>\n\t\t\t\t\t\t<\/div>\n\t\t\t\t<\/div>\n\t\t\t\t<div class=\"elementor-element elementor-element-2eae710 eael-infobox-icon-bg-shape-none eael-infobox-icon-hover-bg-shape-none elementor-widget elementor-widget-eael-info-box\" data-id=\"2eae710\" data-element_type=\"widget\" data-e-type=\"widget\" data-widget_type=\"eael-info-box.default\">\n\t\t\t\t<div class=\"elementor-widget-container\">\n\t\t\t\t\t            <a href=\"https:\/\/academicos.uprrp.edu\/diia\/wp-content\/uploads\/sites\/5\/2025\/09\/ANEJO-5.-Componentes-principales-de-la-interfaz.pdf\" target=\"_blank\">\n\t            <div class=\"eael-infobox icon-on-left\">\n\t            <div class=\"infobox-icon eael-icon-only\">\n\n            \n                            <div class=\"infobox-icon-wrap\">\n                    <i aria-hidden=\"true\" class=\"fas fa-file-alt\"><\/i>                <\/div>\n            \n            \n        <\/div>\n            <div class=\"infobox-content eael-icon-only\">\n                    <div class=\"infobox-title-section\">\n                <h2 class=\"title\">Anejo 5\u00a0Componentes principales interfaz y navegaci\u00f3n en OLAS<\/h2>            <\/div>\n            <div><p>(PDF)<\/p><\/div>        <\/div>\n            <\/div>\n\n\t\t            <\/a>\n\t\t\t\t\t\t<\/div>\n\t\t\t\t<\/div>\n\t\t\t\t<div class=\"elementor-element elementor-element-1674324 eael-infobox-icon-bg-shape-none eael-infobox-icon-hover-bg-shape-none elementor-widget elementor-widget-eael-info-box\" data-id=\"1674324\" data-element_type=\"widget\" data-e-type=\"widget\" data-widget_type=\"eael-info-box.default\">\n\t\t\t\t<div class=\"elementor-widget-container\">\n\t\t\t\t\t            <a href=\"https:\/\/academicos.uprrp.edu\/diia\/wp-content\/uploads\/sites\/5\/2025\/09\/ANEJO-6-Acceso-a-OLAS.pdf\" target=\"_blank\">\n\t            <div class=\"eael-infobox icon-on-left\">\n\t            <div class=\"infobox-icon eael-icon-only\">\n\n            \n                            <div class=\"infobox-icon-wrap\">\n                    <i aria-hidden=\"true\" class=\"fas fa-file-alt\"><\/i>                <\/div>\n            \n            \n        <\/div>\n            <div class=\"infobox-content eael-icon-only\">\n                    <div class=\"infobox-title-section\">\n                <h2 class=\"title\">Anejo 6 Acceso a OLAS - Objetivos, criterios y r\u00fabricas<\/h2>            <\/div>\n            <div><p>(PDF)<\/p><\/div>        <\/div>\n            <\/div>\n\n\t\t            <\/a>\n\t\t\t\t\t\t<\/div>\n\t\t\t\t<\/div>\n\t\t\t\t\t<\/div>\n\t\t<\/div>\n\t\t\t\t\t<\/div>\n\t\t<\/section>\n\t\t\t\t<\/div>\n\t\t","protected":false},"excerpt":{"rendered":"<p>PLAN INSTITUCIONAL DE AVAL\u00daO DEL APRENDIZAJE ESTUDIANTIL (CICLO 2025-2029) Plan Institucional de Aval\u00fao del Aprendizaje Estudiantil 2025-2029 PIAAE\u00a0 2025-2029\u00a0 (PDF) Anejo 1 Gu\u00eda para elabora el Plan 2025-2029 (PDF) Anejo &hellip; <\/p>\n","protected":false},"author":16,"featured_media":0,"parent":9362,"menu_order":0,"comment_status":"closed","ping_status":"closed","template":"","meta":{"om_disable_all_campaigns":false,"_monsterinsights_skip_tracking":false,"_monsterinsights_sitenote_active":false,"_monsterinsights_sitenote_note":"","_monsterinsights_sitenote_category":0,"_uf_show_specific_survey":0,"_uf_disable_surveys":false,"footnotes":""},"class_list":["post-14299","page","type-page","status-publish","hentry"],"yoast_head":"<!-- This site is optimized with the Yoast SEO plugin v27.2 - https:\/\/yoast.com\/product\/yoast-seo-wordpress\/ -->\n<title>Plan institucional de aval\u00fao del aprendizaje estudiantil (Ciclo 2025-2029) - Divisi\u00f3n Investigaci\u00f3n Institucional y Aval\u00fao - Universidad de Puerto Rico - Recinto de R\u00edo Piedras - UPRRP<\/title>\n<meta name=\"robots\" content=\"index, follow, max-snippet:-1, max-image-preview:large, max-video-preview:-1\" \/>\n<link rel=\"canonical\" href=\"https:\/\/academicos.uprrp.edu\/diia\/avaluo-aprendizaje\/resultados-del-avaluo-del-aprendizaje-copy\/\" \/>\n<meta property=\"og:locale\" content=\"es_ES\" \/>\n<meta property=\"og:type\" content=\"article\" \/>\n<meta property=\"og:title\" content=\"Plan institucional de aval\u00fao del aprendizaje estudiantil (Ciclo 2025-2029) - Divisi\u00f3n Investigaci\u00f3n Institucional y Aval\u00fao - Universidad de Puerto Rico - Recinto de R\u00edo Piedras - UPRRP\" \/>\n<meta property=\"og:description\" content=\"PLAN INSTITUCIONAL DE AVAL\u00daO DEL APRENDIZAJE ESTUDIANTIL (CICLO 2025-2029) Plan Institucional de Aval\u00fao del Aprendizaje Estudiantil 2025-2029 PIAAE\u00a0 2025-2029\u00a0 (PDF) Anejo 1 Gu\u00eda para elabora el Plan 2025-2029 (PDF) Anejo &hellip;\" \/>\n<meta property=\"og:url\" content=\"https:\/\/academicos.uprrp.edu\/diia\/avaluo-aprendizaje\/resultados-del-avaluo-del-aprendizaje-copy\/\" \/>\n<meta property=\"og:site_name\" content=\"Divisi\u00f3n Investigaci\u00f3n Institucional y Aval\u00fao - Universidad de Puerto Rico - Recinto de R\u00edo Piedras - UPRRP\" \/>\n<meta property=\"article:modified_time\" content=\"2025-09-25T13:01:15+00:00\" \/>\n<meta name=\"twitter:card\" content=\"summary_large_image\" \/>\n<meta name=\"twitter:label1\" content=\"Est. reading time\" \/>\n\t<meta name=\"twitter:data1\" content=\"1 minuto\" \/>\n<script type=\"application\/ld+json\" class=\"yoast-schema-graph\">{\"@context\":\"https:\/\/schema.org\",\"@graph\":[{\"@type\":\"WebPage\",\"@id\":\"https:\/\/academicos.uprrp.edu\/diia\/avaluo-aprendizaje\/resultados-del-avaluo-del-aprendizaje-copy\/\",\"url\":\"https:\/\/academicos.uprrp.edu\/diia\/avaluo-aprendizaje\/resultados-del-avaluo-del-aprendizaje-copy\/\",\"name\":\"Plan institucional de aval\u00fao del aprendizaje estudiantil (Ciclo 2025-2029) - Divisi\u00f3n Investigaci\u00f3n Institucional y Aval\u00fao - Universidad de Puerto Rico - Recinto de R\u00edo Piedras - UPRRP\",\"isPartOf\":{\"@id\":\"https:\/\/academicos.uprrp.edu\/diia\/#website\"},\"datePublished\":\"2025-08-29T19:07:25+00:00\",\"dateModified\":\"2025-09-25T13:01:15+00:00\",\"breadcrumb\":{\"@id\":\"https:\/\/academicos.uprrp.edu\/diia\/avaluo-aprendizaje\/resultados-del-avaluo-del-aprendizaje-copy\/#breadcrumb\"},\"inLanguage\":\"es\",\"potentialAction\":[{\"@type\":\"ReadAction\",\"target\":[\"https:\/\/academicos.uprrp.edu\/diia\/avaluo-aprendizaje\/resultados-del-avaluo-del-aprendizaje-copy\/\"]}]},{\"@type\":\"BreadcrumbList\",\"@id\":\"https:\/\/academicos.uprrp.edu\/diia\/avaluo-aprendizaje\/resultados-del-avaluo-del-aprendizaje-copy\/#breadcrumb\",\"itemListElement\":[{\"@type\":\"ListItem\",\"position\":1,\"name\":\"Home\",\"item\":\"https:\/\/academicos.uprrp.edu\/diia\/\"},{\"@type\":\"ListItem\",\"position\":2,\"name\":\"Aval\u00fao del aprendizaje estudiantil\",\"item\":\"https:\/\/academicos.uprrp.edu\/diia\/avaluo-aprendizaje\/\"},{\"@type\":\"ListItem\",\"position\":3,\"name\":\"Plan institucional de aval\u00fao del aprendizaje estudiantil (Ciclo 2025-2029)\"}]},{\"@type\":\"WebSite\",\"@id\":\"https:\/\/academicos.uprrp.edu\/diia\/#website\",\"url\":\"https:\/\/academicos.uprrp.edu\/diia\/\",\"name\":\"Divisi\u00f3n Investigaci\u00f3n Institucional y Aval\u00fao - Universidad de Puerto Rico - Recinto de R\u00edo Piedras - DIIA - UPRRP\",\"description\":\"Investigaci\u00f3n institucional, aval\u00fao del aprendizaje estudiantil, efectividad institucional, datos institucionales, institutional research, student learning assessment, institutional effectiveness, institutional data\",\"publisher\":{\"@id\":\"https:\/\/academicos.uprrp.edu\/diia\/#organization\"},\"potentialAction\":[{\"@type\":\"SearchAction\",\"target\":{\"@type\":\"EntryPoint\",\"urlTemplate\":\"https:\/\/academicos.uprrp.edu\/diia\/?s={search_term_string}\"},\"query-input\":{\"@type\":\"PropertyValueSpecification\",\"valueRequired\":true,\"valueName\":\"search_term_string\"}}],\"inLanguage\":\"es\"},{\"@type\":\"Organization\",\"@id\":\"https:\/\/academicos.uprrp.edu\/diia\/#organization\",\"name\":\"Divisi\u00f3n de Investigaci\u00f3n Institucional y Aval\u00fao, Universidad de Puerto Rico, Recinto de R\u00edo Piedras\",\"url\":\"https:\/\/academicos.uprrp.edu\/diia\/\",\"logo\":{\"@type\":\"ImageObject\",\"inLanguage\":\"es\",\"@id\":\"https:\/\/academicos.uprrp.edu\/diia\/#\/schema\/logo\/image\/\",\"url\":\"https:\/\/academicos.uprrp.edu\/diia\/wp-content\/uploads\/sites\/5\/2020\/02\/LogoDIIA-Oficial01SelloFondoBlanco.png\",\"contentUrl\":\"https:\/\/academicos.uprrp.edu\/diia\/wp-content\/uploads\/sites\/5\/2020\/02\/LogoDIIA-Oficial01SelloFondoBlanco.png\",\"width\":3038,\"height\":899,\"caption\":\"Divisi\u00f3n de Investigaci\u00f3n Institucional y Aval\u00fao, Universidad de Puerto Rico, Recinto de R\u00edo Piedras\"},\"image\":{\"@id\":\"https:\/\/academicos.uprrp.edu\/diia\/#\/schema\/logo\/image\/\"}}]}<\/script>\n<!-- \/ Yoast SEO plugin. -->","yoast_head_json":{"title":"Plan institucional de aval\u00fao del aprendizaje estudiantil (Ciclo 2025-2029) - Divisi\u00f3n Investigaci\u00f3n Institucional y Aval\u00fao - Universidad de Puerto Rico - Recinto de R\u00edo Piedras - UPRRP","robots":{"index":"index","follow":"follow","max-snippet":"max-snippet:-1","max-image-preview":"max-image-preview:large","max-video-preview":"max-video-preview:-1"},"canonical":"https:\/\/academicos.uprrp.edu\/diia\/avaluo-aprendizaje\/resultados-del-avaluo-del-aprendizaje-copy\/","og_locale":"es_ES","og_type":"article","og_title":"Plan institucional de aval\u00fao del aprendizaje estudiantil (Ciclo 2025-2029) - Divisi\u00f3n Investigaci\u00f3n Institucional y Aval\u00fao - Universidad de Puerto Rico - Recinto de R\u00edo Piedras - UPRRP","og_description":"PLAN INSTITUCIONAL DE AVAL\u00daO DEL APRENDIZAJE ESTUDIANTIL (CICLO 2025-2029) Plan Institucional de Aval\u00fao del Aprendizaje Estudiantil 2025-2029 PIAAE\u00a0 2025-2029\u00a0 (PDF) Anejo 1 Gu\u00eda para elabora el Plan 2025-2029 (PDF) Anejo &hellip;","og_url":"https:\/\/academicos.uprrp.edu\/diia\/avaluo-aprendizaje\/resultados-del-avaluo-del-aprendizaje-copy\/","og_site_name":"Divisi\u00f3n Investigaci\u00f3n Institucional y Aval\u00fao - Universidad de Puerto Rico - Recinto de R\u00edo Piedras - UPRRP","article_modified_time":"2025-09-25T13:01:15+00:00","twitter_card":"summary_large_image","twitter_misc":{"Est. reading time":"1 minuto"},"schema":{"@context":"https:\/\/schema.org","@graph":[{"@type":"WebPage","@id":"https:\/\/academicos.uprrp.edu\/diia\/avaluo-aprendizaje\/resultados-del-avaluo-del-aprendizaje-copy\/","url":"https:\/\/academicos.uprrp.edu\/diia\/avaluo-aprendizaje\/resultados-del-avaluo-del-aprendizaje-copy\/","name":"Plan institucional de aval\u00fao del aprendizaje estudiantil (Ciclo 2025-2029) - Divisi\u00f3n Investigaci\u00f3n Institucional y Aval\u00fao - Universidad de Puerto Rico - Recinto de R\u00edo Piedras - UPRRP","isPartOf":{"@id":"https:\/\/academicos.uprrp.edu\/diia\/#website"},"datePublished":"2025-08-29T19:07:25+00:00","dateModified":"2025-09-25T13:01:15+00:00","breadcrumb":{"@id":"https:\/\/academicos.uprrp.edu\/diia\/avaluo-aprendizaje\/resultados-del-avaluo-del-aprendizaje-copy\/#breadcrumb"},"inLanguage":"es","potentialAction":[{"@type":"ReadAction","target":["https:\/\/academicos.uprrp.edu\/diia\/avaluo-aprendizaje\/resultados-del-avaluo-del-aprendizaje-copy\/"]}]},{"@type":"BreadcrumbList","@id":"https:\/\/academicos.uprrp.edu\/diia\/avaluo-aprendizaje\/resultados-del-avaluo-del-aprendizaje-copy\/#breadcrumb","itemListElement":[{"@type":"ListItem","position":1,"name":"Home","item":"https:\/\/academicos.uprrp.edu\/diia\/"},{"@type":"ListItem","position":2,"name":"Aval\u00fao del aprendizaje estudiantil","item":"https:\/\/academicos.uprrp.edu\/diia\/avaluo-aprendizaje\/"},{"@type":"ListItem","position":3,"name":"Plan institucional de aval\u00fao del aprendizaje estudiantil (Ciclo 2025-2029)"}]},{"@type":"WebSite","@id":"https:\/\/academicos.uprrp.edu\/diia\/#website","url":"https:\/\/academicos.uprrp.edu\/diia\/","name":"Divisi\u00f3n Investigaci\u00f3n Institucional y Aval\u00fao - Universidad de Puerto Rico - Recinto de R\u00edo Piedras - DIIA - UPRRP","description":"Investigaci\u00f3n institucional, aval\u00fao del aprendizaje estudiantil, efectividad institucional, datos institucionales, institutional research, student learning assessment, institutional effectiveness, institutional data","publisher":{"@id":"https:\/\/academicos.uprrp.edu\/diia\/#organization"},"potentialAction":[{"@type":"SearchAction","target":{"@type":"EntryPoint","urlTemplate":"https:\/\/academicos.uprrp.edu\/diia\/?s={search_term_string}"},"query-input":{"@type":"PropertyValueSpecification","valueRequired":true,"valueName":"search_term_string"}}],"inLanguage":"es"},{"@type":"Organization","@id":"https:\/\/academicos.uprrp.edu\/diia\/#organization","name":"Divisi\u00f3n de Investigaci\u00f3n Institucional y Aval\u00fao, Universidad de Puerto Rico, Recinto de R\u00edo Piedras","url":"https:\/\/academicos.uprrp.edu\/diia\/","logo":{"@type":"ImageObject","inLanguage":"es","@id":"https:\/\/academicos.uprrp.edu\/diia\/#\/schema\/logo\/image\/","url":"https:\/\/academicos.uprrp.edu\/diia\/wp-content\/uploads\/sites\/5\/2020\/02\/LogoDIIA-Oficial01SelloFondoBlanco.png","contentUrl":"https:\/\/academicos.uprrp.edu\/diia\/wp-content\/uploads\/sites\/5\/2020\/02\/LogoDIIA-Oficial01SelloFondoBlanco.png","width":3038,"height":899,"caption":"Divisi\u00f3n de Investigaci\u00f3n Institucional y Aval\u00fao, Universidad de Puerto Rico, Recinto de R\u00edo Piedras"},"image":{"@id":"https:\/\/academicos.uprrp.edu\/diia\/#\/schema\/logo\/image\/"}}]}},"aioseo_notices":[],"_links":{"self":[{"href":"https:\/\/academicos.uprrp.edu\/diia\/wp-json\/wp\/v2\/pages\/14299","targetHints":{"allow":["GET"]}}],"collection":[{"href":"https:\/\/academicos.uprrp.edu\/diia\/wp-json\/wp\/v2\/pages"}],"about":[{"href":"https:\/\/academicos.uprrp.edu\/diia\/wp-json\/wp\/v2\/types\/page"}],"author":[{"embeddable":true,"href":"https:\/\/academicos.uprrp.edu\/diia\/wp-json\/wp\/v2\/users\/16"}],"replies":[{"embeddable":true,"href":"https:\/\/academicos.uprrp.edu\/diia\/wp-json\/wp\/v2\/comments?post=14299"}],"version-history":[{"count":33,"href":"https:\/\/academicos.uprrp.edu\/diia\/wp-json\/wp\/v2\/pages\/14299\/revisions"}],"predecessor-version":[{"id":14545,"href":"https:\/\/academicos.uprrp.edu\/diia\/wp-json\/wp\/v2\/pages\/14299\/revisions\/14545"}],"up":[{"embeddable":true,"href":"https:\/\/academicos.uprrp.edu\/diia\/wp-json\/wp\/v2\/pages\/9362"}],"wp:attachment":[{"href":"https:\/\/academicos.uprrp.edu\/diia\/wp-json\/wp\/v2\/media?parent=14299"}],"curies":[{"name":"wp","href":"https:\/\/api.w.org\/{rel}","templated":true}]}}