{"id":11967,"date":"2022-07-06T14:19:51","date_gmt":"2022-07-06T18:19:51","guid":{"rendered":"https:\/\/academicos.uprrp.edu\/diia\/?page_id=11967"},"modified":"2024-02-23T16:24:37","modified_gmt":"2024-02-23T20:24:37","slug":"estudios-planes-estrategicos","status":"publish","type":"page","link":"https:\/\/academicos.uprrp.edu\/diia\/investigacion-institucional\/estudios-planes-estrategicos\/","title":{"rendered":"Estudios relacionados a Planes Estrat\u00e9gicos"},"content":{"rendered":"\t\t<div data-elementor-type=\"wp-page\" data-elementor-id=\"11967\" class=\"elementor elementor-11967\">\n\t\t\t\t\t\t<section class=\"elementor-section elementor-top-section elementor-element elementor-element-212bc43 elementor-section-boxed elementor-section-height-default elementor-section-height-default\" data-id=\"212bc43\" data-element_type=\"section\" data-e-type=\"section\">\n\t\t\t\t\t\t<div class=\"elementor-container elementor-column-gap-default\">\n\t\t\t\t\t<div class=\"elementor-column elementor-col-100 elementor-top-column elementor-element elementor-element-c166c97\" data-id=\"c166c97\" data-element_type=\"column\" data-e-type=\"column\">\n\t\t\t<div class=\"elementor-widget-wrap elementor-element-populated\">\n\t\t\t\t\t\t<div class=\"elementor-element elementor-element-3c8d648 elementor-widget elementor-widget-text-editor\" data-id=\"3c8d648\" data-element_type=\"widget\" data-e-type=\"widget\" data-widget_type=\"text-editor.default\">\n\t\t\t\t<div class=\"elementor-widget-container\">\n\t\t\t\t\t\t\t\t\t<h2>Elaboraci\u00f3n del Plan Estrat\u00e9gico 2024-2029 del Recinto de R\u00edo Piedras de la UPR<\/h2>\t\t\t\t\t\t\t\t<\/div>\n\t\t\t\t<\/div>\n\t\t\t\t<div class=\"elementor-element elementor-element-981c744 eael-infobox-icon-bg-shape-none eael-infobox-icon-hover-bg-shape-none elementor-widget elementor-widget-eael-info-box\" data-id=\"981c744\" data-element_type=\"widget\" data-e-type=\"widget\" data-widget_type=\"eael-info-box.default\">\n\t\t\t\t<div class=\"elementor-widget-container\">\n\t\t\t\t\t            <a href=\"https:\/\/academicos.uprrp.edu\/diia\/wp-content\/uploads\/sites\/5\/2024\/02\/INFORME_ConsultaPlanEstrategico2024-2029_Rev2024-02-15.pdf\" target=\"_blank\">\n\t            <div class=\"eael-infobox icon-on-left\">\n\t            <div class=\"infobox-icon eael-icon-only\">\n\n            \n                            <div class=\"infobox-icon-wrap\">\n                    <i aria-hidden=\"true\" class=\"fas fa-file-alt\"><\/i>                <\/div>\n            \n            \n        <\/div>\n            <div class=\"infobox-content eael-icon-only\">\n                    <div class=\"infobox-title-section\">\n                <h2 class=\"title\">Informe sobre la consulta a la comunidad universitaria del Recinto de R\u00edo Piedras para la elaboraci\u00f3n del Plan Estrat\u00e9gico 2024-2029 del Recinto de R\u00edo Piedras de la UPR (PDF)<\/h2>            <\/div>\n            <div><p>Informe sobre la consulta a la comunidad universitaria del Recinto de Rio Piedras para la elaboraci\u00f3n del Plan Estrat\u00e9gico 2024-2029 del Recinto de R\u00edo Piedras de la Universidad de Puerto Rico<br \/>15 de febrero de 2024<\/p><\/div>        <\/div>\n            <\/div>\n\n\t\t            <\/a>\n\t\t\t\t\t\t<\/div>\n\t\t\t\t<\/div>\n\t\t\t\t<div class=\"elementor-element elementor-element-848663e elementor-widget elementor-widget-text-editor\" data-id=\"848663e\" data-element_type=\"widget\" data-e-type=\"widget\" data-widget_type=\"text-editor.default\">\n\t\t\t\t<div class=\"elementor-widget-container\">\n\t\t\t\t\t\t\t\t\t<h2>Elaboraci\u00f3n del Plan Estrat\u00e9gico 2023-2028 del Sistema UPR<\/h2>\t\t\t\t\t\t\t\t<\/div>\n\t\t\t\t<\/div>\n\t\t\t\t<div class=\"elementor-element elementor-element-8701d52 eael-infobox-icon-bg-shape-none eael-infobox-icon-hover-bg-shape-none elementor-widget elementor-widget-eael-info-box\" data-id=\"8701d52\" data-element_type=\"widget\" data-e-type=\"widget\" data-widget_type=\"eael-info-box.default\">\n\t\t\t\t<div class=\"elementor-widget-container\">\n\t\t\t\t\t            <a href=\"https:\/\/academicos.uprrp.edu\/diia\/wp-content\/uploads\/sites\/5\/2022\/07\/INFORME_PlanEstrategicoRRP2023-2028.pdf\" target=\"_blank\">\n\t            <div class=\"eael-infobox icon-on-left\">\n\t            <div class=\"infobox-icon eael-icon-only\">\n\n            \n                            <div class=\"infobox-icon-wrap\">\n                    <i aria-hidden=\"true\" class=\"fas fa-file-alt\"><\/i>                <\/div>\n            \n            \n        <\/div>\n            <div class=\"infobox-content eael-icon-only\">\n                    <div class=\"infobox-title-section\">\n                <h2 class=\"title\">Insumo de la comunidad universitaria del Recinto de R\u00edo Piedras para la elaboraci\u00f3n de la propuesta del Plan Estrat\u00e9gico 2023-2028 del Sistema UPR (PDF)<\/h2>            <\/div>\n            <div><p>Informe sobre el Insumo de la Comunidad Universitaria del Recinto de Rio Piedras en la Consulta para la Elaboraci\u00f3n de la Propuesta del Plan Estrat\u00e9gico 2023-2028 del Sistema de la Universidad de Puerto Rico<br \/>28 de marzo de 2022<\/p><\/div>        <\/div>\n            <\/div>\n\n\t\t            <\/a>\n\t\t\t\t\t\t<\/div>\n\t\t\t\t<\/div>\n\t\t\t\t\t<\/div>\n\t\t<\/div>\n\t\t\t\t\t<\/div>\n\t\t<\/section>\n\t\t\t\t<\/div>\n\t\t","protected":false},"excerpt":{"rendered":"<p>Elaboraci\u00f3n del Plan Estrat\u00e9gico 2024-2029 del Recinto de R\u00edo Piedras de la UPR Informe sobre la consulta a la comunidad universitaria del Recinto de R\u00edo Piedras para la elaboraci\u00f3n del &hellip; <\/p>\n","protected":false},"author":6,"featured_media":0,"parent":11800,"menu_order":0,"comment_status":"closed","ping_status":"closed","template":"","meta":{"om_disable_all_campaigns":false,"_monsterinsights_skip_tracking":false,"_monsterinsights_sitenote_active":false,"_monsterinsights_sitenote_note":"","_monsterinsights_sitenote_category":0,"_uf_show_specific_survey":0,"_uf_disable_surveys":false,"footnotes":""},"class_list":["post-11967","page","type-page","status-publish","hentry"],"yoast_head":"<!-- This site is optimized with the Yoast SEO plugin v27.2 - https:\/\/yoast.com\/product\/yoast-seo-wordpress\/ -->\n<title>Estudios relacionados a Planes Estrat\u00e9gicos - Divisi\u00f3n Investigaci\u00f3n Institucional y Aval\u00fao - Universidad de Puerto Rico - Recinto de R\u00edo Piedras - UPRRP<\/title>\n<meta name=\"robots\" content=\"index, follow, max-snippet:-1, max-image-preview:large, max-video-preview:-1\" \/>\n<link rel=\"canonical\" href=\"https:\/\/academicos.uprrp.edu\/diia\/investigacion-institucional\/estudios-planes-estrategicos\/\" \/>\n<meta property=\"og:locale\" content=\"es_ES\" \/>\n<meta property=\"og:type\" content=\"article\" \/>\n<meta property=\"og:title\" content=\"Estudios relacionados a Planes Estrat\u00e9gicos - Divisi\u00f3n Investigaci\u00f3n Institucional y Aval\u00fao - Universidad de Puerto Rico - Recinto de R\u00edo Piedras - UPRRP\" \/>\n<meta property=\"og:description\" content=\"Elaboraci\u00f3n del Plan Estrat\u00e9gico 2024-2029 del Recinto de R\u00edo Piedras de la UPR Informe sobre la consulta a la comunidad universitaria del Recinto de R\u00edo Piedras para la elaboraci\u00f3n del &hellip;\" \/>\n<meta property=\"og:url\" content=\"https:\/\/academicos.uprrp.edu\/diia\/investigacion-institucional\/estudios-planes-estrategicos\/\" \/>\n<meta property=\"og:site_name\" content=\"Divisi\u00f3n Investigaci\u00f3n Institucional y Aval\u00fao - Universidad de Puerto Rico - Recinto de R\u00edo Piedras - UPRRP\" \/>\n<meta property=\"article:modified_time\" content=\"2024-02-23T20:24:37+00:00\" \/>\n<meta name=\"twitter:card\" content=\"summary_large_image\" \/>\n<meta name=\"twitter:label1\" content=\"Est. reading time\" \/>\n\t<meta name=\"twitter:data1\" content=\"1 minuto\" \/>\n<script type=\"application\/ld+json\" class=\"yoast-schema-graph\">{\"@context\":\"https:\/\/schema.org\",\"@graph\":[{\"@type\":\"WebPage\",\"@id\":\"https:\/\/academicos.uprrp.edu\/diia\/investigacion-institucional\/estudios-planes-estrategicos\/\",\"url\":\"https:\/\/academicos.uprrp.edu\/diia\/investigacion-institucional\/estudios-planes-estrategicos\/\",\"name\":\"Estudios relacionados a Planes Estrat\u00e9gicos - Divisi\u00f3n Investigaci\u00f3n Institucional y Aval\u00fao - Universidad de Puerto Rico - Recinto de R\u00edo Piedras - UPRRP\",\"isPartOf\":{\"@id\":\"https:\/\/academicos.uprrp.edu\/diia\/#website\"},\"datePublished\":\"2022-07-06T18:19:51+00:00\",\"dateModified\":\"2024-02-23T20:24:37+00:00\",\"breadcrumb\":{\"@id\":\"https:\/\/academicos.uprrp.edu\/diia\/investigacion-institucional\/estudios-planes-estrategicos\/#breadcrumb\"},\"inLanguage\":\"es\",\"potentialAction\":[{\"@type\":\"ReadAction\",\"target\":[\"https:\/\/academicos.uprrp.edu\/diia\/investigacion-institucional\/estudios-planes-estrategicos\/\"]}]},{\"@type\":\"BreadcrumbList\",\"@id\":\"https:\/\/academicos.uprrp.edu\/diia\/investigacion-institucional\/estudios-planes-estrategicos\/#breadcrumb\",\"itemListElement\":[{\"@type\":\"ListItem\",\"position\":1,\"name\":\"Home\",\"item\":\"https:\/\/academicos.uprrp.edu\/diia\/\"},{\"@type\":\"ListItem\",\"position\":2,\"name\":\"Investigaci\u00f3n institucional\",\"item\":\"https:\/\/academicos.uprrp.edu\/diia\/investigacion-institucional\/\"},{\"@type\":\"ListItem\",\"position\":3,\"name\":\"Estudios relacionados a Planes Estrat\u00e9gicos\"}]},{\"@type\":\"WebSite\",\"@id\":\"https:\/\/academicos.uprrp.edu\/diia\/#website\",\"url\":\"https:\/\/academicos.uprrp.edu\/diia\/\",\"name\":\"Divisi\u00f3n Investigaci\u00f3n Institucional y Aval\u00fao - Universidad de Puerto Rico - Recinto de R\u00edo Piedras - DIIA - UPRRP\",\"description\":\"Investigaci\u00f3n institucional, aval\u00fao del aprendizaje estudiantil, efectividad institucional, datos institucionales, institutional research, student learning assessment, institutional effectiveness, institutional data\",\"publisher\":{\"@id\":\"https:\/\/academicos.uprrp.edu\/diia\/#organization\"},\"potentialAction\":[{\"@type\":\"SearchAction\",\"target\":{\"@type\":\"EntryPoint\",\"urlTemplate\":\"https:\/\/academicos.uprrp.edu\/diia\/?s={search_term_string}\"},\"query-input\":{\"@type\":\"PropertyValueSpecification\",\"valueRequired\":true,\"valueName\":\"search_term_string\"}}],\"inLanguage\":\"es\"},{\"@type\":\"Organization\",\"@id\":\"https:\/\/academicos.uprrp.edu\/diia\/#organization\",\"name\":\"Divisi\u00f3n de Investigaci\u00f3n Institucional y Aval\u00fao, Universidad de Puerto Rico, Recinto de R\u00edo Piedras\",\"url\":\"https:\/\/academicos.uprrp.edu\/diia\/\",\"logo\":{\"@type\":\"ImageObject\",\"inLanguage\":\"es\",\"@id\":\"https:\/\/academicos.uprrp.edu\/diia\/#\/schema\/logo\/image\/\",\"url\":\"https:\/\/academicos.uprrp.edu\/diia\/wp-content\/uploads\/sites\/5\/2020\/02\/LogoDIIA-Oficial01SelloFondoBlanco.png\",\"contentUrl\":\"https:\/\/academicos.uprrp.edu\/diia\/wp-content\/uploads\/sites\/5\/2020\/02\/LogoDIIA-Oficial01SelloFondoBlanco.png\",\"width\":3038,\"height\":899,\"caption\":\"Divisi\u00f3n de Investigaci\u00f3n Institucional y Aval\u00fao, Universidad de Puerto Rico, Recinto de R\u00edo Piedras\"},\"image\":{\"@id\":\"https:\/\/academicos.uprrp.edu\/diia\/#\/schema\/logo\/image\/\"}}]}<\/script>\n<!-- \/ Yoast SEO plugin. -->","yoast_head_json":{"title":"Estudios relacionados a Planes Estrat\u00e9gicos - Divisi\u00f3n Investigaci\u00f3n Institucional y Aval\u00fao - Universidad de Puerto Rico - Recinto de R\u00edo Piedras - UPRRP","robots":{"index":"index","follow":"follow","max-snippet":"max-snippet:-1","max-image-preview":"max-image-preview:large","max-video-preview":"max-video-preview:-1"},"canonical":"https:\/\/academicos.uprrp.edu\/diia\/investigacion-institucional\/estudios-planes-estrategicos\/","og_locale":"es_ES","og_type":"article","og_title":"Estudios relacionados a Planes Estrat\u00e9gicos - Divisi\u00f3n Investigaci\u00f3n Institucional y Aval\u00fao - Universidad de Puerto Rico - Recinto de R\u00edo Piedras - UPRRP","og_description":"Elaboraci\u00f3n del Plan Estrat\u00e9gico 2024-2029 del Recinto de R\u00edo Piedras de la UPR Informe sobre la consulta a la comunidad universitaria del Recinto de R\u00edo Piedras para la elaboraci\u00f3n del &hellip;","og_url":"https:\/\/academicos.uprrp.edu\/diia\/investigacion-institucional\/estudios-planes-estrategicos\/","og_site_name":"Divisi\u00f3n Investigaci\u00f3n Institucional y Aval\u00fao - Universidad de Puerto Rico - Recinto de R\u00edo Piedras - UPRRP","article_modified_time":"2024-02-23T20:24:37+00:00","twitter_card":"summary_large_image","twitter_misc":{"Est. reading time":"1 minuto"},"schema":{"@context":"https:\/\/schema.org","@graph":[{"@type":"WebPage","@id":"https:\/\/academicos.uprrp.edu\/diia\/investigacion-institucional\/estudios-planes-estrategicos\/","url":"https:\/\/academicos.uprrp.edu\/diia\/investigacion-institucional\/estudios-planes-estrategicos\/","name":"Estudios relacionados a Planes Estrat\u00e9gicos - Divisi\u00f3n Investigaci\u00f3n Institucional y Aval\u00fao - Universidad de Puerto Rico - Recinto de R\u00edo Piedras - UPRRP","isPartOf":{"@id":"https:\/\/academicos.uprrp.edu\/diia\/#website"},"datePublished":"2022-07-06T18:19:51+00:00","dateModified":"2024-02-23T20:24:37+00:00","breadcrumb":{"@id":"https:\/\/academicos.uprrp.edu\/diia\/investigacion-institucional\/estudios-planes-estrategicos\/#breadcrumb"},"inLanguage":"es","potentialAction":[{"@type":"ReadAction","target":["https:\/\/academicos.uprrp.edu\/diia\/investigacion-institucional\/estudios-planes-estrategicos\/"]}]},{"@type":"BreadcrumbList","@id":"https:\/\/academicos.uprrp.edu\/diia\/investigacion-institucional\/estudios-planes-estrategicos\/#breadcrumb","itemListElement":[{"@type":"ListItem","position":1,"name":"Home","item":"https:\/\/academicos.uprrp.edu\/diia\/"},{"@type":"ListItem","position":2,"name":"Investigaci\u00f3n institucional","item":"https:\/\/academicos.uprrp.edu\/diia\/investigacion-institucional\/"},{"@type":"ListItem","position":3,"name":"Estudios relacionados a Planes Estrat\u00e9gicos"}]},{"@type":"WebSite","@id":"https:\/\/academicos.uprrp.edu\/diia\/#website","url":"https:\/\/academicos.uprrp.edu\/diia\/","name":"Divisi\u00f3n Investigaci\u00f3n Institucional y Aval\u00fao - Universidad de Puerto Rico - Recinto de R\u00edo Piedras - DIIA - UPRRP","description":"Investigaci\u00f3n institucional, aval\u00fao del aprendizaje estudiantil, efectividad institucional, datos institucionales, institutional research, student learning assessment, institutional effectiveness, institutional data","publisher":{"@id":"https:\/\/academicos.uprrp.edu\/diia\/#organization"},"potentialAction":[{"@type":"SearchAction","target":{"@type":"EntryPoint","urlTemplate":"https:\/\/academicos.uprrp.edu\/diia\/?s={search_term_string}"},"query-input":{"@type":"PropertyValueSpecification","valueRequired":true,"valueName":"search_term_string"}}],"inLanguage":"es"},{"@type":"Organization","@id":"https:\/\/academicos.uprrp.edu\/diia\/#organization","name":"Divisi\u00f3n de Investigaci\u00f3n Institucional y Aval\u00fao, Universidad de Puerto Rico, Recinto de R\u00edo Piedras","url":"https:\/\/academicos.uprrp.edu\/diia\/","logo":{"@type":"ImageObject","inLanguage":"es","@id":"https:\/\/academicos.uprrp.edu\/diia\/#\/schema\/logo\/image\/","url":"https:\/\/academicos.uprrp.edu\/diia\/wp-content\/uploads\/sites\/5\/2020\/02\/LogoDIIA-Oficial01SelloFondoBlanco.png","contentUrl":"https:\/\/academicos.uprrp.edu\/diia\/wp-content\/uploads\/sites\/5\/2020\/02\/LogoDIIA-Oficial01SelloFondoBlanco.png","width":3038,"height":899,"caption":"Divisi\u00f3n de Investigaci\u00f3n Institucional y Aval\u00fao, Universidad de Puerto Rico, Recinto de R\u00edo Piedras"},"image":{"@id":"https:\/\/academicos.uprrp.edu\/diia\/#\/schema\/logo\/image\/"}}]}},"aioseo_notices":[],"_links":{"self":[{"href":"https:\/\/academicos.uprrp.edu\/diia\/wp-json\/wp\/v2\/pages\/11967","targetHints":{"allow":["GET"]}}],"collection":[{"href":"https:\/\/academicos.uprrp.edu\/diia\/wp-json\/wp\/v2\/pages"}],"about":[{"href":"https:\/\/academicos.uprrp.edu\/diia\/wp-json\/wp\/v2\/types\/page"}],"author":[{"embeddable":true,"href":"https:\/\/academicos.uprrp.edu\/diia\/wp-json\/wp\/v2\/users\/6"}],"replies":[{"embeddable":true,"href":"https:\/\/academicos.uprrp.edu\/diia\/wp-json\/wp\/v2\/comments?post=11967"}],"version-history":[{"count":20,"href":"https:\/\/academicos.uprrp.edu\/diia\/wp-json\/wp\/v2\/pages\/11967\/revisions"}],"predecessor-version":[{"id":13182,"href":"https:\/\/academicos.uprrp.edu\/diia\/wp-json\/wp\/v2\/pages\/11967\/revisions\/13182"}],"up":[{"embeddable":true,"href":"https:\/\/academicos.uprrp.edu\/diia\/wp-json\/wp\/v2\/pages\/11800"}],"wp:attachment":[{"href":"https:\/\/academicos.uprrp.edu\/diia\/wp-json\/wp\/v2\/media?parent=11967"}],"curies":[{"name":"wp","href":"https:\/\/api.w.org\/{rel}","templated":true}]}}