{"id":11794,"date":"2022-04-08T15:10:26","date_gmt":"2022-04-08T19:10:26","guid":{"rendered":"https:\/\/academicos.uprrp.edu\/diia\/?page_id=11794"},"modified":"2026-04-07T13:24:46","modified_gmt":"2026-04-07T17:24:46","slug":"otros-estudios-institucionales-sobre-estudiantes","status":"publish","type":"page","link":"https:\/\/academicos.uprrp.edu\/diia\/investigacion-institucional\/otros-estudios-institucionales-sobre-estudiantes\/","title":{"rendered":"Otros estudios institucionales sobre estudiantes"},"content":{"rendered":"\t\t<div data-elementor-type=\"wp-page\" data-elementor-id=\"11794\" class=\"elementor elementor-11794\">\n\t\t\t\t\t\t<section class=\"elementor-section elementor-top-section elementor-element elementor-element-4de5b55 elementor-section-boxed elementor-section-height-default elementor-section-height-default\" data-id=\"4de5b55\" data-element_type=\"section\" data-e-type=\"section\">\n\t\t\t\t\t\t<div class=\"elementor-container elementor-column-gap-default\">\n\t\t\t\t\t<div class=\"elementor-column elementor-col-100 elementor-top-column elementor-element elementor-element-be7c3d5\" data-id=\"be7c3d5\" data-element_type=\"column\" data-e-type=\"column\">\n\t\t\t<div class=\"elementor-widget-wrap elementor-element-populated\">\n\t\t\t\t\t\t<div class=\"elementor-element elementor-element-cdc7dda eael-infobox-icon-bg-shape-none eael-infobox-icon-hover-bg-shape-none elementor-widget elementor-widget-eael-info-box\" data-id=\"cdc7dda\" data-element_type=\"widget\" data-e-type=\"widget\" data-widget_type=\"eael-info-box.default\">\n\t\t\t\t<div class=\"elementor-widget-container\">\n\t\t\t\t\t            <a href=\"https:\/\/academicos.uprrp.edu\/diia\/wp-content\/uploads\/sites\/5\/2026\/04\/Informe-PUENTE-2.pdf\" target=\"_blank\">\n\t            <div class=\"eael-infobox icon-on-left\">\n\t            <div class=\"infobox-icon eael-icon-only\">\n\n            \n                            <div class=\"infobox-icon-wrap\">\n                    <i aria-hidden=\"true\" class=\"fas fa-file-alt\"><\/i>                <\/div>\n            \n            \n        <\/div>\n            <div class=\"infobox-content eael-icon-only\">\n                    <div class=\"infobox-title-section\">\n                <h2 class=\"title\">M\u00c1S ALL\u00c1 DE LA INTERVENCI\u00d3N: Pue[N]Te como modelo replicable de tutor\u00eda entre pares con aval\u00fao del aprendizaje<\/h2>            <\/div>\n            <div><p>Por H\u00e9ctor Aponte Alequ\u00edn, Ph.D.\u00a0 Versi\u00f3n (PDF)<br \/>Revisada: 6 de abril de 2026<\/p><\/div>        <\/div>\n            <\/div>\n\n\t\t            <\/a>\n\t\t\t\t\t\t<\/div>\n\t\t\t\t<\/div>\n\t\t\t\t<div class=\"elementor-element elementor-element-cb5a62b eael-infobox-icon-bg-shape-none eael-infobox-icon-hover-bg-shape-none elementor-widget elementor-widget-eael-info-box\" data-id=\"cb5a62b\" data-element_type=\"widget\" data-e-type=\"widget\" data-widget_type=\"eael-info-box.default\">\n\t\t\t\t<div class=\"elementor-widget-container\">\n\t\t\t\t\t            <a href=\"https:\/\/academicos.uprrp.edu\/diia\/wp-content\/uploads\/sites\/5\/2026\/04\/INES-Marzo-2026-1-version-para-publicar-en-web.pdf\" target=\"_blank\">\n\t            <div class=\"eael-infobox icon-on-left\">\n\t            <div class=\"infobox-icon eael-icon-only\">\n\n            \n                            <div class=\"infobox-icon-wrap\">\n                    <i aria-hidden=\"true\" class=\"fas fa-file-alt\"><\/i>                <\/div>\n            \n            \n        <\/div>\n            <div class=\"infobox-content eael-icon-only\">\n                    <div class=\"infobox-title-section\">\n                <h2 class=\"title\">Conocimiento que tiene la familia y el estudiante de escuela secundaria sobre la oferta acad\u00e9mica y servicios en el recinto de R\u00edo Piedras, Universidad de Puerto Rico<\/h2>            <\/div>\n            <div><p>Por: Dra. Sarah de los \u00c1ngeles Rosario V\u00e1squez\u00a0<br \/>Dra. Isabel Monta\u00f1ez Concepci\u00f3n<br \/>Versi\u00f3n (PDF)<br \/>Revisada: marzo de 2026<\/p><\/div>        <\/div>\n            <\/div>\n\n\t\t            <\/a>\n\t\t\t\t\t\t<\/div>\n\t\t\t\t<\/div>\n\t\t\t\t<div class=\"elementor-element elementor-element-f8b57dc elementor-widget elementor-widget-text-editor\" data-id=\"f8b57dc\" data-element_type=\"widget\" data-e-type=\"widget\" data-widget_type=\"text-editor.default\">\n\t\t\t\t<div class=\"elementor-widget-container\">\n\t\t\t\t\t\t\t\t\t<h2>Estudiantes admitidos de forma no tradicional<\/h2>\t\t\t\t\t\t\t\t<\/div>\n\t\t\t\t<\/div>\n\t\t\t\t<div class=\"elementor-element elementor-element-2d96ef8 eael-infobox-icon-bg-shape-none eael-infobox-icon-hover-bg-shape-none elementor-widget elementor-widget-eael-info-box\" data-id=\"2d96ef8\" data-element_type=\"widget\" data-e-type=\"widget\" data-widget_type=\"eael-info-box.default\">\n\t\t\t\t<div class=\"elementor-widget-container\">\n\t\t\t\t\t            <a href=\"https:\/\/academicos.uprrp.edu\/diia\/wp-content\/uploads\/sites\/5\/2026\/03\/Investigacion-Avaluo-PLARESNO.pdf\" target=\"_blank\">\n\t            <div class=\"eael-infobox icon-on-left\">\n\t            <div class=\"infobox-icon eael-icon-only\">\n\n            \n                            <div class=\"infobox-icon-wrap\">\n                    <i aria-hidden=\"true\" class=\"fas fa-file-alt\"><\/i>                <\/div>\n            \n            \n        <\/div>\n            <div class=\"infobox-content eael-icon-only\">\n                    <div class=\"infobox-title-section\">\n                <h2 class=\"title\">Investigaci\u00f3n de Aval\u00fao del Aprendizaje en Estudiantes de Admisi\u00f3n No Tradicional: Indicadores de Desempe\u00f1o en Comunicaci\u00f3n Efectiva y Razonamiento L\u00f3gico Matem\u00e1tico (PLARESNO)<\/h2>            <\/div>\n            <div><p>Por H\u00e9ctor Aponte Alequ\u00edn, Ph.D.\u00a0 Versi\u00f3n (PDF)<br \/>Revisada: 3 de marzo de 2026<\/p><\/div>        <\/div>\n            <\/div>\n\n\t\t            <\/a>\n\t\t\t\t\t\t<\/div>\n\t\t\t\t<\/div>\n\t\t\t\t<div class=\"elementor-element elementor-element-6887deb eael-infobox-icon-bg-shape-none eael-infobox-icon-hover-bg-shape-none elementor-widget elementor-widget-eael-info-box\" data-id=\"6887deb\" data-element_type=\"widget\" data-e-type=\"widget\" data-widget_type=\"eael-info-box.default\">\n\t\t\t\t<div class=\"elementor-widget-container\">\n\t\t\t\t\t            <a href=\"https:\/\/academicos.uprrp.edu\/diia\/wp-content\/uploads\/sites\/5\/2026\/02\/Informe-PLARESNO-con-H-y-S-Rev.-19-de-dic-2025-1.pdf\" target=\"_blank\">\n\t            <div class=\"eael-infobox icon-on-left\">\n\t            <div class=\"infobox-icon eael-icon-only\">\n\n            \n                            <div class=\"infobox-icon-wrap\">\n                    <i aria-hidden=\"true\" class=\"fas fa-file-alt\"><\/i>                <\/div>\n            \n            \n        <\/div>\n            <div class=\"infobox-content eael-icon-only\">\n                    <div class=\"infobox-title-section\">\n                <h2 class=\"title\">Perfil, Logros, Adaptaci\u00f3n y Retenci\u00f3n de Estudiantes No Tradicionales (PLARESNO Segundo a\u00f1o)<\/h2>            <\/div>\n            <div><p>Segundo a\u00f1o de la investigaci\u00f3n: septiembre 23, 2025<\/p><\/div>        <\/div>\n            <\/div>\n\n\t\t            <\/a>\n\t\t\t\t\t\t<\/div>\n\t\t\t\t<\/div>\n\t\t\t\t<div class=\"elementor-element elementor-element-4b24f7d eael-infobox-icon-bg-shape-none eael-infobox-icon-hover-bg-shape-none elementor-widget elementor-widget-eael-info-box\" data-id=\"4b24f7d\" data-element_type=\"widget\" data-e-type=\"widget\" data-widget_type=\"eael-info-box.default\">\n\t\t\t\t<div class=\"elementor-widget-container\">\n\t\t\t\t\t            <a href=\"https:\/\/academicos.uprrp.edu\/diia\/wp-content\/uploads\/sites\/5\/2025\/01\/03-Escrito-unificado-PLARESNO-16-de-diciembre-2024-1er-ano-final.pdf\" target=\"_blank\">\n\t            <div class=\"eael-infobox icon-on-left\">\n\t            <div class=\"infobox-icon eael-icon-only\">\n\n            \n                            <div class=\"infobox-icon-wrap\">\n                    <i aria-hidden=\"true\" class=\"fas fa-file-alt\"><\/i>                <\/div>\n            \n            \n        <\/div>\n            <div class=\"infobox-content eael-icon-only\">\n                    <div class=\"infobox-title-section\">\n                <h2 class=\"title\">Perfil, Logros, Adaptaci\u00f3n y Retenci\u00f3n de Estudiantes No Tradicionales (PLARESNO Primer a\u00f1o)<\/h2>            <\/div>\n            <div><p>Primer a\u00f1o de la investigaci\u00f3n: diciembre, 2024<\/p><\/div>        <\/div>\n            <\/div>\n\n\t\t            <\/a>\n\t\t\t\t\t\t<\/div>\n\t\t\t\t<\/div>\n\t\t\t\t<div class=\"elementor-element elementor-element-3542636 elementor-widget elementor-widget-text-editor\" data-id=\"3542636\" data-element_type=\"widget\" data-e-type=\"widget\" data-widget_type=\"text-editor.default\">\n\t\t\t\t<div class=\"elementor-widget-container\">\n\t\t\t\t\t\t\t\t\t<h2>Proyecto PUE[N]TE<\/h2>\t\t\t\t\t\t\t\t<\/div>\n\t\t\t\t<\/div>\n\t\t\t\t<div class=\"elementor-element elementor-element-42d549f eael-infobox-icon-bg-shape-none eael-infobox-icon-hover-bg-shape-none elementor-widget elementor-widget-eael-info-box\" data-id=\"42d549f\" data-element_type=\"widget\" data-e-type=\"widget\" data-widget_type=\"eael-info-box.default\">\n\t\t\t\t<div class=\"elementor-widget-container\">\n\t\t\t\t\t            <a href=\"https:\/\/academicos.uprrp.edu\/diia\/wp-content\/uploads\/sites\/5\/2025\/07\/INFORME_ResultadosProyectoPuente_Rev2025-06-25.pdf\" target=\"_blank\">\n\t            <div class=\"eael-infobox icon-on-left\">\n\t            <div class=\"infobox-icon eael-icon-only\">\n\n            \n                            <div class=\"infobox-icon-wrap\">\n                    <i aria-hidden=\"true\" class=\"fas fa-file-alt\"><\/i>                <\/div>\n            \n            \n        <\/div>\n            <div class=\"infobox-content eael-icon-only\">\n                    <div class=\"infobox-title-section\">\n                <h2 class=\"title\">Retenci\u00f3n estudiantil, acompa\u00f1amiento acad\u00e9mico y aval\u00fao del aprendizaje: Proyecto piloto PUE[N]TE en el curso MECU 3031<\/h2>            <\/div>\n            <div><p>Informe correspondiente al segundo semestre 2024-2025<\/p><\/div>        <\/div>\n            <\/div>\n\n\t\t            <\/a>\n\t\t\t\t\t\t<\/div>\n\t\t\t\t<\/div>\n\t\t\t\t<div class=\"elementor-element elementor-element-6e03cd1 elementor-widget elementor-widget-text-editor\" data-id=\"6e03cd1\" data-element_type=\"widget\" data-e-type=\"widget\" data-widget_type=\"text-editor.default\">\n\t\t\t\t<div class=\"elementor-widget-container\">\n\t\t\t\t\t\t\t\t\t<h2>Beneficios a estudiantes<\/h2>\t\t\t\t\t\t\t\t<\/div>\n\t\t\t\t<\/div>\n\t\t\t\t<div class=\"elementor-element elementor-element-28bb768 eael-infobox-icon-bg-shape-none eael-infobox-icon-hover-bg-shape-none elementor-widget elementor-widget-eael-info-box\" data-id=\"28bb768\" data-element_type=\"widget\" data-e-type=\"widget\" data-widget_type=\"eael-info-box.default\">\n\t\t\t\t<div class=\"elementor-widget-container\">\n\t\t\t\t\t            <a href=\"https:\/\/academicos.uprrp.edu\/diia\/wp-content\/uploads\/sites\/5\/2025\/07\/INFORME_CuotaTecnologia2022-2025_Rev2025-06-18.pdf\" target=\"_blank\">\n\t            <div class=\"eael-infobox icon-on-left\">\n\t            <div class=\"infobox-icon eael-icon-only\">\n\n            \n                            <div class=\"infobox-icon-wrap\">\n                    <i aria-hidden=\"true\" class=\"fas fa-file-alt\"><\/i>                <\/div>\n            \n            \n        <\/div>\n            <div class=\"infobox-content eael-icon-only\">\n                    <div class=\"infobox-title-section\">\n                <h2 class=\"title\">Investigaci\u00f3n institucional sobre el uso de los fondos y beneficios estudiantiles<\/h2>            <\/div>\n            <div><p>Informe del Comit\u00e9 de Cuota de Tecnolog\u00eda del Recinto de R\u00edo Piedras para el a\u00f1o acad\u00e9mico 2024-2025<\/p><\/div>        <\/div>\n            <\/div>\n\n\t\t            <\/a>\n\t\t\t\t\t\t<\/div>\n\t\t\t\t<\/div>\n\t\t\t\t<div class=\"elementor-element elementor-element-1786514 elementor-widget elementor-widget-text-editor\" data-id=\"1786514\" data-element_type=\"widget\" data-e-type=\"widget\" data-widget_type=\"text-editor.default\">\n\t\t\t\t<div class=\"elementor-widget-container\">\n\t\t\t\t\t\t\t\t\t<h2>Procesos de matr\u00edcula<\/h2>\t\t\t\t\t\t\t\t<\/div>\n\t\t\t\t<\/div>\n\t\t\t\t<div class=\"elementor-element elementor-element-6b57d4c eael-infobox-icon-bg-shape-none eael-infobox-icon-hover-bg-shape-none elementor-widget elementor-widget-eael-info-box\" data-id=\"6b57d4c\" data-element_type=\"widget\" data-e-type=\"widget\" data-widget_type=\"eael-info-box.default\">\n\t\t\t\t<div class=\"elementor-widget-container\">\n\t\t\t\t\t            <a href=\"https:\/\/academicos.uprrp.edu\/diia\/wp-content\/uploads\/sites\/5\/2023\/06\/INFORME_AnalisisGrupoFocalProcesoMatricula2023.pdf\" target=\"_blank\">\n\t            <div class=\"eael-infobox icon-on-left\">\n\t            <div class=\"infobox-icon eael-icon-only\">\n\n            \n                            <div class=\"infobox-icon-wrap\">\n                    <i aria-hidden=\"true\" class=\"fas fa-file-alt\"><\/i>                <\/div>\n            \n            \n        <\/div>\n            <div class=\"infobox-content eael-icon-only\">\n                    <div class=\"infobox-title-section\">\n                <h2 class=\"title\">An\u00e1lisis de grupo focal sobre los procesos de matr\u00edcula en el Recinto (PDF)<\/h2>            <\/div>\n            <div><p>Resumen del grupo focal a estudiantes activos del Recinto en abril de 2023<\/p><\/div>        <\/div>\n            <\/div>\n\n\t\t            <\/a>\n\t\t\t\t\t\t<\/div>\n\t\t\t\t<\/div>\n\t\t\t\t<div class=\"elementor-element elementor-element-b68c811 elementor-widget elementor-widget-text-editor\" data-id=\"b68c811\" data-element_type=\"widget\" data-e-type=\"widget\" data-widget_type=\"text-editor.default\">\n\t\t\t\t<div class=\"elementor-widget-container\">\n\t\t\t\t\t\t\t\t\t<h2>Estudiantes inactivos<\/h2>\t\t\t\t\t\t\t\t<\/div>\n\t\t\t\t<\/div>\n\t\t\t\t<div class=\"elementor-element elementor-element-c008e80 eael-infobox-icon-bg-shape-none eael-infobox-icon-hover-bg-shape-none elementor-widget elementor-widget-eael-info-box\" data-id=\"c008e80\" data-element_type=\"widget\" data-e-type=\"widget\" data-widget_type=\"eael-info-box.default\">\n\t\t\t\t<div class=\"elementor-widget-container\">\n\t\t\t\t\t            <a href=\"https:\/\/academicos.uprrp.edu\/diia\/wp-content\/uploads\/sites\/5\/2020\/11\/RESUMEN_ResultadosCuestionarioInactivos.pdf\" target=\"_blank\">\n\t            <div class=\"eael-infobox icon-on-left\">\n\t            <div class=\"infobox-icon eael-icon-only\">\n\n            \n                            <div class=\"infobox-icon-wrap\">\n                    <i aria-hidden=\"true\" class=\"fas fa-file-alt\"><\/i>                <\/div>\n            \n            \n        <\/div>\n            <div class=\"infobox-content eael-icon-only\">\n                    <div class=\"infobox-title-section\">\n                <h2 class=\"title\">Resultados de la encuesta a estudiantes inactivos de la cohorte del 2005 (PDF)<\/h2>            <\/div>\n            <div><p>Resumen de los resultados de la encuesta a estudiantes inactivos de la cohorte del 2005<br \/>Preparado por la Oficina de Planificaci\u00f3n Acad\u00e9mica<\/p><\/div>        <\/div>\n            <\/div>\n\n\t\t            <\/a>\n\t\t\t\t\t\t<\/div>\n\t\t\t\t<\/div>\n\t\t\t\t<div class=\"elementor-element elementor-element-b0d53ca elementor-widget elementor-widget-text-editor\" data-id=\"b0d53ca\" data-element_type=\"widget\" data-e-type=\"widget\" data-widget_type=\"text-editor.default\">\n\t\t\t\t<div class=\"elementor-widget-container\">\n\t\t\t\t\t\t\t\t\t<h2>Tiempo de estudio<\/h2>\t\t\t\t\t\t\t\t<\/div>\n\t\t\t\t<\/div>\n\t\t\t\t<div class=\"elementor-element elementor-element-ca73bcc eael-infobox-icon-bg-shape-none eael-infobox-icon-hover-bg-shape-none elementor-widget elementor-widget-eael-info-box\" data-id=\"ca73bcc\" data-element_type=\"widget\" data-e-type=\"widget\" data-widget_type=\"eael-info-box.default\">\n\t\t\t\t<div class=\"elementor-widget-container\">\n\t\t\t\t\t            <a href=\"https:\/\/academicos.uprrp.edu\/diia\/wp-content\/uploads\/sites\/5\/2020\/11\/INFORME_NoelLevitzRazonesCuatroAnos.pdf\" target=\"_blank\">\n\t            <div class=\"eael-infobox icon-on-left\">\n\t            <div class=\"infobox-icon eael-icon-only\">\n\n            \n                            <div class=\"infobox-icon-wrap\">\n                    <i aria-hidden=\"true\" class=\"fas fa-file-alt\"><\/i>                <\/div>\n            \n            \n        <\/div>\n            <div class=\"infobox-content eael-icon-only\">\n                    <div class=\"infobox-title-section\">\n                <h2 class=\"title\">Informe sobre razones de los estudiantes para tomar m\u00e1s de cuatro a\u00f1os en completar su bachillerato (PDF)<\/h2>            <\/div>\n            <div><p>Investigaci\u00f3n sobre las razones porqu\u00e9 los estudiantes toman m\u00e1s de cuatro a\u00f1os para completar su bachillerato<br \/>Noel-Levitz Student Satisfaction Inventory 2008<br \/>Preparado por la Oficina de Planificaci\u00f3n Acad\u00e9mica<br \/>Revisado en enero 2010<\/p><\/div>        <\/div>\n            <\/div>\n\n\t\t            <\/a>\n\t\t\t\t\t\t<\/div>\n\t\t\t\t<\/div>\n\t\t\t\t<div class=\"elementor-element elementor-element-48b6c7c elementor-widget elementor-widget-text-editor\" data-id=\"48b6c7c\" data-element_type=\"widget\" data-e-type=\"widget\" data-widget_type=\"text-editor.default\">\n\t\t\t\t<div class=\"elementor-widget-container\">\n\t\t\t\t\t\t\t\t\t<h2>Estudiantes en intercambio<\/h2>\t\t\t\t\t\t\t\t<\/div>\n\t\t\t\t<\/div>\n\t\t\t\t<div class=\"elementor-element elementor-element-365b784 eael-infobox-icon-bg-shape-none eael-infobox-icon-hover-bg-shape-none elementor-widget elementor-widget-eael-info-box\" data-id=\"365b784\" data-element_type=\"widget\" data-e-type=\"widget\" data-widget_type=\"eael-info-box.default\">\n\t\t\t\t<div class=\"elementor-widget-container\">\n\t\t\t\t\t            <a href=\"https:\/\/academicos.uprrp.edu\/diia\/wp-content\/uploads\/sites\/5\/2020\/11\/INFORME_EncuestaEstudiantesIntercambio.pdf\" target=\"_blank\">\n\t            <div class=\"eael-infobox icon-on-left\">\n\t            <div class=\"infobox-icon eael-icon-only\">\n\n            \n                            <div class=\"infobox-icon-wrap\">\n                    <i aria-hidden=\"true\" class=\"fas fa-file-alt\"><\/i>                <\/div>\n            \n            \n        <\/div>\n            <div class=\"infobox-content eael-icon-only\">\n                    <div class=\"infobox-title-section\">\n                <h2 class=\"title\">Informe sobre la encuesta a participantes de programas de intercambio 2006 (PDF)<\/h2>            <\/div>\n            <div><p>Investigaci\u00f3n sobre participantes de programas de intercambio 2006<br \/>Preparado por la Oficina de Planificaci\u00f3n Acad\u00e9mica<\/p><\/div>        <\/div>\n            <\/div>\n\n\t\t            <\/a>\n\t\t\t\t\t\t<\/div>\n\t\t\t\t<\/div>\n\t\t\t\t<div class=\"elementor-element elementor-element-b3badc4 elementor-widget elementor-widget-text-editor\" data-id=\"b3badc4\" data-element_type=\"widget\" data-e-type=\"widget\" data-widget_type=\"text-editor.default\">\n\t\t\t\t<div class=\"elementor-widget-container\">\n\t\t\t\t\t\t\t\t\t<h2>National Survey of Student Engagement (NSSE)<\/h2>\t\t\t\t\t\t\t\t<\/div>\n\t\t\t\t<\/div>\n\t\t\t\t<div class=\"elementor-element elementor-element-1617215 eael-infobox-icon-bg-shape-none eael-infobox-icon-hover-bg-shape-none elementor-widget elementor-widget-eael-info-box\" data-id=\"1617215\" data-element_type=\"widget\" data-e-type=\"widget\" data-widget_type=\"eael-info-box.default\">\n\t\t\t\t<div class=\"elementor-widget-container\">\n\t\t\t\t\t            <a href=\"https:\/\/academicos.uprrp.edu\/diia\/wp-content\/uploads\/sites\/5\/2020\/11\/INFORME_NSSE2015.pdf\" target=\"_blank\">\n\t            <div class=\"eael-infobox icon-on-left\">\n\t            <div class=\"infobox-icon eael-icon-only\">\n\n            \n                            <div class=\"infobox-icon-wrap\">\n                    <i aria-hidden=\"true\" class=\"fas fa-file-alt\"><\/i>                <\/div>\n            \n            \n        <\/div>\n            <div class=\"infobox-content eael-icon-only\">\n                    <div class=\"infobox-title-section\">\n                <h2 class=\"title\">Informe sobre la administraci\u00f3n de la encuesta NSSE en 2015 (PDF)<\/h2>            <\/div>\n            <div><p>Informe sobre los resultados de la administraci\u00f3n de la encuesta National Survey of Student Engagement en 2015<br \/>Preparado por NSSE Institute, Center for Postsecondary Research (CPR), Indiana University School of Education<\/p><\/div>        <\/div>\n            <\/div>\n\n\t\t            <\/a>\n\t\t\t\t\t\t<\/div>\n\t\t\t\t<\/div>\n\t\t\t\t\t<\/div>\n\t\t<\/div>\n\t\t\t\t\t<\/div>\n\t\t<\/section>\n\t\t\t\t<\/div>\n\t\t","protected":false},"excerpt":{"rendered":"<p>M\u00c1S ALL\u00c1 DE LA INTERVENCI\u00d3N: Pue[N]Te como modelo replicable de tutor\u00eda entre pares con aval\u00fao del aprendizaje Por H\u00e9ctor Aponte Alequ\u00edn, Ph.D.\u00a0 Versi\u00f3n (PDF)Revisada: 6 de abril de 2026 Conocimiento &hellip; <\/p>\n","protected":false},"author":6,"featured_media":0,"parent":11800,"menu_order":0,"comment_status":"closed","ping_status":"closed","template":"","meta":{"om_disable_all_campaigns":false,"_monsterinsights_skip_tracking":false,"_monsterinsights_sitenote_active":false,"_monsterinsights_sitenote_note":"","_monsterinsights_sitenote_category":0,"_uf_show_specific_survey":0,"_uf_disable_surveys":false,"footnotes":""},"class_list":["post-11794","page","type-page","status-publish","hentry"],"yoast_head":"<!-- This site is optimized with the Yoast SEO plugin v27.2 - https:\/\/yoast.com\/product\/yoast-seo-wordpress\/ -->\n<title>Otros estudios institucionales sobre estudiantes - Divisi\u00f3n Investigaci\u00f3n Institucional y Aval\u00fao - Universidad de Puerto Rico - Recinto de R\u00edo Piedras - UPRRP<\/title>\n<meta name=\"robots\" content=\"index, follow, max-snippet:-1, max-image-preview:large, max-video-preview:-1\" \/>\n<link rel=\"canonical\" href=\"https:\/\/academicos.uprrp.edu\/diia\/investigacion-institucional\/otros-estudios-institucionales-sobre-estudiantes\/\" \/>\n<meta property=\"og:locale\" content=\"es_ES\" \/>\n<meta property=\"og:type\" content=\"article\" \/>\n<meta property=\"og:title\" content=\"Otros estudios institucionales sobre estudiantes - Divisi\u00f3n Investigaci\u00f3n Institucional y Aval\u00fao - Universidad de Puerto Rico - Recinto de R\u00edo Piedras - UPRRP\" \/>\n<meta property=\"og:description\" content=\"M\u00c1S ALL\u00c1 DE LA INTERVENCI\u00d3N: Pue[N]Te como modelo replicable de tutor\u00eda entre pares con aval\u00fao del aprendizaje Por H\u00e9ctor Aponte Alequ\u00edn, Ph.D.\u00a0 Versi\u00f3n (PDF)Revisada: 6 de abril de 2026 Conocimiento &hellip;\" \/>\n<meta property=\"og:url\" content=\"https:\/\/academicos.uprrp.edu\/diia\/investigacion-institucional\/otros-estudios-institucionales-sobre-estudiantes\/\" \/>\n<meta property=\"og:site_name\" content=\"Divisi\u00f3n Investigaci\u00f3n Institucional y Aval\u00fao - Universidad de Puerto Rico - Recinto de R\u00edo Piedras - UPRRP\" \/>\n<meta property=\"article:modified_time\" content=\"2026-04-07T17:24:46+00:00\" \/>\n<meta name=\"twitter:card\" content=\"summary_large_image\" \/>\n<meta name=\"twitter:label1\" content=\"Est. reading time\" \/>\n\t<meta name=\"twitter:data1\" content=\"2 minutos\" \/>\n<script type=\"application\/ld+json\" class=\"yoast-schema-graph\">{\"@context\":\"https:\/\/schema.org\",\"@graph\":[{\"@type\":\"WebPage\",\"@id\":\"https:\/\/academicos.uprrp.edu\/diia\/investigacion-institucional\/otros-estudios-institucionales-sobre-estudiantes\/\",\"url\":\"https:\/\/academicos.uprrp.edu\/diia\/investigacion-institucional\/otros-estudios-institucionales-sobre-estudiantes\/\",\"name\":\"Otros estudios institucionales sobre estudiantes - Divisi\u00f3n Investigaci\u00f3n Institucional y Aval\u00fao - Universidad de Puerto Rico - Recinto de R\u00edo Piedras - UPRRP\",\"isPartOf\":{\"@id\":\"https:\/\/academicos.uprrp.edu\/diia\/#website\"},\"datePublished\":\"2022-04-08T19:10:26+00:00\",\"dateModified\":\"2026-04-07T17:24:46+00:00\",\"breadcrumb\":{\"@id\":\"https:\/\/academicos.uprrp.edu\/diia\/investigacion-institucional\/otros-estudios-institucionales-sobre-estudiantes\/#breadcrumb\"},\"inLanguage\":\"es\",\"potentialAction\":[{\"@type\":\"ReadAction\",\"target\":[\"https:\/\/academicos.uprrp.edu\/diia\/investigacion-institucional\/otros-estudios-institucionales-sobre-estudiantes\/\"]}]},{\"@type\":\"BreadcrumbList\",\"@id\":\"https:\/\/academicos.uprrp.edu\/diia\/investigacion-institucional\/otros-estudios-institucionales-sobre-estudiantes\/#breadcrumb\",\"itemListElement\":[{\"@type\":\"ListItem\",\"position\":1,\"name\":\"Home\",\"item\":\"https:\/\/academicos.uprrp.edu\/diia\/\"},{\"@type\":\"ListItem\",\"position\":2,\"name\":\"Investigaci\u00f3n institucional\",\"item\":\"https:\/\/academicos.uprrp.edu\/diia\/investigacion-institucional\/\"},{\"@type\":\"ListItem\",\"position\":3,\"name\":\"Otros estudios institucionales sobre estudiantes\"}]},{\"@type\":\"WebSite\",\"@id\":\"https:\/\/academicos.uprrp.edu\/diia\/#website\",\"url\":\"https:\/\/academicos.uprrp.edu\/diia\/\",\"name\":\"Divisi\u00f3n Investigaci\u00f3n Institucional y Aval\u00fao - Universidad de Puerto Rico - Recinto de R\u00edo Piedras - DIIA - UPRRP\",\"description\":\"Investigaci\u00f3n institucional, aval\u00fao del aprendizaje estudiantil, efectividad institucional, datos institucionales, institutional research, student learning assessment, institutional effectiveness, institutional data\",\"publisher\":{\"@id\":\"https:\/\/academicos.uprrp.edu\/diia\/#organization\"},\"potentialAction\":[{\"@type\":\"SearchAction\",\"target\":{\"@type\":\"EntryPoint\",\"urlTemplate\":\"https:\/\/academicos.uprrp.edu\/diia\/?s={search_term_string}\"},\"query-input\":{\"@type\":\"PropertyValueSpecification\",\"valueRequired\":true,\"valueName\":\"search_term_string\"}}],\"inLanguage\":\"es\"},{\"@type\":\"Organization\",\"@id\":\"https:\/\/academicos.uprrp.edu\/diia\/#organization\",\"name\":\"Divisi\u00f3n de Investigaci\u00f3n Institucional y Aval\u00fao, Universidad de Puerto Rico, Recinto de R\u00edo Piedras\",\"url\":\"https:\/\/academicos.uprrp.edu\/diia\/\",\"logo\":{\"@type\":\"ImageObject\",\"inLanguage\":\"es\",\"@id\":\"https:\/\/academicos.uprrp.edu\/diia\/#\/schema\/logo\/image\/\",\"url\":\"https:\/\/academicos.uprrp.edu\/diia\/wp-content\/uploads\/sites\/5\/2020\/02\/LogoDIIA-Oficial01SelloFondoBlanco.png\",\"contentUrl\":\"https:\/\/academicos.uprrp.edu\/diia\/wp-content\/uploads\/sites\/5\/2020\/02\/LogoDIIA-Oficial01SelloFondoBlanco.png\",\"width\":3038,\"height\":899,\"caption\":\"Divisi\u00f3n de Investigaci\u00f3n Institucional y Aval\u00fao, Universidad de Puerto Rico, Recinto de R\u00edo Piedras\"},\"image\":{\"@id\":\"https:\/\/academicos.uprrp.edu\/diia\/#\/schema\/logo\/image\/\"}}]}<\/script>\n<!-- \/ Yoast SEO plugin. -->","yoast_head_json":{"title":"Otros estudios institucionales sobre estudiantes - Divisi\u00f3n Investigaci\u00f3n Institucional y Aval\u00fao - Universidad de Puerto Rico - Recinto de R\u00edo Piedras - UPRRP","robots":{"index":"index","follow":"follow","max-snippet":"max-snippet:-1","max-image-preview":"max-image-preview:large","max-video-preview":"max-video-preview:-1"},"canonical":"https:\/\/academicos.uprrp.edu\/diia\/investigacion-institucional\/otros-estudios-institucionales-sobre-estudiantes\/","og_locale":"es_ES","og_type":"article","og_title":"Otros estudios institucionales sobre estudiantes - Divisi\u00f3n Investigaci\u00f3n Institucional y Aval\u00fao - Universidad de Puerto Rico - Recinto de R\u00edo Piedras - UPRRP","og_description":"M\u00c1S ALL\u00c1 DE LA INTERVENCI\u00d3N: Pue[N]Te como modelo replicable de tutor\u00eda entre pares con aval\u00fao del aprendizaje Por H\u00e9ctor Aponte Alequ\u00edn, Ph.D.\u00a0 Versi\u00f3n (PDF)Revisada: 6 de abril de 2026 Conocimiento &hellip;","og_url":"https:\/\/academicos.uprrp.edu\/diia\/investigacion-institucional\/otros-estudios-institucionales-sobre-estudiantes\/","og_site_name":"Divisi\u00f3n Investigaci\u00f3n Institucional y Aval\u00fao - Universidad de Puerto Rico - Recinto de R\u00edo Piedras - UPRRP","article_modified_time":"2026-04-07T17:24:46+00:00","twitter_card":"summary_large_image","twitter_misc":{"Est. reading time":"2 minutos"},"schema":{"@context":"https:\/\/schema.org","@graph":[{"@type":"WebPage","@id":"https:\/\/academicos.uprrp.edu\/diia\/investigacion-institucional\/otros-estudios-institucionales-sobre-estudiantes\/","url":"https:\/\/academicos.uprrp.edu\/diia\/investigacion-institucional\/otros-estudios-institucionales-sobre-estudiantes\/","name":"Otros estudios institucionales sobre estudiantes - Divisi\u00f3n Investigaci\u00f3n Institucional y Aval\u00fao - Universidad de Puerto Rico - Recinto de R\u00edo Piedras - UPRRP","isPartOf":{"@id":"https:\/\/academicos.uprrp.edu\/diia\/#website"},"datePublished":"2022-04-08T19:10:26+00:00","dateModified":"2026-04-07T17:24:46+00:00","breadcrumb":{"@id":"https:\/\/academicos.uprrp.edu\/diia\/investigacion-institucional\/otros-estudios-institucionales-sobre-estudiantes\/#breadcrumb"},"inLanguage":"es","potentialAction":[{"@type":"ReadAction","target":["https:\/\/academicos.uprrp.edu\/diia\/investigacion-institucional\/otros-estudios-institucionales-sobre-estudiantes\/"]}]},{"@type":"BreadcrumbList","@id":"https:\/\/academicos.uprrp.edu\/diia\/investigacion-institucional\/otros-estudios-institucionales-sobre-estudiantes\/#breadcrumb","itemListElement":[{"@type":"ListItem","position":1,"name":"Home","item":"https:\/\/academicos.uprrp.edu\/diia\/"},{"@type":"ListItem","position":2,"name":"Investigaci\u00f3n institucional","item":"https:\/\/academicos.uprrp.edu\/diia\/investigacion-institucional\/"},{"@type":"ListItem","position":3,"name":"Otros estudios institucionales sobre estudiantes"}]},{"@type":"WebSite","@id":"https:\/\/academicos.uprrp.edu\/diia\/#website","url":"https:\/\/academicos.uprrp.edu\/diia\/","name":"Divisi\u00f3n Investigaci\u00f3n Institucional y Aval\u00fao - Universidad de Puerto Rico - Recinto de R\u00edo Piedras - DIIA - UPRRP","description":"Investigaci\u00f3n institucional, aval\u00fao del aprendizaje estudiantil, efectividad institucional, datos institucionales, institutional research, student learning assessment, institutional effectiveness, institutional data","publisher":{"@id":"https:\/\/academicos.uprrp.edu\/diia\/#organization"},"potentialAction":[{"@type":"SearchAction","target":{"@type":"EntryPoint","urlTemplate":"https:\/\/academicos.uprrp.edu\/diia\/?s={search_term_string}"},"query-input":{"@type":"PropertyValueSpecification","valueRequired":true,"valueName":"search_term_string"}}],"inLanguage":"es"},{"@type":"Organization","@id":"https:\/\/academicos.uprrp.edu\/diia\/#organization","name":"Divisi\u00f3n de Investigaci\u00f3n Institucional y Aval\u00fao, Universidad de Puerto Rico, Recinto de R\u00edo Piedras","url":"https:\/\/academicos.uprrp.edu\/diia\/","logo":{"@type":"ImageObject","inLanguage":"es","@id":"https:\/\/academicos.uprrp.edu\/diia\/#\/schema\/logo\/image\/","url":"https:\/\/academicos.uprrp.edu\/diia\/wp-content\/uploads\/sites\/5\/2020\/02\/LogoDIIA-Oficial01SelloFondoBlanco.png","contentUrl":"https:\/\/academicos.uprrp.edu\/diia\/wp-content\/uploads\/sites\/5\/2020\/02\/LogoDIIA-Oficial01SelloFondoBlanco.png","width":3038,"height":899,"caption":"Divisi\u00f3n de Investigaci\u00f3n Institucional y Aval\u00fao, Universidad de Puerto Rico, Recinto de R\u00edo Piedras"},"image":{"@id":"https:\/\/academicos.uprrp.edu\/diia\/#\/schema\/logo\/image\/"}}]}},"aioseo_notices":[],"_links":{"self":[{"href":"https:\/\/academicos.uprrp.edu\/diia\/wp-json\/wp\/v2\/pages\/11794","targetHints":{"allow":["GET"]}}],"collection":[{"href":"https:\/\/academicos.uprrp.edu\/diia\/wp-json\/wp\/v2\/pages"}],"about":[{"href":"https:\/\/academicos.uprrp.edu\/diia\/wp-json\/wp\/v2\/types\/page"}],"author":[{"embeddable":true,"href":"https:\/\/academicos.uprrp.edu\/diia\/wp-json\/wp\/v2\/users\/6"}],"replies":[{"embeddable":true,"href":"https:\/\/academicos.uprrp.edu\/diia\/wp-json\/wp\/v2\/comments?post=11794"}],"version-history":[{"count":80,"href":"https:\/\/academicos.uprrp.edu\/diia\/wp-json\/wp\/v2\/pages\/11794\/revisions"}],"predecessor-version":[{"id":15278,"href":"https:\/\/academicos.uprrp.edu\/diia\/wp-json\/wp\/v2\/pages\/11794\/revisions\/15278"}],"up":[{"embeddable":true,"href":"https:\/\/academicos.uprrp.edu\/diia\/wp-json\/wp\/v2\/pages\/11800"}],"wp:attachment":[{"href":"https:\/\/academicos.uprrp.edu\/diia\/wp-json\/wp\/v2\/media?parent=11794"}],"curies":[{"name":"wp","href":"https:\/\/api.w.org\/{rel}","templated":true}]}}