{"id":10297,"date":"2020-10-26T15:14:48","date_gmt":"2020-10-26T19:14:48","guid":{"rendered":"https:\/\/academicos.uprrp.edu\/diia\/?page_id=10297"},"modified":"2022-05-09T11:20:12","modified_gmt":"2022-05-09T15:20:12","slug":"estudios-institucionales-de-referencia","status":"publish","type":"page","link":"https:\/\/academicos.uprrp.edu\/diia\/investigacion-institucional\/estudios-institucionales-de-referencia\/","title":{"rendered":"Estudios institucionales de referencia"},"content":{"rendered":"\t\t<div data-elementor-type=\"wp-page\" data-elementor-id=\"10297\" class=\"elementor elementor-10297\">\n\t\t\t\t\t\t<section class=\"elementor-section elementor-top-section elementor-element elementor-element-9662077 elementor-section-boxed elementor-section-height-default elementor-section-height-default\" data-id=\"9662077\" data-element_type=\"section\" data-e-type=\"section\">\n\t\t\t\t\t\t<div class=\"elementor-container elementor-column-gap-default\">\n\t\t\t\t\t<div class=\"elementor-column elementor-col-100 elementor-top-column elementor-element elementor-element-8cc7990\" data-id=\"8cc7990\" data-element_type=\"column\" data-e-type=\"column\">\n\t\t\t<div class=\"elementor-widget-wrap elementor-element-populated\">\n\t\t\t\t\t\t<div class=\"elementor-element elementor-element-5717389 elementor-widget elementor-widget-text-editor\" data-id=\"5717389\" data-element_type=\"widget\" data-e-type=\"widget\" data-widget_type=\"text-editor.default\">\n\t\t\t\t<div class=\"elementor-widget-container\">\n\t\t\t\t\t\t\t\t\t<h2>Estudiantes<\/h2>\t\t\t\t\t\t\t\t<\/div>\n\t\t\t\t<\/div>\n\t\t\t\t<div class=\"elementor-element elementor-element-4ea0d06 eael-infobox-icon-bg-shape-none eael-infobox-icon-hover-bg-shape-none elementor-widget elementor-widget-eael-info-box\" data-id=\"4ea0d06\" data-element_type=\"widget\" data-e-type=\"widget\" data-widget_type=\"eael-info-box.default\">\n\t\t\t\t<div class=\"elementor-widget-container\">\n\t\t\t\t\t            <a href=\"https:\/\/academicos.uprrp.edu\/diia\/wp-content\/uploads\/sites\/5\/2020\/10\/RESUMEN_RESULTADOS_CompilationStudentSurveysResults.pdf\" target=\"_blank\">\n\t            <div class=\"eael-infobox icon-on-left\">\n\t            <div class=\"infobox-icon eael-icon-only\">\n\n            \n                            <div class=\"infobox-icon-wrap\">\n                    <i aria-hidden=\"true\" class=\"fas fa-file-alt\"><\/i>                <\/div>\n            \n            \n        <\/div>\n            <div class=\"infobox-content eael-icon-only\">\n                    <div class=\"infobox-title-section\">\n                <h2 class=\"title\">Resumen de encuestas a estudiantes de 2005 a 2016 (PDF)<\/h2>            <\/div>\n            <div><p>Resumen de resultados de encuestas administradas a estudiantes entre 2005 y 2016<br \/>Preparado por la Oficina de Planificaci\u00f3n Estrat\u00e9gica y Presupuesto<br \/>Junio 2015<br \/>(Ingl\u00e9s \/ English)<\/p><\/div>        <\/div>\n            <\/div>\n\n\t\t            <\/a>\n\t\t\t\t\t\t<\/div>\n\t\t\t\t<\/div>\n\t\t\t\t<div class=\"elementor-element elementor-element-a001795 elementor-widget elementor-widget-text-editor\" data-id=\"a001795\" data-element_type=\"widget\" data-e-type=\"widget\" data-widget_type=\"text-editor.default\">\n\t\t\t\t<div class=\"elementor-widget-container\">\n\t\t\t\t\t\t\t\t\t<h2>Estudiantes de nuevo ingreso<\/h2>\t\t\t\t\t\t\t\t<\/div>\n\t\t\t\t<\/div>\n\t\t\t\t<div class=\"elementor-element elementor-element-9734a9a eael-infobox-icon-bg-shape-none eael-infobox-icon-hover-bg-shape-none elementor-widget elementor-widget-eael-info-box\" data-id=\"9734a9a\" data-element_type=\"widget\" data-e-type=\"widget\" data-widget_type=\"eael-info-box.default\">\n\t\t\t\t<div class=\"elementor-widget-container\">\n\t\t\t\t\t            <a href=\"https:\/\/academicos.uprrp.edu\/diia\/wp-content\/uploads\/sites\/5\/2020\/10\/CUESTIONARIO_PerfilNuevoIngreso2010.pdf\" target=\"_blank\">\n\t            <div class=\"eael-infobox icon-on-left\">\n\t            <div class=\"infobox-icon eael-icon-only\">\n\n            \n                            <div class=\"infobox-icon-wrap\">\n                    <i aria-hidden=\"true\" class=\"fas fa-file-alt\"><\/i>                <\/div>\n            \n            \n        <\/div>\n            <div class=\"infobox-content eael-icon-only\">\n                    <div class=\"infobox-title-section\">\n                <h2 class=\"title\">Cuestionario a estudiantes de nuevo ingreso subgraduado 2010-2011  (PDF)<\/h2>            <\/div>\n            <div><p>Modelo del cuestionario administrado a los estudiantes subgraduados de nuevo ingreso del primer semestre 2010-2011<br \/>Preparado por la Oficina de Planificaci\u00f3n Acad\u00e9mica<\/p><\/div>        <\/div>\n            <\/div>\n\n\t\t            <\/a>\n\t\t\t\t\t\t<\/div>\n\t\t\t\t<\/div>\n\t\t\t\t<div class=\"elementor-element elementor-element-063c08d eael-infobox-icon-bg-shape-none eael-infobox-icon-hover-bg-shape-none elementor-widget elementor-widget-eael-info-box\" data-id=\"063c08d\" data-element_type=\"widget\" data-e-type=\"widget\" data-widget_type=\"eael-info-box.default\">\n\t\t\t\t<div class=\"elementor-widget-container\">\n\t\t\t\t\t            <a href=\"https:\/\/academicos.uprrp.edu\/diia\/wp-content\/uploads\/sites\/5\/2020\/10\/TABLAS_PerfilNuevoIngreso2010.pdf\" target=\"_blank\">\n\t            <div class=\"eael-infobox icon-on-left\">\n\t            <div class=\"infobox-icon eael-icon-only\">\n\n            \n                            <div class=\"infobox-icon-wrap\">\n                    <i aria-hidden=\"true\" class=\"fas fa-file-alt\"><\/i>                <\/div>\n            \n            \n        <\/div>\n            <div class=\"infobox-content eael-icon-only\">\n                    <div class=\"infobox-title-section\">\n                <h2 class=\"title\">Resultados del cuestionario a estudiantes de nuevo ingreso subgraduado 2010-2011  (PDF)<\/h2>            <\/div>\n            <div><p>Resumen de los resultados de la encuesta a estudiantes de nuevo ingreso subgraduado del primer semestre 2010-2011<br \/>Preparado por la Oficina de Planificaci\u00f3n Acad\u00e9mica<\/p><\/div>        <\/div>\n            <\/div>\n\n\t\t            <\/a>\n\t\t\t\t\t\t<\/div>\n\t\t\t\t<\/div>\n\t\t\t\t<div class=\"elementor-element elementor-element-195df8d eael-infobox-icon-bg-shape-none eael-infobox-icon-hover-bg-shape-none elementor-widget elementor-widget-eael-info-box\" data-id=\"195df8d\" data-element_type=\"widget\" data-e-type=\"widget\" data-widget_type=\"eael-info-box.default\">\n\t\t\t\t<div class=\"elementor-widget-container\">\n\t\t\t\t\t            <a href=\"https:\/\/academicos.uprrp.edu\/diia\/wp-content\/uploads\/sites\/5\/2020\/10\/BOLETIN_EstudianteNuevoIngreso2005.pdf\" target=\"_blank\">\n\t            <div class=\"eael-infobox icon-on-left\">\n\t            <div class=\"infobox-icon eael-icon-only\">\n\n            \n                            <div class=\"infobox-icon-wrap\">\n                    <i aria-hidden=\"true\" class=\"fas fa-file-alt\"><\/i>                <\/div>\n            \n            \n        <\/div>\n            <div class=\"infobox-content eael-icon-only\">\n                    <div class=\"infobox-title-section\">\n                <h2 class=\"title\">Bolet\u00edn sobre el perfil de estudiantes de nuevo ingreso subgraduado 2005-2006 (PDF)<\/h2>            <\/div>\n            <div><p>Bolet\u00edn informativo sobre los estudiantes subgraduados de nuevo ingreso del primer semestre 2005-2006<br \/>Preparado por la Oficina de Planificaci\u00f3n Acad\u00e9mica<br \/>Julio 2006<\/p><\/div>        <\/div>\n            <\/div>\n\n\t\t            <\/a>\n\t\t\t\t\t\t<\/div>\n\t\t\t\t<\/div>\n\t\t\t\t<div class=\"elementor-element elementor-element-67666ce eael-infobox-icon-bg-shape-none eael-infobox-icon-hover-bg-shape-none elementor-widget elementor-widget-eael-info-box\" data-id=\"67666ce\" data-element_type=\"widget\" data-e-type=\"widget\" data-widget_type=\"eael-info-box.default\">\n\t\t\t\t<div class=\"elementor-widget-container\">\n\t\t\t\t\t            <a href=\"https:\/\/academicos.uprrp.edu\/diia\/wp-content\/uploads\/sites\/5\/2020\/10\/INFORME_PerfilNuevoIngreso2005.pdf\" target=\"_blank\">\n\t            <div class=\"eael-infobox icon-on-left\">\n\t            <div class=\"infobox-icon eael-icon-only\">\n\n            \n                            <div class=\"infobox-icon-wrap\">\n                    <i aria-hidden=\"true\" class=\"fas fa-file-alt\"><\/i>                <\/div>\n            \n            \n        <\/div>\n            <div class=\"infobox-content eael-icon-only\">\n                    <div class=\"infobox-title-section\">\n                <h2 class=\"title\">Informe sobre el perfil de estudiantes de nuevo ingreso subgraduado 2005-2006 (PDF)<\/h2>            <\/div>\n            <div><p>Investigaci\u00f3n sobre los estudiantes subgraduados de nuevo ingreso del primer semestre 2005-2006<br \/>Preparado por la Oficina de Planificaci\u00f3n Acad\u00e9mica<br \/>Septiembre 2006<\/p><\/div>        <\/div>\n            <\/div>\n\n\t\t            <\/a>\n\t\t\t\t\t\t<\/div>\n\t\t\t\t<\/div>\n\t\t\t\t<div class=\"elementor-element elementor-element-bbd07ac eael-infobox-icon-bg-shape-none eael-infobox-icon-hover-bg-shape-none elementor-widget elementor-widget-eael-info-box\" data-id=\"bbd07ac\" data-element_type=\"widget\" data-e-type=\"widget\" data-widget_type=\"eael-info-box.default\">\n\t\t\t\t<div class=\"elementor-widget-container\">\n\t\t\t\t\t            <a href=\"https:\/\/academicos.uprrp.edu\/diia\/wp-content\/uploads\/sites\/5\/2020\/10\/INFORME_PerfilEstudiantesNuevoIngresoEscSup.pdf\" target=\"_blank\">\n\t            <div class=\"eael-infobox icon-on-left\">\n\t            <div class=\"infobox-icon eael-icon-only\">\n\n            \n                            <div class=\"infobox-icon-wrap\">\n                    <i aria-hidden=\"true\" class=\"fas fa-file-alt\"><\/i>                <\/div>\n            \n            \n        <\/div>\n            <div class=\"infobox-content eael-icon-only\">\n                    <div class=\"infobox-title-section\">\n                <h2 class=\"title\">Informe sobre el perfil de estudiantes de nuevo ingreso subgraduado 2000-2001 (PDF)<\/h2>            <\/div>\n            <div><p>Investigaci\u00f3n sobre los estudiantes subgraduados de nuevo ingreso del primer semestre 2000-2001<br \/>Preparado por la Oficina de Planificaci\u00f3n Acad\u00e9mica<br \/>Agosto 2003<\/p><\/div>        <\/div>\n            <\/div>\n\n\t\t            <\/a>\n\t\t\t\t\t\t<\/div>\n\t\t\t\t<\/div>\n\t\t\t\t<div class=\"elementor-element elementor-element-9a7a1ce elementor-widget elementor-widget-text-editor\" data-id=\"9a7a1ce\" data-element_type=\"widget\" data-e-type=\"widget\" data-widget_type=\"text-editor.default\">\n\t\t\t\t<div class=\"elementor-widget-container\">\n\t\t\t\t\t\t\t\t\t<h2>Estudiantes graduandos (sondeo de salida)<\/h2>\t\t\t\t\t\t\t\t<\/div>\n\t\t\t\t<\/div>\n\t\t\t\t<div class=\"elementor-element elementor-element-cafbdb9 eael-infobox-icon-bg-shape-none eael-infobox-icon-hover-bg-shape-none elementor-widget elementor-widget-eael-info-box\" data-id=\"cafbdb9\" data-element_type=\"widget\" data-e-type=\"widget\" data-widget_type=\"eael-info-box.default\">\n\t\t\t\t<div class=\"elementor-widget-container\">\n\t\t\t\t\t            <a href=\"https:\/\/academicos.uprrp.edu\/diia\/wp-content\/uploads\/sites\/5\/2020\/10\/RESULTADOS_SeniorExit2012.pdf\" target=\"_blank\">\n\t            <div class=\"eael-infobox icon-on-left\">\n\t            <div class=\"infobox-icon eael-icon-only\">\n\n            \n                            <div class=\"infobox-icon-wrap\">\n                    <i aria-hidden=\"true\" class=\"fas fa-file-alt\"><\/i>                <\/div>\n            \n            \n        <\/div>\n            <div class=\"infobox-content eael-icon-only\">\n                    <div class=\"infobox-title-section\">\n                <h2 class=\"title\">Resultados del sondeo de salida 2012<\/h2>            <\/div>\n            <div><p>Resumen de los resultados de la encuesta a estudiantes graduandos<br \/>Preparado por la Oficina de Planificaci\u00f3n Estrategica y Presupuesto<\/p><\/div>        <\/div>\n            <\/div>\n\n\t\t            <\/a>\n\t\t\t\t\t\t<\/div>\n\t\t\t\t<\/div>\n\t\t\t\t<div class=\"elementor-element elementor-element-876b28f elementor-widget elementor-widget-text-editor\" data-id=\"876b28f\" data-element_type=\"widget\" data-e-type=\"widget\" data-widget_type=\"text-editor.default\">\n\t\t\t\t<div class=\"elementor-widget-container\">\n\t\t\t\t\t\t\t\t\t<h2>Docentes<\/h2>\t\t\t\t\t\t\t\t<\/div>\n\t\t\t\t<\/div>\n\t\t\t\t<div class=\"elementor-element elementor-element-195e8c2 eael-infobox-icon-bg-shape-none eael-infobox-icon-hover-bg-shape-none elementor-widget elementor-widget-eael-info-box\" data-id=\"195e8c2\" data-element_type=\"widget\" data-e-type=\"widget\" data-widget_type=\"eael-info-box.default\">\n\t\t\t\t<div class=\"elementor-widget-container\">\n\t\t\t\t\t            <a href=\"https:\/\/academicos.uprrp.edu\/diia\/wp-content\/uploads\/sites\/5\/2021\/01\/RESUMEN_ResultadosEncuestaPersonalDocente2009.pdf\" target=\"_blank\">\n\t            <div class=\"eael-infobox icon-on-left\">\n\t            <div class=\"infobox-icon eael-icon-only\">\n\n            \n                            <div class=\"infobox-icon-wrap\">\n                    <i aria-hidden=\"true\" class=\"fas fa-file-alt\"><\/i>                <\/div>\n            \n            \n        <\/div>\n            <div class=\"infobox-content eael-icon-only\">\n                    <div class=\"infobox-title-section\">\n                <h2 class=\"title\">Resultados de la encuesta al personal docente de ense\u00f1anza 2009 (PDF)<\/h2>            <\/div>\n            <div><p>Resumen de los resultados de la encuesta al personal docente de ense\u00f1anza en 2009<br \/>Preparado por la Oficina de Planificaci\u00f3n Acad\u00e9mica<\/p><\/div>        <\/div>\n            <\/div>\n\n\t\t            <\/a>\n\t\t\t\t\t\t<\/div>\n\t\t\t\t<\/div>\n\t\t\t\t<div class=\"elementor-element elementor-element-d35a1ca eael-infobox-icon-bg-shape-none eael-infobox-icon-hover-bg-shape-none elementor-widget elementor-widget-eael-info-box\" data-id=\"d35a1ca\" data-element_type=\"widget\" data-e-type=\"widget\" data-widget_type=\"eael-info-box.default\">\n\t\t\t\t<div class=\"elementor-widget-container\">\n\t\t\t\t\t            <a href=\"https:\/\/academicos.uprrp.edu\/diia\/wp-content\/uploads\/sites\/5\/2021\/01\/CUESTIONARIO_EncuestaDocentes2009.pdf\" target=\"_blank\">\n\t            <div class=\"eael-infobox icon-on-left\">\n\t            <div class=\"infobox-icon eael-icon-only\">\n\n            \n                            <div class=\"infobox-icon-wrap\">\n                    <i aria-hidden=\"true\" class=\"fas fa-file-alt\"><\/i>                <\/div>\n            \n            \n        <\/div>\n            <div class=\"infobox-content eael-icon-only\">\n                    <div class=\"infobox-title-section\">\n                <h2 class=\"title\">Cuestionario al personal docente de ense\u00f1anza 2009 (PDF)<\/h2>            <\/div>\n            <div><p>Modelo del cuestionario administrado al personal docente de ense\u00f1anza en 2009<br \/>Preparado por la Oficina de Planificaci\u00f3n Acad\u00e9mica<\/p><\/div>        <\/div>\n            <\/div>\n\n\t\t            <\/a>\n\t\t\t\t\t\t<\/div>\n\t\t\t\t<\/div>\n\t\t\t\t<div class=\"elementor-element elementor-element-61f3f25 eael-infobox-icon-bg-shape-none eael-infobox-icon-hover-bg-shape-none elementor-widget elementor-widget-eael-info-box\" data-id=\"61f3f25\" data-element_type=\"widget\" data-e-type=\"widget\" data-widget_type=\"eael-info-box.default\">\n\t\t\t\t<div class=\"elementor-widget-container\">\n\t\t\t\t\t            <a href=\"https:\/\/academicos.uprrp.edu\/diia\/wp-content\/uploads\/sites\/5\/2021\/01\/CUESTIONARIO_EncuestaDocentes2007_INGL.pdf\" target=\"_blank\">\n\t            <div class=\"eael-infobox icon-on-left\">\n\t            <div class=\"infobox-icon eael-icon-only\">\n\n            \n                            <div class=\"infobox-icon-wrap\">\n                    <i aria-hidden=\"true\" class=\"fas fa-file-alt\"><\/i>                <\/div>\n            \n            \n        <\/div>\n            <div class=\"infobox-content eael-icon-only\">\n                    <div class=\"infobox-title-section\">\n                <h2 class=\"title\">Cuestionario al personal docente de ense\u00f1anza 2007 (PDF)<\/h2>            <\/div>\n            <div><p>Modelo del cuestionario administrado al personal docente de ense\u00f1anza el segundo semestre de\u00a0 2006-2007<br \/>Preparado por la Oficina de Planificaci\u00f3n Acad\u00e9mica<br \/>(Ingl\u00e9s \/ English)<\/p><\/div>        <\/div>\n            <\/div>\n\n\t\t            <\/a>\n\t\t\t\t\t\t<\/div>\n\t\t\t\t<\/div>\n\t\t\t\t\t<\/div>\n\t\t<\/div>\n\t\t\t\t\t<\/div>\n\t\t<\/section>\n\t\t\t\t<\/div>\n\t\t","protected":false},"excerpt":{"rendered":"<p>Estudiantes Resumen de encuestas a estudiantes de 2005 a 2016 (PDF) Resumen de resultados de encuestas administradas a estudiantes entre 2005 y 2016Preparado por la Oficina de Planificaci\u00f3n Estrat\u00e9gica y &hellip; <\/p>\n","protected":false},"author":6,"featured_media":0,"parent":11800,"menu_order":0,"comment_status":"closed","ping_status":"closed","template":"","meta":{"om_disable_all_campaigns":false,"_monsterinsights_skip_tracking":false,"_monsterinsights_sitenote_active":false,"_monsterinsights_sitenote_note":"","_monsterinsights_sitenote_category":0,"_uf_show_specific_survey":0,"_uf_disable_surveys":false,"footnotes":""},"class_list":["post-10297","page","type-page","status-publish","hentry"],"yoast_head":"<!-- This site is optimized with the Yoast SEO plugin v27.2 - https:\/\/yoast.com\/product\/yoast-seo-wordpress\/ -->\n<title>Estudios institucionales de referencia - Divisi\u00f3n Investigaci\u00f3n Institucional y Aval\u00fao - Universidad de Puerto Rico - Recinto de R\u00edo Piedras - UPRRP<\/title>\n<meta name=\"robots\" content=\"index, follow, max-snippet:-1, max-image-preview:large, max-video-preview:-1\" \/>\n<link rel=\"canonical\" href=\"https:\/\/academicos.uprrp.edu\/diia\/investigacion-institucional\/estudios-institucionales-de-referencia\/\" \/>\n<meta property=\"og:locale\" content=\"es_ES\" \/>\n<meta property=\"og:type\" content=\"article\" \/>\n<meta property=\"og:title\" content=\"Estudios institucionales de referencia - Divisi\u00f3n Investigaci\u00f3n Institucional y Aval\u00fao - Universidad de Puerto Rico - Recinto de R\u00edo Piedras - UPRRP\" \/>\n<meta property=\"og:description\" content=\"Estudiantes Resumen de encuestas a estudiantes de 2005 a 2016 (PDF) Resumen de resultados de encuestas administradas a estudiantes entre 2005 y 2016Preparado por la Oficina de Planificaci\u00f3n Estrat\u00e9gica y &hellip;\" \/>\n<meta property=\"og:url\" content=\"https:\/\/academicos.uprrp.edu\/diia\/investigacion-institucional\/estudios-institucionales-de-referencia\/\" \/>\n<meta property=\"og:site_name\" content=\"Divisi\u00f3n Investigaci\u00f3n Institucional y Aval\u00fao - Universidad de Puerto Rico - Recinto de R\u00edo Piedras - UPRRP\" \/>\n<meta property=\"article:modified_time\" content=\"2022-05-09T15:20:12+00:00\" \/>\n<meta name=\"twitter:card\" content=\"summary_large_image\" \/>\n<meta name=\"twitter:label1\" content=\"Est. reading time\" \/>\n\t<meta name=\"twitter:data1\" content=\"2 minutos\" \/>\n<script type=\"application\/ld+json\" class=\"yoast-schema-graph\">{\"@context\":\"https:\/\/schema.org\",\"@graph\":[{\"@type\":\"WebPage\",\"@id\":\"https:\/\/academicos.uprrp.edu\/diia\/investigacion-institucional\/estudios-institucionales-de-referencia\/\",\"url\":\"https:\/\/academicos.uprrp.edu\/diia\/investigacion-institucional\/estudios-institucionales-de-referencia\/\",\"name\":\"Estudios institucionales de referencia - Divisi\u00f3n Investigaci\u00f3n Institucional y Aval\u00fao - Universidad de Puerto Rico - Recinto de R\u00edo Piedras - UPRRP\",\"isPartOf\":{\"@id\":\"https:\/\/academicos.uprrp.edu\/diia\/#website\"},\"datePublished\":\"2020-10-26T19:14:48+00:00\",\"dateModified\":\"2022-05-09T15:20:12+00:00\",\"breadcrumb\":{\"@id\":\"https:\/\/academicos.uprrp.edu\/diia\/investigacion-institucional\/estudios-institucionales-de-referencia\/#breadcrumb\"},\"inLanguage\":\"es\",\"potentialAction\":[{\"@type\":\"ReadAction\",\"target\":[\"https:\/\/academicos.uprrp.edu\/diia\/investigacion-institucional\/estudios-institucionales-de-referencia\/\"]}]},{\"@type\":\"BreadcrumbList\",\"@id\":\"https:\/\/academicos.uprrp.edu\/diia\/investigacion-institucional\/estudios-institucionales-de-referencia\/#breadcrumb\",\"itemListElement\":[{\"@type\":\"ListItem\",\"position\":1,\"name\":\"Home\",\"item\":\"https:\/\/academicos.uprrp.edu\/diia\/\"},{\"@type\":\"ListItem\",\"position\":2,\"name\":\"Investigaci\u00f3n institucional\",\"item\":\"https:\/\/academicos.uprrp.edu\/diia\/investigacion-institucional\/\"},{\"@type\":\"ListItem\",\"position\":3,\"name\":\"Estudios institucionales de referencia\"}]},{\"@type\":\"WebSite\",\"@id\":\"https:\/\/academicos.uprrp.edu\/diia\/#website\",\"url\":\"https:\/\/academicos.uprrp.edu\/diia\/\",\"name\":\"Divisi\u00f3n Investigaci\u00f3n Institucional y Aval\u00fao - Universidad de Puerto Rico - Recinto de R\u00edo Piedras - DIIA - UPRRP\",\"description\":\"Investigaci\u00f3n institucional, aval\u00fao del aprendizaje estudiantil, efectividad institucional, datos institucionales, institutional research, student learning assessment, institutional effectiveness, institutional data\",\"publisher\":{\"@id\":\"https:\/\/academicos.uprrp.edu\/diia\/#organization\"},\"potentialAction\":[{\"@type\":\"SearchAction\",\"target\":{\"@type\":\"EntryPoint\",\"urlTemplate\":\"https:\/\/academicos.uprrp.edu\/diia\/?s={search_term_string}\"},\"query-input\":{\"@type\":\"PropertyValueSpecification\",\"valueRequired\":true,\"valueName\":\"search_term_string\"}}],\"inLanguage\":\"es\"},{\"@type\":\"Organization\",\"@id\":\"https:\/\/academicos.uprrp.edu\/diia\/#organization\",\"name\":\"Divisi\u00f3n de Investigaci\u00f3n Institucional y Aval\u00fao, Universidad de Puerto Rico, Recinto de R\u00edo Piedras\",\"url\":\"https:\/\/academicos.uprrp.edu\/diia\/\",\"logo\":{\"@type\":\"ImageObject\",\"inLanguage\":\"es\",\"@id\":\"https:\/\/academicos.uprrp.edu\/diia\/#\/schema\/logo\/image\/\",\"url\":\"https:\/\/academicos.uprrp.edu\/diia\/wp-content\/uploads\/sites\/5\/2020\/02\/LogoDIIA-Oficial01SelloFondoBlanco.png\",\"contentUrl\":\"https:\/\/academicos.uprrp.edu\/diia\/wp-content\/uploads\/sites\/5\/2020\/02\/LogoDIIA-Oficial01SelloFondoBlanco.png\",\"width\":3038,\"height\":899,\"caption\":\"Divisi\u00f3n de Investigaci\u00f3n Institucional y Aval\u00fao, Universidad de Puerto Rico, Recinto de R\u00edo Piedras\"},\"image\":{\"@id\":\"https:\/\/academicos.uprrp.edu\/diia\/#\/schema\/logo\/image\/\"}}]}<\/script>\n<!-- \/ Yoast SEO plugin. -->","yoast_head_json":{"title":"Estudios institucionales de referencia - Divisi\u00f3n Investigaci\u00f3n Institucional y Aval\u00fao - Universidad de Puerto Rico - Recinto de R\u00edo Piedras - UPRRP","robots":{"index":"index","follow":"follow","max-snippet":"max-snippet:-1","max-image-preview":"max-image-preview:large","max-video-preview":"max-video-preview:-1"},"canonical":"https:\/\/academicos.uprrp.edu\/diia\/investigacion-institucional\/estudios-institucionales-de-referencia\/","og_locale":"es_ES","og_type":"article","og_title":"Estudios institucionales de referencia - Divisi\u00f3n Investigaci\u00f3n Institucional y Aval\u00fao - Universidad de Puerto Rico - Recinto de R\u00edo Piedras - UPRRP","og_description":"Estudiantes Resumen de encuestas a estudiantes de 2005 a 2016 (PDF) Resumen de resultados de encuestas administradas a estudiantes entre 2005 y 2016Preparado por la Oficina de Planificaci\u00f3n Estrat\u00e9gica y &hellip;","og_url":"https:\/\/academicos.uprrp.edu\/diia\/investigacion-institucional\/estudios-institucionales-de-referencia\/","og_site_name":"Divisi\u00f3n Investigaci\u00f3n Institucional y Aval\u00fao - Universidad de Puerto Rico - Recinto de R\u00edo Piedras - UPRRP","article_modified_time":"2022-05-09T15:20:12+00:00","twitter_card":"summary_large_image","twitter_misc":{"Est. reading time":"2 minutos"},"schema":{"@context":"https:\/\/schema.org","@graph":[{"@type":"WebPage","@id":"https:\/\/academicos.uprrp.edu\/diia\/investigacion-institucional\/estudios-institucionales-de-referencia\/","url":"https:\/\/academicos.uprrp.edu\/diia\/investigacion-institucional\/estudios-institucionales-de-referencia\/","name":"Estudios institucionales de referencia - Divisi\u00f3n Investigaci\u00f3n Institucional y Aval\u00fao - Universidad de Puerto Rico - Recinto de R\u00edo Piedras - UPRRP","isPartOf":{"@id":"https:\/\/academicos.uprrp.edu\/diia\/#website"},"datePublished":"2020-10-26T19:14:48+00:00","dateModified":"2022-05-09T15:20:12+00:00","breadcrumb":{"@id":"https:\/\/academicos.uprrp.edu\/diia\/investigacion-institucional\/estudios-institucionales-de-referencia\/#breadcrumb"},"inLanguage":"es","potentialAction":[{"@type":"ReadAction","target":["https:\/\/academicos.uprrp.edu\/diia\/investigacion-institucional\/estudios-institucionales-de-referencia\/"]}]},{"@type":"BreadcrumbList","@id":"https:\/\/academicos.uprrp.edu\/diia\/investigacion-institucional\/estudios-institucionales-de-referencia\/#breadcrumb","itemListElement":[{"@type":"ListItem","position":1,"name":"Home","item":"https:\/\/academicos.uprrp.edu\/diia\/"},{"@type":"ListItem","position":2,"name":"Investigaci\u00f3n institucional","item":"https:\/\/academicos.uprrp.edu\/diia\/investigacion-institucional\/"},{"@type":"ListItem","position":3,"name":"Estudios institucionales de referencia"}]},{"@type":"WebSite","@id":"https:\/\/academicos.uprrp.edu\/diia\/#website","url":"https:\/\/academicos.uprrp.edu\/diia\/","name":"Divisi\u00f3n Investigaci\u00f3n Institucional y Aval\u00fao - Universidad de Puerto Rico - Recinto de R\u00edo Piedras - DIIA - UPRRP","description":"Investigaci\u00f3n institucional, aval\u00fao del aprendizaje estudiantil, efectividad institucional, datos institucionales, institutional research, student learning assessment, institutional effectiveness, institutional data","publisher":{"@id":"https:\/\/academicos.uprrp.edu\/diia\/#organization"},"potentialAction":[{"@type":"SearchAction","target":{"@type":"EntryPoint","urlTemplate":"https:\/\/academicos.uprrp.edu\/diia\/?s={search_term_string}"},"query-input":{"@type":"PropertyValueSpecification","valueRequired":true,"valueName":"search_term_string"}}],"inLanguage":"es"},{"@type":"Organization","@id":"https:\/\/academicos.uprrp.edu\/diia\/#organization","name":"Divisi\u00f3n de Investigaci\u00f3n Institucional y Aval\u00fao, Universidad de Puerto Rico, Recinto de R\u00edo Piedras","url":"https:\/\/academicos.uprrp.edu\/diia\/","logo":{"@type":"ImageObject","inLanguage":"es","@id":"https:\/\/academicos.uprrp.edu\/diia\/#\/schema\/logo\/image\/","url":"https:\/\/academicos.uprrp.edu\/diia\/wp-content\/uploads\/sites\/5\/2020\/02\/LogoDIIA-Oficial01SelloFondoBlanco.png","contentUrl":"https:\/\/academicos.uprrp.edu\/diia\/wp-content\/uploads\/sites\/5\/2020\/02\/LogoDIIA-Oficial01SelloFondoBlanco.png","width":3038,"height":899,"caption":"Divisi\u00f3n de Investigaci\u00f3n Institucional y Aval\u00fao, Universidad de Puerto Rico, Recinto de R\u00edo Piedras"},"image":{"@id":"https:\/\/academicos.uprrp.edu\/diia\/#\/schema\/logo\/image\/"}}]}},"aioseo_notices":[],"_links":{"self":[{"href":"https:\/\/academicos.uprrp.edu\/diia\/wp-json\/wp\/v2\/pages\/10297","targetHints":{"allow":["GET"]}}],"collection":[{"href":"https:\/\/academicos.uprrp.edu\/diia\/wp-json\/wp\/v2\/pages"}],"about":[{"href":"https:\/\/academicos.uprrp.edu\/diia\/wp-json\/wp\/v2\/types\/page"}],"author":[{"embeddable":true,"href":"https:\/\/academicos.uprrp.edu\/diia\/wp-json\/wp\/v2\/users\/6"}],"replies":[{"embeddable":true,"href":"https:\/\/academicos.uprrp.edu\/diia\/wp-json\/wp\/v2\/comments?post=10297"}],"version-history":[{"count":14,"href":"https:\/\/academicos.uprrp.edu\/diia\/wp-json\/wp\/v2\/pages\/10297\/revisions"}],"predecessor-version":[{"id":10782,"href":"https:\/\/academicos.uprrp.edu\/diia\/wp-json\/wp\/v2\/pages\/10297\/revisions\/10782"}],"up":[{"embeddable":true,"href":"https:\/\/academicos.uprrp.edu\/diia\/wp-json\/wp\/v2\/pages\/11800"}],"wp:attachment":[{"href":"https:\/\/academicos.uprrp.edu\/diia\/wp-json\/wp\/v2\/media?parent=10297"}],"curies":[{"name":"wp","href":"https:\/\/api.w.org\/{rel}","templated":true}]}}